{"id":16693,"date":"2020-03-24T15:22:27","date_gmt":"2020-03-24T14:22:27","guid":{"rendered":"http:\/\/sprachschule-axioma.net\/home\/"},"modified":"2025-10-03T18:10:23","modified_gmt":"2025-10-03T16:10:23","slug":"kurs-jezyka-niemieckiego-w-monachium","status":"publish","type":"page","link":"https:\/\/www.sprachschule-axioma.de\/pl\/","title":{"rendered":"Kurs j\u0119zyka niemieckiego w Monachium"},"content":{"rendered":"<p><div class=\"fusion-fullwidth fullwidth-box fusion-builder-row-1 nonhundred-percent-fullwidth non-hundred-percent-height-scrolling\" style=\"background-color: rgba(255,255,255,0);background-position: center center;background-repeat: no-repeat;padding-top:0px;padding-right:0px;padding-bottom:0px;padding-left:0px;margin-bottom: 0px;margin-top: 0px;border-width: 0px 0px 0px 0px;border-color:#e2e2e2;border-style:solid;\" ><div class=\"fusion-builder-row fusion-row\"><div class=\"fusion-layout-column fusion_builder_column fusion-builder-column-0 fusion_builder_column_1_1 1_1 fusion-one-full fusion-column-first fusion-column-last\" style=\"margin-top:0px;margin-bottom:20px;\"><div class=\"fusion-column-wrapper fusion-flex-column-wrapper-legacy\" style=\"background-position:left top;background-repeat:no-repeat;-webkit-background-size:cover;-moz-background-size:cover;-o-background-size:cover;background-size:cover;padding: 0px 0px 0px 0px;\">\n<div class=\"fusion-slider-revolution rev_slider_wrapper\">\t\t\t<!-- START Startseitensprachen REVOLUTION SLIDER 6.5.2 --><p class=\"rs-p-wp-fix\"><\/p>\n\t\t\t<rs-module-wrap id=\"rev_slider_2_1_wrapper\" data-source=\"gallery\" style=\"visibility:hidden;background:transparent;padding:0;margin:0px auto;margin-top:0;margin-bottom:0;\">\n\t\t\t\t<rs-module id=\"rev_slider_2_1\" style=\"\" data-version=\"6.5.2\">\n\t\t\t\t\t<rs-slides>\n\t\t\t\t\t\t<rs-slide data-key=\"rs-7\" data-title=\"Slide\" data-in=\"o:0;\" data-out=\"a:false;\">\n\t\t\t\t\t\t\t<img src=\"\/\/www.sprachschule-axioma.de\/wp-content\/plugins\/revslider\/public\/assets\/assets\/dummy.png\" title=\"AxiomaEingang-1-1-scaled\" width=\"2000\" height=\"443\" class=\"rev-slidebg tp-rs-img rs-lazyload\" data-lazyload=\"\/\/www.sprachschule-axioma.de\/wp-content\/uploads\/2023\/05\/AxiomaEingang-1-1-scaled-2.jpg\" data-no-retina>\n<!--\n\t\t\t\t\t\t\t--><rs-layer\n\t\t\t\t\t\t\t\tid=\"slider-2-slide-7-layer-0\" \n\t\t\t\t\t\t\t\tdata-type=\"text\"\n\t\t\t\t\t\t\t\tdata-color=\"#1a80b6\"\n\t\t\t\t\t\t\t\tdata-rsp_ch=\"on\"\n\t\t\t\t\t\t\t\tdata-xy=\"x:322px;y:205px;\"\n\t\t\t\t\t\t\t\tdata-text=\"w:normal;s:48;l:61;\"\n\t\t\t\t\t\t\t\tdata-dim=\"minh:0;\"\n\t\t\t\t\t\t\t\tdata-padding=\"t:12;r:12;b:12;l:12;\"\n\t\t\t\t\t\t\t\tdata-frame_1=\"e:power3.out;st:170;sR:170;\"\n\t\t\t\t\t\t\t\tdata-frame_999=\"o:0;st:w;sR:8530;\"\n\t\t\t\t\t\t\t\tstyle=\"z-index:9;background-color:rgba(255,255,255,0.8);font-family:Raleway;\"\n\t\t\t\t\t\t\t>Language school Axioma Munich  \n\t\t\t\t\t\t\t<\/rs-layer><!--\n\n\t\t\t\t\t\t\t--><rs-layer\n\t\t\t\t\t\t\t\tid=\"slider-2-slide-7-layer-1\" \n\t\t\t\t\t\t\t\tdata-type=\"text\"\n\t\t\t\t\t\t\t\tdata-color=\"#1a80b6\"\n\t\t\t\t\t\t\t\tdata-rsp_ch=\"on\"\n\t\t\t\t\t\t\t\tdata-xy=\"x:369px;y:321px;\"\n\t\t\t\t\t\t\t\tdata-text=\"w:normal;s:32;l:40;\"\n\t\t\t\t\t\t\t\tdata-padding=\"t:10;r:10;b:10;l:10;\"\n\t\t\t\t\t\t\t\tdata-frame_1=\"st:300;sR:300;\"\n\t\t\t\t\t\t\t\tdata-frame_999=\"o:0;st:w;sR:8400;\"\n\t\t\t\t\t\t\t\tstyle=\"z-index:8;background-color:rgba(255,255,255,0.8);font-family:Raleway;\"\n\t\t\t\t\t\t\t>intensive german course in a small group \n\t\t\t\t\t\t\t<\/rs-layer><!--\n-->\t\t\t\t\t\t<\/rs-slide>\n\t\t\t\t\t\t<rs-slide data-key=\"rs-71\" data-title=\"Slide\" data-in=\"o:0;\" data-out=\"a:false;\">\n\t\t\t\t\t\t\t<img src=\"\/\/www.sprachschule-axioma.de\/wp-content\/plugins\/revslider\/public\/assets\/assets\/dummy.png\" title=\"AxiomaEingang-1-1-scaled\" width=\"2000\" height=\"443\" class=\"rev-slidebg tp-rs-img rs-lazyload\" data-lazyload=\"\/\/www.sprachschule-axioma.de\/wp-content\/uploads\/2023\/05\/AxiomaEingang-1-1-scaled-2.jpg\" data-no-retina>\n<!--\n\t\t\t\t\t\t\t--><rs-layer\n\t\t\t\t\t\t\t\tid=\"slider-2-slide-71-layer-0\" \n\t\t\t\t\t\t\t\tdata-type=\"text\"\n\t\t\t\t\t\t\t\tdata-color=\"#1a80b6\"\n\t\t\t\t\t\t\t\tdata-rsp_ch=\"on\"\n\t\t\t\t\t\t\t\tdata-xy=\"x:322px;y:205px;\"\n\t\t\t\t\t\t\t\tdata-text=\"w:normal;s:48;l:61;\"\n\t\t\t\t\t\t\t\tdata-dim=\"minh:0;\"\n\t\t\t\t\t\t\t\tdata-padding=\"t:12;r:12;b:12;l:12;\"\n\t\t\t\t\t\t\t\tdata-frame_1=\"e:power3.out;st:170;sR:170;\"\n\t\t\t\t\t\t\t\tdata-frame_999=\"o:0;st:w;sR:8530;\"\n\t\t\t\t\t\t\t\tstyle=\"z-index:9;background-color:rgba(255,255,255,0.8);font-family:Raleway;\"\n\t\t\t\t\t\t\t>Language school Axioma Munich  \n\t\t\t\t\t\t\t<\/rs-layer><!--\n\n\t\t\t\t\t\t\t--><rs-layer\n\t\t\t\t\t\t\t\tid=\"slider-2-slide-71-layer-1\" \n\t\t\t\t\t\t\t\tdata-type=\"text\"\n\t\t\t\t\t\t\t\tdata-color=\"#1a80b6\"\n\t\t\t\t\t\t\t\tdata-rsp_ch=\"on\"\n\t\t\t\t\t\t\t\tdata-xy=\"x:369px;y:321px;\"\n\t\t\t\t\t\t\t\tdata-text=\"w:normal;s:32;l:40;\"\n\t\t\t\t\t\t\t\tdata-padding=\"t:10;r:10;b:10;l:10;\"\n\t\t\t\t\t\t\t\tdata-frame_1=\"st:300;sR:300;\"\n\t\t\t\t\t\t\t\tdata-frame_999=\"o:0;st:w;sR:8400;\"\n\t\t\t\t\t\t\t\tstyle=\"z-index:8;background-color:rgba(255,255,255,0.8);font-family:Raleway;\"\n\t\t\t\t\t\t\t>intensive german course in a small group \n\t\t\t\t\t\t\t<\/rs-layer><!--\n-->\t\t\t\t\t\t<\/rs-slide>\n\t\t\t\t\t<\/rs-slides>\n\t\t\t\t<\/rs-module>\n\t\t\t\t<script type=\"text\/javascript\">\n\t\t\t\t\tsetREVStartSize({c: 'rev_slider_2_1',rl:[1240,1024,778,480],el:[450],gw:[1240],gh:[450],type:'standard',justify:'',layout:'fullwidth',mh:\"0\"});\n\t\t\t\t<\/script>\n\t\t\t<\/rs-module-wrap>\n\t\t\t<!-- END REVOLUTION SLIDER -->\n<\/div><div class=\"fusion-clearfix\"><\/div><\/div><\/div><\/div><\/div><div class=\"fusion-fullwidth fullwidth-box fusion-builder-row-2 nonhundred-percent-fullwidth non-hundred-percent-height-scrolling\" style=\"background-color: rgba(255,255,255,0);background-position: center center;background-repeat: no-repeat;padding-top:0px;padding-right:0px;padding-bottom:0px;padding-left:0px;margin-bottom: 0px;margin-top: 0px;border-width: 0px 0px 0px 0px;border-color:#e2e2e2;border-style:solid;\" ><div class=\"fusion-builder-row fusion-row\"><div class=\"fusion-layout-column fusion_builder_column fusion-builder-column-1 fusion_builder_column_1_1 1_1 fusion-one-full fusion-column-first fusion-column-last\" style=\"margin-top:0px;margin-bottom:20px;\"><div class=\"fusion-column-wrapper fusion-flex-column-wrapper-legacy\" style=\"background-position:left top;background-repeat:no-repeat;-webkit-background-size:cover;-moz-background-size:cover;-o-background-size:cover;background-size:cover;padding: 0px 0px 0px 0px;\"><style type=\"text\/css\"><\/style><div class=\"fusion-title title fusion-title-1 fusion-title-text fusion-title-size-one\" style=\"margin-top:10px;margin-right:0px;margin-bottom:15px;margin-left:0px;\"><h1 class=\"title-heading-left\" style=\"margin:0;\">Kurs j\u0119zyka niemieckiego w Monachium<\/h1><span class=\"awb-title-spacer\"><\/span><div class=\"title-sep-container\"><div class=\"title-sep sep-double sep-solid\" style=\"border-color:#e2e2e2;\"><\/div><\/div><\/div><div class=\"fusion-text fusion-text-1\"><p>Kursy j\u0119zyka niemieckiego w szkole j\u0119zykowej Axioma mi\u0119dzy Uniwersytetem Technicznym (TU) a Uniwersytetem im. Ludwika-Maximiliana (LMU)<\/p>\n<\/div><div class=\"fusion-video fusion-youtube\" style=\"max-width:600px;max-height:360px;\"><div class=\"video-shortcode\"><iframe title=\"YouTube video player 1\" src=\"https:\/\/www.youtube.com\/embed\/PclvT6PGHz8?wmode=transparent&autoplay=0\" width=\"600\" height=\"360\" allowfullscreen allow=\"autoplay; fullscreen\"><\/iframe><\/div><\/div><div class=\"fusion-text fusion-text-2\"><p><a class=\"mailtracking\" href=\"mailto:info@sprachschule-axioma.de\">info@sprachschule-axioma.de<\/a><br \/>\n<a class=\"phontracking\" href=\"tel:+498912099200\">(089)12099200<\/a><br \/>\nNauka j\u0119zyka niemieckiego w Monachium jest niesamowita! Kursy (od 200\u20ac \/4 tygodnie) odbywaj\u0105 si\u0119 w centrum, w jednej z najpi\u0119kniejszych dzielnic Monachium. W budynku mieszcz\u0105cym si\u0119 przy ulicy T\u00fcrkenstra\u00dfe, mi\u0119dzy Uniwersytetem Technicznym (TU), a Uniwersytetem im. Ludwika Maximiliana (LMU) znajduj\u0105 si\u0119 ciche, przytulne pomieszczenia, a kursy prowadzone s\u0105 w przyjaznej i mi\u0142ej atmosferze. W pobli\u017cu znajduj\u0105 si\u0119 liczne urocze kawiarenki, bary, muzea, sklepy oraz s\u0142ynny Ogr\u00f3d Angielski (Englischer Garten). Po kursie j\u0119zyka niemieckiego mog\u0105 Pa\u0144stwo p\u00f3j\u015b\u0107 na spacer do Ogrodu Angielskiego, wst\u0105pi\u0107 do ogr\u00f3dka piwnego lub zrobi\u0107 zakupy w jednym z pasa\u017cy handlowych znajduj\u0105cych si\u0119 w samym centrum Monachium. Dojazd do naszej szko\u0142y komunikacj\u0105 miejsk\u0105 jest \u0142atwy i szybki: metrem U3\/U6 stacja Universit\u00e4t, autobusem 100 \/153 \/154 (przystanek T\u00fcrkenstra\u00dfe), jak r\u00f3wnie\u017c tramwajem 27 \/28 (przystanek Schellingstra\u00dfe).<\/p>\n<div class=\"marker large left\">\n<p>Indywidualne podej\u015bcie do ka\u017cdego z kursant\u00f3w gwarantuje osi\u0105gni\u0119cie celu, jakim s\u0105 szybko widoczne efekty nauki j\u0119zyka niemieckiego. Naszymi kursantami s\u0105 liczni studenci oraz au pairs . Zaraz po zaj\u0119ciach, uczniowie mog\u0105 uda\u0107 si\u0119 do jednej z wielu urokliwych kawiarenek lub restauracji znajduj\u0105cych si\u0119 w dzielnicy uniwersyteckiej. Aby do nas dotrze\u0107, nale\u017cy przej\u015b\u0107 ukosem przez Georg-Elser-Platz, na kt\u00f3rym znajduje si\u0119 stary kasztanowiec. Wej\u015bcie znajduje si\u0119 przy ulicy T\u00fcrkenstra\u00dfe 72, obok kawiarni \u201eZeitgeist\u201d.<br \/>\n<strong>Wifi, kawa, herbata i ciasteczka gratis :)<\/strong><\/p>\n<\/div>\n<\/div><div class=\"fusion-text fusion-text-3\"><p>Axoma jest oficjalnym centrum egzaminacyjnym telc. Dyplom telc Deutsch C1 Hochschule potwierdza znajo\u00df\u00b402345o\u015b\u0107 j\u0119zyka niemieckiego na poziomie uprawniaj\u0105cym do ubiegania si\u0119 o przyj\u0119cie na ka\u017cd\u0105 uczelni\u0119 w Niemczech.<\/p>\n<\/div><div class=\"fusion-text fusion-text-4\"><p align=\"JUSTIFY\"><span style=\"font-family: Arial, sans-serif;\"><span style=\"font-size: small;\"><span style=\"color: #222222;\">Szko\u0142a j\u0119zykowa Axioma w Monachium oferuje kursy jezyka niemieckiego w ma\u0142ych grupach.<\/span> <\/span><\/span><span style=\"color: #222222;\"><span style=\"font-family: Arial, sans-serif;\"><span style=\"font-size: small;\">Kurs niemieckiego mo\u017cna zarezerwowa\u0107 jako intensywny kurs ranny, wieczorowy i weekendowy.<\/span><\/span><\/span><span style=\"font-family: Arial, sans-serif;\"><span style=\"font-size: small;\"><br \/>\nOferujemy r<span style=\"color: #222222;\">\u00f3wnie\u017c<\/span> <span style=\"color: #222222;\">szkolenia w zakresie wymowy specjalistycznej, j\u0119zyk niemiecki dla lekarzy i piel\u0119gniarek, lekcje indywidualne, specjalne kursy przygotowawcze do ceryfikatu goethe i telc, testu daf i dsh oraz lekcje angielskiego przygotowuj\u0105ce do egzaminu toefl.<\/span><\/span><\/span><\/p>\n<p align=\"JUSTIFY\"><span style=\"color: #222222;\"><span style=\"font-family: Arial, sans-serif;\"><span style=\"font-size: small;\">Szko\u0142a j\u0119zykowa Axioma oferuje nauk\u0119 j\u0119zyka niemieckiego w ma\u0142ych grupach i uczciwych cenach!<\/span><\/span><\/span><\/p>\n<\/div><div class=\"fusion-clearfix\"><\/div><\/div><\/div><\/div><\/div><div class=\"fusion-fullwidth fullwidth-box fusion-builder-row-3 nonhundred-percent-fullwidth non-hundred-percent-height-scrolling\" style=\"background-color: rgba(255,255,255,0);background-position: center center;background-repeat: no-repeat;padding-top:0px;padding-right:0px;padding-bottom:0px;padding-left:0px;margin-bottom: 0px;margin-top: 0px;border-width: 0px 0px 0px 0px;border-color:#e2e2e2;border-style:solid;\" ><div class=\"fusion-builder-row fusion-row\"><div class=\"fusion-layout-column fusion_builder_column fusion-builder-column-2 fusion_builder_column_1_3 1_3 fusion-one-third fusion-column-first\" style=\"width:33.333333333333%;width:calc(33.333333333333% - ( ( 4% + 4% ) * 0.33333333333333 ) );margin-right: 4%;margin-top:0px;margin-bottom:20px;\"><div class=\"fusion-column-wrapper fusion-flex-column-wrapper-legacy\" style=\"background-position:left top;background-repeat:no-repeat;-webkit-background-size:cover;-moz-background-size:cover;-o-background-size:cover;background-size:cover;padding: 0px 0px 0px 0px;\">\n<div class=\"table-1\">\n<table width=\"100%\">\n<thead>\n<tr>\n<th align=\"left\"><strong>Intensywny kurs A1.1<\/strong><\/th>\n<\/tr>\n<\/thead>\n<tbody>\n<tr>\n<td><strong>Start:\u00a0<\/strong>\u00a0 20 pa\u017adziernik 2025, 5 stycze\u0144, 2 marzec, 4 m\u00f3c, 29 czerwiec, 24 sirp\u00eden, 19\u00a0 pa\u017adziernik 2026, 4 stycze\u0144 2027<\/td>\n<\/tr>\n<tr>\n<td>Ilo\u015b\u0107 godzin\/tydzie\u0144: 20<\/td>\n<\/tr>\n<tr>\n<td>Godziny: 10.00 &#8211; 13.15<\/td>\n<\/tr>\n<tr>\n<td>Dni: poniedzia\u0142ek &#8211; pi\u0105tek<\/td>\n<\/tr>\n<tr>\n<td><strong>Cena: 540,00 Euro \/ 4 tygodnie <\/strong><\/td>\n<\/tr>\n<\/tbody>\n<\/table>\n<\/div>\n<div class=\"fusion-clearfix\"><\/div><\/div><\/div><div class=\"fusion-layout-column fusion_builder_column fusion-builder-column-3 fusion_builder_column_1_3 1_3 fusion-one-third\" style=\"width:33.333333333333%;width:calc(33.333333333333% - ( ( 4% + 4% ) * 0.33333333333333 ) );margin-right: 4%;margin-top:0px;margin-bottom:20px;\"><div class=\"fusion-column-wrapper fusion-flex-column-wrapper-legacy\" style=\"background-position:left top;background-repeat:no-repeat;-webkit-background-size:cover;-moz-background-size:cover;-o-background-size:cover;background-size:cover;padding: 0px 0px 0px 0px;\">\n<div class=\"table-1\">\n<table width=\"100%\">\n<thead>\n<tr>\n<th align=\"left\"><strong>Intensywny kurs A1.2<\/strong><\/th>\n<\/tr>\n<\/thead>\n<tbody>\n<tr>\n<td><strong>Start:<\/strong> 17 listopad 2025, 2 luty, 30 marsz, 1 czerwiek, 27 lipiec, 21 wrzesie\u0144, 16 listopad 2026, 1 luty 2027<\/td>\n<\/tr>\n<tr>\n<td>Ilo\u015b\u0107 godzin\/tydzie\u0144: 20<\/td>\n<\/tr>\n<tr>\n<td>Godziny: 10.00 &#8211; 13.15<\/td>\n<\/tr>\n<tr>\n<td>Dni: poniedzia\u0142ek &#8211; pi\u0105tek<\/td>\n<\/tr>\n<tr>\n<td><strong>Cena: 540,00 Euro \/ 4 tygodnie <\/strong><\/td>\n<\/tr>\n<\/tbody>\n<\/table>\n<\/div>\n<div class=\"fusion-clearfix\"><\/div><\/div><\/div><div class=\"fusion-layout-column fusion_builder_column fusion-builder-column-4 fusion_builder_column_1_3 1_3 fusion-one-third fusion-column-last\" style=\"width:33.333333333333%;width:calc(33.333333333333% - ( ( 4% + 4% ) * 0.33333333333333 ) );margin-top:0px;margin-bottom:20px;\"><div class=\"fusion-column-wrapper fusion-flex-column-wrapper-legacy\" style=\"background-position:left top;background-repeat:no-repeat;-webkit-background-size:cover;-moz-background-size:cover;-o-background-size:cover;background-size:cover;padding: 0px 0px 0px 0px;\">\n<div class=\"table-1\">\n<table width=\"100%\">\n<thead>\n<tr>\n<th align=\"left\"><strong>Intensywny kurs A2.1<\/strong><\/th>\n<\/tr>\n<\/thead>\n<tbody>\n<tr>\n<td><strong>Start:\u00a0<\/strong> 20 pa\u017adziernik 2025, 5 stycze\u0144 2026, 2 marzec, 4 m\u00f3c, 29 czerwiec, 24 sirp\u00eden, 19\u00a0 pa\u017adziernik 2026, 4 stycze\u0144 2027<\/td>\n<\/tr>\n<tr>\n<td>Ilo\u015b\u0107 godzin\/tydzie\u0144: 20<\/td>\n<\/tr>\n<tr>\n<td>Godziny: 10.00 &#8211; 13.15<\/td>\n<\/tr>\n<tr>\n<td align=\"left\">Column 1 Value 4<\/td>\n<\/tr>\n<tr>\n<td align=\"left\">Column 1 Value 5<\/td>\n<\/tr>\n<\/tbody>\n<\/table>\n<\/div>\n<div class=\"fusion-clearfix\"><\/div><\/div><\/div><\/div><\/div><div class=\"fusion-fullwidth fullwidth-box fusion-builder-row-4 nonhundred-percent-fullwidth non-hundred-percent-height-scrolling\" style=\"background-color: rgba(255,255,255,0);background-position: center center;background-repeat: no-repeat;padding-top:0px;padding-right:0px;padding-bottom:0px;padding-left:0px;margin-bottom: 0px;margin-top: 0px;border-width: 0px 0px 0px 0px;border-color:#e2e2e2;border-style:solid;\" ><div class=\"fusion-builder-row fusion-row\"><div class=\"fusion-layout-column fusion_builder_column fusion-builder-column-5 fusion_builder_column_1_3 1_3 fusion-one-third fusion-column-first\" style=\"width:33.333333333333%;width:calc(33.333333333333% - ( ( 4% + 4% ) * 0.33333333333333 ) );margin-right: 4%;margin-top:0px;margin-bottom:20px;\"><div class=\"fusion-column-wrapper fusion-flex-column-wrapper-legacy\" style=\"background-position:left top;background-repeat:no-repeat;-webkit-background-size:cover;-moz-background-size:cover;-o-background-size:cover;background-size:cover;padding: 0px 0px 0px 0px;\">\n<div class=\"table-1\">\n<table width=\"100%\">\n<thead>\n<tr>\n<th align=\"left\"><strong>Intensywny kurs A2.2<\/strong><\/th>\n<\/tr>\n<\/thead>\n<tbody>\n<tr>\n<td><strong>Start: <\/strong>17 listopad 2025, 2 luty, 30 marsz, 1 czerwiek, 27 lipiec, 21 wrzesie\u0144, 16 listopad 2026, 1 luty 2027<\/td>\n<\/tr>\n<tr>\n<td>Ilo\u015b\u0107 godzin\/tydzie\u0144: 20<\/td>\n<\/tr>\n<tr>\n<td>Godziny: 10.00 &#8211; 13.15<\/td>\n<\/tr>\n<tr>\n<td>Dni: poniedzia\u0142ek &#8211; pi\u0105tek<\/td>\n<\/tr>\n<tr>\n<td><strong>Cena: 540,00 Euro \/ 4 tygodnie <\/strong><\/td>\n<\/tr>\n<\/tbody>\n<\/table>\n<\/div>\n<div class=\"fusion-clearfix\"><\/div><\/div><\/div><div class=\"fusion-layout-column fusion_builder_column fusion-builder-column-6 fusion_builder_column_1_3 1_3 fusion-one-third\" style=\"width:33.333333333333%;width:calc(33.333333333333% - ( ( 4% + 4% ) * 0.33333333333333 ) );margin-right: 4%;margin-top:0px;margin-bottom:20px;\"><div class=\"fusion-column-wrapper fusion-flex-column-wrapper-legacy\" style=\"background-position:left top;background-repeat:no-repeat;-webkit-background-size:cover;-moz-background-size:cover;-o-background-size:cover;background-size:cover;padding: 0px 0px 0px 0px;\">\n<div class=\"table-1\">\n<table width=\"100%\">\n<thead>\n<tr>\n<th align=\"left\"><strong>Intensywny kurs B1.1<br \/>\n<\/strong><\/th>\n<\/tr>\n<\/thead>\n<tbody>\n<tr>\n<td><strong>Start: <\/strong>20 pa\u017adziernik 2025, 5 stycze\u0144, 2 marzec, 4 m\u00f3c, 29 czerwiec, 24 sirp\u00eden, 19\u00a0 pa\u017adziernik 2026, 4 stycze\u0144 2027 (po wype\u0142nieniu testu kwalifikacyjnego, mo\u017cliwo\u015b\u0107 rozpocz\u0119cia kursu w ka\u017cdy poniedzia\u0142ek)<\/td>\n<\/tr>\n<tr>\n<td>Ilo\u015b\u0107 godzin\/tydzie\u0144: 20<\/td>\n<\/tr>\n<tr>\n<td>Godziny: 10.00 &#8211; 13.15<\/td>\n<\/tr>\n<tr>\n<td>Dni: poniedzia\u0142ek &#8211; pi\u0105tek<\/td>\n<\/tr>\n<tr>\n<td><strong>Cena: 540,00 Euro \/ 4 tygodnie <\/strong><\/td>\n<\/tr>\n<\/tbody>\n<\/table>\n<\/div>\n<div class=\"fusion-clearfix\"><\/div><\/div><\/div><div class=\"fusion-layout-column fusion_builder_column fusion-builder-column-7 fusion_builder_column_1_3 1_3 fusion-one-third fusion-column-last\" style=\"width:33.333333333333%;width:calc(33.333333333333% - ( ( 4% + 4% ) * 0.33333333333333 ) );margin-top:0px;margin-bottom:20px;\"><div class=\"fusion-column-wrapper fusion-flex-column-wrapper-legacy\" style=\"background-position:left top;background-repeat:no-repeat;-webkit-background-size:cover;-moz-background-size:cover;-o-background-size:cover;background-size:cover;padding: 0px 0px 0px 0px;\">\n<div class=\"table-1\">\n<table width=\"100%\">\n<thead>\n<tr>\n<th align=\"left\"><strong>Intensywny kurs B1.2<br \/>\n<\/strong><\/th>\n<\/tr>\n<\/thead>\n<tbody>\n<tr>\n<td><strong>Start:<\/strong> 17 listopad 2025, 2 luty, 30 marsz, 1 czerwiek, 27 lipiec, 21 wrzesie\u0144, 16 listopad 2026, 1 luty 2027 (po wype\u0142nieniu testu kwalifikacyjnego, mo\u017cliwo\u015b\u0107 rozpocz\u0119cia kursu w ka\u017cdy poniedzia\u0142ek)<\/td>\n<\/tr>\n<tr>\n<td>Ilo\u015b\u0107 godzin\/tydzie\u0144: 20<\/td>\n<\/tr>\n<tr>\n<td>Godziny: 10.00 &#8211; 13.15<\/td>\n<\/tr>\n<tr>\n<td>Dni: poniedzia\u0142ek &#8211; pi\u0105tek<\/td>\n<\/tr>\n<tr>\n<td><strong>Cena: 540,00 Euro \/ 4 tygodnie <\/strong><\/td>\n<\/tr>\n<\/tbody>\n<\/table>\n<\/div>\n<div class=\"fusion-clearfix\"><\/div><\/div><\/div><\/div><\/div><div class=\"fusion-fullwidth fullwidth-box fusion-builder-row-5 nonhundred-percent-fullwidth non-hundred-percent-height-scrolling\" style=\"background-color: rgba(255,255,255,0);background-position: center center;background-repeat: no-repeat;padding-top:0px;padding-right:0px;padding-bottom:0px;padding-left:0px;margin-bottom: 0px;margin-top: 0px;border-width: 0px 0px 0px 0px;border-color:#e2e2e2;border-style:solid;\" ><div class=\"fusion-builder-row fusion-row\"><div class=\"fusion-layout-column fusion_builder_column fusion-builder-column-8 fusion_builder_column_1_3 1_3 fusion-one-third fusion-column-first\" style=\"width:33.333333333333%;width:calc(33.333333333333% - ( ( 4% + 4% ) * 0.33333333333333 ) );margin-right: 4%;margin-top:0px;margin-bottom:20px;\"><div class=\"fusion-column-wrapper fusion-flex-column-wrapper-legacy\" style=\"background-position:left top;background-repeat:no-repeat;-webkit-background-size:cover;-moz-background-size:cover;-o-background-size:cover;background-size:cover;padding: 0px 0px 0px 0px;\">\n<div class=\"table-1\">\n<table width=\"100%\">\n<thead>\n<tr>\n<th align=\"left\"><strong>Intensywny kurs B2<br \/>\n<\/strong><\/th>\n<\/tr>\n<\/thead>\n<tbody>\n<tr>\n<td><strong>Start:<\/strong> po wype\u0142nieniu testu kwalifikacyjnego, mo\u017cliwo\u015b\u0107 rozpocz\u0119cia kursu w ka\u017cdy poniedzia\u0142ek<\/td>\n<\/tr>\n<tr>\n<td>Ilo\u015b\u0107 godzin\/tydzie\u0144: 20<\/td>\n<\/tr>\n<tr>\n<td>Godziny: 10.00 &#8211; 13.15<\/td>\n<\/tr>\n<tr>\n<td>Dni: poniedzia\u0142ek &#8211; pi\u0105tek<\/td>\n<\/tr>\n<tr>\n<td><strong>Cena: 540,00 Euro \/ 4 tygodnie <\/strong><\/td>\n<\/tr>\n<\/tbody>\n<\/table>\n<\/div>\n<div class=\"fusion-clearfix\"><\/div><\/div><\/div><div class=\"fusion-layout-column fusion_builder_column fusion-builder-column-9 fusion_builder_column_1_3 1_3 fusion-one-third\" style=\"width:33.333333333333%;width:calc(33.333333333333% - ( ( 4% + 4% ) * 0.33333333333333 ) );margin-right: 4%;margin-top:0px;margin-bottom:20px;\"><div class=\"fusion-column-wrapper fusion-flex-column-wrapper-legacy\" style=\"background-position:left top;background-repeat:no-repeat;-webkit-background-size:cover;-moz-background-size:cover;-o-background-size:cover;background-size:cover;padding: 0px 0px 0px 0px;\">\n<div class=\"table-1\">\n<table width=\"100%\">\n<thead>\n<tr>\n<th align=\"left\"><strong>Intensywny kurs C1<br \/>\n<\/strong><\/th>\n<\/tr>\n<\/thead>\n<tbody>\n<tr>\n<td><strong>Start:<\/strong> po wype\u0142nieniu testu kwalifikacyjnego, mo\u017cliwo\u015b\u0107 rozpocz\u0119cia kursu w ka\u017cdy poniedzia\u0142ek<\/td>\n<\/tr>\n<tr>\n<td>Ilo\u015b\u0107 godzin\/tydzie\u0144: 20<\/td>\n<\/tr>\n<tr>\n<td>Godziny: 10.00 &#8211; 13.15<\/td>\n<\/tr>\n<tr>\n<td>Dni: poniedzia\u0142ek &#8211; pi\u0105tek<\/td>\n<\/tr>\n<tr>\n<td><strong>Cena: 540,00 Euro \/ 4 tygodnie <\/strong><\/td>\n<\/tr>\n<\/tbody>\n<\/table>\n<\/div>\n<div class=\"fusion-clearfix\"><\/div><\/div><\/div><div class=\"fusion-layout-column fusion_builder_column fusion-builder-column-10 fusion_builder_column_1_3 1_3 fusion-one-third fusion-column-last\" style=\"width:33.333333333333%;width:calc(33.333333333333% - ( ( 4% + 4% ) * 0.33333333333333 ) );margin-top:0px;margin-bottom:20px;\"><div class=\"fusion-column-wrapper fusion-flex-column-wrapper-legacy\" style=\"background-position:left top;background-repeat:no-repeat;-webkit-background-size:cover;-moz-background-size:cover;-o-background-size:cover;background-size:cover;padding: 0px 0px 0px 0px;\"><div class=\"fusion-text fusion-text-5\"><p>Axoma jest oficjalnym centrum egzaminacyjnym telc. Dyplom telc Deutsch C1 Hochschule potwierdza znajo\u00df\u00b402345o\u015b\u0107 j\u0119zyka niemieckiego na poziomie uprawniaj\u0105cym do ubiegania si\u0119 o przyj\u0119cie na ka\u017cd\u0105 uczelni\u0119 w Niemczech.<\/p>\n<\/div><div class=\"fusion-clearfix\"><\/div><\/div><\/div><\/div><\/div><div class=\"fusion-fullwidth fullwidth-box fusion-builder-row-6 nonhundred-percent-fullwidth non-hundred-percent-height-scrolling\" style=\"background-color: rgba(255,255,255,0);background-position: center center;background-repeat: no-repeat;padding-top:0px;padding-right:0px;padding-bottom:0px;padding-left:0px;margin-bottom: 0px;margin-top: 0px;border-width: 0px 0px 0px 0px;border-color:#e2e2e2;border-style:solid;\" ><div class=\"fusion-builder-row fusion-row\"><div class=\"fusion-layout-column fusion_builder_column fusion-builder-column-11 fusion_builder_column_1_1 1_1 fusion-one-full fusion-column-first fusion-column-last\" style=\"margin-top:0px;margin-bottom:20px;\"><div class=\"fusion-column-wrapper fusion-flex-column-wrapper-legacy\" style=\"background-position:left top;background-repeat:no-repeat;-webkit-background-size:cover;-moz-background-size:cover;-o-background-size:cover;background-size:cover;padding: 0px 0px 0px 0px;\"><ul class=\"fusion-checklist fusion-checklist-1\" style=\"font-size:16px;line-height:27.2px;\"><li class=\"fusion-li-item\"><span style=\"background-color:#03a9f4;font-size:14.08px;height:27.2px;width:27.2px;margin-right:11.2px;\" class=\"icon-wrapper circle-yes\"><i class=\"fusion-li-icon fa-angle-right fas\" style=\"color:#03a9f4;\" aria-hidden=\"true\"><\/i><\/span><div class=\"fusion-li-item-content\" style=\"margin-left:38.4px;\">1 godzina lekcyjna = 45 minut<\/div><\/li><li class=\"fusion-li-item\"><span style=\"background-color:#03a9f4;font-size:14.08px;height:27.2px;width:27.2px;margin-right:11.2px;\" class=\"icon-wrapper circle-yes\"><i class=\"fusion-li-icon fa-angle-right fas\" style=\"color:#03a9f4;\" aria-hidden=\"true\"><\/i><\/span><div class=\"fusion-li-item-content\" style=\"margin-left:38.4px;\">dla poziom\u00f3w A1 &#8211; B2 obowi\u0105zuje ksi\u0105\u017cka (25,00 \u20ac)<\/div><\/li><\/ul>\n<p>Mo\u017cliwo\u015b\u0107 wyboru d\u0142ugo\u015bci trwania kursu:<\/p>\n<div class=\"fusion-clearfix\"><\/div><\/div><\/div><\/div><\/div><div class=\"fusion-fullwidth fullwidth-box fusion-builder-row-7 nonhundred-percent-fullwidth non-hundred-percent-height-scrolling\" style=\"background-color: rgba(255,255,255,0);background-position: center center;background-repeat: no-repeat;padding-top:0px;padding-right:0px;padding-bottom:0px;padding-left:0px;margin-bottom: 0px;margin-top: 0px;border-width: 0px 0px 0px 0px;border-color:#e2e2e2;border-style:solid;\" ><div class=\"fusion-builder-row fusion-row\"><div class=\"fusion-layout-column fusion_builder_column fusion-builder-column-12 fusion_builder_column_1_1 1_1 fusion-one-full fusion-column-first fusion-column-last\" style=\"margin-top:0px;margin-bottom:20px;\"><div class=\"fusion-column-wrapper fusion-flex-column-wrapper-legacy\" style=\"background-position:left top;background-repeat:no-repeat;-webkit-background-size:cover;-moz-background-size:cover;-o-background-size:cover;background-size:cover;padding: 0px 0px 0px 0px;\"><style type=\"text\/css\"><\/style><div class=\"fusion-title title fusion-title-2 fusion-title-text fusion-title-size-two\" style=\"margin-top:10px;margin-right:0px;margin-bottom:15px;margin-left:0px;\"><h2 class=\"title-heading-left\" style=\"margin:0;\">Kursy popo\u0142udniowe<\/h2><span class=\"awb-title-spacer\"><\/span><div class=\"title-sep-container\"><div class=\"title-sep sep-double sep-solid\" style=\"border-color:#e2e2e2;\"><\/div><\/div><\/div><div class=\"fusion-clearfix\"><\/div><\/div><\/div><div class=\"fusion-layout-column fusion_builder_column fusion-builder-column-13 fusion_builder_column_1_3 1_3 fusion-one-third fusion-column-first\" style=\"width:33.333333333333%;width:calc(33.333333333333% - ( ( 4% + 4% ) * 0.33333333333333 ) );margin-right: 4%;margin-top:0px;margin-bottom:20px;\"><div class=\"fusion-column-wrapper fusion-flex-column-wrapper-legacy\" style=\"background-position:left top;background-repeat:no-repeat;-webkit-background-size:cover;-moz-background-size:cover;-o-background-size:cover;background-size:cover;padding: 0px 0px 0px 0px;\">\n<div class=\"table-1\">\n<table width=\"100%\">\n<thead>\n<tr>\n<th align=\"left\"><strong>Intensywny kurs B2<br \/>\n<\/strong><\/th>\n<\/tr>\n<\/thead>\n<tbody>\n<tr>\n<td><strong>Start:<\/strong> po wype\u0142nieniu testu kwalifikacyjnego, mo\u017cliwo\u015b\u0107 rozpocz\u0119cia kursu w ka\u017cdy poniedzia\u0142ek<\/td>\n<\/tr>\n<tr>\n<td>Ilo\u015b\u0107 godzin\/tydzie\u0144: 20<\/td>\n<\/tr>\n<tr>\n<td>Godziny: 14.00 &#8211; 17.15<\/td>\n<\/tr>\n<tr>\n<td>Dni: poniedzia\u0142ek \u2013 czwartek<\/td>\n<\/tr>\n<tr>\n<td><strong>Cena: 590,00 Euro \/ 4 tygodnie <\/strong><\/td>\n<\/tr>\n<\/tbody>\n<\/table>\n<\/div>\n<div class=\"fusion-clearfix\"><\/div><\/div><\/div><div class=\"fusion-layout-column fusion_builder_column fusion-builder-column-14 fusion_builder_column_1_3 1_3 fusion-one-third\" style=\"width:33.333333333333%;width:calc(33.333333333333% - ( ( 4% + 4% ) * 0.33333333333333 ) );margin-right: 4%;margin-top:0px;margin-bottom:20px;\"><div class=\"fusion-column-wrapper fusion-flex-column-wrapper-legacy\" style=\"background-position:left top;background-repeat:no-repeat;-webkit-background-size:cover;-moz-background-size:cover;-o-background-size:cover;background-size:cover;padding: 0px 0px 0px 0px;\">\n<div class=\"table-1\">\n<table width=\"100%\">\n<thead>\n<tr>\n<th align=\"left\"><strong>Kurs konwersacyjny B2\/C1<br \/>\n<\/strong><\/th>\n<\/tr>\n<\/thead>\n<tbody>\n<tr>\n<td><strong>Start:<\/strong> mo\u017cliwo\u015b\u0107 rozpocz\u0119cia kursu w ka\u017cdy poniedzia\u0142ek<\/td>\n<\/tr>\n<tr>\n<td>Ilo\u015b\u0107 godzin\/tydzie\u0144: 4<\/td>\n<\/tr>\n<tr>\n<td>Godziny: 14.00 &#8211; 15.30<\/td>\n<\/tr>\n<tr>\n<td>Dni: poniedzia\u0142ek + \u015broda<\/td>\n<\/tr>\n<tr>\n<td><strong>Cena: 200,00 Euro \/ 4 tygodnie <\/strong><\/td>\n<\/tr>\n<\/tbody>\n<\/table>\n<\/div>\n<div class=\"fusion-clearfix\"><\/div><\/div><\/div><div class=\"fusion-layout-column fusion_builder_column fusion-builder-column-15 fusion_builder_column_1_3 1_3 fusion-one-third fusion-column-last\" style=\"width:33.333333333333%;width:calc(33.333333333333% - ( ( 4% + 4% ) * 0.33333333333333 ) );margin-top:0px;margin-bottom:20px;\"><div class=\"fusion-column-wrapper fusion-flex-column-wrapper-legacy\" style=\"background-position:left top;background-repeat:no-repeat;-webkit-background-size:cover;-moz-background-size:cover;-o-background-size:cover;background-size:cover;padding: 0px 0px 0px 0px;\">\n<div class=\"table-1\">\n<table width=\"100%\">\n<thead>\n<tr>\n<th align=\"left\"><strong>Kurs konwersacyjny B2\/C1<br \/>\n<\/strong><\/th>\n<\/tr>\n<\/thead>\n<tbody>\n<tr>\n<td><strong>Start:<\/strong> mo\u017cliwo\u015b\u0107 rozpocz\u0119cia kursu w ka\u017cdy poniedzia\u0142ek<\/td>\n<\/tr>\n<tr>\n<td>Ilo\u015b\u0107 godzin\/tydzie\u0144: 4<\/td>\n<\/tr>\n<tr>\n<td>Godziny: 19.00 &#8211; 20.30<\/td>\n<\/tr>\n<tr>\n<td>Dni: poniedzia\u0142ek + czwartek<\/td>\n<\/tr>\n<tr>\n<td><strong>Cena: 590,00 Euro \/ 12 tygodnie <\/strong><\/td>\n<\/tr>\n<\/tbody>\n<\/table>\n<\/div>\n<div class=\"fusion-clearfix\"><\/div><\/div><\/div><\/div><\/div><div class=\"fusion-fullwidth fullwidth-box fusion-builder-row-8 nonhundred-percent-fullwidth non-hundred-percent-height-scrolling\" style=\"background-color: rgba(255,255,255,0);background-position: center center;background-repeat: no-repeat;padding-top:0px;padding-right:0px;padding-bottom:0px;padding-left:0px;margin-bottom: 0px;margin-top: 0px;border-width: 0px 0px 0px 0px;border-color:#e2e2e2;border-style:solid;\" ><div class=\"fusion-builder-row fusion-row\"><div class=\"fusion-layout-column fusion_builder_column fusion-builder-column-16 fusion_builder_column_1_3 1_3 fusion-one-third fusion-column-first\" style=\"width:33.333333333333%;width:calc(33.333333333333% - ( ( 4% + 4% ) * 0.33333333333333 ) );margin-right: 4%;margin-top:0px;margin-bottom:20px;\"><div class=\"fusion-column-wrapper fusion-flex-column-wrapper-legacy\" style=\"background-position:left top;background-repeat:no-repeat;-webkit-background-size:cover;-moz-background-size:cover;-o-background-size:cover;background-size:cover;padding: 0px 0px 0px 0px;\"><div class=\"fusion-text fusion-text-6\"><p>Je\u017celi kto\u015b \u015bwietnie opanowa\u0142 gramatyk\u0119, ale ma problemy z wypowiadaniem si\u0119, najlepszym rozwi\u0105zaniem b\u0119dzie <strong>kurs konwersacyjny.<\/strong><br \/>\nGrupy s\u0105 bardzo ma\u0142e, dzi\u0119ki czemu ka\u017cdy ma mo\u017cliwo\u015b\u0107 aktywnego uczestniczenia w zaj\u0119ciach. Nauczyciele s\u0105 wykwalifikowani oraz \u015bwietnie przygotowani do tego typu zaj\u0119\u0107. Osoby decyduj\u0105ce si\u0119 na kurs konwersacyjny maj\u0105 mo\u017cliwo\u015b\u0107 doskonalenia swoich umiej\u0119tno\u015bci j\u0119zykowych w mowie, ale tak\u017ce wzbogacenia s\u0142ownictwa.<\/p>\n<p>Osoby pracuj\u0105ce b\u0105d\u017a studiuj\u0105ce w godzinach przedpo\u0142udniowych, kt\u00f3re chc\u0105 osi\u0105gn\u0105\u0107 poziom B2, maj\u0105 mo\u017cliwo\u015b\u0107 skorzystania z oferty <strong>kursu popo\u0142udniowego B2.<\/strong> Ta opcja jest r\u00f3wnie\u017c idealnym rozwi\u0105zaniem dla os\u00f3b, kt\u00f3re chc\u0105 przygotowa\u0107 si\u0119 do jakiegokolwiek egzaminu j\u0119zykowego B2.<\/p>\n<\/div><div class=\"fusion-clearfix\"><\/div><\/div><\/div><div class=\"fusion-layout-column fusion_builder_column fusion-builder-column-17 fusion_builder_column_1_3 1_3 fusion-one-third\" style=\"width:33.333333333333%;width:calc(33.333333333333% - ( ( 4% + 4% ) * 0.33333333333333 ) );margin-right: 4%;margin-top:0px;margin-bottom:20px;\"><div class=\"fusion-column-wrapper fusion-flex-column-wrapper-legacy\" style=\"background-position:left top;background-repeat:no-repeat;-webkit-background-size:cover;-moz-background-size:cover;-o-background-size:cover;background-size:cover;padding: 0px 0px 0px 0px;\"><div class=\"fusion-clearfix\"><\/div><\/div><\/div><div class=\"fusion-layout-column fusion_builder_column fusion-builder-column-18 fusion_builder_column_1_3 1_3 fusion-one-third fusion-column-last\" style=\"width:33.333333333333%;width:calc(33.333333333333% - ( ( 4% + 4% ) * 0.33333333333333 ) );margin-top:0px;margin-bottom:20px;\"><div class=\"fusion-column-wrapper fusion-flex-column-wrapper-legacy\" style=\"background-position:left top;background-repeat:no-repeat;-webkit-background-size:cover;-moz-background-size:cover;-o-background-size:cover;background-size:cover;padding: 0px 0px 0px 0px;\"><div class=\"fusion-clearfix\"><\/div><\/div><\/div><\/div><\/div><div class=\"fusion-fullwidth fullwidth-box fusion-builder-row-9 nonhundred-percent-fullwidth non-hundred-percent-height-scrolling\" style=\"background-color: rgba(255,255,255,0);background-position: center center;background-repeat: no-repeat;padding-top:0px;padding-right:0px;padding-bottom:0px;padding-left:0px;margin-bottom: 0px;margin-top: 0px;border-width: 0px 0px 0px 0px;border-color:#e2e2e2;border-style:solid;\" ><div class=\"fusion-builder-row fusion-row\"><div class=\"fusion-layout-column fusion_builder_column fusion-builder-column-19 fusion_builder_column_1_1 1_1 fusion-one-full fusion-column-first fusion-column-last\" style=\"margin-top:0px;margin-bottom:20px;\"><div class=\"fusion-column-wrapper fusion-flex-column-wrapper-legacy\" style=\"background-position:left top;background-repeat:no-repeat;-webkit-background-size:cover;-moz-background-size:cover;-o-background-size:cover;background-size:cover;padding: 0px 0px 0px 0px;\"><ul class=\"fusion-checklist fusion-checklist-2\" style=\"font-size:16px;line-height:27.2px;\"><li class=\"fusion-li-item\"><span style=\"background-color:#03a9f4;font-size:14.08px;height:27.2px;width:27.2px;margin-right:11.2px;\" class=\"icon-wrapper circle-yes\"><i class=\"fusion-li-icon fa-angle-right fas\" style=\"color:#03a9f4;\" aria-hidden=\"true\"><\/i><\/span><div class=\"fusion-li-item-content\" style=\"margin-left:38.4px;\">1 godzina lekcyjna = 45 minut<\/div><\/li><li class=\"fusion-li-item\"><span style=\"background-color:#03a9f4;font-size:14.08px;height:27.2px;width:27.2px;margin-right:11.2px;\" class=\"icon-wrapper circle-yes\"><i class=\"fusion-li-icon fa-angle-right fas\" style=\"color:#03a9f4;\" aria-hidden=\"true\"><\/i><\/span><div class=\"fusion-li-item-content\" style=\"margin-left:38.4px;\">dla poziom\u00f3w A1 &#8211; B2 obowi\u0105zuje ksi\u0105\u017cka (25,00 \u20ac)<\/div><\/li><\/ul><div class=\"fusion-clearfix\"><\/div><\/div><\/div><\/div><\/div><div class=\"fusion-fullwidth fullwidth-box fusion-builder-row-10 nonhundred-percent-fullwidth non-hundred-percent-height-scrolling\" style=\"background-color: rgba(255,255,255,0);background-position: center center;background-repeat: no-repeat;padding-top:0px;padding-right:0px;padding-bottom:0px;padding-left:0px;margin-bottom: 0px;margin-top: 0px;border-width: 0px 0px 0px 0px;border-color:#e2e2e2;border-style:solid;\" ><div class=\"fusion-builder-row fusion-row\"><div class=\"fusion-layout-column fusion_builder_column fusion-builder-column-20 fusion_builder_column_1_1 1_1 fusion-one-full fusion-column-first fusion-column-last\" style=\"margin-top:0px;margin-bottom:20px;\"><div class=\"fusion-column-wrapper fusion-flex-column-wrapper-legacy\" style=\"background-position:left top;background-repeat:no-repeat;-webkit-background-size:cover;-moz-background-size:cover;-o-background-size:cover;background-size:cover;padding: 0px 0px 0px 0px;\"><style type=\"text\/css\"><\/style><div class=\"fusion-title title fusion-title-3 fusion-title-text fusion-title-size-one\" style=\"margin-top:10px;margin-right:0px;margin-bottom:15px;margin-left:0px;\"><h1 class=\"title-heading-left\" style=\"margin:0;\">Superintensywne kursy<\/h1><span class=\"awb-title-spacer\"><\/span><div class=\"title-sep-container\"><div class=\"title-sep sep-double sep-solid\" style=\"border-color:#e2e2e2;\"><\/div><\/div><\/div><div class=\"fusion-clearfix\"><\/div><\/div><\/div><div class=\"fusion-layout-column fusion_builder_column fusion-builder-column-21 fusion_builder_column_1_3 1_3 fusion-one-third fusion-column-first\" style=\"width:33.333333333333%;width:calc(33.333333333333% - ( ( 4% ) * 0.33333333333333 ) );margin-right: 4%;margin-top:0px;margin-bottom:20px;\"><div class=\"fusion-column-wrapper fusion-flex-column-wrapper-legacy\" style=\"background-position:left top;background-repeat:no-repeat;-webkit-background-size:cover;-moz-background-size:cover;-o-background-size:cover;background-size:cover;padding: 0px 0px 0px 0px;\">\n<div class=\"table-1\">\n<table width=\"100%\">\n<thead>\n<tr>\n<th align=\"left\"><strong>Poziom B2<br \/>\n<\/strong><\/th>\n<\/tr>\n<\/thead>\n<tbody>\n<tr>\n<td><strong>Start:<\/strong> po wype\u0142nieniu testu kwalifikacyjnego, mo\u017cliwo\u015b\u0107 rozpocz\u0119cia kursu w ka\u017cdy poniedzia\u0142ek<\/td>\n<\/tr>\n<tr>\n<td>Ilo\u015b\u0107 godzin\/tydzie\u0144: 24<\/td>\n<\/tr>\n<tr>\n<td>Godziny: poniedzia\u0142ek &#8211; pi\u0105tek, 10.00 &#8211; 13.15<br \/>\nponiedzia\u0142ek + \u015broda, 14.00 &#8211; 15.30<\/td>\n<\/tr>\n<tr>\n<td><strong>Cena: 840,00 Euro \/ 4 tygodnie <\/strong><\/td>\n<\/tr>\n<\/tbody>\n<\/table>\n<\/div>\n<div class=\"fusion-clearfix\"><\/div><\/div><\/div><div class=\"fusion-layout-column fusion_builder_column fusion-builder-column-22 fusion_builder_column_1_3 1_3 fusion-one-third fusion-column-last\" style=\"width:33.333333333333%;width:calc(33.333333333333% - ( ( 4% ) * 0.33333333333333 ) );margin-top:0px;margin-bottom:20px;\"><div class=\"fusion-column-wrapper fusion-flex-column-wrapper-legacy\" style=\"background-position:left top;background-repeat:no-repeat;-webkit-background-size:cover;-moz-background-size:cover;-o-background-size:cover;background-size:cover;padding: 0px 0px 0px 0px;\"><div class=\"fusion-text fusion-text-7\"><p>Je\u017celi chc\u0105 Pa\u0144stwo si\u0119 skupi\u0107 na gramatyce i jednocze\u015bnie polepszy\u0107 swoje umiej\u0119tno\u015bci m\u00f3wienia, \u015bwietnym rozwi\u0105zaniem b\u0119dzie<strong> intensywny kurs B2 oraz kurs konwersacyjny B2\/C1.<\/strong> Obydwa kursy realizowane s\u0105 jednocze\u015bnie. Kurs B2 przed po\u0142udniem, oraz kurs konwersacyjny po po\u0142udniu.<\/p>\n<\/div><div class=\"fusion-clearfix\"><\/div><\/div><\/div><\/div><\/div><div class=\"fusion-fullwidth fullwidth-box fusion-builder-row-11 nonhundred-percent-fullwidth non-hundred-percent-height-scrolling\" style=\"background-color: rgba(255,255,255,0);background-position: center center;background-repeat: no-repeat;padding-top:0px;padding-right:0px;padding-bottom:0px;padding-left:0px;margin-bottom: 0px;margin-top: 0px;border-width: 0px 0px 0px 0px;border-color:#e2e2e2;border-style:solid;\" ><div class=\"fusion-builder-row fusion-row\"><div class=\"fusion-layout-column fusion_builder_column fusion-builder-column-23 fusion_builder_column_1_1 1_1 fusion-one-full fusion-column-first fusion-column-last\" style=\"margin-top:0px;margin-bottom:20px;\"><div class=\"fusion-column-wrapper fusion-flex-column-wrapper-legacy\" style=\"background-position:left top;background-repeat:no-repeat;-webkit-background-size:cover;-moz-background-size:cover;-o-background-size:cover;background-size:cover;padding: 0px 0px 0px 0px;\"><ul class=\"fusion-checklist fusion-checklist-3\" style=\"font-size:16px;line-height:27.2px;\"><li class=\"fusion-li-item\"><span style=\"background-color:#03a9f4;font-size:14.08px;height:27.2px;width:27.2px;margin-right:11.2px;\" class=\"icon-wrapper circle-yes\"><i class=\"fusion-li-icon fa-angle-right fas\" style=\"color:#03a9f4;\" aria-hidden=\"true\"><\/i><\/span><div class=\"fusion-li-item-content\" style=\"margin-left:38.4px;\">1 godzina lekcyjna = 45 minut<\/div><\/li><li class=\"fusion-li-item\"><span style=\"background-color:#03a9f4;font-size:14.08px;height:27.2px;width:27.2px;margin-right:11.2px;\" class=\"icon-wrapper circle-yes\"><i class=\"fusion-li-icon fa-angle-right fas\" style=\"color:#03a9f4;\" aria-hidden=\"true\"><\/i><\/span><div class=\"fusion-li-item-content\" style=\"margin-left:38.4px;\">dla poziom\u00f3w A1 &#8211; B2 obowi\u0105zuje ksi\u0105\u017cka (25,00 \u20ac)<\/div><\/li><\/ul><div class=\"fusion-sep-clear\"><\/div><div class=\"fusion-separator fusion-full-width-sep\" style=\"margin-left: auto;margin-right: auto;margin-top:10px;width:100%;\"><div class=\"fusion-separator-border sep-double\" style=\"border-color:#e2e2e2;border-top-width:1px;border-bottom-width:1px;\"><\/div><\/div><div class=\"fusion-sep-clear\"><\/div><div class=\"fusion-text fusion-text-8\"><table border=\"1\" width=\"100%\" cellspacing=\"0\" cellpadding=\"4\">\n<colgroup>\n<col width=\"61*\" \/>\n<col width=\"73*\" \/>\n<col width=\"61*\" \/>\n<col width=\"61*\" \/> <\/colgroup>\n<tbody>\n<tr>\n<td colspan=\"4\" valign=\"TOP\" width=\"100%\">\n<p align=\"CENTER\"><span style=\"font-size: x-large;\"><b>Kursy przedpo\u0142udniowe 2025<\/b><\/span><\/p>\n<\/td>\n<\/tr>\n<tr valign=\"TOP\">\n<td width=\"24%\">\n<p align=\"CENTER\"><span style=\"font-family: 'Times New Roman', serif;\"><span style=\"font-size: medium;\"><b>Kursy*<\/b><\/span><\/span><\/p>\n<\/td>\n<td width=\"29%\">\n<p align=\"CENTER\"><span style=\"font-family: 'Times New Roman', serif;\"><span style=\"font-size: medium;\"><b><span style=\"color: #333333;\">Pocz\u0105tek<\/span><\/b><\/span><\/span><\/p>\n<\/td>\n<td width=\"24%\">\n<p align=\"CENTER\"><span style=\"font-family: 'Times New Roman', serif;\"><span style=\"font-size: medium;\"><span style=\"color: #333333;\"><b>Koniec<\/b><\/span><b> <\/b><\/span><\/span><\/p>\n<\/td>\n<td width=\"24%\">\n<p align=\"CENTER\"><span style=\"color: #333333;\"><span style=\"font-family: 'Times New Roman', serif;\"><span style=\"font-size: medium;\"><b>\u015awi\u0119to<\/b><\/span><\/span><\/span><b> <\/b><\/p>\n<\/td>\n<\/tr>\n<tr valign=\"TOP\">\n<td width=\"24%\"><\/td>\n<td width=\"29%\"><\/td>\n<td width=\"24%\"><\/td>\n<td width=\"24%\">\n<p align=\"CENTER\"><span style=\"font-family: 'Times New Roman', serif;\">16 grudzie\u0144 2024<\/span><\/p>\n<p align=\"CENTER\"><span style=\"font-family: 'Times New Roman', serif;\">&#8211;<\/span><\/p>\n<p align=\"CENTER\"><span style=\"font-family: 'Times New Roman', serif;\">6 stycze\u0144 2025<\/span><\/p>\n<\/td>\n<\/tr>\n<tr valign=\"TOP\">\n<td width=\"24%\">\n<p align=\"CENTER\"><span style=\"font-family: 'Times New Roman', serif;\">A1.1.<\/span><\/p>\n<p align=\"CENTER\"><span style=\"font-family: 'Times New Roman', serif;\">A2.1.<\/span><\/p>\n<p align=\"CENTER\"><span style=\"font-family: 'Times New Roman', serif;\">B1.1.<\/span><\/p>\n<\/td>\n<td width=\"29%\">\n<p align=\"CENTER\"><span style=\"font-family: 'Times New Roman', serif;\">7 stycze\u0144<\/span><\/p>\n<\/td>\n<td width=\"24%\">\n<p align=\"CENTER\">31 stycze\u0144<\/p>\n<\/td>\n<td width=\"24%\"><\/td>\n<\/tr>\n<tr valign=\"TOP\">\n<td width=\"24%\">\n<p align=\"CENTER\"><span style=\"font-family: 'Times New Roman', serif;\">A1.2.<\/span><\/p>\n<p align=\"CENTER\"><span style=\"font-family: 'Times New Roman', serif;\">A2.2.<\/span><\/p>\n<p align=\"CENTER\"><span style=\"font-family: 'Times New Roman', serif;\">B1.2.<\/span><\/p>\n<\/td>\n<td width=\"29%\">\n<p align=\"CENTER\"><span style=\"font-family: 'Times New Roman', serif;\">2 luty<\/span><\/p>\n<\/td>\n<td width=\"24%\">\n<p align=\"CENTER\"><span style=\"font-family: 'Times New Roman', serif;\">28 luty<\/span><\/p>\n<\/td>\n<td width=\"24%\"><\/td>\n<\/tr>\n<tr valign=\"TOP\">\n<td width=\"24%\">\n<p align=\"CENTER\"><span style=\"font-family: 'Times New Roman', serif;\">A1.1.<\/span><\/p>\n<p align=\"CENTER\"><span style=\"font-family: 'Times New Roman', serif;\">A2.1.<\/span><\/p>\n<p align=\"CENTER\"><span style=\"font-family: 'Times New Roman', serif;\">B1.1.<\/span><\/p>\n<\/td>\n<td width=\"29%\">\n<p align=\"CENTER\"><span style=\"font-family: 'Times New Roman', serif;\">3 marzec<\/span><\/p>\n<\/td>\n<td width=\"24%\">\n<p align=\"CENTER\"><span style=\"font-family: 'Times New Roman', serif;\">28\u00a0 marzec<\/span><\/p>\n<\/td>\n<td width=\"24%\">29 marzek &#8211; 5 kwiecien<\/td>\n<\/tr>\n<tr valign=\"TOP\">\n<td width=\"24%\">\n<p align=\"CENTER\"><span style=\"font-family: 'Times New Roman', serif;\">A1.2.<\/span><\/p>\n<p align=\"CENTER\"><span style=\"font-family: 'Times New Roman', serif;\">A2.2.<\/span><\/p>\n<p align=\"CENTER\"><span style=\"font-family: 'Times New Roman', serif;\">B1.2.<\/span><\/p>\n<\/td>\n<td width=\"29%\">\n<p align=\"CENTER\">31\u00a0 marzec<\/p>\n<\/td>\n<td width=\"24%\">\n<p align=\"CENTER\"><span style=\"font-family: 'Times New Roman', serif;\">2 maj<\/span><\/p>\n<\/td>\n<td width=\"24%\">\n<p align=\"CENTER\"><span style=\"font-family: 'Times New Roman', serif;\">21 kwiecien -25\u00a0 kwiecien<\/span><\/p>\n<p align=\"CENTER\"><span style=\"font-family: 'Times New Roman', serif;\">1 maj<\/span><\/p>\n<\/td>\n<\/tr>\n<tr valign=\"TOP\">\n<td width=\"24%\">\n<p align=\"CENTER\"><span style=\"font-family: 'Times New Roman', serif;\">A1.1.<\/span><\/p>\n<p align=\"CENTER\"><span style=\"font-family: 'Times New Roman', serif;\">A2.1.<\/span><\/p>\n<p align=\"CENTER\"><span style=\"font-family: 'Times New Roman', serif;\">B1.1.<\/span><\/p>\n<\/td>\n<td width=\"29%\">\n<p align=\"CENTER\"><span style=\"font-family: 'Times New Roman', serif;\">5 maj<\/span><\/p>\n<\/td>\n<td width=\"24%\">\n<p align=\"CENTER\"><span style=\"font-family: 'Times New Roman', serif;\">30 maj<br \/>\n<\/span><\/p>\n<\/td>\n<td width=\"24%\">\n<p align=\"CENTER\"><span style=\"font-family: 'Times New Roman', serif;\">29 maj<\/span><\/p>\n<p align=\"CENTER\">\n<\/td>\n<\/tr>\n<tr valign=\"TOP\">\n<td width=\"24%\">\n<p align=\"CENTER\"><span style=\"font-family: 'Times New Roman', serif;\">A1.2.<\/span><\/p>\n<p align=\"CENTER\"><span style=\"font-family: 'Times New Roman', serif;\">A2.2.<\/span><\/p>\n<p align=\"CENTER\"><span style=\"font-family: 'Times New Roman', serif;\">B1.2.<\/span><\/p>\n<\/td>\n<td width=\"29%\">\n<p align=\"CENTER\"><span style=\"font-family: 'Times New Roman', serif;\">2 czerwiec<\/span><\/p>\n<\/td>\n<td width=\"24%\">\n<p align=\"CENTER\"><span style=\"font-family: 'Times New Roman', serif;\">27 czerwiec<\/span><\/p>\n<\/td>\n<td width=\"24%\"><\/td>\n<\/tr>\n<tr valign=\"TOP\">\n<td width=\"24%\">\n<p align=\"CENTER\"><span style=\"font-family: 'Times New Roman', serif;\">A1.1.<\/span><\/p>\n<p align=\"CENTER\"><span style=\"font-family: 'Times New Roman', serif;\">A2.1.<\/span><\/p>\n<p align=\"CENTER\"><span style=\"font-family: 'Times New Roman', serif;\">B1.1.<\/span><\/p>\n<\/td>\n<td width=\"29%\">\n<p align=\"CENTER\"><span style=\"font-family: 'Times New Roman', serif;\">30 czerwiec<\/span><\/p>\n<\/td>\n<td width=\"24%\">\n<p align=\"CENTER\"><span style=\"font-family: 'Times New Roman', serif;\">25 lipiec<\/span><\/p>\n<\/td>\n<td width=\"24%\"><\/td>\n<\/tr>\n<tr valign=\"TOP\">\n<td width=\"24%\">\n<p align=\"CENTER\"><span style=\"font-family: 'Times New Roman', serif;\">A1.2.<\/span><\/p>\n<p align=\"CENTER\"><span style=\"font-family: 'Times New Roman', serif;\">A2.2.<\/span><\/p>\n<p align=\"CENTER\"><span style=\"font-family: 'Times New Roman', serif;\">B1.2.<\/span><\/p>\n<\/td>\n<td width=\"29%\">\n<p align=\"CENTER\"><span style=\"font-family: 'Times New Roman', serif;\">28 lipiec<\/span><\/p>\n<\/td>\n<td width=\"24%\">\n<p align=\"CENTER\"><span style=\"font-family: 'Times New Roman', serif;\">22 sierpie\u0144<\/span><\/p>\n<\/td>\n<td width=\"24%\">\n<p align=\"CENTER\"><span style=\"font-family: 'Times New Roman', serif;\">15 sierpie\u0144<\/span><\/p>\n<\/td>\n<\/tr>\n<tr valign=\"TOP\">\n<td width=\"24%\">\n<p align=\"CENTER\"><span style=\"font-family: 'Times New Roman', serif;\">A1.1.<\/span><\/p>\n<p align=\"CENTER\"><span style=\"font-family: 'Times New Roman', serif;\">A2.1.<\/span><\/p>\n<p align=\"CENTER\"><span style=\"font-family: 'Times New Roman', serif;\">B1.1.<\/span><\/p>\n<\/td>\n<td width=\"29%\">\n<p align=\"CENTER\"><span style=\"font-family: 'Times New Roman', serif;\">25 sierpie\u0144<\/span><\/p>\n<\/td>\n<td width=\"24%\">\n<p align=\"CENTER\"><span style=\"font-family: 'Times New Roman', serif;\">19 wrzesie\u0144<\/span><\/p>\n<\/td>\n<td width=\"24%\"><\/td>\n<\/tr>\n<tr valign=\"TOP\">\n<td width=\"24%\">\n<p align=\"CENTER\"><span style=\"font-family: 'Times New Roman', serif;\">A1.2.<\/span><\/p>\n<p align=\"CENTER\"><span style=\"font-family: 'Times New Roman', serif;\">A2.2.<\/span><\/p>\n<p align=\"CENTER\"><span style=\"font-family: 'Times New Roman', serif;\">B1.2.<\/span><\/p>\n<\/td>\n<td width=\"29%\">\n<p align=\"CENTER\"><span style=\"font-family: 'Times New Roman', serif;\">22 wrzesie\u0144<\/span><\/p>\n<\/td>\n<td width=\"24%\">\n<p align=\"CENTER\"><span style=\"font-family: 'Times New Roman', serif;\">17 pa\u017adziernik<\/span><\/p>\n<\/td>\n<td width=\"24%\">\n<p align=\"CENTER\"><span style=\"font-family: 'Times New Roman', serif;\">3 pa\u017adziernik<\/span><\/p>\n<\/td>\n<\/tr>\n<tr valign=\"TOP\">\n<td width=\"24%\">\n<p align=\"CENTER\"><span style=\"font-family: 'Times New Roman', serif;\">A1.1.<\/span><\/p>\n<p align=\"CENTER\"><span style=\"font-family: 'Times New Roman', serif;\">A2.1.<\/span><\/p>\n<p align=\"CENTER\"><span style=\"font-family: 'Times New Roman', serif;\">B1.1.<\/span><\/p>\n<\/td>\n<td width=\"29%\">\n<p align=\"CENTER\"><span style=\"font-family: 'Times New Roman', serif;\">20 pa\u017adziernik<\/span><\/p>\n<\/td>\n<td width=\"24%\">\n<p align=\"CENTER\"><span style=\"font-family: 'Times New Roman', serif;\">14 listopad<\/span><\/p>\n<\/td>\n<td width=\"24%\">\n<p align=\"CENTER\"><span style=\"font-family: 'Times New Roman', serif;\">1 listopad<\/span><\/p>\n<\/td>\n<\/tr>\n<tr valign=\"TOP\">\n<td width=\"24%\">\n<p align=\"CENTER\"><span style=\"font-family: 'Times New Roman', serif;\">A1.2.<\/span><\/p>\n<p align=\"CENTER\"><span style=\"font-family: 'Times New Roman', serif;\">A2.2.<\/span><\/p>\n<p align=\"CENTER\"><span style=\"font-family: 'Times New Roman', serif;\">B1.2.<\/span><\/p>\n<\/td>\n<td width=\"29%\">\n<p align=\"CENTER\"><span style=\"font-family: 'Times New Roman', serif;\">17 listopad<\/span><\/p>\n<\/td>\n<td width=\"24%\">\n<p align=\"CENTER\"><span style=\"font-family: 'Times New Roman', serif;\">12 grudzie\u0144<\/span><\/p>\n<\/td>\n<td width=\"24%\"><\/td>\n<\/tr>\n<tr valign=\"TOP\">\n<td width=\"24%\"><\/td>\n<td width=\"29%\"><\/td>\n<td width=\"24%\"><\/td>\n<td width=\"24%\">\n<p align=\"CENTER\"><span style=\"font-family: 'Times New Roman', serif;\">15 grudzie\u0144 2025<\/span><\/p>\n<p align=\"CENTER\"><span style=\"font-family: 'Times New Roman', serif;\">&#8211;<\/span><\/p>\n<p align=\"CENTER\"><span style=\"font-family: 'Times New Roman', serif;\">5 stycze\u0144 2026<\/span><\/p>\n<\/td>\n<\/tr>\n<\/tbody>\n<\/table>\n<p>*B2 + C1: po wype\u0142nieniu testu kwalifikacyjnego, mo\u017cliwo\u015b\u0107 rozpocz\u0119cia kursu w ka\u017cdy poniedzia\u0142ek<\/p>\n<\/div><div class=\"fusion-clearfix\"><\/div><\/div><\/div><\/div><\/div><div class=\"fusion-fullwidth fullwidth-box fusion-builder-row-12 nonhundred-percent-fullwidth non-hundred-percent-height-scrolling\" style=\"background-color: rgba(255,255,255,0);background-position: center center;background-repeat: no-repeat;padding-top:0px;padding-right:0px;padding-bottom:0px;padding-left:0px;margin-bottom: 0px;margin-top: 0px;border-width: 0px 0px 0px 0px;border-color:#e2e2e2;border-style:solid;\" ><div class=\"fusion-builder-row fusion-row\"><div class=\"fusion-layout-column fusion_builder_column fusion-builder-column-24 fusion_builder_column_1_1 1_1 fusion-one-full fusion-column-first fusion-column-last\" style=\"margin-top:0px;margin-bottom:20px;\"><div class=\"fusion-column-wrapper fusion-flex-column-wrapper-legacy\" style=\"background-position:left top;background-repeat:no-repeat;-webkit-background-size:cover;-moz-background-size:cover;-o-background-size:cover;background-size:cover;padding: 0px 0px 0px 0px;\"><style type=\"text\/css\"><\/style><div class=\"fusion-title title fusion-title-4 fusion-title-text fusion-title-size-two\" style=\"margin-top:10px;margin-right:0px;margin-bottom:15px;margin-left:0px;\"><h2 class=\"title-heading-left\" style=\"margin:0;\">Kursy wieczorne<\/h2><span class=\"awb-title-spacer\"><\/span><div class=\"title-sep-container\"><div class=\"title-sep sep-double sep-solid\" style=\"border-color:#e2e2e2;\"><\/div><\/div><\/div><div class=\"fusion-text fusion-text-9\"><p>Dla uczni\u00f3w kt\u00f3rzy popo\u0142udniami nie maj\u0105 czasu poniewa\u017c pracuj\u0105, ucz\u0105 si\u0119 itd., oferujemy kursy wieczorne na prawie ka\u017cdym poziomie. Odbywaj\u0105 si\u0119 2 razy w tygodniu po 90 minut. W zale\u017cno\u015bci od poziomu, k\u0142adziemy nacisk na gramatyk\u0119 i konwersacje. Na pa\u0144stwa \u017cyczenie mo\u017cna tak\u017ce wdro\u017cy\u0107 przygotowanie do egzamin\u00f3w telc oraz Goethe-Zertifikat, pod warunkiem, \u017ce testy b\u0119d\u0105 rozwi\u0105zywane w domu, a nast\u0119pnie prowadz\u0105cy b\u0119dzie je poprawia\u0142. Kursy wieczorne odbywaj\u0105 si\u0119 w ma\u0142ych grupach (2-8 kursant\u00f3w), tak aby jak najszybciej osi\u0105gn\u0105\u0107 cel, jakim jest konkretny poziom bieg\u0142o\u015bci j\u0119zykowej.<\/p>\n<\/div><div class=\"fusion-clearfix\"><\/div><\/div><\/div><div class=\"fusion-layout-column fusion_builder_column fusion-builder-column-25 fusion_builder_column_1_3 1_3 fusion-one-third fusion-column-first\" style=\"width:33.333333333333%;width:calc(33.333333333333% - ( ( 4% + 4% ) * 0.33333333333333 ) );margin-right: 4%;margin-top:0px;margin-bottom:20px;\"><div class=\"fusion-column-wrapper fusion-flex-column-wrapper-legacy\" style=\"background-position:left top;background-repeat:no-repeat;-webkit-background-size:cover;-moz-background-size:cover;-o-background-size:cover;background-size:cover;padding: 0px 0px 0px 0px;\">\n<div class=\"table-1\">\n<table width=\"100%\">\n<thead>\n<tr>\n<th align=\"left\"><strong>Poziom B1<br \/>\n<\/strong><\/th>\n<\/tr>\n<\/thead>\n<tbody>\n<tr>\n<td><\/td>\n<\/tr>\n<tr>\n<td>Ilo\u015b\u0107 godzin\/tydzie\u0144: 4<\/td>\n<\/tr>\n<tr>\n<td>Godziny: 18.30 &#8211; 20.00<\/td>\n<\/tr>\n<tr>\n<td>Dni: wtorek + czwartek<\/td>\n<\/tr>\n<tr>\n<td><strong>Cena: 495,00 Euro (12 tygodni) <\/strong><\/td>\n<\/tr>\n<\/tbody>\n<\/table>\n<\/div>\n<div class=\"fusion-clearfix\"><\/div><\/div><\/div><div class=\"fusion-layout-column fusion_builder_column fusion-builder-column-26 fusion_builder_column_1_3 1_3 fusion-one-third\" style=\"width:33.333333333333%;width:calc(33.333333333333% - ( ( 4% + 4% ) * 0.33333333333333 ) );margin-right: 4%;margin-top:0px;margin-bottom:20px;\"><div class=\"fusion-column-wrapper fusion-flex-column-wrapper-legacy\" style=\"background-position:left top;background-repeat:no-repeat;-webkit-background-size:cover;-moz-background-size:cover;-o-background-size:cover;background-size:cover;padding: 0px 0px 0px 0px;\">\n<div class=\"table-1\">\n<table width=\"100%\">\n<thead>\n<tr>\n<th align=\"left\"><strong>Poziom B2<br \/>\n<\/strong><\/th>\n<\/tr>\n<\/thead>\n<tbody>\n<tr>\n<td><\/td>\n<\/tr>\n<tr>\n<td>Ilo\u015b\u0107 godzin\/tydzie\u0144: 4<\/td>\n<\/tr>\n<tr>\n<td>Godziny: 19.00 &#8211; 20.30<\/td>\n<\/tr>\n<tr>\n<td>Dni: wtorek + czwartek<\/td>\n<\/tr>\n<tr>\n<td><strong>Cena: 495,00 Euro (12 tygodni) <\/strong><\/td>\n<\/tr>\n<\/tbody>\n<\/table>\n<\/div>\n<div class=\"fusion-clearfix\"><\/div><\/div><\/div><div class=\"fusion-layout-column fusion_builder_column fusion-builder-column-27 fusion_builder_column_1_3 1_3 fusion-one-third fusion-column-last\" style=\"width:33.333333333333%;width:calc(33.333333333333% - ( ( 4% + 4% ) * 0.33333333333333 ) );margin-top:0px;margin-bottom:20px;\"><div class=\"fusion-column-wrapper fusion-flex-column-wrapper-legacy\" style=\"background-position:left top;background-repeat:no-repeat;-webkit-background-size:cover;-moz-background-size:cover;-o-background-size:cover;background-size:cover;padding: 0px 0px 0px 0px;\">\n<div class=\"table-1\">\n<table width=\"100%\">\n<thead>\n<tr>\n<th align=\"left\"><strong>Poziom C1 + j\u0119zyk niemiecki w zawodzie<br \/>\n<\/strong><\/th>\n<\/tr>\n<\/thead>\n<tbody>\n<tr>\n<td><\/td>\n<\/tr>\n<tr>\n<td>Ilo\u015b\u0107 godzin\/tydzie\u0144: 4<\/td>\n<\/tr>\n<tr>\n<td>Godziny: 19.00 &#8211; 20.30<\/td>\n<\/tr>\n<tr>\n<td>Dni: wtorek + czwartek<\/td>\n<\/tr>\n<tr>\n<td><strong>Cena: 495,00 Euro (12 tygodni) <\/strong><\/td>\n<\/tr>\n<\/tbody>\n<\/table>\n<\/div>\n<div class=\"fusion-clearfix\"><\/div><\/div><\/div><\/div><\/div><div class=\"fusion-fullwidth fullwidth-box fusion-builder-row-13 nonhundred-percent-fullwidth non-hundred-percent-height-scrolling\" style=\"background-color: rgba(255,255,255,0);background-position: center center;background-repeat: no-repeat;padding-top:0px;padding-right:0px;padding-bottom:0px;padding-left:0px;margin-bottom: 0px;margin-top: 0px;border-width: 0px 0px 0px 0px;border-color:#e2e2e2;border-style:solid;\" ><div class=\"fusion-builder-row fusion-row\"><div class=\"fusion-layout-column fusion_builder_column fusion-builder-column-28 fusion_builder_column_1_3 1_3 fusion-one-third fusion-column-first\" style=\"width:33.333333333333%;width:calc(33.333333333333% - ( ( 4% ) * 0.33333333333333 ) );margin-right: 4%;margin-top:0px;margin-bottom:20px;\"><div class=\"fusion-column-wrapper fusion-flex-column-wrapper-legacy\" style=\"background-position:left top;background-repeat:no-repeat;-webkit-background-size:cover;-moz-background-size:cover;-o-background-size:cover;background-size:cover;padding: 0px 0px 0px 0px;\">\n<div class=\"table-1\">\n<table width=\"100%\">\n<thead>\n<tr>\n<th align=\"left\"><strong>Poziom B2+C1<br \/>\n<\/strong><\/th>\n<\/tr>\n<\/thead>\n<tbody>\n<tr>\n<td><\/td>\n<\/tr>\n<tr>\n<td>Ilo\u015b\u0107 godzin\/tydzie\u0144: 4<\/td>\n<\/tr>\n<tr>\n<td>Godziny: 19.00 &#8211; 20.30<\/td>\n<\/tr>\n<tr>\n<td>Dni: poniedzia\u0142ek &#8211; czwartek<\/td>\n<\/tr>\n<tr>\n<td><strong>Cena: 870,00 Euro (12 tygodni)<\/strong><\/td>\n<\/tr>\n<\/tbody>\n<\/table>\n<\/div>\n<div class=\"fusion-clearfix\"><\/div><\/div><\/div><\/div><\/div><div class=\"fusion-fullwidth fullwidth-box fusion-builder-row-14 nonhundred-percent-fullwidth non-hundred-percent-height-scrolling\" style=\"background-color: rgba(255,255,255,0);background-position: center center;background-repeat: no-repeat;padding-top:0px;padding-right:0px;padding-bottom:0px;padding-left:0px;margin-bottom: 0px;margin-top: 0px;border-width: 0px 0px 0px 0px;border-color:#e2e2e2;border-style:solid;\" ><div class=\"fusion-builder-row fusion-row\"><div class=\"fusion-layout-column fusion_builder_column fusion-builder-column-29 fusion_builder_column_1_1 1_1 fusion-one-full fusion-column-first fusion-column-last\" style=\"margin-top:0px;margin-bottom:20px;\"><div class=\"fusion-column-wrapper fusion-flex-column-wrapper-legacy\" style=\"background-position:left top;background-repeat:no-repeat;-webkit-background-size:cover;-moz-background-size:cover;-o-background-size:cover;background-size:cover;padding: 0px 0px 0px 0px;\"><ul class=\"fusion-checklist fusion-checklist-4\" style=\"font-size:16px;line-height:27.2px;\"><li class=\"fusion-li-item\"><span style=\"background-color:#03a9f4;font-size:14.08px;height:27.2px;width:27.2px;margin-right:11.2px;\" class=\"icon-wrapper circle-yes\"><i class=\"fusion-li-icon fa-angle-right fas\" style=\"color:#03a9f4;\" aria-hidden=\"true\"><\/i><\/span><div class=\"fusion-li-item-content\" style=\"margin-left:38.4px;\">1 godzina lekcyjna = 45 minut<\/div><\/li><li class=\"fusion-li-item\"><span style=\"background-color:#03a9f4;font-size:14.08px;height:27.2px;width:27.2px;margin-right:11.2px;\" class=\"icon-wrapper circle-yes\"><i class=\"fusion-li-icon fa-angle-right fas\" style=\"color:#03a9f4;\" aria-hidden=\"true\"><\/i><\/span><div class=\"fusion-li-item-content\" style=\"margin-left:38.4px;\">dla poziom\u00f3w A1 &#8211; B2 obowi\u0105zuje ksi\u0105\u017cka (25,00 \u20ac)<\/div><\/li><\/ul><div class=\"fusion-clearfix\"><\/div><\/div><\/div><\/div><\/div><div class=\"fusion-fullwidth fullwidth-box fusion-builder-row-15 nonhundred-percent-fullwidth non-hundred-percent-height-scrolling\" style=\"background-color: rgba(255,255,255,0);background-position: center center;background-repeat: no-repeat;padding-top:0px;padding-right:0px;padding-bottom:0px;padding-left:0px;margin-bottom: 0px;margin-top: 0px;border-width: 0px 0px 0px 0px;border-color:#e2e2e2;border-style:solid;\" ><div class=\"fusion-builder-row fusion-row\"><div class=\"fusion-layout-column fusion_builder_column fusion-builder-column-30 fusion_builder_column_1_3 1_3 fusion-one-third fusion-column-first\" style=\"width:33.333333333333%;width:calc(33.333333333333% - ( ( 4% + 4% ) * 0.33333333333333 ) );margin-right: 4%;margin-top:0px;margin-bottom:20px;\"><div class=\"fusion-column-wrapper fusion-flex-column-wrapper-legacy\" style=\"background-position:left top;background-repeat:no-repeat;-webkit-background-size:cover;-moz-background-size:cover;-o-background-size:cover;background-size:cover;padding: 0px 0px 0px 0px;\"><style type=\"text\/css\"><\/style><div class=\"fusion-title title fusion-title-5 fusion-title-text fusion-title-size-two\" style=\"margin-top:10px;margin-right:0px;margin-bottom:15px;margin-left:0px;\"><h2 class=\"title-heading-left\" style=\"margin:0;\">Nauczyciele<\/h2><span class=\"awb-title-spacer\"><\/span><div class=\"title-sep-container\"><div class=\"title-sep sep-double sep-solid\" style=\"border-color:#e2e2e2;\"><\/div><\/div><\/div><div class=\"fusion-text fusion-text-10\"><p>Nasi nauczyciele s\u0105 wieloj\u0119zyczni i z w\u0142asnego do\u015bwiadczenia wiedz\u0105 jakie s\u0105 skuteczne i szybkie metody nauki j\u0119zyka obcego. Kadra nauczycielska nie tylko przekazuje swoj\u0105 wiedz\u0119, ale tak\u017ce pasj\u0119, motywuj\u0105c uczni\u00f3w do aktywnego uczestniczenia w zaj\u0119ciach oraz poprawnego m\u00f3wienia, bez obawy przed pope\u0142nianiem b\u0142\u0119d\u00f3w. Poniewa\u017c ka\u017cdy z uczni\u00f3w mo\u017ce mie\u0107 inne potrzeby, nasi nauczyciele nie tylko dostosowuj\u0105 si\u0119 do nich, ale tak\u017ce je rozumiej\u0105.<\/p>\n<\/div><div class=\"fusion-clearfix\"><\/div><\/div><\/div><div class=\"fusion-layout-column fusion_builder_column fusion-builder-column-31 fusion_builder_column_1_3 1_3 fusion-one-third\" style=\"width:33.333333333333%;width:calc(33.333333333333% - ( ( 4% + 4% ) * 0.33333333333333 ) );margin-right: 4%;margin-top:0px;margin-bottom:20px;\"><div class=\"fusion-column-wrapper fusion-flex-column-wrapper-legacy\" style=\"background-position:left top;background-repeat:no-repeat;-webkit-background-size:cover;-moz-background-size:cover;-o-background-size:cover;background-size:cover;padding: 0px 0px 0px 0px;\"><style type=\"text\/css\"><\/style><div class=\"fusion-title title fusion-title-6 fusion-title-text fusion-title-size-two\" style=\"margin-top:10px;margin-right:0px;margin-bottom:15px;margin-left:0px;\"><h2 class=\"title-heading-left\" style=\"margin:0;\">Elastyczno\u015b\u0107 kurs\u00f3w<\/h2><span class=\"awb-title-spacer\"><\/span><div class=\"title-sep-container\"><div class=\"title-sep sep-double sep-solid\" style=\"border-color:#e2e2e2;\"><\/div><\/div><\/div><div class=\"fusion-text fusion-text-11\"><p>Test bieg\u0142o\u015bci j\u0119zykowej nie zawsze odzwierciedla faktyczny poziom &#8211; kurs mo\u017ce by\u0107 zbyt \u0142atwy i nudny, ale tak\u017ce zbyt trudny. W takim wypadku jest mo\u017cliwo\u015b\u0107 zmiany poziomu kursu bez zb\u0119dnych formalno\u015bci. Dzi\u0119ki elastycznemu systemowi staramy si\u0119 unika\u0107 negatywnych do\u015bwiadcze\u0144 oraz dbamy o to, aby nasi uczniowie czuli si\u0119 swobodnie.<\/p>\n<p>Je\u017celi macie Pa\u0144stwo jakiekolwiek problemy lub pytania, prosimy o kontakt z nasz\u0105 sekretark\u0105.<\/p>\n<\/div><div class=\"fusion-clearfix\"><\/div><\/div><\/div><div class=\"fusion-layout-column fusion_builder_column fusion-builder-column-32 fusion_builder_column_1_3 1_3 fusion-one-third fusion-column-last\" style=\"width:33.333333333333%;width:calc(33.333333333333% - ( ( 4% + 4% ) * 0.33333333333333 ) );margin-top:0px;margin-bottom:20px;\"><div class=\"fusion-column-wrapper fusion-flex-column-wrapper-legacy\" style=\"background-position:left top;background-repeat:no-repeat;-webkit-background-size:cover;-moz-background-size:cover;-o-background-size:cover;background-size:cover;padding: 0px 0px 0px 0px;\"><style type=\"text\/css\"><\/style><div class=\"fusion-title title fusion-title-7 fusion-title-text fusion-title-size-two\" style=\"margin-top:10px;margin-right:0px;margin-bottom:15px;margin-left:0px;\"><h2 class=\"title-heading-left\" style=\"margin:0;\">Wiza i zakwaterowanie<\/h2><span class=\"awb-title-spacer\"><\/span><div class=\"title-sep-container\"><div class=\"title-sep sep-double sep-solid\" style=\"border-color:#e2e2e2;\"><\/div><\/div><\/div><div class=\"fusion-text fusion-text-12\"><p>Dla uczni\u00f3w, kt\u00f3rzy potrzebuj\u0105 wizy oferujemy 20 godzin zaj\u0119\u0107 tygodniowo &#8211; czyli dok\u0142adnie tyle, ile wymaga niemiecka ambasada. Po uiszczeniu zap\u0142aty za kurs, szko\u0142a oczywi\u015bcie wydaje niezb\u0119dne dokumenty.<\/p>\n<p>Ch\u0119tnie pomagamy osobom, kt\u00f3re potrzebuj\u0105 zakwaterowania, tak\u017ce w rodzinach niemieckoj\u0119zycznych, gdzie istnieje mo\u017cliwo\u015b\u0107 doskonalenia umiej\u0119tno\u015bci j\u0119zykowych i poznawania tutejszej kultury. Wszystkie rodziny, kt\u00f3re polecamy, s\u0105 jak najbardziej zaufane.<\/p>\n<\/div><div class=\"fusion-clearfix\"><\/div><\/div><\/div><\/div><\/div><div class=\"fusion-fullwidth fullwidth-box fusion-builder-row-16 nonhundred-percent-fullwidth non-hundred-percent-height-scrolling\" style=\"background-color: rgba(255,255,255,0);background-position: center center;background-repeat: no-repeat;padding-top:0px;padding-right:0px;padding-bottom:0px;padding-left:0px;margin-bottom: 0px;margin-top: 0px;border-width: 0px 0px 0px 0px;border-color:#e2e2e2;border-style:solid;\" ><div class=\"fusion-builder-row fusion-row\"><div class=\"fusion-layout-column fusion_builder_column fusion-builder-column-33 fusion_builder_column_1_3 1_3 fusion-one-third fusion-column-first\" style=\"width:33.333333333333%;width:calc(33.333333333333% - ( ( 4% + 4% ) * 0.33333333333333 ) );margin-right: 4%;margin-top:0px;margin-bottom:20px;\"><div class=\"fusion-column-wrapper fusion-flex-column-wrapper-legacy\" style=\"background-position:left top;background-repeat:no-repeat;-webkit-background-size:cover;-moz-background-size:cover;-o-background-size:cover;background-size:cover;padding: 0px 0px 0px 0px;\"><style type=\"text\/css\"><\/style><div class=\"fusion-title title fusion-title-8 fusion-title-text fusion-title-size-one\" style=\"margin-top:10px;margin-right:0px;margin-bottom:15px;margin-left:0px;\"><h1 class=\"title-heading-left\" style=\"margin:0;\">Specjalne kursy<\/h1><span class=\"awb-title-spacer\"><\/span><div class=\"title-sep-container\"><div class=\"title-sep sep-double sep-solid\" style=\"border-color:#e2e2e2;\"><\/div><\/div><\/div><div class=\"fusion-text fusion-text-13\"><p>Nasza szko\u0142a oferuje nie tylko intensywne i wieczorne kursy. Je\u017celi na przyk\u0142ad, wybierzecie Pa\u0144stwo kurs indywidualny, macie mo\u017cliwo\u015b\u0107 wyboru tematyki zaj\u0119\u0107 (tj. gramatyka, konwersacje, s\u0142ownictwo z zakresu gospodarki Niemiec). Je\u017celi macie Pa\u0144stwo wolny tylko weekend, poniewa\u017c pracujecie b\u0105d\u017a uczycie si\u0119, proponujemy kurs sobotni. Je\u017celi chc\u0105 Pa\u0144stwo pracowa\u0107 w sektorze medycznym, ale nie posiadaj\u0105 Pa\u0144stwo odpowiedniego s\u0142ownictwa aby to zrobi\u0107, serdecznie zapraszamy na kurs dla medyk\u00f3w. Te i wiele innych kurs\u00f3w, tylko u nas!<\/p>\n<\/div><div class=\"fusion-clearfix\"><\/div><\/div><\/div><div class=\"fusion-layout-column fusion_builder_column fusion-builder-column-34 fusion_builder_column_1_3 1_3 fusion-one-third\" style=\"width:33.333333333333%;width:calc(33.333333333333% - ( ( 4% + 4% ) * 0.33333333333333 ) );margin-right: 4%;margin-top:0px;margin-bottom:20px;\"><div class=\"fusion-column-wrapper fusion-flex-column-wrapper-legacy\" style=\"background-position:left top;background-repeat:no-repeat;-webkit-background-size:cover;-moz-background-size:cover;-o-background-size:cover;background-size:cover;padding: 0px 0px 0px 0px;\"><style type=\"text\/css\"><\/style><div class=\"fusion-title title fusion-title-9 fusion-title-text fusion-title-size-one\" style=\"margin-top:10px;margin-right:0px;margin-bottom:15px;margin-left:0px;\"><h1 class=\"title-heading-left\" style=\"margin:0;\">Elastyczno\u015b\u0107 kurs\u00f3w<\/h1><span class=\"awb-title-spacer\"><\/span><div class=\"title-sep-container\"><div class=\"title-sep sep-double sep-solid\" style=\"border-color:#e2e2e2;\"><\/div><\/div><\/div><div class=\"fusion-text fusion-text-14\"><p>Certyfikat to pisemne udokumentowanie osi\u0105gni\u0119tych umiej\u0119tno\u015bci j\u0119zykowych. Coraz wi\u0119cej os\u00f3b zdaje egzaminy, aby otrzyma\u0107 taki certyfikat, poniewa\u017c zapewnia on wi\u0119ksz\u0105 mo\u017cliwo\u015b\u0107 znalezienia miejsca pracy. S\u0105 to egzaminy: Goethe lub TELC, TestDaf oraz DSH (wymagane do rozpocz\u0119cia studi\u00f3w uniwersyteckich), ale tak\u017ce test rekrutacyjny na Studienkolleg. Pod nadzorem naszych do\u015bwiadczonych nauczycieli oraz dzi\u0119ki ich skutecznym metodom, zostaniecie Pa\u0144stwo \u015bwietnie przygotowani do po\u017c\u0105danego egzaminu.<\/p>\n<\/div><div class=\"fusion-clearfix\"><\/div><\/div><\/div><div class=\"fusion-layout-column fusion_builder_column fusion-builder-column-35 fusion_builder_column_1_3 1_3 fusion-one-third fusion-column-last\" style=\"width:33.333333333333%;width:calc(33.333333333333% - ( ( 4% + 4% ) * 0.33333333333333 ) );margin-top:0px;margin-bottom:20px;\"><div class=\"fusion-column-wrapper fusion-flex-column-wrapper-legacy\" style=\"background-position:left top;background-repeat:no-repeat;-webkit-background-size:cover;-moz-background-size:cover;-o-background-size:cover;background-size:cover;padding: 0px 0px 0px 0px;\"><style type=\"text\/css\"><\/style><div class=\"fusion-title title fusion-title-10 fusion-title-text fusion-title-size-one\" style=\"margin-top:10px;margin-right:0px;margin-bottom:15px;margin-left:0px;\"><h1 class=\"title-heading-left\" style=\"margin:0;\">Praca w Niemczech<\/h1><span class=\"awb-title-spacer\"><\/span><div class=\"title-sep-container\"><div class=\"title-sep sep-double sep-solid\" style=\"border-color:#e2e2e2;\"><\/div><\/div><\/div><div class=\"fusion-text fusion-text-15\"><p>Podczas poszukiwania pracy w Niemczech, bardzo wa\u017cne jest, aby wiedzie\u0107 jak wygl\u0105da prawid\u0142owe: CV, interesuj\u0105cy list motywacyjny, a przede wszystkim rozmowa kwalifikacyjna.<\/p>\n<p>Pomagamy nie tylko w zakresie gramatyki oraz podstawowych zasad, ale tak\u017ce analizujemy i \u0107wiczymy wszystkie mo\u017cliwe pytania, wzbogacamy niezb\u0119dne s\u0142ownictwo z zakresu Pa\u0144stwa kompetencji, a to wszystko aby pokaza\u0107 si\u0119 z jak najlepszej strony podczas rozmowy kwalifikacyjnej. W tych przypadkach, pierwsze wra\u017cenie jest najwa\u017cniejsze.<\/p>\n<\/div><div class=\"fusion-clearfix\"><\/div><\/div><\/div><\/div><\/div><div class=\"fusion-fullwidth fullwidth-box fusion-builder-row-17 fusion-flex-container nonhundred-percent-fullwidth non-hundred-percent-height-scrolling\" style=\"background-color: rgba(255,255,255,0);background-position: center center;background-repeat: no-repeat;border-width: 0px 0px 0px 0px;border-color:#e2e2e2;border-style:solid;\" ><div class=\"fusion-builder-row fusion-row fusion-flex-align-items-flex-start\" style=\"max-width:1248px;margin-left: calc(-4% \/ 2 );margin-right: calc(-4% \/ 2 );\"><div class=\"fusion-layout-column fusion_builder_column fusion-builder-column-36 fusion_builder_column_1_1 1_1 fusion-flex-column\"><div class=\"fusion-column-wrapper fusion-flex-justify-content-flex-start fusion-content-layout-column\" style=\"background-position:left top;background-repeat:no-repeat;-webkit-background-size:cover;-moz-background-size:cover;-o-background-size:cover;background-size:cover;padding: 0px 0px 0px 0px;\"><style type=\"text\/css\">@media only screen and (max-width:1024px) {.fusion-title.fusion-title-11{margin-top:10px!important; margin-right:0px!important;margin-bottom:15px!important;margin-left:0px!important;}}@media only screen and (max-width:640px) {.fusion-title.fusion-title-11{margin-top:10px!important; margin-right:0px!important;margin-bottom:10px!important; margin-left:0px!important;}}<\/style><div class=\"fusion-title title fusion-title-11 fusion-title-text fusion-title-size-one\" style=\"margin-top:10px;margin-right:0px;margin-bottom:15px;margin-left:0px;\"><div class=\"title-sep-container title-sep-container-left fusion-no-large-visibility fusion-no-medium-visibility fusion-no-small-visibility\"><div class=\"title-sep sep-double sep-solid\" style=\"border-color:#e2e2e2;\"><\/div><\/div><span class=\"awb-title-spacer fusion-no-large-visibility fusion-no-medium-visibility fusion-no-small-visibility\"><\/span><h1 class=\"title-heading-left\" style=\"margin:0;\">Axioma Language Academy and Editing<\/h1><span class=\"awb-title-spacer\"><\/span><div class=\"title-sep-container title-sep-container-right\"><div class=\"title-sep sep-double sep-solid\" style=\"border-color:#e2e2e2;\"><\/div><\/div><\/div><\/div><style type=\"text\/css\">.fusion-body .fusion-builder-column-36{width:100% !important;margin-top : 0px;margin-bottom : 20px;}.fusion-builder-column-36 > .fusion-column-wrapper {padding-top : 0px !important;padding-right : 0px !important;margin-right : 1.92%;padding-bottom : 0px !important;padding-left : 0px !important;margin-left : 1.92%;}@media only screen and (max-width:1024px) {.fusion-body .fusion-builder-column-36{width:100% !important;}.fusion-builder-column-36 > .fusion-column-wrapper {margin-right : 1.92%;margin-left : 1.92%;}}@media only screen and (max-width:640px) {.fusion-body .fusion-builder-column-36{width:100% !important;}.fusion-builder-column-36 > .fusion-column-wrapper {margin-right : 1.92%;margin-left : 1.92%;}}<\/style><\/div><\/div><style type=\"text\/css\">.fusion-body .fusion-flex-container.fusion-builder-row-17{ padding-top : 0px;margin-top : 0px;padding-right : 0px;padding-bottom : 0px;margin-bottom : 0px;padding-left : 0px;}<\/style><\/div>\n<div class=\"fusion-fullwidth fullwidth-box fusion-builder-row-18 fusion-flex-container nonhundred-percent-fullwidth non-hundred-percent-height-scrolling\" style=\"background-color: rgba(255,255,255,0);background-position: center center;background-repeat: no-repeat;border-width: 0px 0px 0px 0px;border-color:#e2e2e2;border-style:solid;\" ><div class=\"fusion-builder-row fusion-row fusion-flex-align-items-stretch\" style=\"max-width:1248px;margin-left: calc(-4% \/ 2 );margin-right: calc(-4% \/ 2 );\"><div class=\"fusion-layout-column fusion_builder_column fusion-builder-column-37 fusion_builder_column_1_3 1_3 fusion-flex-column\"><div class=\"fusion-column-wrapper fusion-flex-justify-content-flex-start fusion-content-layout-column\" style=\"background-position:left top;background-repeat:no-repeat;-webkit-background-size:cover;-moz-background-size:cover;-o-background-size:cover;background-size:cover;background-color:#2381b5;padding: 10px 10px 10px 10px;\"><i class=\"fb-icon-element-1 fb-icon-element fontawesome-icon fa-map-marker-alt fas circle-yes fa-flip-horizontal\" style=\"font-size:28.16px;line-height:54.32px;height:56.32px;width:56.32px;border-width:1px;align-self:center;margin: 0px;\"><\/i><style>i.fb-icon-element.fontawesome-icon.fb-icon-element-1{ color: #2381b5; background-color: #ffffff; border-color: #2381b5;}i.fb-icon-element.fontawesome-icon.fb-icon-element-1:hover { color: #2381b5; background-color: #ffffff; border-color: #ffffff;}<\/style><div class=\"fusion-separator fusion-full-width-sep\" style=\"align-self: center;margin-left: auto;margin-right: auto;margin-top:10px;margin-bottom:10px;width:100%;\"><\/div><div class=\"fusion-text fusion-text-16\"><p style=\"text-align: center; color: #fff;\">T\u00fcrkenstr. 72<br \/>\n80799 M\u00fcnchen<\/p>\n<p style=\"text-align: center; color: #fff;\">*cross Georg-Elser-Platz, first door on the left<br \/>\n**The school is located to the right of the Cafe Zeitgeist.<\/p>\n<\/div><\/div><style type=\"text\/css\">.fusion-body .fusion-builder-column-37{width:33.333333333333% !important;margin-top : 0px;margin-bottom : 20px;}.fusion-builder-column-37 > .fusion-column-wrapper {padding-top : 10 !important;padding-right : 10 !important;margin-right : 5.76%;padding-bottom : 10 !important;padding-left : 10 !important;margin-left : 5.76%;}@media only screen and (max-width:1024px) {.fusion-body .fusion-builder-column-37{width:100% !important;}.fusion-builder-column-37 > .fusion-column-wrapper {margin-right : 1.92%;margin-left : 1.92%;}}@media only screen and (max-width:640px) {.fusion-body .fusion-builder-column-37{width:100% !important;}.fusion-builder-column-37 > .fusion-column-wrapper {margin-right : 1.92%;margin-left : 1.92%;}}<\/style><\/div><div class=\"fusion-layout-column fusion_builder_column fusion-builder-column-38 fusion_builder_column_1_3 1_3 fusion-flex-column\"><div class=\"fusion-column-wrapper fusion-flex-justify-content-flex-start fusion-content-layout-column\" style=\"background-position:left top;background-repeat:no-repeat;-webkit-background-size:cover;-moz-background-size:cover;-o-background-size:cover;background-size:cover;background-color:#2381b5;padding: 10px 10px 10px 10px;\"><i class=\"fb-icon-element-2 fb-icon-element fontawesome-icon fa-phone-alt fas circle-yes\" style=\"font-size:28.16px;line-height:54.32px;height:56.32px;width:56.32px;border-width:1px;align-self:center;margin: 0px;\"><\/i><style>i.fb-icon-element.fontawesome-icon.fb-icon-element-2{ color: #2381b5; background-color: #ffffff; border-color: #2381b5;}i.fb-icon-element.fontawesome-icon.fb-icon-element-2:hover { color: #2381b5; background-color: #ffffff; border-color: #ffffff;}<\/style><div class=\"fusion-separator fusion-full-width-sep\" style=\"align-self: center;margin-left: auto;margin-right: auto;margin-top:10px;margin-bottom:10px;width:100%;\"><\/div><div class=\"fusion-text fusion-text-17\"><p style=\"text-align: center; color: #fff;\"><strong>Phone<\/strong>: <a class=\"phontracking\" style=\"color: #fff;\" href=\"tel:+49891099200\">0049-89-12099200 <\/a><br \/>\n<strong>E-Mail<\/strong>: <a class=\"mailtracking\" style=\"color: #fff;\" href=\"mailto:sekretariat@sprachschule-axioma.de\">sekretariat@sprachschule-axioma.de<\/a><br \/>\n<strong>WhatsApp<\/strong>: 0049-178-7384836<\/p>\n<p style=\"text-align: center; color: #fff;\"><strong>Reachability by phone: <\/strong><br \/>\nMonday to Friday, 9.30 \u2013 14.00 Uhr<\/p>\n<\/div><\/div><style type=\"text\/css\">.fusion-body .fusion-builder-column-38{width:33.333333333333% !important;margin-top : 0px;margin-bottom : 20px;}.fusion-builder-column-38 > .fusion-column-wrapper {padding-top : 10 !important;padding-right : 10 !important;margin-right : 5.76%;padding-bottom : 10 !important;padding-left : 10 !important;margin-left : 5.76%;}@media only screen and (max-width:1024px) {.fusion-body .fusion-builder-column-38{width:100% !important;}.fusion-builder-column-38 > .fusion-column-wrapper {margin-right : 1.92%;margin-left : 1.92%;}}@media only screen and (max-width:640px) {.fusion-body .fusion-builder-column-38{width:100% !important;}.fusion-builder-column-38 > .fusion-column-wrapper {margin-right : 1.92%;margin-left : 1.92%;}}<\/style><\/div><div class=\"fusion-layout-column fusion_builder_column fusion-builder-column-39 fusion_builder_column_1_3 1_3 fusion-flex-column overflow\"><div class=\"fusion-column-wrapper fusion-flex-justify-content-flex-start fusion-content-layout-column\" style=\"background-position:left top;background-repeat:no-repeat;-webkit-background-size:cover;-moz-background-size:cover;-o-background-size:cover;background-size:cover;background-color:#2381b5;padding: 10px 10px 10px 10px;\"><i class=\"fb-icon-element-3 fb-icon-element fontawesome-icon fa-clock fas circle-yes\" style=\"font-size:28.16px;line-height:54.32px;height:56.32px;width:56.32px;border-width:1px;align-self:center;margin: 0px;\"><\/i><style>i.fb-icon-element.fontawesome-icon.fb-icon-element-3{ color: #2381b5; background-color: #ffffff; border-color: #2381b5;}i.fb-icon-element.fontawesome-icon.fb-icon-element-3:hover { color: #2381b5; background-color: #ffffff; border-color: #ffffff;}<\/style><div class=\"fusion-separator fusion-full-width-sep\" style=\"align-self: center;margin-left: auto;margin-right: auto;margin-top:10px;margin-bottom:10px;width:100%;\"><\/div>\n<div class=\"table-2\">\n<table style=\"height: 242px;\" width=\"424\">\n<tbody>\n<tr style=\"color: #fff;\">\n<td style=\"width: 30%;\" align=\"left\">Mondays<\/td>\n<td align=\"left\">9.30 \u2013 13.30 Uhr<\/td>\n<\/tr>\n<tr style=\"color: #fff;\">\n<td align=\"left\"><\/td>\n<td align=\"left\">18.00 \u2013 20.00 Uhr<\/td>\n<\/tr>\n<tr style=\"color: #fff;\">\n<td style=\"width: 30%;\" align=\"left\">Tuesdays<\/td>\n<td align=\"left\">9.30 \u2013 15.00 Uhr<\/td>\n<\/tr>\n<tr style=\"color: #fff;\">\n<td align=\"left\"><\/td>\n<td align=\"left\">18.00 \u2013 20.00 Uhr<\/td>\n<\/tr>\n<tr style=\"color: #fff;\">\n<td style=\"width: 30%;\" align=\"left\">Wednesdays<\/td>\n<td align=\"left\">9.30 \u2013 13.30 Uhr<\/td>\n<\/tr>\n<tr style=\"color: #fff;\">\n<td style=\"width: 30%;\" align=\"left\">Thursdays<\/td>\n<td align=\"left\">9.30 \u2013 18.30 Uhr<\/td>\n<\/tr>\n<tr style=\"color: #fff;\">\n<td style=\"width: 30%;\" align=\"left\">Fridays<\/td>\n<td align=\"left\">09.30 \u2013 13.30 Uhr<\/td>\n<\/tr>\n<\/tbody>\n<\/table>\n<\/div>\n<\/div><style type=\"text\/css\">.fusion-body .fusion-builder-column-39{width:33.333333333333% !important;margin-top : 0px;margin-bottom : 20px;}.fusion-builder-column-39 > .fusion-column-wrapper {padding-top : 10 !important;padding-right : 10 !important;margin-right : 5.76%;padding-bottom : 10 !important;padding-left : 10 !important;margin-left : 5.76%;}@media only screen and (max-width:1024px) {.fusion-body .fusion-builder-column-39{width:100% !important;}.fusion-builder-column-39 > .fusion-column-wrapper {margin-right : 1.92%;margin-left : 1.92%;}}@media only screen and (max-width:640px) {.fusion-body .fusion-builder-column-39{width:100% !important;}.fusion-builder-column-39 > .fusion-column-wrapper {margin-right : 1.92%;margin-left : 1.92%;}}<\/style><\/div><\/div><style type=\"text\/css\">.fusion-body .fusion-flex-container.fusion-builder-row-18{ padding-top : 0px;margin-top : 0px;padding-right : 0px;padding-bottom : 0px;margin-bottom : 0px;padding-left : 0px;}<\/style><\/div>\n<div class=\"fusion-fullwidth fullwidth-box fusion-builder-row-19 fusion-flex-container nonhundred-percent-fullwidth non-hundred-percent-height-scrolling\" style=\"background-color: rgba(255,255,255,0);background-position: center center;background-repeat: no-repeat;border-width: 0px 0px 0px 0px;border-color:#e2e2e2;border-style:solid;\" ><div class=\"fusion-builder-row fusion-row fusion-flex-align-items-flex-start\" style=\"max-width:1248px;margin-left: calc(-4% \/ 2 );margin-right: calc(-4% \/ 2 );\"><div class=\"fusion-layout-column fusion_builder_column fusion-builder-column-40 fusion_builder_column_1_1 1_1 fusion-flex-column\"><div class=\"fusion-column-wrapper fusion-flex-justify-content-flex-start fusion-content-layout-column\" style=\"background-position:left top;background-repeat:no-repeat;-webkit-background-size:cover;-moz-background-size:cover;-o-background-size:cover;background-size:cover;padding: 0px 0px 0px 0px;\"><div style=\"text-align:center;\"><style type=\"text\/css\">.fusion-button.button-1 {border-radius:4px;}<\/style><a class=\"fusion-button button-flat button-xlarge button-default button-1 fusion-button-span-yes fusion-button-default-type\" target=\"_self\" href=\"https:\/\/www.sprachschule-axioma.de\/en\/get-your-offer\/\"><span class=\"fusion-button-text\">Contact<\/span><\/a><\/div><\/div><style type=\"text\/css\">.fusion-body .fusion-builder-column-40{width:100% !important;margin-top : 0px;margin-bottom : 20px;}.fusion-builder-column-40 > .fusion-column-wrapper {padding-top : 0px !important;padding-right : 0px !important;margin-right : 1.92%;padding-bottom : 0px !important;padding-left : 0px !important;margin-left : 1.92%;}@media only screen and (max-width:1024px) {.fusion-body .fusion-builder-column-40{width:100% !important;}.fusion-builder-column-40 > .fusion-column-wrapper {margin-right : 1.92%;margin-left : 1.92%;}}@media only screen and (max-width:640px) {.fusion-body .fusion-builder-column-40{width:100% !important;}.fusion-builder-column-40 > .fusion-column-wrapper {margin-right : 1.92%;margin-left : 1.92%;}}<\/style><\/div><\/div><style type=\"text\/css\">.fusion-body .fusion-flex-container.fusion-builder-row-19{ padding-top : 0px;margin-top : 0px;padding-right : 0px;padding-bottom : 0px;margin-bottom : 0px;padding-left : 0px;}<\/style><\/div>\n<\/p>\n","protected":false},"excerpt":{"rendered":"","protected":false},"author":2,"featured_media":0,"parent":0,"menu_order":0,"comment_status":"closed","ping_status":"closed","template":"100-width.php","meta":{"footnotes":""},"yoast_head":"<!-- This site is optimized with the Yoast SEO plugin v20.13 - https:\/\/yoast.com\/wordpress\/plugins\/seo\/ -->\n<title>Kurs j\u0119zyka niemieckiego w Monachium | Axioma Sprachschule M\u00fcnchen<\/title>\n<meta name=\"robots\" content=\"index, follow, max-snippet:-1, max-image-preview:large, max-video-preview:-1\" \/>\n<link rel=\"canonical\" href=\"https:\/\/www.sprachschule-axioma.de\/pl\/\" \/>\n<meta property=\"og:locale\" content=\"pl_PL\" \/>\n<meta property=\"og:type\" content=\"article\" \/>\n<meta property=\"og:title\" content=\"Kurs j\u0119zyka niemieckiego w Monachium | Axioma Sprachschule M\u00fcnchen\" \/>\n<meta property=\"og:url\" content=\"https:\/\/www.sprachschule-axioma.de\/pl\/\" \/>\n<meta property=\"og:site_name\" content=\"Axioma Sprachschule M\u00fcnchen\" \/>\n<meta property=\"article:modified_time\" content=\"2025-10-03T16:10:23+00:00\" \/>\n<meta name=\"twitter:card\" content=\"summary_large_image\" \/>\n<meta name=\"twitter:label1\" content=\"Szacowany czas czytania\" \/>\n\t<meta name=\"twitter:data1\" content=\"37 minut\" \/>\n<script type=\"application\/ld+json\" class=\"yoast-schema-graph\">{\"@context\":\"https:\/\/schema.org\",\"@graph\":[{\"@type\":\"WebPage\",\"@id\":\"https:\/\/www.sprachschule-axioma.de\/pl\/\",\"url\":\"https:\/\/www.sprachschule-axioma.de\/pl\/\",\"name\":\"Kurs j\u0119zyka niemieckiego w Monachium | Axioma Sprachschule M\u00fcnchen\",\"isPartOf\":{\"@id\":\"https:\/\/www.sprachschule-axioma.de\/pl\/#website\"},\"datePublished\":\"2020-03-24T14:22:27+00:00\",\"dateModified\":\"2025-10-03T16:10:23+00:00\",\"breadcrumb\":{\"@id\":\"https:\/\/www.sprachschule-axioma.de\/pl\/#breadcrumb\"},\"inLanguage\":\"pl-PL\",\"potentialAction\":[{\"@type\":\"ReadAction\",\"target\":[\"https:\/\/www.sprachschule-axioma.de\/pl\/\"]}]},{\"@type\":\"BreadcrumbList\",\"@id\":\"https:\/\/www.sprachschule-axioma.de\/pl\/#breadcrumb\",\"itemListElement\":[{\"@type\":\"ListItem\",\"position\":1,\"name\":\"Home\",\"item\":\"https:\/\/www.sprachschule-axioma.de\/pl\/\"},{\"@type\":\"ListItem\",\"position\":2,\"name\":\"Kurs j\u0119zyka niemieckiego w Monachium\"}]},{\"@type\":\"WebSite\",\"@id\":\"https:\/\/www.sprachschule-axioma.de\/pl\/#website\",\"url\":\"https:\/\/www.sprachschule-axioma.de\/pl\/\",\"name\":\"Axioma Sprachschule M\u00fcnchen\",\"description\":\"Deine Sprachschule in M\u00fcnchen\",\"publisher\":{\"@id\":\"https:\/\/www.sprachschule-axioma.de\/pl\/#organization\"},\"potentialAction\":[{\"@type\":\"SearchAction\",\"target\":{\"@type\":\"EntryPoint\",\"urlTemplate\":\"https:\/\/www.sprachschule-axioma.de\/pl\/?s={search_term_string}\"},\"query-input\":\"required name=search_term_string\"}],\"inLanguage\":\"pl-PL\"},{\"@type\":\"Organization\",\"@id\":\"https:\/\/www.sprachschule-axioma.de\/pl\/#organization\",\"name\":\"Sprachschule Axioma\",\"url\":\"https:\/\/www.sprachschule-axioma.de\/pl\/\",\"logo\":{\"@type\":\"ImageObject\",\"inLanguage\":\"pl-PL\",\"@id\":\"https:\/\/www.sprachschule-axioma.de\/pl\/#\/schema\/logo\/image\/\",\"url\":\"https:\/\/www.sprachschule-axioma.de\/wp-content\/uploads\/2020\/03\/logo.jpg\",\"contentUrl\":\"https:\/\/www.sprachschule-axioma.de\/wp-content\/uploads\/2020\/03\/logo.jpg\",\"width\":200,\"height\":51,\"caption\":\"Sprachschule Axioma\"},\"image\":{\"@id\":\"https:\/\/www.sprachschule-axioma.de\/pl\/#\/schema\/logo\/image\/\"}}]}<\/script>\n<!-- \/ Yoast SEO plugin. -->","yoast_head_json":{"title":"Kurs j\u0119zyka niemieckiego w Monachium | Axioma Sprachschule M\u00fcnchen","robots":{"index":"index","follow":"follow","max-snippet":"max-snippet:-1","max-image-preview":"max-image-preview:large","max-video-preview":"max-video-preview:-1"},"canonical":"https:\/\/www.sprachschule-axioma.de\/pl\/","og_locale":"pl_PL","og_type":"article","og_title":"Kurs j\u0119zyka niemieckiego w Monachium | Axioma Sprachschule M\u00fcnchen","og_url":"https:\/\/www.sprachschule-axioma.de\/pl\/","og_site_name":"Axioma Sprachschule M\u00fcnchen","article_modified_time":"2025-10-03T16:10:23+00:00","twitter_card":"summary_large_image","twitter_misc":{"Szacowany czas czytania":"37 minut"},"schema":{"@context":"https:\/\/schema.org","@graph":[{"@type":"WebPage","@id":"https:\/\/www.sprachschule-axioma.de\/pl\/","url":"https:\/\/www.sprachschule-axioma.de\/pl\/","name":"Kurs j\u0119zyka niemieckiego w Monachium | Axioma Sprachschule M\u00fcnchen","isPartOf":{"@id":"https:\/\/www.sprachschule-axioma.de\/pl\/#website"},"datePublished":"2020-03-24T14:22:27+00:00","dateModified":"2025-10-03T16:10:23+00:00","breadcrumb":{"@id":"https:\/\/www.sprachschule-axioma.de\/pl\/#breadcrumb"},"inLanguage":"pl-PL","potentialAction":[{"@type":"ReadAction","target":["https:\/\/www.sprachschule-axioma.de\/pl\/"]}]},{"@type":"BreadcrumbList","@id":"https:\/\/www.sprachschule-axioma.de\/pl\/#breadcrumb","itemListElement":[{"@type":"ListItem","position":1,"name":"Home","item":"https:\/\/www.sprachschule-axioma.de\/pl\/"},{"@type":"ListItem","position":2,"name":"Kurs j\u0119zyka niemieckiego w Monachium"}]},{"@type":"WebSite","@id":"https:\/\/www.sprachschule-axioma.de\/pl\/#website","url":"https:\/\/www.sprachschule-axioma.de\/pl\/","name":"Axioma Sprachschule M\u00fcnchen","description":"Deine Sprachschule in M\u00fcnchen","publisher":{"@id":"https:\/\/www.sprachschule-axioma.de\/pl\/#organization"},"potentialAction":[{"@type":"SearchAction","target":{"@type":"EntryPoint","urlTemplate":"https:\/\/www.sprachschule-axioma.de\/pl\/?s={search_term_string}"},"query-input":"required name=search_term_string"}],"inLanguage":"pl-PL"},{"@type":"Organization","@id":"https:\/\/www.sprachschule-axioma.de\/pl\/#organization","name":"Sprachschule Axioma","url":"https:\/\/www.sprachschule-axioma.de\/pl\/","logo":{"@type":"ImageObject","inLanguage":"pl-PL","@id":"https:\/\/www.sprachschule-axioma.de\/pl\/#\/schema\/logo\/image\/","url":"https:\/\/www.sprachschule-axioma.de\/wp-content\/uploads\/2020\/03\/logo.jpg","contentUrl":"https:\/\/www.sprachschule-axioma.de\/wp-content\/uploads\/2020\/03\/logo.jpg","width":200,"height":51,"caption":"Sprachschule Axioma"},"image":{"@id":"https:\/\/www.sprachschule-axioma.de\/pl\/#\/schema\/logo\/image\/"}}]}},"_links":{"self":[{"href":"https:\/\/www.sprachschule-axioma.de\/pl\/wp-json\/wp\/v2\/pages\/16693"}],"collection":[{"href":"https:\/\/www.sprachschule-axioma.de\/pl\/wp-json\/wp\/v2\/pages"}],"about":[{"href":"https:\/\/www.sprachschule-axioma.de\/pl\/wp-json\/wp\/v2\/types\/page"}],"author":[{"embeddable":true,"href":"https:\/\/www.sprachschule-axioma.de\/pl\/wp-json\/wp\/v2\/users\/2"}],"replies":[{"embeddable":true,"href":"https:\/\/www.sprachschule-axioma.de\/pl\/wp-json\/wp\/v2\/comments?post=16693"}],"version-history":[{"count":60,"href":"https:\/\/www.sprachschule-axioma.de\/pl\/wp-json\/wp\/v2\/pages\/16693\/revisions"}],"predecessor-version":[{"id":24206,"href":"https:\/\/www.sprachschule-axioma.de\/pl\/wp-json\/wp\/v2\/pages\/16693\/revisions\/24206"}],"wp:attachment":[{"href":"https:\/\/www.sprachschule-axioma.de\/pl\/wp-json\/wp\/v2\/media?parent=16693"}],"curies":[{"name":"wp","href":"https:\/\/api.w.org\/{rel}","templated":true}]}}