{"id":16690,"date":"2020-03-24T15:22:27","date_gmt":"2020-03-24T14:22:27","guid":{"rendered":"http:\/\/sprachschule-axioma.net\/home\/"},"modified":"2026-02-21T16:26:04","modified_gmt":"2026-02-21T15:26:04","slug":"corsi-di-tedesco-a-monaco-di-baviera","status":"publish","type":"page","link":"https:\/\/www.sprachschule-axioma.de\/it\/","title":{"rendered":"Corso di tedesco a Monaco di Baviera"},"content":{"rendered":"<p><div class=\"fusion-fullwidth fullwidth-box fusion-builder-row-1 nonhundred-percent-fullwidth non-hundred-percent-height-scrolling\" style=\"background-color: rgba(255,255,255,0);background-position: center center;background-repeat: no-repeat;padding-top:0px;padding-right:0px;padding-bottom:0px;padding-left:0px;margin-bottom: 0px;margin-top: 0px;border-width: 0px 0px 0px 0px;border-color:#e2e2e2;border-style:solid;\" ><div class=\"fusion-builder-row fusion-row\"><div class=\"fusion-layout-column fusion_builder_column fusion-builder-column-0 fusion_builder_column_1_1 1_1 fusion-one-full fusion-column-first fusion-column-last\" style=\"margin-top:0px;margin-bottom:20px;\"><div class=\"fusion-column-wrapper fusion-flex-column-wrapper-legacy\" style=\"background-position:left top;background-repeat:no-repeat;-webkit-background-size:cover;-moz-background-size:cover;-o-background-size:cover;background-size:cover;padding: 0px 0px 0px 0px;\">\n<div class=\"fusion-slider-revolution rev_slider_wrapper\">\t\t\t<!-- START Startseitensprachen REVOLUTION SLIDER 6.5.2 --><p class=\"rs-p-wp-fix\"><\/p>\n\t\t\t<rs-module-wrap id=\"rev_slider_2_1_wrapper\" data-source=\"gallery\" style=\"visibility:hidden;background:transparent;padding:0;margin:0px auto;margin-top:0;margin-bottom:0;\">\n\t\t\t\t<rs-module id=\"rev_slider_2_1\" style=\"\" data-version=\"6.5.2\">\n\t\t\t\t\t<rs-slides>\n\t\t\t\t\t\t<rs-slide data-key=\"rs-7\" data-title=\"Slide\" data-in=\"o:0;\" data-out=\"a:false;\">\n\t\t\t\t\t\t\t<img src=\"\/\/www.sprachschule-axioma.de\/wp-content\/plugins\/revslider\/public\/assets\/assets\/dummy.png\" title=\"AxiomaEingang-1-1-scaled\" width=\"2000\" height=\"443\" class=\"rev-slidebg tp-rs-img rs-lazyload\" data-lazyload=\"\/\/www.sprachschule-axioma.de\/wp-content\/uploads\/2023\/05\/AxiomaEingang-1-1-scaled-2.jpg\" data-no-retina>\n<!--\n\t\t\t\t\t\t\t--><rs-layer\n\t\t\t\t\t\t\t\tid=\"slider-2-slide-7-layer-0\" \n\t\t\t\t\t\t\t\tdata-type=\"text\"\n\t\t\t\t\t\t\t\tdata-color=\"#1a80b6\"\n\t\t\t\t\t\t\t\tdata-rsp_ch=\"on\"\n\t\t\t\t\t\t\t\tdata-xy=\"x:322px;y:205px;\"\n\t\t\t\t\t\t\t\tdata-text=\"w:normal;s:48;l:61;\"\n\t\t\t\t\t\t\t\tdata-dim=\"minh:0;\"\n\t\t\t\t\t\t\t\tdata-padding=\"t:12;r:12;b:12;l:12;\"\n\t\t\t\t\t\t\t\tdata-frame_1=\"e:power3.out;st:170;sR:170;\"\n\t\t\t\t\t\t\t\tdata-frame_999=\"o:0;st:w;sR:8530;\"\n\t\t\t\t\t\t\t\tstyle=\"z-index:9;background-color:rgba(255,255,255,0.8);font-family:Raleway;\"\n\t\t\t\t\t\t\t>Language school Axioma Munich  \n\t\t\t\t\t\t\t<\/rs-layer><!--\n\n\t\t\t\t\t\t\t--><rs-layer\n\t\t\t\t\t\t\t\tid=\"slider-2-slide-7-layer-1\" \n\t\t\t\t\t\t\t\tdata-type=\"text\"\n\t\t\t\t\t\t\t\tdata-color=\"#1a80b6\"\n\t\t\t\t\t\t\t\tdata-rsp_ch=\"on\"\n\t\t\t\t\t\t\t\tdata-xy=\"x:369px;y:321px;\"\n\t\t\t\t\t\t\t\tdata-text=\"w:normal;s:32;l:40;\"\n\t\t\t\t\t\t\t\tdata-padding=\"t:10;r:10;b:10;l:10;\"\n\t\t\t\t\t\t\t\tdata-frame_1=\"st:300;sR:300;\"\n\t\t\t\t\t\t\t\tdata-frame_999=\"o:0;st:w;sR:8400;\"\n\t\t\t\t\t\t\t\tstyle=\"z-index:8;background-color:rgba(255,255,255,0.8);font-family:Raleway;\"\n\t\t\t\t\t\t\t>intensive german course in a small group \n\t\t\t\t\t\t\t<\/rs-layer><!--\n-->\t\t\t\t\t\t<\/rs-slide>\n\t\t\t\t\t\t<rs-slide data-key=\"rs-71\" data-title=\"Slide\" data-in=\"o:0;\" data-out=\"a:false;\">\n\t\t\t\t\t\t\t<img src=\"\/\/www.sprachschule-axioma.de\/wp-content\/plugins\/revslider\/public\/assets\/assets\/dummy.png\" title=\"AxiomaEingang-1-1-scaled\" width=\"2000\" height=\"443\" class=\"rev-slidebg tp-rs-img rs-lazyload\" data-lazyload=\"\/\/www.sprachschule-axioma.de\/wp-content\/uploads\/2023\/05\/AxiomaEingang-1-1-scaled-2.jpg\" data-no-retina>\n<!--\n\t\t\t\t\t\t\t--><rs-layer\n\t\t\t\t\t\t\t\tid=\"slider-2-slide-71-layer-0\" \n\t\t\t\t\t\t\t\tdata-type=\"text\"\n\t\t\t\t\t\t\t\tdata-color=\"#1a80b6\"\n\t\t\t\t\t\t\t\tdata-rsp_ch=\"on\"\n\t\t\t\t\t\t\t\tdata-xy=\"x:322px;y:205px;\"\n\t\t\t\t\t\t\t\tdata-text=\"w:normal;s:48;l:61;\"\n\t\t\t\t\t\t\t\tdata-dim=\"minh:0;\"\n\t\t\t\t\t\t\t\tdata-padding=\"t:12;r:12;b:12;l:12;\"\n\t\t\t\t\t\t\t\tdata-frame_1=\"e:power3.out;st:170;sR:170;\"\n\t\t\t\t\t\t\t\tdata-frame_999=\"o:0;st:w;sR:8530;\"\n\t\t\t\t\t\t\t\tstyle=\"z-index:9;background-color:rgba(255,255,255,0.8);font-family:Raleway;\"\n\t\t\t\t\t\t\t>Language school Axioma Munich  \n\t\t\t\t\t\t\t<\/rs-layer><!--\n\n\t\t\t\t\t\t\t--><rs-layer\n\t\t\t\t\t\t\t\tid=\"slider-2-slide-71-layer-1\" \n\t\t\t\t\t\t\t\tdata-type=\"text\"\n\t\t\t\t\t\t\t\tdata-color=\"#1a80b6\"\n\t\t\t\t\t\t\t\tdata-rsp_ch=\"on\"\n\t\t\t\t\t\t\t\tdata-xy=\"x:369px;y:321px;\"\n\t\t\t\t\t\t\t\tdata-text=\"w:normal;s:32;l:40;\"\n\t\t\t\t\t\t\t\tdata-padding=\"t:10;r:10;b:10;l:10;\"\n\t\t\t\t\t\t\t\tdata-frame_1=\"st:300;sR:300;\"\n\t\t\t\t\t\t\t\tdata-frame_999=\"o:0;st:w;sR:8400;\"\n\t\t\t\t\t\t\t\tstyle=\"z-index:8;background-color:rgba(255,255,255,0.8);font-family:Raleway;\"\n\t\t\t\t\t\t\t>intensive german course in a small group \n\t\t\t\t\t\t\t<\/rs-layer><!--\n-->\t\t\t\t\t\t<\/rs-slide>\n\t\t\t\t\t<\/rs-slides>\n\t\t\t\t<\/rs-module>\n\t\t\t\t<script type=\"text\/javascript\">\n\t\t\t\t\tsetREVStartSize({c: 'rev_slider_2_1',rl:[1240,1024,778,480],el:[450],gw:[1240],gh:[450],type:'standard',justify:'',layout:'fullwidth',mh:\"0\"});\n\t\t\t\t<\/script>\n\t\t\t<\/rs-module-wrap>\n\t\t\t<!-- END REVOLUTION SLIDER -->\n<\/div><div class=\"fusion-clearfix\"><\/div><\/div><\/div><\/div><\/div><div class=\"fusion-fullwidth fullwidth-box fusion-builder-row-2 nonhundred-percent-fullwidth non-hundred-percent-height-scrolling\" style=\"background-color: rgba(255,255,255,0);background-position: center center;background-repeat: no-repeat;padding-top:0px;padding-right:0px;padding-bottom:0px;padding-left:0px;margin-bottom: 0px;margin-top: 0px;border-width: 0px 0px 0px 0px;border-color:#e2e2e2;border-style:solid;\" ><div class=\"fusion-builder-row fusion-row\"><div class=\"fusion-layout-column fusion_builder_column fusion-builder-column-1 fusion_builder_column_1_1 1_1 fusion-one-full fusion-column-first fusion-column-last\" style=\"margin-top:0px;margin-bottom:20px;\"><div class=\"fusion-column-wrapper fusion-flex-column-wrapper-legacy\" style=\"background-position:left top;background-repeat:no-repeat;-webkit-background-size:cover;-moz-background-size:cover;-o-background-size:cover;background-size:cover;padding: 0px 0px 0px 0px;\"><style type=\"text\/css\"><\/style><div class=\"fusion-title title fusion-title-1 fusion-title-text fusion-title-size-one\" style=\"margin-top:10px;margin-right:0px;margin-bottom:15px;margin-left:0px;\"><h1 class=\"title-heading-left\" style=\"margin:0;\">Scuola di lingue Axioma &#8211; impara il tedesco a Monaco di Baviera<\/h1><span class=\"awb-title-spacer\"><\/span><div class=\"title-sep-container\"><div class=\"title-sep sep-double sep-solid\" style=\"border-color:#e2e2e2;\"><\/div><\/div><\/div><div class=\"fusion-text fusion-text-1\"><p>Il corso di lingua tedesca a Monaco di Baviera nelle immediate vicinanze dell&#8217;universit\u00e0 nel quartiere Schwabing.<\/p>\n<p>Studiare lingua tedesca a Monaco \u00e8 meraviglioso! Il corso di tedesco nella nostra scuola Axioma (corso intensivo a partire di 540,00 euro\/4 settimane) si svolge all&#8217;interno di aule eleganti e calde, in un&#8217;atmosfera molto rilassante e familiare. Con il corso intensivo mattutino (20 ore accademiche a settimana) \u00e8 possibile richiedere o prolungare un visto come studente di lingua (visto linguistico per la partecipazione a un corso di tedesco).<\/p>\n<p>La scuola \u00e8 situata in pieno centro di Monaco di Baviera, nel pittoresco quartiere Schwabing, a pochi minuti dall&#8217;universit\u00e0 di Monaco (scendere alla fermata Universit\u00e4t, U3\/U6). Piccoli gruppi e lezioni individuali garantiscono un veloce raggiungimento dei vostri obiettivi. Tra i nostri allievi ci sono tanti studenti universitari e ragazzi Aupairs. Per trovare la nostra scuola \u00e8 necessario attraversare diagonalmente la piazza Georg-Elser (Georg-Elser-Platz), e arrivare in T\u00fcrkenstra\u00dfe, 72, piano terra.<\/p>\n<p>Direttamente dopo i corsi \u00e8 possibile rilassarsi in incantevoli bar, pub e ristoranti del quartiere universitario, come il caf\u00e8 &#8220;Zeitgeist&#8221;, il &#8220;Pavesi&#8221;, l&#8221;Alten Simpl&#8221;, il &#8220;T\u00fcrkenhof&#8221;, il caf\u00e8 &#8220;Newsbar&#8221;, il locale &#8220;Schall und Rauch&#8221;, il caf\u00e8 &#8220;Puck&#8221; o il &#8220;Tresznewski&#8221;, oppure osservare i numerosi negozietti di antiquariato, dove \u00e8 possibile conoscere la cultura tedesca. Cos\u00ec la Georg-Elser-Platz ha un fascino particolare, che ricorda il quartiere della Sorbonne parigina.<br \/>\nWiFi, caff\u00e8, t\u00e8 e biscotti da noi sono sempre gratis!<\/p>\n<\/div><div class=\"fusion-sep-clear\"><\/div><div class=\"fusion-separator fusion-full-width-sep\" style=\"margin-left: auto;margin-right: auto;margin-top:10px;width:100%;\"><\/div><div class=\"fusion-sep-clear\"><\/div><div class=\"fusion-clearfix\"><\/div><\/div><\/div><\/div><\/div><div class=\"fusion-fullwidth fullwidth-box fusion-builder-row-3 nonhundred-percent-fullwidth hundred-percent-height hundred-percent-height-center-content non-hundred-percent-height-scrolling\" style=\"background-color: rgba(255,255,255,0);background-position: center center;background-repeat: no-repeat;padding-top:0px;padding-right:0px;padding-bottom:0px;padding-left:0px;margin-bottom: 0px;margin-top: 0px;border-width: 0px 0px 0px 0px;border-color:#e2e2e2;border-style:solid;\" ><div class=\"fusion-fullwidth-center-content\"><div class=\"fusion-builder-row fusion-row\"><div class=\"fusion-layout-column fusion_builder_column fusion-builder-column-2 fusion_builder_column_1_1 1_1 fusion-one-full fusion-column-first fusion-column-last\" style=\"margin-top:0px;margin-bottom:20px;\"><div class=\"fusion-column-wrapper fusion-flex-column-wrapper-legacy\" style=\"background-position:left top;background-repeat:no-repeat;-webkit-background-size:cover;-moz-background-size:cover;-o-background-size:cover;background-size:cover;padding: 0px 0px 0px 0px;\"><style type=\"text\/css\"><\/style><div class=\"fusion-title title fusion-title-2 fusion-title-text fusion-title-size-two\" style=\"margin-top:10px;margin-right:0px;margin-bottom:15px;margin-left:0px;\"><h2 class=\"title-heading-left\" style=\"margin:0;\">Corsi di mattina in piccoli gruppi &#8211; impara il tedesco<\/h2><span class=\"awb-title-spacer\"><\/span><div class=\"title-sep-container\"><div class=\"title-sep sep-double sep-solid\" style=\"border-color:#e2e2e2;\"><\/div><\/div><\/div><div class=\"fusion-text fusion-text-2\"><p>Chi vuole portare il suo livello di tedesco pi\u00f9 in alto\u00a0in poco tempo, offriamo dei corsi intensivi di mattina (20 ore settimanali), che vengono completati (soprattutto in estate) con le molteplici ecscursioni e gite, dove la lingua viene migliorata e c&#8217;\u00e8 la possibilit\u00e0 di conoscere la cultura tedesca. \u00c8 possibile fare un test d&#8217;ingresso (gratis) per determinare con l&#8217;esattezza il livello.<\/p>\n<p>Un corso intensivo di tedesco per ogni livello dura 8 settimane. Naturalmente c&#8217;\u00e8 sempre la possibilit\u00e0 di\u00a0scegliere un periodo di permanenza diverso\u00a0(a partire da 1 settimana).<\/p>\n<\/div><div class=\"fusion-clearfix\"><\/div><\/div><\/div><\/div><\/div><\/div><div class=\"fusion-fullwidth fullwidth-box fusion-builder-row-4 fusion-flex-container nonhundred-percent-fullwidth non-hundred-percent-height-scrolling\" style=\"background-color: rgba(255,255,255,0);background-position: center center;background-repeat: no-repeat;border-width: 0px 0px 0px 0px;border-color:#e2e2e2;border-style:solid;\" ><div class=\"fusion-builder-row fusion-row fusion-flex-align-items-flex-start\" style=\"max-width:1248px;margin-left: calc(-4% \/ 2 );margin-right: calc(-4% \/ 2 );\"><div class=\"fusion-layout-column fusion_builder_column fusion-builder-column-3 fusion_builder_column_1_3 1_3 fusion-flex-column\"><div class=\"fusion-column-wrapper fusion-flex-justify-content-flex-start fusion-content-layout-column\" style=\"background-position:left top;background-repeat:no-repeat;-webkit-background-size:cover;-moz-background-size:cover;-o-background-size:cover;background-size:cover;padding: 0px 0px 0px 0px;\">\n<div class=\"table-1\">\n<table width=\"100%\">\n<thead>\n<tr>\n<th align=\"left\"><strong>Corso intensivo di tedesco A1.1.<\/strong><\/th>\n<\/tr>\n<\/thead>\n<tbody>\n<tr>\n<td><strong>Start: <\/strong>2 marzo, 4 maggio, 29 giugno, 24 agosto, 19 ottobre 2026, 4 gennaio, 1 marzo 2027<\/td>\n<\/tr>\n<tr>\n<td>Ore \/ Settimana: 20<\/td>\n<\/tr>\n<tr>\n<td>Orario: 10.00 &#8211; 13.15<\/td>\n<\/tr>\n<tr>\n<td>Giorni: luned\u00ec &#8211; venerd\u00ec<\/td>\n<\/tr>\n<tr>\n<td><strong>Prezzo: a partire di 540,00 Euro \/ 4 settimane<\/strong><\/td>\n<\/tr>\n<\/tbody>\n<\/table>\n<\/div>\n<\/div><style type=\"text\/css\">.fusion-body .fusion-builder-column-3{width:33.333333333333% !important;margin-top : 0px;margin-bottom : 20px;}.fusion-builder-column-3 > .fusion-column-wrapper {padding-top : 0px !important;padding-right : 0px !important;margin-right : 5.76%;padding-bottom : 0px !important;padding-left : 0px !important;margin-left : 5.76%;}@media only screen and (max-width:1024px) {.fusion-body .fusion-builder-column-3{width:100% !important;}.fusion-builder-column-3 > .fusion-column-wrapper {margin-right : 1.92%;margin-left : 1.92%;}}@media only screen and (max-width:640px) {.fusion-body .fusion-builder-column-3{width:100% !important;}.fusion-builder-column-3 > .fusion-column-wrapper {margin-right : 1.92%;margin-left : 1.92%;}}<\/style><\/div><div class=\"fusion-layout-column fusion_builder_column fusion-builder-column-4 fusion_builder_column_1_3 1_3 fusion-flex-column\"><div class=\"fusion-column-wrapper fusion-flex-justify-content-flex-start fusion-content-layout-column\" style=\"background-position:left top;background-repeat:no-repeat;-webkit-background-size:cover;-moz-background-size:cover;-o-background-size:cover;background-size:cover;padding: 0px 0px 0px 0px;\">\n<div class=\"table-1\">\n<table width=\"100%\">\n<thead>\n<tr>\n<th align=\"left\"><strong>Corso intensivo di tedesco A1.2.<\/strong><\/th>\n<\/tr>\n<\/thead>\n<tbody>\n<tr>\n<td><strong>Start: <\/strong>30 marzo, 1 giugno, 27 luglio, 21 septembre, 16 novembre 2026, 1 febbraio 2027<\/td>\n<\/tr>\n<tr>\n<td>Ore \/ Settimana: 20<\/td>\n<\/tr>\n<tr>\n<td>Orario: 10.00 &#8211; 13.15<\/td>\n<\/tr>\n<tr>\n<td>Giorni: luned\u00ec &#8211; venerd\u00ec<\/td>\n<\/tr>\n<tr>\n<td><strong>Prezzo: a partire di 540,00 Euro \/ 4 settimane <\/strong><\/td>\n<\/tr>\n<\/tbody>\n<\/table>\n<\/div>\n<\/div><style type=\"text\/css\">.fusion-body .fusion-builder-column-4{width:33.333333333333% !important;margin-top : 0px;margin-bottom : 20px;}.fusion-builder-column-4 > .fusion-column-wrapper {padding-top : 0px !important;padding-right : 0px !important;margin-right : 5.76%;padding-bottom : 0px !important;padding-left : 0px !important;margin-left : 5.76%;}@media only screen and (max-width:1024px) {.fusion-body .fusion-builder-column-4{width:100% !important;}.fusion-builder-column-4 > .fusion-column-wrapper {margin-right : 1.92%;margin-left : 1.92%;}}@media only screen and (max-width:640px) {.fusion-body .fusion-builder-column-4{width:100% !important;}.fusion-builder-column-4 > .fusion-column-wrapper {margin-right : 1.92%;margin-left : 1.92%;}}<\/style><\/div><div class=\"fusion-layout-column fusion_builder_column fusion-builder-column-5 fusion_builder_column_1_3 1_3 fusion-flex-column\"><div class=\"fusion-column-wrapper fusion-flex-justify-content-flex-start fusion-content-layout-column\" style=\"background-position:left top;background-repeat:no-repeat;-webkit-background-size:cover;-moz-background-size:cover;-o-background-size:cover;background-size:cover;padding: 0px 0px 0px 0px;\">\n<div class=\"table-1\">\n<table width=\"100%\">\n<thead>\n<tr>\n<th align=\"left\"><strong>Corso intensivo di tedesco A2.1.<\/strong><\/th>\n<\/tr>\n<\/thead>\n<tbody>\n<tr>\n<td><strong>Start:<\/strong> 2 marzo, 4 maggio, 29 giugno, 24 agosto, 19 ottobre 2026, 4 gennaio, 1 marzo 2027<\/td>\n<\/tr>\n<tr>\n<td>Ore \/ Settimana: 20<\/td>\n<\/tr>\n<tr>\n<td>Orario: 10.00 &#8211; 13.15<\/td>\n<\/tr>\n<tr>\n<td>Giorni: luned\u00ec &#8211; venerd\u00ec<\/td>\n<\/tr>\n<tr>\n<td><strong>Prezzo: a partire di 540,00 Euro \/ 4 settimane <\/strong><\/td>\n<\/tr>\n<\/tbody>\n<\/table>\n<\/div>\n<\/div><style type=\"text\/css\">.fusion-body .fusion-builder-column-5{width:33.333333333333% !important;margin-top : 0px;margin-bottom : 20px;}.fusion-builder-column-5 > .fusion-column-wrapper {padding-top : 0px !important;padding-right : 0px !important;margin-right : 5.76%;padding-bottom : 0px !important;padding-left : 0px !important;margin-left : 5.76%;}@media only screen and (max-width:1024px) {.fusion-body .fusion-builder-column-5{width:100% !important;}.fusion-builder-column-5 > .fusion-column-wrapper {margin-right : 1.92%;margin-left : 1.92%;}}@media only screen and (max-width:640px) {.fusion-body .fusion-builder-column-5{width:100% !important;}.fusion-builder-column-5 > .fusion-column-wrapper {margin-right : 1.92%;margin-left : 1.92%;}}<\/style><\/div><\/div><style type=\"text\/css\">.fusion-body .fusion-flex-container.fusion-builder-row-4{ padding-top : 0px;margin-top : 0px;padding-right : 0px;padding-bottom : 0px;margin-bottom : 0px;padding-left : 0px;}<\/style><\/div><div class=\"fusion-fullwidth fullwidth-box fusion-builder-row-5 fusion-flex-container nonhundred-percent-fullwidth non-hundred-percent-height-scrolling\" style=\"background-color: rgba(255,255,255,0);background-position: center center;background-repeat: no-repeat;border-width: 0px 0px 0px 0px;border-color:#e2e2e2;border-style:solid;\" ><div class=\"fusion-builder-row fusion-row fusion-flex-align-items-flex-start\" style=\"max-width:1248px;margin-left: calc(-4% \/ 2 );margin-right: calc(-4% \/ 2 );\"><div class=\"fusion-layout-column fusion_builder_column fusion-builder-column-6 fusion_builder_column_1_3 1_3 fusion-flex-column\"><div class=\"fusion-column-wrapper fusion-flex-justify-content-flex-start fusion-content-layout-column\" style=\"background-position:left top;background-repeat:no-repeat;-webkit-background-size:cover;-moz-background-size:cover;-o-background-size:cover;background-size:cover;padding: 0px 0px 0px 0px;\">\n<div class=\"table-1\">\n<table width=\"100%\">\n<thead>\n<tr>\n<th align=\"left\"><strong>Corso intensivo di tedesco A2.2.<\/strong><\/th>\n<\/tr>\n<\/thead>\n<tbody>\n<tr>\n<td><strong>Start:\u00a0<\/strong> 30 marzo, 1 giugno, 27 luglio, 21 septembre, 16 novembre 2026, 1 febbraio 2027<\/td>\n<\/tr>\n<tr>\n<td>Ore \/ Settimana: 20<\/td>\n<\/tr>\n<tr>\n<td>Orario: 10.00 &#8211; 13.15<\/td>\n<\/tr>\n<tr>\n<td>Giorni: luned\u00ec &#8211; venerd\u00ec<\/td>\n<\/tr>\n<tr>\n<td><strong>Prezzo: a partire di 540,00 Euro \/ 4 settimane <\/strong><\/td>\n<\/tr>\n<\/tbody>\n<\/table>\n<\/div>\n<\/div><style type=\"text\/css\">.fusion-body .fusion-builder-column-6{width:33.333333333333% !important;margin-top : 0px;margin-bottom : 20px;}.fusion-builder-column-6 > .fusion-column-wrapper {padding-top : 0px !important;padding-right : 0px !important;margin-right : 5.76%;padding-bottom : 0px !important;padding-left : 0px !important;margin-left : 5.76%;}@media only screen and (max-width:1024px) {.fusion-body .fusion-builder-column-6{width:100% !important;order : 0;}.fusion-builder-column-6 > .fusion-column-wrapper {margin-right : 1.92%;margin-left : 1.92%;}}@media only screen and (max-width:640px) {.fusion-body .fusion-builder-column-6{width:100% !important;order : 0;}.fusion-builder-column-6 > .fusion-column-wrapper {margin-right : 1.92%;margin-left : 1.92%;}}<\/style><\/div><div class=\"fusion-layout-column fusion_builder_column fusion-builder-column-7 fusion_builder_column_1_3 1_3 fusion-flex-column\"><div class=\"fusion-column-wrapper fusion-flex-justify-content-flex-start fusion-content-layout-column\" style=\"background-position:left top;background-repeat:no-repeat;-webkit-background-size:cover;-moz-background-size:cover;-o-background-size:cover;background-size:cover;padding: 0px 0px 0px 0px;\">\n<div class=\"table-1\">\n<table width=\"100%\">\n<thead>\n<tr>\n<th align=\"left\"><strong>Corso intensivo di tedesco B1.1.<\/strong><\/th>\n<\/tr>\n<\/thead>\n<tbody>\n<tr>\n<td><strong>Start: <\/strong>2 marzo, 4 maggio, 29 guigno, 24 agosto, 19 ottobre 2026, 4 gennaio, 1 marzo 2027 (dopo un test ogni luned\u00ec)<\/td>\n<\/tr>\n<tr>\n<td>Ore \/ Settimana: 20<\/td>\n<\/tr>\n<tr>\n<td>Orario: 10.00 &#8211; 13.15<\/td>\n<\/tr>\n<tr>\n<td>Giorni: luned\u00ec &#8211; venerd\u00ec<\/td>\n<\/tr>\n<tr>\n<td><strong>Prezzo: a partire di 540,00 Euro \/ 4 settimane <\/strong><\/td>\n<\/tr>\n<\/tbody>\n<\/table>\n<\/div>\n<\/div><style type=\"text\/css\">.fusion-body .fusion-builder-column-7{width:33.333333333333% !important;margin-top : 0px;margin-bottom : 20px;}.fusion-builder-column-7 > .fusion-column-wrapper {padding-top : 0px !important;padding-right : 0px !important;margin-right : 5.76%;padding-bottom : 0px !important;padding-left : 0px !important;margin-left : 5.76%;}@media only screen and (max-width:1024px) {.fusion-body .fusion-builder-column-7{width:100% !important;order : 0;}.fusion-builder-column-7 > .fusion-column-wrapper {margin-right : 1.92%;margin-left : 1.92%;}}@media only screen and (max-width:640px) {.fusion-body .fusion-builder-column-7{width:100% !important;order : 0;}.fusion-builder-column-7 > .fusion-column-wrapper {margin-right : 1.92%;margin-left : 1.92%;}}<\/style><\/div><div class=\"fusion-layout-column fusion_builder_column fusion-builder-column-8 fusion_builder_column_1_3 1_3 fusion-flex-column\"><div class=\"fusion-column-wrapper fusion-flex-justify-content-flex-start fusion-content-layout-column\" style=\"background-position:left top;background-repeat:no-repeat;-webkit-background-size:cover;-moz-background-size:cover;-o-background-size:cover;background-size:cover;padding: 0px 0px 0px 0px;\">\n<div class=\"table-1\">\n<table width=\"100%\">\n<thead>\n<tr>\n<th align=\"left\"><strong>Corso intensivo di tedesco B1.2.<\/strong><\/th>\n<\/tr>\n<\/thead>\n<tbody>\n<tr>\n<td><strong>Start: <\/strong>30 marzo, 1 giugno, 27 luglio, 21 septembre, 16 novembre 2026, 1 febbraio 2027 (dopo un test ogni luned\u00ed)<\/td>\n<\/tr>\n<tr>\n<td>Ore \/ Settimana: 20<\/td>\n<\/tr>\n<tr>\n<td>Orario: 10.00 &#8211; 13.15<\/td>\n<\/tr>\n<tr>\n<td>Giorni: luned\u00ec &#8211; venerd\u00ec<\/td>\n<\/tr>\n<tr>\n<td><strong>Prezzo: a partire di 540,00 Euro \/ 4 settimane <\/strong><\/td>\n<\/tr>\n<\/tbody>\n<\/table>\n<\/div>\n<\/div><style type=\"text\/css\">.fusion-body .fusion-builder-column-8{width:33.333333333333% !important;margin-top : 0px;margin-bottom : 20px;}.fusion-builder-column-8 > .fusion-column-wrapper {padding-top : 0px !important;padding-right : 0px !important;margin-right : 5.76%;padding-bottom : 0px !important;padding-left : 0px !important;margin-left : 5.76%;}@media only screen and (max-width:1024px) {.fusion-body .fusion-builder-column-8{width:100% !important;order : 0;}.fusion-builder-column-8 > .fusion-column-wrapper {margin-right : 1.92%;margin-left : 1.92%;}}@media only screen and (max-width:640px) {.fusion-body .fusion-builder-column-8{width:100% !important;order : 0;}.fusion-builder-column-8 > .fusion-column-wrapper {margin-right : 1.92%;margin-left : 1.92%;}}<\/style><\/div><\/div><style type=\"text\/css\">.fusion-body .fusion-flex-container.fusion-builder-row-5{ padding-top : 0px;margin-top : 0px;padding-right : 0px;padding-bottom : 0px;margin-bottom : 0px;padding-left : 0px;}<\/style><\/div><div class=\"fusion-fullwidth fullwidth-box fusion-builder-row-6 fusion-flex-container nonhundred-percent-fullwidth non-hundred-percent-height-scrolling\" style=\"background-color: rgba(255,255,255,0);background-position: center center;background-repeat: no-repeat;border-width: 0px 0px 0px 0px;border-color:#e2e2e2;border-style:solid;\" ><div class=\"fusion-builder-row fusion-row fusion-flex-align-items-flex-start\" style=\"max-width:1248px;margin-left: calc(-4% \/ 2 );margin-right: calc(-4% \/ 2 );\"><div class=\"fusion-layout-column fusion_builder_column fusion-builder-column-9 fusion_builder_column_1_3 1_3 fusion-flex-column\"><div class=\"fusion-column-wrapper fusion-flex-justify-content-flex-start fusion-content-layout-column\" style=\"background-position:left top;background-repeat:no-repeat;-webkit-background-size:cover;-moz-background-size:cover;-o-background-size:cover;background-size:cover;padding: 0px 0px 0px 0px;\">\n<div class=\"table-1\">\n<table width=\"100%\">\n<thead>\n<tr>\n<th align=\"left\"><strong>Corso intensivo di tedesco B2<\/strong><\/th>\n<\/tr>\n<\/thead>\n<tbody>\n<tr>\n<td><strong>Start:<\/strong>\u00a0dopo un test ogni luned\u00ed<\/td>\n<\/tr>\n<tr>\n<td>Ore \/ Settimana: 20<\/td>\n<\/tr>\n<tr>\n<td>Orario: 10.00 &#8211; 13.15<\/td>\n<\/tr>\n<tr>\n<td>Giorni: luned\u00ec &#8211; venerd\u00ec<\/td>\n<\/tr>\n<tr>\n<td><strong>Prezzo: 540,00 Euro\/4 settimane<\/strong><\/td>\n<\/tr>\n<\/tbody>\n<\/table>\n<\/div>\n<\/div><style type=\"text\/css\">.fusion-body .fusion-builder-column-9{width:33.333333333333% !important;margin-top : 0px;margin-bottom : 20px;}.fusion-builder-column-9 > .fusion-column-wrapper {padding-top : 0px !important;padding-right : 0px !important;margin-right : 5.76%;padding-bottom : 0px !important;padding-left : 0px !important;margin-left : 5.76%;}@media only screen and (max-width:1024px) {.fusion-body .fusion-builder-column-9{width:100% !important;order : 0;}.fusion-builder-column-9 > .fusion-column-wrapper {margin-right : 1.92%;margin-left : 1.92%;}}@media only screen and (max-width:640px) {.fusion-body .fusion-builder-column-9{width:100% !important;order : 0;}.fusion-builder-column-9 > .fusion-column-wrapper {margin-right : 1.92%;margin-left : 1.92%;}}<\/style><\/div><div class=\"fusion-layout-column fusion_builder_column fusion-builder-column-10 fusion_builder_column_1_3 1_3 fusion-flex-column\"><div class=\"fusion-column-wrapper fusion-flex-justify-content-flex-start fusion-content-layout-column\" style=\"background-position:left top;background-repeat:no-repeat;-webkit-background-size:cover;-moz-background-size:cover;-o-background-size:cover;background-size:cover;padding: 0px 0px 0px 0px;\">\n<div class=\"table-1\">\n<table width=\"100%\">\n<thead>\n<tr>\n<th align=\"left\"><strong>Corso intensivo di tedesco C1<\/strong><\/th>\n<\/tr>\n<\/thead>\n<tbody>\n<tr>\n<td><strong>Start:<\/strong>\u00a0dopo un test ogni luned\u00ed<\/td>\n<\/tr>\n<tr>\n<td>Ore \/ Settimana: 20<\/td>\n<\/tr>\n<tr>\n<td>Orario: 10.00 &#8211; 13.15<\/td>\n<\/tr>\n<tr>\n<td>Giorni: luned\u00ec &#8211; venerd\u00ec<\/td>\n<\/tr>\n<tr>\n<td><strong>Prezzo: a partire di 540,00 Euro\/4 settimane<\/strong><\/td>\n<\/tr>\n<\/tbody>\n<\/table>\n<\/div>\n<\/div><style type=\"text\/css\">.fusion-body .fusion-builder-column-10{width:33.333333333333% !important;margin-top : 0px;margin-bottom : 20px;}.fusion-builder-column-10 > .fusion-column-wrapper {padding-top : 0px !important;padding-right : 0px !important;margin-right : 5.76%;padding-bottom : 0px !important;padding-left : 0px !important;margin-left : 5.76%;}@media only screen and (max-width:1024px) {.fusion-body .fusion-builder-column-10{width:100% !important;order : 0;}.fusion-builder-column-10 > .fusion-column-wrapper {margin-right : 1.92%;margin-left : 1.92%;}}@media only screen and (max-width:640px) {.fusion-body .fusion-builder-column-10{width:100% !important;order : 0;}.fusion-builder-column-10 > .fusion-column-wrapper {margin-right : 1.92%;margin-left : 1.92%;}}<\/style><\/div><div class=\"fusion-layout-column fusion_builder_column fusion-builder-column-11 fusion_builder_column_1_3 1_3 fusion-flex-column\"><div class=\"fusion-column-wrapper fusion-flex-justify-content-flex-start fusion-content-layout-column\" style=\"background-position:left top;background-repeat:no-repeat;-webkit-background-size:cover;-moz-background-size:cover;-o-background-size:cover;background-size:cover;padding: 0px 0px 0px 0px;\"><\/div><style type=\"text\/css\">.fusion-body .fusion-builder-column-11{width:33.333333333333% !important;margin-top : 0px;margin-bottom : 20px;}.fusion-builder-column-11 > .fusion-column-wrapper {padding-top : 0px !important;padding-right : 0px !important;margin-right : 5.76%;padding-bottom : 0px !important;padding-left : 0px !important;margin-left : 5.76%;}@media only screen and (max-width:1024px) {.fusion-body .fusion-builder-column-11{width:100% !important;order : 0;}.fusion-builder-column-11 > .fusion-column-wrapper {margin-right : 1.92%;margin-left : 1.92%;}}@media only screen and (max-width:640px) {.fusion-body .fusion-builder-column-11{width:100% !important;order : 0;}.fusion-builder-column-11 > .fusion-column-wrapper {margin-right : 1.92%;margin-left : 1.92%;}}<\/style><\/div><\/div><style type=\"text\/css\">.fusion-body .fusion-flex-container.fusion-builder-row-6{ padding-top : 0px;margin-top : 0px;padding-right : 0px;padding-bottom : 0px;margin-bottom : 0px;padding-left : 0px;}<\/style><\/div><div class=\"fusion-fullwidth fullwidth-box fusion-builder-row-7 nonhundred-percent-fullwidth non-hundred-percent-height-scrolling\" style=\"background-color: rgba(255,255,255,0);background-position: center center;background-repeat: no-repeat;padding-top:0px;padding-right:0px;padding-bottom:0px;padding-left:0px;margin-bottom: 0px;margin-top: 0px;border-width: 0px 0px 0px 0px;border-color:#e2e2e2;border-style:solid;\" ><div class=\"fusion-builder-row fusion-row\"><div class=\"fusion-layout-column fusion_builder_column fusion-builder-column-12 fusion_builder_column_1_1 1_1 fusion-one-full fusion-column-first fusion-column-last\" style=\"margin-top:0px;margin-bottom:20px;\"><div class=\"fusion-column-wrapper fusion-flex-column-wrapper-legacy\" style=\"background-position:left top;background-repeat:no-repeat;-webkit-background-size:cover;-moz-background-size:cover;-o-background-size:cover;background-size:cover;padding: 0px 0px 0px 0px;\"><ul class=\"fusion-checklist fusion-checklist-1\" style=\"font-size:16px;line-height:27.2px;\"><li class=\"fusion-li-item\"><span style=\"background-color:#03a9f4;font-size:14.08px;height:27.2px;width:27.2px;margin-right:11.2px;\" class=\"icon-wrapper circle-yes\"><i class=\"fusion-li-icon fa-angle-right fas\" style=\"color:#ffffff;\" aria-hidden=\"true\"><\/i><\/span><div class=\"fusion-li-item-content\" style=\"margin-left:38.4px;\">1 ora di lezione = 45 minuti<\/div><\/li><li class=\"fusion-li-item\"><span style=\"background-color:#03a9f4;font-size:14.08px;height:27.2px;width:27.2px;margin-right:11.2px;\" class=\"icon-wrapper circle-yes\"><i class=\"fusion-li-icon fa-angle-right fas\" style=\"color:#ffffff;\" aria-hidden=\"true\"><\/i><\/span><div class=\"fusion-li-item-content\" style=\"margin-left:38.4px;\">per i livelli A1 &#8211; B2 il materiale didattico costa 25,00\u20ac<\/div><\/li><\/ul>\n<p>\u00c8 possibile scegliere la durata desiderata del corso:<\/p>\n<div class=\"table-1\">\n<table width=\"100%\">\n<thead>\n<tr>\n<th align=\"left\"><strong>Durata<\/strong><\/th>\n<th align=\"left\"><strong>Prezzo<\/strong><\/th>\n<\/tr>\n<\/thead>\n<tbody>\n<tr>\n<td>1 settimana<\/td>\n<td>190,00 \u20ac<\/td>\n<\/tr>\n<tr>\n<td>2 settimane<\/td>\n<td>320,00 \u20ac<\/td>\n<\/tr>\n<tr>\n<td>3 settimane<\/td>\n<td>490,00 \u20ac<\/td>\n<\/tr>\n<tr>\n<td>4 settimane<\/td>\n<td>590,00 \u20ac<\/td>\n<\/tr>\n<tr>\n<td>5 settimane<\/td>\n<td>740,00 \u20ac<\/td>\n<\/tr>\n<tr>\n<td>6 settimane<\/td>\n<td>885,00 \u20ac<\/td>\n<\/tr>\n<tr>\n<td>7 settimane<\/td>\n<td>1032,00 \u20ac<\/td>\n<\/tr>\n<tr>\n<td>8 settimane<\/td>\n<td>1080,00 \u20ac<\/td>\n<\/tr>\n<\/tbody>\n<\/table>\n<\/div>\n<p>In estate c&#8217;\u00e8 supplemento alta stagione: 25,00 \u20ac a settimana<\/p>\n<div class=\"fusion-clearfix\"><\/div><\/div><\/div><\/div><\/div><div class=\"fusion-fullwidth fullwidth-box fusion-builder-row-8 nonhundred-percent-fullwidth non-hundred-percent-height-scrolling\" style=\"background-color: rgba(255,255,255,0);background-position: center center;background-repeat: no-repeat;padding-top:0px;padding-right:0px;padding-bottom:0px;padding-left:0px;margin-bottom: 0px;margin-top: 0px;border-width: 0px 0px 0px 0px;border-color:#e2e2e2;border-style:solid;\" ><div class=\"fusion-builder-row fusion-row\"><div class=\"fusion-layout-column fusion_builder_column fusion-builder-column-13 fusion_builder_column_1_1 1_1 fusion-one-full fusion-column-first fusion-column-last\" style=\"margin-top:0px;margin-bottom:20px;\"><div class=\"fusion-column-wrapper fusion-flex-column-wrapper-legacy\" style=\"background-position:left top;background-repeat:no-repeat;-webkit-background-size:cover;-moz-background-size:cover;-o-background-size:cover;background-size:cover;padding: 0px 0px 0px 0px;\"><style type=\"text\/css\"><\/style><div class=\"fusion-title title fusion-title-3 fusion-title-text fusion-title-size-two\" style=\"margin-top:10px;margin-right:0px;margin-bottom:15px;margin-left:0px;\"><h2 class=\"title-heading-left\" style=\"margin:0;\">Corsi di tedesco nel pomeriggio<\/h2><span class=\"awb-title-spacer\"><\/span><div class=\"title-sep-container\"><div class=\"title-sep sep-double sep-solid\" style=\"border-color:#e2e2e2;\"><\/div><\/div><\/div><div class=\"fusion-clearfix\"><\/div><\/div><\/div><div class=\"fusion-layout-column fusion_builder_column fusion-builder-column-14 fusion_builder_column_1_3 1_3 fusion-one-third fusion-column-first\" style=\"width:33.333333333333%;width:calc(33.333333333333% - ( ( 4% ) * 0.33333333333333 ) );margin-right: 4%;margin-top:0px;margin-bottom:20px;\"><div class=\"fusion-column-wrapper fusion-flex-column-wrapper-legacy\" style=\"background-position:left top;background-repeat:no-repeat;-webkit-background-size:cover;-moz-background-size:cover;-o-background-size:cover;background-size:cover;padding: 0px 0px 0px 0px;\">\n<div class=\"table-1\">\n<table width=\"100%\">\n<thead>\n<tr>\n<th align=\"left\"><strong>Corso di conversazione B2 \/ C1<\/strong><\/th>\n<\/tr>\n<\/thead>\n<tbody>\n<tr>\n<td><strong>Start:<\/strong>\u00a0ogni luned\u00ed<\/td>\n<\/tr>\n<tr>\n<td>Ore \/ Settimana: 4<\/td>\n<\/tr>\n<tr>\n<td>Orario: 14.00 &#8211; 15.30<\/td>\n<\/tr>\n<tr>\n<td>Giorni: luned\u00ec + mercoled\u00ec<\/td>\n<\/tr>\n<tr>\n<td><strong>Prezzo: 200,00 Euro \/ 4 settimane <\/strong><\/td>\n<\/tr>\n<\/tbody>\n<\/table>\n<\/div>\n<div class=\"fusion-clearfix\"><\/div><\/div><\/div><div class=\"fusion-layout-column fusion_builder_column fusion-builder-column-15 fusion_builder_column_1_3 1_3 fusion-one-third fusion-column-last\" style=\"width:33.333333333333%;width:calc(33.333333333333% - ( ( 4% ) * 0.33333333333333 ) );margin-top:0px;margin-bottom:20px;\"><div class=\"fusion-column-wrapper fusion-flex-column-wrapper-legacy\" style=\"background-position:left top;background-repeat:no-repeat;-webkit-background-size:cover;-moz-background-size:cover;-o-background-size:cover;background-size:cover;padding: 0px 0px 0px 0px;\"><div class=\"fusion-text fusion-text-3\"><p>Quando il livello di grammatica tedesca \u00e8 gi\u00e0 perfetto, ma ci sono delle difficolt\u00e0 nel parlare, il <strong>corso di conversazione tedesca\u00a0<\/strong> \u00e8 proprio quello che serve: i gruppi sono molto piccoli, l&#8217;insegnante \u00e8 molto preparato e fa di tutto per mettervi a vostro agio e migliorare il vostro livello di tedesco.<\/p>\n<p>Se studiate o lavorate la mattina \u00a0ma volete comunque raggiungere il livello B2 di tedesco e magari prepararvi anche per l&#8217;esame B2, allora il <strong>corso di pomeriggio B2<\/strong> fa proprio per voi: un&#8217;insegnante esperta felice di aiutarvi in questo.<\/p>\n<\/div><div class=\"fusion-clearfix\"><\/div><\/div><\/div><div class=\"fusion-layout-column fusion_builder_column fusion-builder-column-16 fusion_builder_column_1_1 1_1 fusion-one-full fusion-column-first fusion-column-last\" style=\"margin-top:0px;margin-bottom:20px;\"><div class=\"fusion-column-wrapper fusion-flex-column-wrapper-legacy\" style=\"background-position:left top;background-repeat:no-repeat;-webkit-background-size:cover;-moz-background-size:cover;-o-background-size:cover;background-size:cover;padding: 0px 0px 0px 0px;\"><ul class=\"fusion-checklist fusion-checklist-2\" style=\"font-size:16px;line-height:27.2px;\"><li class=\"fusion-li-item\"><span style=\"background-color:#03a9f4;font-size:14.08px;height:27.2px;width:27.2px;margin-right:11.2px;\" class=\"icon-wrapper circle-yes\"><i class=\"fusion-li-icon fa-angle-right fas\" style=\"color:#ffffff;\" aria-hidden=\"true\"><\/i><\/span><div class=\"fusion-li-item-content\" style=\"margin-left:38.4px;\">1 ora di lezione = 45 minuti<\/div><\/li><li class=\"fusion-li-item\"><span style=\"background-color:#03a9f4;font-size:14.08px;height:27.2px;width:27.2px;margin-right:11.2px;\" class=\"icon-wrapper circle-yes\"><i class=\"fusion-li-icon fa-angle-right fas\" style=\"color:#ffffff;\" aria-hidden=\"true\"><\/i><\/span><div class=\"fusion-li-item-content\" style=\"margin-left:38.4px;\">per i livelli A1 &#8211; B2 il materiale didattico costa 25,00\u20ac<\/div><\/li><\/ul><div class=\"fusion-clearfix\"><\/div><\/div><\/div><\/div><\/div><div class=\"fusion-fullwidth fullwidth-box fusion-builder-row-9 nonhundred-percent-fullwidth non-hundred-percent-height-scrolling\" style=\"background-color: rgba(255,255,255,0);background-position: center center;background-repeat: no-repeat;padding-top:0px;padding-right:0px;padding-bottom:0px;padding-left:0px;margin-bottom: 0px;margin-top: 0px;border-width: 0px 0px 0px 0px;border-color:#e2e2e2;border-style:solid;\" ><div class=\"fusion-builder-row fusion-row\"><div class=\"fusion-layout-column fusion_builder_column fusion-builder-column-17 fusion_builder_column_1_1 1_1 fusion-one-full fusion-column-first fusion-column-last\" style=\"margin-top:0px;margin-bottom:20px;\"><div class=\"fusion-column-wrapper fusion-flex-column-wrapper-legacy\" style=\"background-position:left top;background-repeat:no-repeat;-webkit-background-size:cover;-moz-background-size:cover;-o-background-size:cover;background-size:cover;padding: 0px 0px 0px 0px;\"><style type=\"text\/css\"><\/style><div class=\"fusion-title title fusion-title-4 fusion-title-text fusion-title-size-two\" style=\"margin-top:10px;margin-right:0px;margin-bottom:15px;margin-left:0px;\"><h2 class=\"title-heading-left\" style=\"margin:0;\">Corso di tedesco superintensivo<\/h2><span class=\"awb-title-spacer\"><\/span><div class=\"title-sep-container\"><div class=\"title-sep sep-double sep-solid\" style=\"border-color:#e2e2e2;\"><\/div><\/div><\/div><div class=\"fusion-clearfix\"><\/div><\/div><\/div><div class=\"fusion-layout-column fusion_builder_column fusion-builder-column-18 fusion_builder_column_1_3 1_3 fusion-one-third fusion-column-first\" style=\"width:33.333333333333%;width:calc(33.333333333333% - ( ( 4% + 4% ) * 0.33333333333333 ) );margin-right: 4%;margin-top:0px;margin-bottom:20px;\"><div class=\"fusion-column-wrapper fusion-flex-column-wrapper-legacy\" style=\"background-position:left top;background-repeat:no-repeat;-webkit-background-size:cover;-moz-background-size:cover;-o-background-size:cover;background-size:cover;padding: 0px 0px 0px 0px;\">\n<div class=\"table-1\">\n<table width=\"100%\">\n<thead>\n<tr>\n<th align=\"left\"><strong>Livello B2 \/ C1\u00a0<\/strong><\/th>\n<\/tr>\n<\/thead>\n<tbody>\n<tr>\n<td><strong>Start:<\/strong>\u00a0dopo un test ogni luned\u00ed<\/td>\n<\/tr>\n<tr>\n<td>Ore \/ Settimana: 24<\/td>\n<\/tr>\n<tr>\n<td>Orario: luned\u00ec &#8211; venerd\u00ec, 10.00 &#8211; 13.15<\/td>\n<\/tr>\n<tr>\n<td>\u00a0 \u00a0 \u00a0 \u00a0 \u00a0 \u00a0luned\u00ec + mercoled\u00ec, 14.00 &#8211; 15.30<\/td>\n<\/tr>\n<tr>\n<td><strong>Prezzo: da 840,00 Euro \/ 4 settimane <\/strong><\/td>\n<\/tr>\n<\/tbody>\n<\/table>\n<\/div>\n<div class=\"fusion-clearfix\"><\/div><\/div><\/div><div class=\"fusion-layout-column fusion_builder_column fusion-builder-column-19 fusion_builder_column_1_3 1_3 fusion-one-third\" style=\"width:33.333333333333%;width:calc(33.333333333333% - ( ( 4% + 4% ) * 0.33333333333333 ) );margin-right: 4%;margin-top:0px;margin-bottom:20px;\"><div class=\"fusion-column-wrapper fusion-flex-column-wrapper-legacy\" style=\"background-position:left top;background-repeat:no-repeat;-webkit-background-size:cover;-moz-background-size:cover;-o-background-size:cover;background-size:cover;padding: 0px 0px 0px 0px;\"><div class=\"fusion-text fusion-text-4\"><p>I corsi intensivi sono basati sulla grammatica e vengono completati con lo scrivere e il parlare. Ma se volete migliorare il vostro livello di tedesco, se volete fare di pi\u00f9 in meno tempo o semplicemente avere qualcuno con cui mettere in pratica ci\u00f2 che avete imparate nel corso di tedesco, allora potete combinare 2 corsi: <strong>il corso intensivo di tedsco e il corso di conversazione<\/strong>.<\/p>\n<\/div><div class=\"fusion-clearfix\"><\/div><\/div><\/div><div class=\"fusion-layout-column fusion_builder_column fusion-builder-column-20 fusion_builder_column_1_3 1_3 fusion-one-third fusion-column-last\" style=\"width:33.333333333333%;width:calc(33.333333333333% - ( ( 4% + 4% ) * 0.33333333333333 ) );margin-top:0px;margin-bottom:20px;\"><div class=\"fusion-column-wrapper fusion-flex-column-wrapper-legacy\" style=\"background-position:left top;background-repeat:no-repeat;-webkit-background-size:cover;-moz-background-size:cover;-o-background-size:cover;background-size:cover;padding: 0px 0px 0px 0px;\"><div class=\"fusion-clearfix\"><\/div><\/div><\/div><div class=\"fusion-layout-column fusion_builder_column fusion-builder-column-21 fusion_builder_column_1_1 1_1 fusion-one-full fusion-column-first fusion-column-last\" style=\"margin-top:0px;margin-bottom:20px;\"><div class=\"fusion-column-wrapper fusion-flex-column-wrapper-legacy\" style=\"background-position:left top;background-repeat:no-repeat;-webkit-background-size:cover;-moz-background-size:cover;-o-background-size:cover;background-size:cover;padding: 0px 0px 0px 0px;\"><ul class=\"fusion-checklist fusion-checklist-3\" style=\"font-size:16px;line-height:27.2px;\"><li class=\"fusion-li-item\"><span style=\"background-color:#03a9f4;font-size:14.08px;height:27.2px;width:27.2px;margin-right:11.2px;\" class=\"icon-wrapper circle-yes\"><i class=\"fusion-li-icon fa-angle-right fas\" style=\"color:#ffffff;\" aria-hidden=\"true\"><\/i><\/span><div class=\"fusion-li-item-content\" style=\"margin-left:38.4px;\">1 ora di lezione = 45 minuti<\/div><\/li><li class=\"fusion-li-item\"><span style=\"background-color:#03a9f4;font-size:14.08px;height:27.2px;width:27.2px;margin-right:11.2px;\" class=\"icon-wrapper circle-yes\"><i class=\"fusion-li-icon fa-angle-right fas\" style=\"color:#ffffff;\" aria-hidden=\"true\"><\/i><\/span><div class=\"fusion-li-item-content\" style=\"margin-left:38.4px;\">per i livelli A1 &#8211; B2 il materiale didattico costa 25,00\u20ac<\/div><\/li><\/ul><div class=\"fusion-sep-clear\"><\/div><div class=\"fusion-separator fusion-full-width-sep\" style=\"margin-left: auto;margin-right: auto;width:100%;\"><div class=\"fusion-separator-border sep-double\" style=\"border-color:#e2e2e2;border-top-width:1px;border-bottom-width:1px;\"><\/div><\/div><div class=\"fusion-sep-clear\"><\/div><style type='text\/css'>.reading-box-container-1 .element-bottomshadow:before,.reading-box-container-1 .element-bottomshadow:after{opacity:0.70;}<\/style><div class=\"fusion-reading-box-container reading-box-container-1\" style=\"margin-top:0px;margin-bottom:20px;\"><div class=\"reading-box\" style=\"background-color:#f9f9fb;border-width:1px;border-color:rgba(226,226,226,0);border-left-width:3px;border-left-color:var(--primary_color);border-style:solid;\"><h2>Scriveteci!<\/h2><div class=\"reading-box-description fusion-reading-box-additional\">Avete gi\u00e0 scelto un corso intensivo e volete iscrivervi? O avete semplicemente qualche domanda? Compilate il modulo e vi aiutiamo molto volentieri!<\/div><div class=\"fusion-clearfix\"><\/div><\/div><\/div><div class=\"fusion-text fusion-text-5\"><table border=\"1\" width=\"100%\" cellspacing=\"0\" cellpadding=\"4\">\n<colgroup>\n<col width=\"61*\" \/>\n<col width=\"73*\" \/>\n<col width=\"61*\" \/>\n<col width=\"61*\" \/> <\/colgroup>\n<tbody>\n<tr>\n<td colspan=\"4\" valign=\"TOP\" width=\"100%\">\n<p align=\"CENTER\"><span style=\"font-size: x-large;\"><b>CORSI INTENSIVI 2025<\/b><\/span><\/p>\n<\/td>\n<\/tr>\n<tr valign=\"TOP\">\n<td width=\"24%\">\n<p align=\"CENTER\"><span style=\"font-size: medium;\"><b>Corso*<\/b><\/span><\/p>\n<\/td>\n<td width=\"29%\">\n<p align=\"CENTER\"><span style=\"font-size: medium;\"><b>Inizio<\/b><\/span><\/p>\n<\/td>\n<td width=\"24%\">\n<p align=\"CENTER\"><span style=\"font-size: medium;\"><b>Fine<\/b><\/span><\/p>\n<\/td>\n<td width=\"24%\">\n<p align=\"CENTER\"><span style=\"font-size: medium;\"><b>Festivi\/Pause<\/b><\/span><\/p>\n<\/td>\n<\/tr>\n<tr valign=\"TOP\">\n<td width=\"24%\"><\/td>\n<td width=\"29%\"><\/td>\n<td width=\"24%\"><\/td>\n<td width=\"24%\">\n<p align=\"CENTER\">16 dicembre 2024<\/p>\n<p align=\"CENTER\">&#8211;<\/p>\n<p align=\"CENTER\">6 gennaio 2025<\/p>\n<\/td>\n<\/tr>\n<tr valign=\"TOP\">\n<td width=\"24%\">\n<p align=\"CENTER\">A1.1.<\/p>\n<p align=\"CENTER\">A2.1.<\/p>\n<p align=\"CENTER\">B1.1.<\/p>\n<\/td>\n<td width=\"29%\">\n<p align=\"CENTER\">7 gennaio<\/p>\n<\/td>\n<td width=\"24%\">\n<p align=\"CENTER\">31 gennaio<\/p>\n<\/td>\n<td width=\"24%\"><\/td>\n<\/tr>\n<tr valign=\"TOP\">\n<td width=\"24%\">\n<p align=\"CENTER\">A1.2.<\/p>\n<p align=\"CENTER\">A2.2.<\/p>\n<p align=\"CENTER\">B1.2.<\/p>\n<\/td>\n<td width=\"29%\">\n<p align=\"CENTER\">3 febbraio<\/p>\n<\/td>\n<td width=\"24%\">\n<p align=\"CENTER\">28 febbraio<\/p>\n<\/td>\n<td width=\"24%\"><\/td>\n<\/tr>\n<tr valign=\"TOP\">\n<td width=\"24%\">\n<p align=\"CENTER\">A1.1.<\/p>\n<p align=\"CENTER\">A2.1.<\/p>\n<p align=\"CENTER\">B1.1.<\/p>\n<\/td>\n<td width=\"29%\">\n<p align=\"CENTER\">3 marzo<\/p>\n<\/td>\n<td width=\"24%\">\n<p align=\"CENTER\">28 marzo<\/p>\n<\/td>\n<td width=\"24%\"><\/td>\n<\/tr>\n<tr valign=\"TOP\">\n<td width=\"24%\">\n<p align=\"CENTER\">A1.2.<\/p>\n<p align=\"CENTER\">A2.2.<\/p>\n<p align=\"CENTER\">B1.2.<\/p>\n<\/td>\n<td width=\"29%\">\n<p align=\"CENTER\">31 marzo<\/p>\n<\/td>\n<td width=\"24%\">\n<p align=\"CENTER\">2 maggio<\/p>\n<\/td>\n<td width=\"24%\">\n<p align=\"CENTER\">18 aprile &#8211; 25 aprile (PAUSA)<\/p>\n<p align=\"CENTER\">1 maggio<\/p>\n<\/td>\n<\/tr>\n<tr valign=\"TOP\">\n<td width=\"24%\">\n<p align=\"CENTER\">A1.1.<\/p>\n<p align=\"CENTER\">A2.1.<\/p>\n<p align=\"CENTER\">B1.1.<\/p>\n<\/td>\n<td width=\"29%\">\n<p align=\"CENTER\">5 maggio<\/p>\n<\/td>\n<td width=\"24%\">\n<p align=\"CENTER\">30 maggio<\/p>\n<\/td>\n<td width=\"24%\">\n<p align=\"CENTER\">29 maggio<\/p>\n<p align=\"CENTER\">\n<\/td>\n<\/tr>\n<tr valign=\"TOP\">\n<td width=\"24%\">\n<p align=\"CENTER\">A1.2.<\/p>\n<p align=\"CENTER\">A2.2.<\/p>\n<p align=\"CENTER\">B1.2.<\/p>\n<\/td>\n<td width=\"29%\">\n<p align=\"CENTER\">2 giugno<\/p>\n<\/td>\n<td width=\"24%\">\n<p align=\"CENTER\">27 giugno<\/p>\n<\/td>\n<td style=\"text-align: center;\" width=\"24%\">\u00a09 giugno<\/p>\n<p>19 giugno<\/td>\n<\/tr>\n<tr valign=\"TOP\">\n<td width=\"24%\">\n<p align=\"CENTER\">A1.1.<\/p>\n<p align=\"CENTER\">A2.1.<\/p>\n<p align=\"CENTER\">B1.1.<\/p>\n<\/td>\n<td width=\"29%\">\n<p align=\"CENTER\">30 giugno<\/p>\n<\/td>\n<td width=\"24%\">\n<p align=\"CENTER\">25 luglio<\/p>\n<\/td>\n<td width=\"24%\"><\/td>\n<\/tr>\n<tr valign=\"TOP\">\n<td width=\"24%\">\n<p align=\"CENTER\">A1.2.<\/p>\n<p align=\"CENTER\">A2.2.<\/p>\n<p align=\"CENTER\">B1.2.<\/p>\n<\/td>\n<td width=\"29%\">\n<p align=\"CENTER\">28 luglio<\/p>\n<\/td>\n<td width=\"24%\">\n<p align=\"CENTER\">22 agosto<\/p>\n<\/td>\n<td width=\"24%\">\n<p align=\"CENTER\">15 agosto<\/p>\n<\/td>\n<\/tr>\n<tr valign=\"TOP\">\n<td width=\"24%\">\n<p align=\"CENTER\"><span style=\"font-family: inherit; font-size: inherit;\">A2.1.<\/span><\/p>\n<p align=\"CENTER\">B1.1.<\/p>\n<\/td>\n<td width=\"29%\">\n<p align=\"CENTER\">25 agosto<\/p>\n<\/td>\n<td width=\"24%\">\n<p align=\"CENTER\">19 settembre<\/p>\n<\/td>\n<td width=\"24%\"><\/td>\n<\/tr>\n<tr valign=\"TOP\">\n<td width=\"24%\">\n<p align=\"CENTER\"><span style=\"font-family: inherit; font-size: inherit;\">A1.1<\/span><\/p>\n<p align=\"CENTER\"><span style=\"font-family: inherit; font-size: inherit;\">A2.2.<\/span><\/p>\n<p align=\"CENTER\">B1.2.<\/p>\n<\/td>\n<td width=\"29%\">\n<p align=\"CENTER\">22 settembre<\/p>\n<\/td>\n<td width=\"24%\">\n<p align=\"CENTER\">17 ottobre<\/p>\n<\/td>\n<td width=\"24%\">\n<p align=\"CENTER\">3 ottobre<\/p>\n<\/td>\n<\/tr>\n<tr valign=\"TOP\">\n<td width=\"24%\">\n<p align=\"CENTER\">A1.2.<\/p>\n<p align=\"CENTER\">A2.1.<\/p>\n<p align=\"CENTER\">B1.1.<\/p>\n<\/td>\n<td width=\"29%\">\n<p align=\"CENTER\">20 ottobre<\/p>\n<\/td>\n<td width=\"24%\">\n<p align=\"CENTER\">14 novembre<\/p>\n<\/td>\n<td width=\"24%\">\n<p align=\"CENTER\">1 novembre<\/p>\n<\/td>\n<\/tr>\n<tr valign=\"TOP\">\n<td width=\"24%\">\n<p align=\"CENTER\">A2.2.<\/p>\n<p align=\"CENTER\">B1.2.<\/p>\n<\/td>\n<td width=\"29%\">\n<p align=\"CENTER\">17 novembre<\/p>\n<\/td>\n<td width=\"24%\">\n<p align=\"CENTER\">12 dicembre<\/p>\n<\/td>\n<td width=\"24%\"><\/td>\n<\/tr>\n<tr valign=\"TOP\">\n<td width=\"24%\"><\/td>\n<td width=\"29%\"><\/td>\n<td width=\"24%\"><\/td>\n<td width=\"24%\">\n<p align=\"CENTER\">15 dicembre 2025<\/p>\n<p align=\"CENTER\">&#8211;<\/p>\n<p align=\"CENTER\">4 gennaio 2026<\/p>\n<\/td>\n<\/tr>\n<\/tbody>\n<\/table>\n<\/div><div class=\"fusion-clearfix\"><\/div><\/div><\/div><\/div><\/div><div class=\"fusion-fullwidth fullwidth-box fusion-builder-row-10 nonhundred-percent-fullwidth non-hundred-percent-height-scrolling\" style=\"background-color: rgba(255,255,255,0);background-position: center center;background-repeat: no-repeat;padding-top:0px;padding-right:0px;padding-bottom:0px;padding-left:0px;margin-bottom: 0px;margin-top: 0px;border-width: 0px 0px 0px 0px;border-color:#e2e2e2;border-style:solid;\" ><div class=\"fusion-builder-row fusion-row\"><div class=\"fusion-layout-column fusion_builder_column fusion-builder-column-22 fusion_builder_column_1_1 1_1 fusion-one-full fusion-column-first fusion-column-last\" style=\"margin-top:0px;margin-bottom:20px;\"><div class=\"fusion-column-wrapper fusion-flex-column-wrapper-legacy\" style=\"background-position:left top;background-repeat:no-repeat;-webkit-background-size:cover;-moz-background-size:cover;-o-background-size:cover;background-size:cover;padding: 0px 0px 0px 0px;\"><style type=\"text\/css\"><\/style><div class=\"fusion-title title fusion-title-5 fusion-title-text fusion-title-size-two\" style=\"margin-top:10px;margin-right:0px;margin-bottom:15px;margin-left:0px;\"><h2 class=\"title-heading-left\" style=\"margin:0;\">Corsi serali<\/h2><span class=\"awb-title-spacer\"><\/span><div class=\"title-sep-container\"><div class=\"title-sep sep-double sep-solid\" style=\"border-color:#e2e2e2;\"><\/div><\/div><\/div><div class=\"fusion-text fusion-text-6\"><p>Per quelli che lavorano o studiano e hanno tempo solo la sera, noi offriamo corsi serali di tedesco per tutti i livelli. Questi corsi non possono sostituire quelli intensivi, ma sono un ottimo complemento per coloro che hanno gi\u00e0 a che fare con il tedesco nella loro quotidianit\u00e0, o per coloro che hanno semplicemente bisogno di un p\u00f2 di motivazione per continuare a migliorarlo.<\/p>\n<p>I nostri corsi\u00a0serali sono formati da gruppi molto piccoli (max. 2-8 partecipanti), proprio per questo \u00e8 sempre garantita un&#8217;assistenza individuale e gli obbiettivi linguistici vengono raggiunti pi\u00f9 velocemente. A richiesta possono essere integrati preparazione per gli esami o temi addizionali da approfondire.<\/p>\n<\/div><div class=\"fusion-clearfix\"><\/div><\/div><\/div><div class=\"fusion-layout-column fusion_builder_column fusion-builder-column-23 fusion_builder_column_1_3 1_3 fusion-one-third fusion-column-first\" style=\"width:33.333333333333%;width:calc(33.333333333333% - ( ( 4% + 4% ) * 0.33333333333333 ) );margin-right: 4%;margin-top:0px;margin-bottom:20px;\"><div class=\"fusion-column-wrapper fusion-flex-column-wrapper-legacy\" style=\"background-position:left top;background-repeat:no-repeat;-webkit-background-size:cover;-moz-background-size:cover;-o-background-size:cover;background-size:cover;padding: 0px 0px 0px 0px;\">\n<div class=\"table-1\">\n<table width=\"100%\">\n<thead>\n<tr>\n<th align=\"left\"><strong>Livello B1.1.<\/strong><\/th>\n<\/tr>\n<\/thead>\n<tbody>\n<tr>\n<td><\/td>\n<\/tr>\n<tr>\n<td>Ore \/ Settimana: 8<\/td>\n<\/tr>\n<tr>\n<td>Orario: 18.30 &#8211; 21.00<\/td>\n<\/tr>\n<tr>\n<td>Giorni: martedi e giovedi<\/td>\n<\/tr>\n<tr>\n<td><strong>Prezzo: 470<\/strong><strong>,00 Euro \/ 8 settimane<\/strong><\/td>\n<\/tr>\n<\/tbody>\n<\/table>\n<\/div>\n<div class=\"fusion-sep-clear\"><\/div><div class=\"fusion-separator fusion-full-width-sep\" style=\"margin-left: auto;margin-right: auto;margin-top:10px;width:100%;\"><\/div><div class=\"fusion-sep-clear\"><\/div><div class=\"fusion-clearfix\"><\/div><\/div><\/div><div class=\"fusion-layout-column fusion_builder_column fusion-builder-column-24 fusion_builder_column_1_3 1_3 fusion-one-third\" style=\"width:33.333333333333%;width:calc(33.333333333333% - ( ( 4% + 4% ) * 0.33333333333333 ) );margin-right: 4%;margin-top:0px;margin-bottom:20px;\"><div class=\"fusion-column-wrapper fusion-flex-column-wrapper-legacy\" style=\"background-position:left top;background-repeat:no-repeat;-webkit-background-size:cover;-moz-background-size:cover;-o-background-size:cover;background-size:cover;padding: 0px 0px 0px 0px;\">\n<div class=\"table-1\">\n<table width=\"100%\">\n<thead>\n<tr>\n<th align=\"left\"><strong>Corso B1.2.<br \/>\n<\/strong><\/th>\n<\/tr>\n<\/thead>\n<tbody>\n<tr>\n<td><\/td>\n<\/tr>\n<tr>\n<td>Ore \/ Settimana: 6<\/td>\n<\/tr>\n<tr>\n<td>Orario: 18.30 &#8211; 21.00<\/td>\n<\/tr>\n<tr>\n<td>Giorni: lunedi e mercoled\u00ec<\/td>\n<\/tr>\n<tr>\n<td><strong>Prezzo: 47<\/strong><strong>0,00 Euro \/ 8 settimane<\/strong><\/td>\n<\/tr>\n<\/tbody>\n<\/table>\n<\/div>\n<div class=\"fusion-sep-clear\"><\/div><div class=\"fusion-separator fusion-full-width-sep\" style=\"margin-left: auto;margin-right: auto;margin-top:10px;width:100%;\"><\/div><div class=\"fusion-sep-clear\"><\/div><div class=\"fusion-clearfix\"><\/div><\/div><\/div><div class=\"fusion-layout-column fusion_builder_column fusion-builder-column-25 fusion_builder_column_1_3 1_3 fusion-one-third fusion-column-last\" style=\"width:33.333333333333%;width:calc(33.333333333333% - ( ( 4% + 4% ) * 0.33333333333333 ) );margin-top:0px;margin-bottom:20px;\"><div class=\"fusion-column-wrapper fusion-flex-column-wrapper-legacy\" style=\"background-position:left top;background-repeat:no-repeat;-webkit-background-size:cover;-moz-background-size:cover;-o-background-size:cover;background-size:cover;padding: 0px 0px 0px 0px;\">\n<div class=\"table-1\">\n<table width=\"100%\">\n<thead>\n<tr>\n<th align=\"left\"><strong>Corso di conversazione B1\/B2<\/strong><\/th>\n<\/tr>\n<\/thead>\n<tbody>\n<tr>\n<td><strong>Start:<\/strong> ogni lunedi<\/td>\n<\/tr>\n<tr>\n<td>Ore \/ Settimana: 2<\/td>\n<\/tr>\n<tr>\n<td>Orario: 19.00 &#8211; 20.30<\/td>\n<\/tr>\n<tr>\n<td>Giorni: lunedi<\/td>\n<\/tr>\n<tr>\n<td><strong>Prezzo: 200,00 Euro \/ 8 settimane <\/strong><\/td>\n<\/tr>\n<\/tbody>\n<\/table>\n<\/div>\n<div class=\"fusion-sep-clear\"><\/div><div class=\"fusion-separator fusion-full-width-sep\" style=\"margin-left: auto;margin-right: auto;margin-top:10px;width:100%;\"><\/div><div class=\"fusion-sep-clear\"><\/div><div class=\"fusion-clearfix\"><\/div><\/div><\/div><div class=\"fusion-layout-column fusion_builder_column fusion-builder-column-26 fusion_builder_column_1_3 1_3 fusion-one-third fusion-column-first\" style=\"width:33.333333333333%;width:calc(33.333333333333% - ( ( 4% + 4% ) * 0.33333333333333 ) );margin-right: 4%;margin-top:0px;margin-bottom:20px;\"><div class=\"fusion-column-wrapper fusion-flex-column-wrapper-legacy\" style=\"background-position:left top;background-repeat:no-repeat;-webkit-background-size:cover;-moz-background-size:cover;-o-background-size:cover;background-size:cover;padding: 0px 0px 0px 0px;\">\n<div class=\"table-1\">\n<table width=\"100%\">\n<thead>\n<tr>\n<th align=\"left\"><strong>Livello B2<\/strong><\/th>\n<\/tr>\n<\/thead>\n<tbody>\n<tr>\n<td><strong>Start: ogni luned\u00ec<\/strong><\/td>\n<\/tr>\n<tr>\n<td>Ore \/ Settimana: 4<\/td>\n<\/tr>\n<tr>\n<td>Orario: 19.00 &#8211; 20.30<\/td>\n<\/tr>\n<tr>\n<td>Giorni:\u00a0marted\u00ec e gioved\u00ec<\/td>\n<\/tr>\n<tr>\n<td><strong>Prezzo: 495<\/strong><strong>,00 Euro \/ 12 settimane<\/strong><\/td>\n<\/tr>\n<\/tbody>\n<\/table>\n<\/div>\n<div class=\"fusion-sep-clear\"><\/div><div class=\"fusion-separator fusion-full-width-sep\" style=\"margin-left: auto;margin-right: auto;margin-top:10px;width:100%;\"><\/div><div class=\"fusion-sep-clear\"><\/div><div class=\"fusion-clearfix\"><\/div><\/div><\/div><div class=\"fusion-layout-column fusion_builder_column fusion-builder-column-27 fusion_builder_column_1_3 1_3 fusion-one-third\" style=\"width:33.333333333333%;width:calc(33.333333333333% - ( ( 4% + 4% ) * 0.33333333333333 ) );margin-right: 4%;margin-top:0px;margin-bottom:20px;\"><div class=\"fusion-column-wrapper fusion-flex-column-wrapper-legacy\" style=\"background-position:left top;background-repeat:no-repeat;-webkit-background-size:cover;-moz-background-size:cover;-o-background-size:cover;background-size:cover;padding: 0px 0px 0px 0px;\">\n<div class=\"table-1\">\n<table width=\"100%\">\n<thead>\n<tr>\n<th align=\"left\"><strong>Schreibtraining\u00a0(preparazione\u00a0prova scritta esame)<\/strong><\/th>\n<\/tr>\n<\/thead>\n<tbody>\n<tr>\n<td><strong>Start:<\/strong>\u00a0ogni venerd\u00ed<\/td>\n<\/tr>\n<tr>\n<td>Ore \/ Settimana: 2<\/td>\n<\/tr>\n<tr>\n<td>Orario: 19.00 &#8211; 20.30<\/td>\n<\/tr>\n<tr>\n<td>Giorni: venerd\u00ec<\/td>\n<\/tr>\n<tr>\n<td><strong>Prezzo: 240,00 Euro \/ 4 settimane <\/strong><\/td>\n<\/tr>\n<\/tbody>\n<\/table>\n<\/div>\n<div class=\"fusion-sep-clear\"><\/div><div class=\"fusion-separator fusion-full-width-sep\" style=\"margin-left: auto;margin-right: auto;margin-top:10px;width:100%;\"><\/div><div class=\"fusion-sep-clear\"><\/div><div class=\"fusion-clearfix\"><\/div><\/div><\/div><div class=\"fusion-layout-column fusion_builder_column fusion-builder-column-28 fusion_builder_column_1_3 1_3 fusion-one-third fusion-column-last\" style=\"width:33.333333333333%;width:calc(33.333333333333% - ( ( 4% + 4% ) * 0.33333333333333 ) );margin-top:0px;margin-bottom:20px;\"><div class=\"fusion-column-wrapper fusion-flex-column-wrapper-legacy\" style=\"background-position:left top;background-repeat:no-repeat;-webkit-background-size:cover;-moz-background-size:cover;-o-background-size:cover;background-size:cover;padding: 0px 0px 0px 0px;\">\n<div class=\"table-1\">\n<table width=\"100%\">\n<thead>\n<tr>\n<th align=\"left\"><strong>Combi-corso 1<\/strong><\/th>\n<\/tr>\n<\/thead>\n<tbody>\n<tr>\n<td><strong>Start:<\/strong>\u00a0ogni\u00a0mercoled\u00ec<\/td>\n<\/tr>\n<tr>\n<td>Ore \/ Settimana: 4<\/td>\n<\/tr>\n<tr>\n<td>Lunedi, 19.00 &#8211; 20.30 (conversazione B1)<\/td>\n<\/tr>\n<tr>\n<td>Mercoled\u00ec, 18.30 &#8211; 20.00 (grammatica B1)<\/td>\n<\/tr>\n<tr>\n<td><strong>Prezzo: 200,00 Euro \/ 4 settimane <\/strong><\/td>\n<\/tr>\n<\/tbody>\n<\/table>\n<\/div>\n<div class=\"fusion-sep-clear\"><\/div><div class=\"fusion-separator fusion-full-width-sep\" style=\"margin-left: auto;margin-right: auto;margin-top:10px;width:100%;\"><\/div><div class=\"fusion-sep-clear\"><\/div><div class=\"fusion-clearfix\"><\/div><\/div><\/div><div class=\"fusion-layout-column fusion_builder_column fusion-builder-column-29 fusion_builder_column_1_3 1_3 fusion-one-third fusion-column-first\" style=\"width:33.333333333333%;width:calc(33.333333333333% - ( ( 4% + 4% ) * 0.33333333333333 ) );margin-right: 4%;margin-top:0px;margin-bottom:20px;\"><div class=\"fusion-column-wrapper fusion-flex-column-wrapper-legacy\" style=\"background-position:left top;background-repeat:no-repeat;-webkit-background-size:cover;-moz-background-size:cover;-o-background-size:cover;background-size:cover;padding: 0px 0px 0px 0px;\">\n<div class=\"table-1\">\n<table width=\"100%\">\n<thead>\n<tr>\n<th align=\"left\"><strong>Livello C1<\/strong><\/th>\n<\/tr>\n<\/thead>\n<tbody>\n<tr>\n<td><strong>Start:<\/strong>\u00a0ogni marted\u00ec<\/td>\n<\/tr>\n<tr>\n<td>Ore \/ Settimana: 4<\/td>\n<\/tr>\n<tr>\n<td>Orario: 19.00 &#8211; 20.30<\/td>\n<\/tr>\n<tr>\n<td>Giorni: marted\u00ec\u00a0e gioved\u00ec<\/td>\n<\/tr>\n<tr>\n<td><strong>Prezzo: 590<\/strong><strong>,00 Euro \/ 12 settimane<\/strong><\/td>\n<\/tr>\n<\/tbody>\n<\/table>\n<\/div>\n<div class=\"fusion-sep-clear\"><\/div><div class=\"fusion-separator fusion-full-width-sep\" style=\"margin-left: auto;margin-right: auto;margin-top:10px;width:100%;\"><\/div><div class=\"fusion-sep-clear\"><\/div><div class=\"fusion-clearfix\"><\/div><\/div><\/div><div class=\"fusion-layout-column fusion_builder_column fusion-builder-column-30 fusion_builder_column_1_3 1_3 fusion-one-third\" style=\"width:33.333333333333%;width:calc(33.333333333333% - ( ( 4% + 4% ) * 0.33333333333333 ) );margin-right: 4%;margin-top:0px;margin-bottom:20px;\"><div class=\"fusion-column-wrapper fusion-flex-column-wrapper-legacy\" style=\"background-position:left top;background-repeat:no-repeat;-webkit-background-size:cover;-moz-background-size:cover;-o-background-size:cover;background-size:cover;padding: 0px 0px 0px 0px;\">\n<div class=\"table-1\">\n<table width=\"100%\">\n<thead>\n<tr>\n<th align=\"left\"><strong>Schreibtraining\u00a0(preparazione\u00a0prova scritta esame)<\/strong><\/th>\n<\/tr>\n<\/thead>\n<tbody>\n<tr>\n<td><strong>Start:<\/strong>\u00a0ogni venerd\u00ed<\/td>\n<\/tr>\n<tr>\n<td>Ore \/ Settimana: 2<\/td>\n<\/tr>\n<tr>\n<td>Orario: 19.00 &#8211; 20.30<\/td>\n<\/tr>\n<tr>\n<td>Giorni: venerd\u00ec<\/td>\n<\/tr>\n<tr>\n<td><strong>Prezzo: 240,00 Euro \/ 4 settimane <\/strong><\/td>\n<\/tr>\n<\/tbody>\n<\/table>\n<\/div>\n<div class=\"fusion-sep-clear\"><\/div><div class=\"fusion-separator fusion-full-width-sep\" style=\"margin-left: auto;margin-right: auto;margin-top:10px;width:100%;\"><\/div><div class=\"fusion-sep-clear\"><\/div><div class=\"fusion-clearfix\"><\/div><\/div><\/div><div class=\"fusion-layout-column fusion_builder_column fusion-builder-column-31 fusion_builder_column_1_3 1_3 fusion-one-third fusion-column-last\" style=\"width:33.333333333333%;width:calc(33.333333333333% - ( ( 4% + 4% ) * 0.33333333333333 ) );margin-top:0px;margin-bottom:20px;\"><div class=\"fusion-column-wrapper fusion-flex-column-wrapper-legacy\" style=\"background-position:left top;background-repeat:no-repeat;-webkit-background-size:cover;-moz-background-size:cover;-o-background-size:cover;background-size:cover;padding: 0px 0px 0px 0px;\">\n<div class=\"table-1\">\n<table width=\"100%\">\n<thead>\n<tr>\n<th align=\"left\"><strong>Combi-corso 1<\/strong><\/th>\n<\/tr>\n<\/thead>\n<tbody>\n<tr>\n<td><strong>Start:<\/strong> ogni lunedi<\/td>\n<\/tr>\n<tr>\n<td>Ore \/ Settimana: 4<\/td>\n<\/tr>\n<tr>\n<td>Luned\u00ec, 19.00 &#8211; 20.30 (conversazione B1)<\/td>\n<\/tr>\n<tr>\n<td>Gioved\u00ec, 19.00 &#8211; 20.30 (grammatica B1)<\/td>\n<\/tr>\n<tr>\n<td><strong>Prezzo: 200,00 Euro \/ 4 settimane <\/strong><\/td>\n<\/tr>\n<\/tbody>\n<\/table>\n<\/div>\n<div class=\"fusion-sep-clear\"><\/div><div class=\"fusion-separator fusion-full-width-sep\" style=\"margin-left: auto;margin-right: auto;margin-top:10px;width:100%;\"><\/div><div class=\"fusion-sep-clear\"><\/div><div class=\"fusion-clearfix\"><\/div><\/div><\/div><div class=\"fusion-layout-column fusion_builder_column fusion-builder-column-32 fusion_builder_column_1_3 1_3 fusion-one-third fusion-column-first\" style=\"width:33.333333333333%;width:calc(33.333333333333% - ( ( 4% + 4% ) * 0.33333333333333 ) );margin-right: 4%;margin-top:0px;margin-bottom:20px;\"><div class=\"fusion-column-wrapper fusion-flex-column-wrapper-legacy\" style=\"background-position:left top;background-repeat:no-repeat;-webkit-background-size:cover;-moz-background-size:cover;-o-background-size:cover;background-size:cover;padding: 0px 0px 0px 0px;\">\n<div class=\"table-1\">\n<table width=\"100%\">\n<thead>\n<tr>\n<th align=\"left\"><strong>Combi-corso 2<\/strong><\/th>\n<\/tr>\n<\/thead>\n<tbody>\n<tr>\n<td><strong>Start:<\/strong>\u00a0ogni luned\u00ec<\/td>\n<\/tr>\n<tr>\n<td>Ore \/ Settimana: 4<\/td>\n<\/tr>\n<tr>\n<td>Luned\u00ec, 19.00 &#8211; 20.30 (conversazione B2)<\/td>\n<\/tr>\n<tr>\n<td>Mercoled\u00ec, 19.00 &#8211; 20.30 (grammatica B2)<\/td>\n<\/tr>\n<tr>\n<td><strong>Prezzo: 200,00 Euro \/ 4 settimane <\/strong><\/td>\n<\/tr>\n<\/tbody>\n<\/table>\n<\/div>\n<div class=\"fusion-sep-clear\"><\/div><div class=\"fusion-separator fusion-full-width-sep\" style=\"margin-left: auto;margin-right: auto;margin-top:10px;width:100%;\"><\/div><div class=\"fusion-sep-clear\"><\/div><div class=\"fusion-clearfix\"><\/div><\/div><\/div><div class=\"fusion-layout-column fusion_builder_column fusion-builder-column-33 fusion_builder_column_1_3 1_3 fusion-one-third\" style=\"width:33.333333333333%;width:calc(33.333333333333% - ( ( 4% + 4% ) * 0.33333333333333 ) );margin-right: 4%;margin-top:0px;margin-bottom:20px;\"><div class=\"fusion-column-wrapper fusion-flex-column-wrapper-legacy\" style=\"background-position:left top;background-repeat:no-repeat;-webkit-background-size:cover;-moz-background-size:cover;-o-background-size:cover;background-size:cover;padding: 0px 0px 0px 0px;\">\n<div class=\"table-1\">\n<table width=\"100%\">\n<thead>\n<tr>\n<th align=\"left\"><strong>Combi-corso 3<\/strong><\/th>\n<\/tr>\n<\/thead>\n<tbody>\n<tr>\n<td><strong>Start:<\/strong>\u00a0ogni\u00a0luned\u00ec<\/td>\n<\/tr>\n<tr>\n<td>Ore \/ Settimana: 6<\/td>\n<\/tr>\n<tr>\n<td>Luned\u00ec, 18.30 &#8211; 20.00 (conversazione\u00a0B2)<\/td>\n<\/tr>\n<tr>\n<td>Mercoled\u00ec, 18.45 &#8211; 20.15 (grammatica B2)<\/td>\n<\/tr>\n<tr>\n<td>Gioved\u00ec, 18.30 &#8211; 20.00 (conversazione B2)<\/td>\n<\/tr>\n<tr>\n<td><strong>Prezzo: 280,00 Euro \/ 4 settimane <\/strong><\/td>\n<\/tr>\n<\/tbody>\n<\/table>\n<\/div>\n<div class=\"fusion-sep-clear\"><\/div><div class=\"fusion-separator fusion-full-width-sep\" style=\"margin-left: auto;margin-right: auto;margin-top:10px;width:100%;\"><\/div><div class=\"fusion-sep-clear\"><\/div><div class=\"fusion-clearfix\"><\/div><\/div><\/div><div class=\"fusion-layout-column fusion_builder_column fusion-builder-column-34 fusion_builder_column_1_3 1_3 fusion-one-third fusion-column-last\" style=\"width:33.333333333333%;width:calc(33.333333333333% - ( ( 4% + 4% ) * 0.33333333333333 ) );margin-top:0px;margin-bottom:20px;\"><div class=\"fusion-column-wrapper fusion-flex-column-wrapper-legacy\" style=\"background-position:left top;background-repeat:no-repeat;-webkit-background-size:cover;-moz-background-size:cover;-o-background-size:cover;background-size:cover;padding: 0px 0px 0px 0px;\">\n<div class=\"table-1\">\n<table width=\"100%\">\n<thead>\n<tr>\n<th align=\"left\"><strong>Combi-corso 4<\/strong><\/th>\n<\/tr>\n<\/thead>\n<tbody>\n<tr>\n<td><strong>Start:<\/strong>\u00a0ogni\u00a0luned\u00ec<\/td>\n<\/tr>\n<tr>\n<td>Ore \/ Settimana: 6<\/td>\n<\/tr>\n<tr>\n<td>Luned\u00ec, 19.00 &#8211; 20.30 (conversazione B2)<\/td>\n<\/tr>\n<tr>\n<td>Marted\u00ec, 19.00 &#8211; 20.30 (Sprechen, H\u00f6ren, Lesen, Schreiben)<\/td>\n<\/tr>\n<tr>\n<td>Gioved\u00ec, 19.00 &#8211; 20.30 (Sprechen, H\u00f6ren, Lesen, Schreiben)<\/td>\n<\/tr>\n<tr>\n<td><strong>Prezzo: 280,00 Euro \/ 4 settimane <\/strong><\/td>\n<\/tr>\n<\/tbody>\n<\/table>\n<\/div>\n<div class=\"fusion-sep-clear\"><\/div><div class=\"fusion-separator fusion-full-width-sep\" style=\"margin-left: auto;margin-right: auto;margin-top:10px;width:100%;\"><\/div><div class=\"fusion-sep-clear\"><\/div><div class=\"fusion-clearfix\"><\/div><\/div><\/div><div class=\"fusion-layout-column fusion_builder_column fusion-builder-column-35 fusion_builder_column_1_3 1_3 fusion-one-third fusion-column-first\" style=\"width:33.333333333333%;width:calc(33.333333333333% - ( ( 4% ) * 0.33333333333333 ) );margin-right: 4%;margin-top:0px;margin-bottom:20px;\"><div class=\"fusion-column-wrapper fusion-flex-column-wrapper-legacy\" style=\"background-position:left top;background-repeat:no-repeat;-webkit-background-size:cover;-moz-background-size:cover;-o-background-size:cover;background-size:cover;padding: 0px 0px 0px 0px;\">\n<div class=\"table-1\">\n<table width=\"100%\">\n<thead>\n<tr>\n<th align=\"left\"><strong>Combi-corso 4\u00a0<\/strong><\/th>\n<\/tr>\n<\/thead>\n<tbody>\n<tr>\n<td><strong>Start:<\/strong>\u00a0ogni\u00a0luned\u00ec<\/td>\n<\/tr>\n<tr>\n<td>Ore \/ Settimana: 8<\/td>\n<\/tr>\n<tr>\n<td>Luned\u00ec, 18.30 &#8211; 20.00 (conversazione\u00a0B2)<\/td>\n<\/tr>\n<tr>\n<td>Mercoled\u00ec, 19.00 &#8211; 20.30 (grammatica B2)<\/td>\n<\/tr>\n<tr>\n<td>Gioved\u00ec, 19.00 &#8211; 20.30 (conversazione B1\/B2)<\/td>\n<\/tr>\n<tr>\n<td>Venerd\u00ec, 19.00 &#8211; 20.30 (Schreibtraining)<\/td>\n<\/tr>\n<tr>\n<td><strong>Prezzo: 390,00 Euro \/ 4 settimane <\/strong><\/td>\n<\/tr>\n<\/tbody>\n<\/table>\n<\/div>\n<div class=\"fusion-clearfix\"><\/div><\/div><\/div><div class=\"fusion-layout-column fusion_builder_column fusion-builder-column-36 fusion_builder_column_1_3 1_3 fusion-one-third fusion-column-last\" style=\"width:33.333333333333%;width:calc(33.333333333333% - ( ( 4% ) * 0.33333333333333 ) );margin-top:0px;margin-bottom:20px;\"><div class=\"fusion-column-wrapper fusion-flex-column-wrapper-legacy\" style=\"background-position:left top;background-repeat:no-repeat;-webkit-background-size:cover;-moz-background-size:cover;-o-background-size:cover;background-size:cover;padding: 0px 0px 0px 0px;\">\n<div class=\"table-1\">\n<table width=\"100%\">\n<thead>\n<tr>\n<th align=\"left\"><strong>Combi-corso 5<\/strong><\/th>\n<\/tr>\n<\/thead>\n<tbody>\n<tr>\n<td><strong>Start:<\/strong>\u00a0ogni\u00a0luned\u00ec<\/td>\n<\/tr>\n<tr>\n<td>Ore \/ Settimana: 8<\/td>\n<\/tr>\n<tr>\n<td>Luned\u00ec, 19.00 &#8211; 20.30 (conversazione B2)<\/td>\n<\/tr>\n<tr>\n<td>Marted\u00ec, 19.00 &#8211; 20.30 (Sprechen, H\u00f6ren, Lesen, Schreiben)<\/td>\n<\/tr>\n<tr>\n<td>Mercoled\u00ec, 19.00 &#8211; 20.30 (grammatica B2)<\/td>\n<\/tr>\n<tr>\n<td>Gioved\u00ec, 19.00 &#8211; 20.30 (Sprechen, H\u00f6ren, Lesen, Schreiben)<\/td>\n<\/tr>\n<tr>\n<td>Venerd\u00ec, 19.00 &#8211; 20.30 (Schreibtraining)<\/td>\n<\/tr>\n<tr>\n<td><strong>Prezzo: 460,00 Euro \/ 4 settimane <\/strong><\/td>\n<\/tr>\n<\/tbody>\n<\/table>\n<\/div>\n<div class=\"fusion-clearfix\"><\/div><\/div><\/div><div class=\"fusion-layout-column fusion_builder_column fusion-builder-column-37 fusion_builder_column_1_1 1_1 fusion-one-full fusion-column-first fusion-column-last\" style=\"margin-top:0px;margin-bottom:20px;\"><div class=\"fusion-column-wrapper fusion-flex-column-wrapper-legacy\" style=\"background-position:left top;background-repeat:no-repeat;-webkit-background-size:cover;-moz-background-size:cover;-o-background-size:cover;background-size:cover;padding: 0px 0px 0px 0px;\"><div class=\"fusion-clearfix\"><\/div><\/div><\/div><\/div><\/div><div class=\"fusion-fullwidth fullwidth-box fusion-builder-row-11 nonhundred-percent-fullwidth non-hundred-percent-height-scrolling\" style=\"background-color: rgba(255,255,255,0);background-position: center center;background-repeat: no-repeat;padding-top:0px;padding-right:0px;padding-bottom:0px;padding-left:0px;margin-bottom: 0px;margin-top: 0px;border-width: 0px 0px 0px 0px;border-color:#e2e2e2;border-style:solid;\" ><div class=\"fusion-builder-row fusion-row\"><div class=\"fusion-layout-column fusion_builder_column fusion-builder-column-38 fusion_builder_column_1_1 1_1 fusion-one-full fusion-column-first fusion-column-last\" style=\"margin-top:0px;margin-bottom:20px;\"><div class=\"fusion-column-wrapper fusion-flex-column-wrapper-legacy\" style=\"background-position:left top;background-repeat:no-repeat;-webkit-background-size:cover;-moz-background-size:cover;-o-background-size:cover;background-size:cover;padding: 0px 0px 0px 0px;\"><ul class=\"fusion-checklist fusion-checklist-4\" style=\"font-size:16px;line-height:27.2px;\"><li class=\"fusion-li-item\"><span style=\"background-color:#03a9f4;font-size:14.08px;height:27.2px;width:27.2px;margin-right:11.2px;\" class=\"icon-wrapper circle-yes\"><i class=\"fusion-li-icon fa-angle-right fas\" style=\"color:#ffffff;\" aria-hidden=\"true\"><\/i><\/span><div class=\"fusion-li-item-content\" style=\"margin-left:38.4px;\">1 ora di lezione = 45 minuti<\/div><\/li><li class=\"fusion-li-item\"><span style=\"background-color:#03a9f4;font-size:14.08px;height:27.2px;width:27.2px;margin-right:11.2px;\" class=\"icon-wrapper circle-yes\"><i class=\"fusion-li-icon fa-angle-right fas\" style=\"color:#ffffff;\" aria-hidden=\"true\"><\/i><\/span><div class=\"fusion-li-item-content\" style=\"margin-left:38.4px;\">per i livelli A1 &#8211; B2 il materiale didattico costa 25,00\u20ac<\/div><\/li><\/ul><div class=\"fusion-sep-clear\"><\/div><div class=\"fusion-separator fusion-full-width-sep\" style=\"margin-left: auto;margin-right: auto;margin-top:10px;width:100%;\"><\/div><div class=\"fusion-sep-clear\"><\/div><style type='text\/css'>.reading-box-container-2 .element-bottomshadow:before,.reading-box-container-2 .element-bottomshadow:after{opacity:0.70;}<\/style><div class=\"fusion-reading-box-container reading-box-container-2\" style=\"margin-top:0px;margin-bottom:20px;\"><div class=\"reading-box\" style=\"background-color:#f9f9fb;border-width:1px;border-color:rgba(226,226,226,0);border-left-width:3px;border-left-color:var(--primary_color);border-style:solid;\"><h2>Scriveteci!<\/h2><div class=\"reading-box-description fusion-reading-box-additional\">Avete gi\u00e0 scelto un corso intensivo e volete iscrivervi? O avete semplicemente qualche domanda? Compilate il modulo e vi aiutiamo molto volentieri!<\/div><div class=\"fusion-clearfix\"><\/div><\/div><\/div><div class=\"fusion-clearfix\"><\/div><\/div><\/div><\/div><\/div><div class=\"fusion-fullwidth fullwidth-box fusion-builder-row-12 nonhundred-percent-fullwidth non-hundred-percent-height-scrolling\" style=\"background-color: rgba(255,255,255,0);background-position: center center;background-repeat: no-repeat;padding-top:0px;padding-right:0px;padding-bottom:0px;padding-left:0px;margin-bottom: 0px;margin-top: 0px;border-width: 0px 0px 0px 0px;border-color:#e2e2e2;border-style:solid;\" ><div class=\"fusion-builder-row fusion-row\"><div class=\"fusion-layout-column fusion_builder_column fusion-builder-column-39 fusion_builder_column_1_3 1_3 fusion-one-third fusion-column-first\" style=\"width:33.333333333333%;width:calc(33.333333333333% - ( ( 4% + 4% ) * 0.33333333333333 ) );margin-right: 4%;margin-top:0px;margin-bottom:20px;\"><div class=\"fusion-column-wrapper fusion-flex-column-wrapper-legacy\" style=\"background-position:left top;background-repeat:no-repeat;-webkit-background-size:cover;-moz-background-size:cover;-o-background-size:cover;background-size:cover;padding: 0px 0px 0px 0px;\"><style type=\"text\/css\"><\/style><div class=\"fusion-title title fusion-title-6 fusion-title-text fusion-title-size-two\" style=\"margin-top:10px;margin-right:0px;margin-bottom:15px;margin-left:0px;\"><h2 class=\"title-heading-left\" style=\"margin:0;\">Insegnanti<\/h2><span class=\"awb-title-spacer\"><\/span><div class=\"title-sep-container\"><div class=\"title-sep sep-double sep-solid\" style=\"border-color:#e2e2e2;\"><\/div><\/div><\/div><div class=\"fusion-sep-clear\"><\/div><div class=\"fusion-separator fusion-full-width-sep\" style=\"margin-left: auto;margin-right: auto;width:100%;\"><div class=\"fusion-separator-border sep-double\" style=\"border-color:#e2e2e2;border-top-width:1px;border-bottom-width:1px;\"><\/div><\/div><div class=\"fusion-sep-clear\"><\/div><div class=\"fusion-text fusion-text-7\"><p>Nostri insegnanti sono tutti plurilingue e conoscono dalla propria esperienza i metodi\u00a0pi\u00f9 efficaci e veloci dell&#8217;insegnamento e dell&#8217;apprendimento di lingue straniere. Loro non trasmettono solo le proprie conoscenze, ma anche la loro passione, motivando sempre gli allievi a partecipare e parlare in maniera attiva e corretta, senza aver paura di sbagliare. Volentieri si adattano alle esigenze degli alunni e cercano di capirli, perch\u00e9 ogni studente pu\u00f2 avere delle richieste particolari.<\/p>\n<\/div><div class=\"fusion-button-wrapper\"><style type=\"text\/css\">.fusion-button.button-1 {border-radius:4px;}<\/style><a class=\"fusion-button button-flat fusion-button-default-size button-default button-1 fusion-button-default-span fusion-button-default-type\" target=\"_self\" href=\"\/ueber-uns\/unsere-lehrer\/\"><span class=\"fusion-button-text\">Insegnanti<\/span><\/a><\/div><div class=\"fusion-clearfix\"><\/div><\/div><\/div><div class=\"fusion-layout-column fusion_builder_column fusion-builder-column-40 fusion_builder_column_1_3 1_3 fusion-one-third\" style=\"width:33.333333333333%;width:calc(33.333333333333% - ( ( 4% + 4% ) * 0.33333333333333 ) );margin-right: 4%;margin-top:0px;margin-bottom:20px;\"><div class=\"fusion-column-wrapper fusion-flex-column-wrapper-legacy\" style=\"background-position:left top;background-repeat:no-repeat;-webkit-background-size:cover;-moz-background-size:cover;-o-background-size:cover;background-size:cover;padding: 0px 0px 0px 0px;\"><style type=\"text\/css\"><\/style><div class=\"fusion-title title fusion-title-7 fusion-title-text fusion-title-size-two\" style=\"margin-top:10px;margin-right:0px;margin-bottom:15px;margin-left:0px;\"><h2 class=\"title-heading-left\" style=\"margin:0;\">Flessibilit\u00e0 dei corsi<\/h2><span class=\"awb-title-spacer\"><\/span><div class=\"title-sep-container\"><div class=\"title-sep sep-double sep-solid\" style=\"border-color:#e2e2e2;\"><\/div><\/div><\/div><div class=\"fusion-sep-clear\"><\/div><div class=\"fusion-separator fusion-full-width-sep\" style=\"margin-left: auto;margin-right: auto;width:100%;\"><div class=\"fusion-separator-border sep-double\" style=\"border-color:#e2e2e2;border-top-width:1px;border-bottom-width:1px;\"><\/div><\/div><div class=\"fusion-sep-clear\"><\/div><div class=\"fusion-text fusion-text-8\"><p>Il test di valutazione iniziale non determina sempre con l&#8217;esattezza il livello dello studente: il corso pu\u00f2 risultare troppo\u00a0difficile o troppo facile e noioso, in questo caso \u00e8 sempre possibile cambiare il livello del corso, senza alcun problema burocratico. Grazie a questo flessibile sistema cerchiamo di evitare lesperienze negative e mettere i nostri studenti a loro agio.<\/p>\n<p>Se avete qualche problema o semplicemente delle domande, rivolgetevi alla nostra segretaria.<\/p>\n<\/div><div class=\"fusion-button-wrapper\"><style type=\"text\/css\">.fusion-button.button-2 {border-radius:4px;}<\/style><a class=\"fusion-button button-flat fusion-button-default-size button-default button-2 fusion-button-default-span fusion-button-default-type\" target=\"_self\" href=\"\/kontakt\/\"><span class=\"fusion-button-text\">Segreteria<\/span><\/a><\/div><div class=\"fusion-clearfix\"><\/div><\/div><\/div><div class=\"fusion-layout-column fusion_builder_column fusion-builder-column-41 fusion_builder_column_1_3 1_3 fusion-one-third fusion-column-last\" style=\"width:33.333333333333%;width:calc(33.333333333333% - ( ( 4% + 4% ) * 0.33333333333333 ) );margin-top:0px;margin-bottom:20px;\"><div class=\"fusion-column-wrapper fusion-flex-column-wrapper-legacy\" style=\"background-position:left top;background-repeat:no-repeat;-webkit-background-size:cover;-moz-background-size:cover;-o-background-size:cover;background-size:cover;padding: 0px 0px 0px 0px;\"><style type=\"text\/css\"><\/style><div class=\"fusion-title title fusion-title-8 fusion-title-text fusion-title-size-one\" style=\"margin-top:10px;margin-right:0px;margin-bottom:15px;margin-left:0px;\"><h1 class=\"title-heading-left\" style=\"margin:0;\">Visto e alloggio<\/h1><span class=\"awb-title-spacer\"><\/span><div class=\"title-sep-container\"><div class=\"title-sep sep-double sep-solid\" style=\"border-color:#e2e2e2;\"><\/div><\/div><\/div><div class=\"fusion-sep-clear\"><\/div><div class=\"fusion-separator fusion-full-width-sep\" style=\"margin-left: auto;margin-right: auto;width:100%;\"><div class=\"fusion-separator-border sep-double\" style=\"border-color:#e2e2e2;border-top-width:1px;border-bottom-width:1px;\"><\/div><\/div><div class=\"fusion-sep-clear\"><\/div><div class=\"fusion-text fusion-text-9\"><p>Per gli studenti che hanno bisogno del visto noi offriamo lezioni di almeno 20 ore settimanali che vengono rischiesti dall&#8217;ambasciata tedesca. Certamente la scuola rilascia tutti i documenti necessari dopo il pagamento dei corsi.<\/p>\n<p>Per quelli che hanno bisogno di un alloggio, siamo felici di aiutare a trovare una stanza, anche in una famiglia, dove\u00a0c&#8217;\u00e8 la possibilit\u00e0 di praticare la lingua e conoscere la cultura tedesca. Tutte famiglie sono di massima fiducia.<\/p>\n<\/div><div class=\"fusion-button-wrapper\"><style type=\"text\/css\">.fusion-button.button-3 {border-radius:4px;}<\/style><a class=\"fusion-button button-flat fusion-button-default-size button-default button-3 fusion-button-default-span fusion-button-default-type\" target=\"_self\" href=\"\/unterkunft-visa\/\"><span class=\"fusion-button-text\">Visto e alloggio<\/span><\/a><\/div><div class=\"fusion-clearfix\"><\/div><\/div><\/div><div class=\"fusion-layout-column fusion_builder_column fusion-builder-column-42 fusion_builder_column_1_3 1_3 fusion-one-third fusion-column-first\" style=\"width:33.333333333333%;width:calc(33.333333333333% - ( ( 4% + 4% ) * 0.33333333333333 ) );margin-right: 4%;margin-top:0px;margin-bottom:20px;\"><div class=\"fusion-column-wrapper fusion-flex-column-wrapper-legacy\" style=\"background-position:left top;background-repeat:no-repeat;-webkit-background-size:cover;-moz-background-size:cover;-o-background-size:cover;background-size:cover;padding: 0px 0px 0px 0px;\"><style type=\"text\/css\"><\/style><div class=\"fusion-title title fusion-title-9 fusion-title-text fusion-title-size-two\" style=\"margin-top:10px;margin-right:0px;margin-bottom:15px;margin-left:0px;\"><h2 class=\"title-heading-left\" style=\"margin:0;\">Corsi Speciali<\/h2><span class=\"awb-title-spacer\"><\/span><div class=\"title-sep-container\"><div class=\"title-sep sep-double sep-solid\" style=\"border-color:#e2e2e2;\"><\/div><\/div><\/div><div class=\"fusion-sep-clear\"><\/div><div class=\"fusion-separator fusion-full-width-sep\" style=\"margin-left: auto;margin-right: auto;width:100%;\"><div class=\"fusion-separator-border sep-double\" style=\"border-color:#e2e2e2;border-top-width:1px;border-bottom-width:1px;\"><\/div><\/div><div class=\"fusion-sep-clear\"><\/div><div class=\"fusion-text fusion-text-10\"><p>La nostra scuola non offre solamente corsi intensivi o serali. Se avete, per esempio, bisogno di una lezione privata, potete scegliere voi il tema delle lezioni (che sia grammatica, conversazione o tedesco economico). Se lavorate o studiate tutta la settimana e avete tempo libero solo durante il weekend, vi possiamo offrire un corso di sabato. Se volete lavorare in ambito della medicina, ma non avete il vocabolario adatto per poterlo fare, allora il nostro corso per i medici \u00e8 proprio per voi. Questi e tanti altri corsi solo da noi.<\/p>\n<\/div><div class=\"fusion-button-wrapper\"><style type=\"text\/css\">.fusion-button.button-4 {border-radius:4px;}<\/style><a class=\"fusion-button button-flat fusion-button-default-size button-default button-4 fusion-button-default-span fusion-button-default-type\" target=\"_self\" href=\"\/sprachkurse\/deutschkurse-muenchen\/spezielle-kurse\/\"><span class=\"fusion-button-text\">Corsi speciali<\/span><\/a><\/div><div class=\"fusion-clearfix\"><\/div><\/div><\/div><div class=\"fusion-layout-column fusion_builder_column fusion-builder-column-43 fusion_builder_column_1_3 1_3 fusion-one-third\" style=\"width:33.333333333333%;width:calc(33.333333333333% - ( ( 4% + 4% ) * 0.33333333333333 ) );margin-right: 4%;margin-top:0px;margin-bottom:20px;\"><div class=\"fusion-column-wrapper fusion-flex-column-wrapper-legacy\" style=\"background-position:left top;background-repeat:no-repeat;-webkit-background-size:cover;-moz-background-size:cover;-o-background-size:cover;background-size:cover;padding: 0px 0px 0px 0px;\"><style type=\"text\/css\"><\/style><div class=\"fusion-title title fusion-title-10 fusion-title-text fusion-title-size-two\" style=\"margin-top:10px;margin-right:0px;margin-bottom:15px;margin-left:0px;\"><h2 class=\"title-heading-left\" style=\"margin:0;\">Preparazione agli esami<\/h2><span class=\"awb-title-spacer\"><\/span><div class=\"title-sep-container\"><div class=\"title-sep sep-double sep-solid\" style=\"border-color:#e2e2e2;\"><\/div><\/div><\/div><div class=\"fusion-sep-clear\"><\/div><div class=\"fusion-separator fusion-full-width-sep\" style=\"margin-left: auto;margin-right: auto;width:100%;\"><div class=\"fusion-separator-border sep-double\" style=\"border-color:#e2e2e2;border-top-width:1px;border-bottom-width:1px;\"><\/div><\/div><div class=\"fusion-sep-clear\"><\/div><div class=\"fusion-text fusion-text-11\"><p>Il certificato di lingua \u00e8 una documentazione scritta che attesta le competenze linguistiche raggiunte e che viene conseguita sempre pi\u00f9 spesso, dato che fornisce una maggiore possibilit\u00e0nel trovare un posto lavorativo. Che sia un esame di Goethe o TELC, TestDaF o DSH (richiesti per l&#8217;ammissione all&#8217;universit\u00e0) o il test d&#8217;ammissione al Studienkolleg, grazie alle nostre efficaci lezioni e la supervisione dei nostri esperti insegnanti, sar\u00e0 possibile ricevere un&#8217;adeguata preparazione per l&#8217;esame desiderato.<\/p>\n<\/div><div class=\"fusion-button-wrapper\"><style type=\"text\/css\">.fusion-button.button-5 {border-radius:4px;}<\/style><a class=\"fusion-button button-flat fusion-button-default-size button-default button-5 fusion-button-default-span fusion-button-default-type\" target=\"_self\" href=\"\/sprachkurse\/deutschkurse-muenchen\/vorbereitungskurse\/\"><span class=\"fusion-button-text\">Preparazione esami<\/span><\/a><\/div><div class=\"fusion-clearfix\"><\/div><\/div><\/div><div class=\"fusion-layout-column fusion_builder_column fusion-builder-column-44 fusion_builder_column_1_3 1_3 fusion-one-third fusion-column-last\" style=\"width:33.333333333333%;width:calc(33.333333333333% - ( ( 4% + 4% ) * 0.33333333333333 ) );margin-top:0px;margin-bottom:20px;\"><div class=\"fusion-column-wrapper fusion-flex-column-wrapper-legacy\" style=\"background-position:left top;background-repeat:no-repeat;-webkit-background-size:cover;-moz-background-size:cover;-o-background-size:cover;background-size:cover;padding: 0px 0px 0px 0px;\"><style type=\"text\/css\"><\/style><div class=\"fusion-title title fusion-title-11 fusion-title-text fusion-title-size-one\" style=\"margin-top:10px;margin-right:0px;margin-bottom:15px;margin-left:0px;\"><h1 class=\"title-heading-left\" style=\"margin:0;\">Lavorare in Germania<\/h1><span class=\"awb-title-spacer\"><\/span><div class=\"title-sep-container\"><div class=\"title-sep sep-double sep-solid\" style=\"border-color:#e2e2e2;\"><\/div><\/div><\/div><div class=\"fusion-sep-clear\"><\/div><div class=\"fusion-separator fusion-full-width-sep\" style=\"margin-left: auto;margin-right: auto;width:100%;\"><div class=\"fusion-separator-border sep-double\" style=\"border-color:#e2e2e2;border-top-width:1px;border-bottom-width:1px;\"><\/div><\/div><div class=\"fusion-sep-clear\"><\/div><div class=\"fusion-text fusion-text-12\"><p>Nella ricerca del lavoro in Germania \u00e8 molto importante sapere presentarsi: un corretto CV, un&#8217;interessante lettera di presentazione e soprattutto un colloquio di lavoro perfetto.<\/p>\n<p>Vi aiutiamo non solo con la grammatica e con le regole basi, ma alleniamo tutte le possibili domande, forniamo il vocabolario necessario per il vostro settore e aiutiamo a\u00a0presentare al meglio le vostre capacit\u00e0.\u00a0In questi casi la prima impressione \u00e8 la pi\u00f9 importante.<\/p>\n<\/div><div class=\"fusion-button-wrapper\"><style type=\"text\/css\">.fusion-button.button-6 {border-radius:4px;}<\/style><a class=\"fusion-button button-flat fusion-button-default-size button-default button-6 fusion-button-default-span fusion-button-default-type\" target=\"_self\" href=\"\/bewerbungstraining\/\"><span class=\"fusion-button-text\">Lavorare in Germania<\/span><\/a><\/div><div class=\"fusion-clearfix\"><\/div><\/div><\/div><div class=\"fusion-layout-column fusion_builder_column fusion-builder-column-45 fusion_builder_column_1_1 1_1 fusion-one-full fusion-column-first fusion-column-last\" style=\"margin-top:0px;margin-bottom:20px;\"><div class=\"fusion-column-wrapper fusion-flex-column-wrapper-legacy\" style=\"background-position:left top;background-repeat:no-repeat;-webkit-background-size:cover;-moz-background-size:cover;-o-background-size:cover;background-size:cover;padding: 0px 0px 0px 0px;\"><div class=\"fusion-sep-clear\"><\/div><div class=\"fusion-separator fusion-full-width-sep\" style=\"margin-left: auto;margin-right: auto;width:100%;\"><div class=\"fusion-separator-border sep-double\" style=\"border-color:#e2e2e2;border-top-width:1px;border-bottom-width:1px;\"><\/div><\/div><div class=\"fusion-sep-clear\"><\/div><style type='text\/css'>.reading-box-container-3 .element-bottomshadow:before,.reading-box-container-3 .element-bottomshadow:after{opacity:0.70;}<\/style><div class=\"fusion-reading-box-container reading-box-container-3\" style=\"margin-top:0px;margin-bottom:20px;\"><div class=\"reading-box\" style=\"background-color:#f9f9fb;border-width:1px;border-color:rgba(226,226,226,0);border-left-width:3px;border-left-color:var(--primary_color);border-style:solid;\"><h2>Scriveteci!<\/h2><div class=\"reading-box-description fusion-reading-box-additional\">Avete gi\u00e0 scelto un corso intensivo e volete iscrivervi? O avete semplicemente qualche domanda? Compilate il modulo e vi aiutiamo molto volentieri!<\/div><div class=\"fusion-clearfix\"><\/div><\/div><\/div><div class=\"fusion-sep-clear\"><\/div><div class=\"fusion-separator fusion-full-width-sep\" style=\"margin-left: auto;margin-right: auto;width:100%;\"><div class=\"fusion-separator-border sep-double\" style=\"border-color:#e2e2e2;border-top-width:1px;border-bottom-width:1px;\"><\/div><\/div><div class=\"fusion-sep-clear\"><\/div><div class=\"fusion-clearfix\"><\/div><\/div><\/div><\/div><\/div><div class=\"fusion-fullwidth fullwidth-box fusion-builder-row-13 fusion-flex-container nonhundred-percent-fullwidth non-hundred-percent-height-scrolling\" style=\"background-color: rgba(255,255,255,0);background-position: center center;background-repeat: no-repeat;border-width: 0px 0px 0px 0px;border-color:#e2e2e2;border-style:solid;\" ><div class=\"fusion-builder-row fusion-row fusion-flex-align-items-flex-start\" style=\"max-width:1248px;margin-left: calc(-4% \/ 2 );margin-right: calc(-4% \/ 2 );\"><div class=\"fusion-layout-column fusion_builder_column fusion-builder-column-46 fusion_builder_column_1_1 1_1 fusion-flex-column\"><div class=\"fusion-column-wrapper fusion-flex-justify-content-flex-start fusion-content-layout-column\" style=\"background-position:left top;background-repeat:no-repeat;-webkit-background-size:cover;-moz-background-size:cover;-o-background-size:cover;background-size:cover;padding: 0px 0px 0px 0px;\"><style type=\"text\/css\">@media only screen and (max-width:1024px) {.fusion-title.fusion-title-12{margin-top:10px!important; margin-right:0px!important;margin-bottom:15px!important;margin-left:0px!important;}}@media only screen and (max-width:640px) {.fusion-title.fusion-title-12{margin-top:10px!important; margin-right:0px!important;margin-bottom:10px!important; margin-left:0px!important;}}<\/style><div class=\"fusion-title title fusion-title-12 fusion-title-text fusion-title-size-one\" style=\"margin-top:10px;margin-right:0px;margin-bottom:15px;margin-left:0px;\"><div class=\"title-sep-container title-sep-container-left fusion-no-large-visibility fusion-no-medium-visibility fusion-no-small-visibility\"><div class=\"title-sep sep-double sep-solid\" style=\"border-color:#e2e2e2;\"><\/div><\/div><span class=\"awb-title-spacer fusion-no-large-visibility fusion-no-medium-visibility fusion-no-small-visibility\"><\/span><h1 class=\"title-heading-left\" style=\"margin:0;\">Axioma Language Academy and Editing<\/h1><span class=\"awb-title-spacer\"><\/span><div class=\"title-sep-container title-sep-container-right\"><div class=\"title-sep sep-double sep-solid\" style=\"border-color:#e2e2e2;\"><\/div><\/div><\/div><\/div><style type=\"text\/css\">.fusion-body .fusion-builder-column-46{width:100% !important;margin-top : 0px;margin-bottom : 20px;}.fusion-builder-column-46 > .fusion-column-wrapper {padding-top : 0px !important;padding-right : 0px !important;margin-right : 1.92%;padding-bottom : 0px !important;padding-left : 0px !important;margin-left : 1.92%;}@media only screen and (max-width:1024px) {.fusion-body .fusion-builder-column-46{width:100% !important;}.fusion-builder-column-46 > .fusion-column-wrapper {margin-right : 1.92%;margin-left : 1.92%;}}@media only screen and (max-width:640px) {.fusion-body .fusion-builder-column-46{width:100% !important;}.fusion-builder-column-46 > .fusion-column-wrapper {margin-right : 1.92%;margin-left : 1.92%;}}<\/style><\/div><\/div><style type=\"text\/css\">.fusion-body .fusion-flex-container.fusion-builder-row-13{ padding-top : 0px;margin-top : 0px;padding-right : 0px;padding-bottom : 0px;margin-bottom : 0px;padding-left : 0px;}<\/style><\/div>\n<div class=\"fusion-fullwidth fullwidth-box fusion-builder-row-14 fusion-flex-container nonhundred-percent-fullwidth non-hundred-percent-height-scrolling\" style=\"background-color: rgba(255,255,255,0);background-position: center center;background-repeat: no-repeat;border-width: 0px 0px 0px 0px;border-color:#e2e2e2;border-style:solid;\" ><div class=\"fusion-builder-row fusion-row fusion-flex-align-items-stretch\" style=\"max-width:1248px;margin-left: calc(-4% \/ 2 );margin-right: calc(-4% \/ 2 );\"><div class=\"fusion-layout-column fusion_builder_column fusion-builder-column-47 fusion_builder_column_1_3 1_3 fusion-flex-column\"><div class=\"fusion-column-wrapper fusion-flex-justify-content-flex-start fusion-content-layout-column\" style=\"background-position:left top;background-repeat:no-repeat;-webkit-background-size:cover;-moz-background-size:cover;-o-background-size:cover;background-size:cover;background-color:#2381b5;padding: 10px 10px 10px 10px;\"><i class=\"fb-icon-element-1 fb-icon-element fontawesome-icon fa-map-marker-alt fas circle-yes fa-flip-horizontal\" style=\"font-size:28.16px;line-height:54.32px;height:56.32px;width:56.32px;border-width:1px;align-self:center;margin: 0px;\"><\/i><style>i.fb-icon-element.fontawesome-icon.fb-icon-element-1{ color: #2381b5; background-color: #ffffff; border-color: #2381b5;}i.fb-icon-element.fontawesome-icon.fb-icon-element-1:hover { color: #2381b5; background-color: #ffffff; border-color: #ffffff;}<\/style><div class=\"fusion-separator fusion-full-width-sep\" style=\"align-self: center;margin-left: auto;margin-right: auto;margin-top:10px;margin-bottom:10px;width:100%;\"><\/div><div class=\"fusion-text fusion-text-13\"><p style=\"text-align: center; color: #fff;\">T\u00fcrkenstr. 72<br \/>\n80799 M\u00fcnchen<\/p>\n<p style=\"text-align: center; color: #fff;\">*cross Georg-Elser-Platz, first door on the left<br \/>\n**The school is located to the right of the Cafe Zeitgeist.<\/p>\n<\/div><\/div><style type=\"text\/css\">.fusion-body .fusion-builder-column-47{width:33.333333333333% !important;margin-top : 0px;margin-bottom : 20px;}.fusion-builder-column-47 > .fusion-column-wrapper {padding-top : 10 !important;padding-right : 10 !important;margin-right : 5.76%;padding-bottom : 10 !important;padding-left : 10 !important;margin-left : 5.76%;}@media only screen and (max-width:1024px) {.fusion-body .fusion-builder-column-47{width:100% !important;}.fusion-builder-column-47 > .fusion-column-wrapper {margin-right : 1.92%;margin-left : 1.92%;}}@media only screen and (max-width:640px) {.fusion-body .fusion-builder-column-47{width:100% !important;}.fusion-builder-column-47 > .fusion-column-wrapper {margin-right : 1.92%;margin-left : 1.92%;}}<\/style><\/div><div class=\"fusion-layout-column fusion_builder_column fusion-builder-column-48 fusion_builder_column_1_3 1_3 fusion-flex-column\"><div class=\"fusion-column-wrapper fusion-flex-justify-content-flex-start fusion-content-layout-column\" style=\"background-position:left top;background-repeat:no-repeat;-webkit-background-size:cover;-moz-background-size:cover;-o-background-size:cover;background-size:cover;background-color:#2381b5;padding: 10px 10px 10px 10px;\"><i class=\"fb-icon-element-2 fb-icon-element fontawesome-icon fa-phone-alt fas circle-yes\" style=\"font-size:28.16px;line-height:54.32px;height:56.32px;width:56.32px;border-width:1px;align-self:center;margin: 0px;\"><\/i><style>i.fb-icon-element.fontawesome-icon.fb-icon-element-2{ color: #2381b5; background-color: #ffffff; border-color: #2381b5;}i.fb-icon-element.fontawesome-icon.fb-icon-element-2:hover { color: #2381b5; background-color: #ffffff; border-color: #ffffff;}<\/style><div class=\"fusion-separator fusion-full-width-sep\" style=\"align-self: center;margin-left: auto;margin-right: auto;margin-top:10px;margin-bottom:10px;width:100%;\"><\/div><div class=\"fusion-text fusion-text-14\"><p style=\"text-align: center; color: #fff;\"><strong>Phone<\/strong>: <a class=\"phontracking\" style=\"color: #fff;\" href=\"tel:+49891099200\">0049-89-12099200 <\/a><br \/>\n<strong>E-Mail<\/strong>: <a class=\"mailtracking\" style=\"color: #fff;\" href=\"mailto:sekretariat@sprachschule-axioma.de\">sekretariat@sprachschule-axioma.de<\/a><br \/>\n<strong>WhatsApp<\/strong>: 0049-178-7384836<\/p>\n<p style=\"text-align: center; color: #fff;\"><strong>Reachability by phone: <\/strong><br \/>\nMonday to Friday, 9.30 \u2013 14.00 Uhr<\/p>\n<\/div><\/div><style type=\"text\/css\">.fusion-body .fusion-builder-column-48{width:33.333333333333% !important;margin-top : 0px;margin-bottom : 20px;}.fusion-builder-column-48 > .fusion-column-wrapper {padding-top : 10 !important;padding-right : 10 !important;margin-right : 5.76%;padding-bottom : 10 !important;padding-left : 10 !important;margin-left : 5.76%;}@media only screen and (max-width:1024px) {.fusion-body .fusion-builder-column-48{width:100% !important;}.fusion-builder-column-48 > .fusion-column-wrapper {margin-right : 1.92%;margin-left : 1.92%;}}@media only screen and (max-width:640px) {.fusion-body .fusion-builder-column-48{width:100% !important;}.fusion-builder-column-48 > .fusion-column-wrapper {margin-right : 1.92%;margin-left : 1.92%;}}<\/style><\/div><div class=\"fusion-layout-column fusion_builder_column fusion-builder-column-49 fusion_builder_column_1_3 1_3 fusion-flex-column overflow\"><div class=\"fusion-column-wrapper fusion-flex-justify-content-flex-start fusion-content-layout-column\" style=\"background-position:left top;background-repeat:no-repeat;-webkit-background-size:cover;-moz-background-size:cover;-o-background-size:cover;background-size:cover;background-color:#2381b5;padding: 10px 10px 10px 10px;\"><i class=\"fb-icon-element-3 fb-icon-element fontawesome-icon fa-clock fas circle-yes\" style=\"font-size:28.16px;line-height:54.32px;height:56.32px;width:56.32px;border-width:1px;align-self:center;margin: 0px;\"><\/i><style>i.fb-icon-element.fontawesome-icon.fb-icon-element-3{ color: #2381b5; background-color: #ffffff; border-color: #2381b5;}i.fb-icon-element.fontawesome-icon.fb-icon-element-3:hover { color: #2381b5; background-color: #ffffff; border-color: #ffffff;}<\/style><div class=\"fusion-separator fusion-full-width-sep\" style=\"align-self: center;margin-left: auto;margin-right: auto;margin-top:10px;margin-bottom:10px;width:100%;\"><\/div>\n<div class=\"table-2\">\n<table style=\"height: 242px;\" width=\"424\">\n<tbody>\n<tr style=\"color: #fff;\">\n<td style=\"width: 30%;\" align=\"left\">Mondays<\/td>\n<td align=\"left\">9.30 \u2013 13.30 Uhr<\/td>\n<\/tr>\n<tr style=\"color: #fff;\">\n<td align=\"left\"><\/td>\n<td align=\"left\">18.00 \u2013 20.00 Uhr<\/td>\n<\/tr>\n<tr style=\"color: #fff;\">\n<td style=\"width: 30%;\" align=\"left\">Tuesdays<\/td>\n<td align=\"left\">9.30 \u2013 15.00 Uhr<\/td>\n<\/tr>\n<tr style=\"color: #fff;\">\n<td align=\"left\"><\/td>\n<td align=\"left\">18.00 \u2013 20.00 Uhr<\/td>\n<\/tr>\n<tr style=\"color: #fff;\">\n<td style=\"width: 30%;\" align=\"left\">Wednesdays<\/td>\n<td align=\"left\">9.30 \u2013 13.30 Uhr<\/td>\n<\/tr>\n<tr style=\"color: #fff;\">\n<td style=\"width: 30%;\" align=\"left\">Thursdays<\/td>\n<td align=\"left\">9.30 \u2013 18.30 Uhr<\/td>\n<\/tr>\n<tr style=\"color: #fff;\">\n<td style=\"width: 30%;\" align=\"left\">Fridays<\/td>\n<td align=\"left\">09.30 \u2013 13.30 Uhr<\/td>\n<\/tr>\n<\/tbody>\n<\/table>\n<\/div>\n<\/div><style type=\"text\/css\">.fusion-body .fusion-builder-column-49{width:33.333333333333% !important;margin-top : 0px;margin-bottom : 20px;}.fusion-builder-column-49 > .fusion-column-wrapper {padding-top : 10 !important;padding-right : 10 !important;margin-right : 5.76%;padding-bottom : 10 !important;padding-left : 10 !important;margin-left : 5.76%;}@media only screen and (max-width:1024px) {.fusion-body .fusion-builder-column-49{width:100% !important;}.fusion-builder-column-49 > .fusion-column-wrapper {margin-right : 1.92%;margin-left : 1.92%;}}@media only screen and (max-width:640px) {.fusion-body .fusion-builder-column-49{width:100% !important;}.fusion-builder-column-49 > .fusion-column-wrapper {margin-right : 1.92%;margin-left : 1.92%;}}<\/style><\/div><\/div><style type=\"text\/css\">.fusion-body .fusion-flex-container.fusion-builder-row-14{ padding-top : 0px;margin-top : 0px;padding-right : 0px;padding-bottom : 0px;margin-bottom : 0px;padding-left : 0px;}<\/style><\/div>\n<div class=\"fusion-fullwidth fullwidth-box fusion-builder-row-15 fusion-flex-container nonhundred-percent-fullwidth non-hundred-percent-height-scrolling\" style=\"background-color: rgba(255,255,255,0);background-position: center center;background-repeat: no-repeat;border-width: 0px 0px 0px 0px;border-color:#e2e2e2;border-style:solid;\" ><div class=\"fusion-builder-row fusion-row fusion-flex-align-items-flex-start\" style=\"max-width:1248px;margin-left: calc(-4% \/ 2 );margin-right: calc(-4% \/ 2 );\"><div class=\"fusion-layout-column fusion_builder_column fusion-builder-column-50 fusion_builder_column_1_1 1_1 fusion-flex-column\"><div class=\"fusion-column-wrapper fusion-flex-justify-content-flex-start fusion-content-layout-column\" style=\"background-position:left top;background-repeat:no-repeat;-webkit-background-size:cover;-moz-background-size:cover;-o-background-size:cover;background-size:cover;padding: 0px 0px 0px 0px;\"><div style=\"text-align:center;\"><style type=\"text\/css\">.fusion-button.button-7 {border-radius:4px;}<\/style><a class=\"fusion-button button-flat button-xlarge button-default button-7 fusion-button-span-yes fusion-button-default-type\" target=\"_self\" href=\"https:\/\/www.sprachschule-axioma.de\/en\/get-your-offer\/\"><span class=\"fusion-button-text\">Contact<\/span><\/a><\/div><\/div><style type=\"text\/css\">.fusion-body .fusion-builder-column-50{width:100% !important;margin-top : 0px;margin-bottom : 20px;}.fusion-builder-column-50 > .fusion-column-wrapper {padding-top : 0px !important;padding-right : 0px !important;margin-right : 1.92%;padding-bottom : 0px !important;padding-left : 0px !important;margin-left : 1.92%;}@media only screen and (max-width:1024px) {.fusion-body .fusion-builder-column-50{width:100% !important;}.fusion-builder-column-50 > .fusion-column-wrapper {margin-right : 1.92%;margin-left : 1.92%;}}@media only screen and (max-width:640px) {.fusion-body .fusion-builder-column-50{width:100% !important;}.fusion-builder-column-50 > .fusion-column-wrapper {margin-right : 1.92%;margin-left : 1.92%;}}<\/style><\/div><\/div><style type=\"text\/css\">.fusion-body .fusion-flex-container.fusion-builder-row-15{ padding-top : 0px;margin-top : 0px;padding-right : 0px;padding-bottom : 0px;margin-bottom : 0px;padding-left : 0px;}<\/style><\/div>\n<\/p>\n","protected":false},"excerpt":{"rendered":"","protected":false},"author":2,"featured_media":0,"parent":0,"menu_order":0,"comment_status":"closed","ping_status":"closed","template":"100-width.php","meta":{"footnotes":""},"yoast_head":"<!-- This site is optimized with the Yoast SEO plugin v20.13 - https:\/\/yoast.com\/wordpress\/plugins\/seo\/ -->\n<title>Corso di tedesco a Monaco di Baviera | Axioma Sprachschule M\u00fcnchen<\/title>\n<meta name=\"robots\" content=\"index, follow, max-snippet:-1, max-image-preview:large, max-video-preview:-1\" \/>\n<link rel=\"canonical\" href=\"https:\/\/www.sprachschule-axioma.de\/it\/\" \/>\n<meta property=\"og:locale\" content=\"it_IT\" \/>\n<meta property=\"og:type\" content=\"article\" \/>\n<meta property=\"og:title\" content=\"Corso di tedesco a Monaco di Baviera | Axioma Sprachschule M\u00fcnchen\" \/>\n<meta property=\"og:url\" content=\"https:\/\/www.sprachschule-axioma.de\/it\/\" \/>\n<meta property=\"og:site_name\" content=\"Axioma Sprachschule M\u00fcnchen\" \/>\n<meta property=\"article:modified_time\" content=\"2026-02-21T15:26:04+00:00\" \/>\n<meta name=\"twitter:card\" content=\"summary_large_image\" \/>\n<meta name=\"twitter:label1\" content=\"Tempo di lettura stimato\" \/>\n\t<meta name=\"twitter:data1\" content=\"50 minuti\" \/>\n<script type=\"application\/ld+json\" class=\"yoast-schema-graph\">{\"@context\":\"https:\/\/schema.org\",\"@graph\":[{\"@type\":\"WebPage\",\"@id\":\"https:\/\/www.sprachschule-axioma.de\/it\/\",\"url\":\"https:\/\/www.sprachschule-axioma.de\/it\/\",\"name\":\"Corso di tedesco a Monaco di Baviera | Axioma Sprachschule M\u00fcnchen\",\"isPartOf\":{\"@id\":\"https:\/\/www.sprachschule-axioma.de\/it\/#website\"},\"datePublished\":\"2020-03-24T14:22:27+00:00\",\"dateModified\":\"2026-02-21T15:26:04+00:00\",\"breadcrumb\":{\"@id\":\"https:\/\/www.sprachschule-axioma.de\/it\/#breadcrumb\"},\"inLanguage\":\"it-IT\",\"potentialAction\":[{\"@type\":\"ReadAction\",\"target\":[\"https:\/\/www.sprachschule-axioma.de\/it\/\"]}]},{\"@type\":\"BreadcrumbList\",\"@id\":\"https:\/\/www.sprachschule-axioma.de\/it\/#breadcrumb\",\"itemListElement\":[{\"@type\":\"ListItem\",\"position\":1,\"name\":\"Home\",\"item\":\"https:\/\/www.sprachschule-axioma.de\/it\/\"},{\"@type\":\"ListItem\",\"position\":2,\"name\":\"Corso di tedesco a Monaco di Baviera\"}]},{\"@type\":\"WebSite\",\"@id\":\"https:\/\/www.sprachschule-axioma.de\/it\/#website\",\"url\":\"https:\/\/www.sprachschule-axioma.de\/it\/\",\"name\":\"Axioma Sprachschule M\u00fcnchen\",\"description\":\"Deine Sprachschule in M\u00fcnchen\",\"publisher\":{\"@id\":\"https:\/\/www.sprachschule-axioma.de\/it\/#organization\"},\"potentialAction\":[{\"@type\":\"SearchAction\",\"target\":{\"@type\":\"EntryPoint\",\"urlTemplate\":\"https:\/\/www.sprachschule-axioma.de\/it\/?s={search_term_string}\"},\"query-input\":\"required name=search_term_string\"}],\"inLanguage\":\"it-IT\"},{\"@type\":\"Organization\",\"@id\":\"https:\/\/www.sprachschule-axioma.de\/it\/#organization\",\"name\":\"Sprachschule Axioma\",\"url\":\"https:\/\/www.sprachschule-axioma.de\/it\/\",\"logo\":{\"@type\":\"ImageObject\",\"inLanguage\":\"it-IT\",\"@id\":\"https:\/\/www.sprachschule-axioma.de\/it\/#\/schema\/logo\/image\/\",\"url\":\"https:\/\/www.sprachschule-axioma.de\/wp-content\/uploads\/2020\/03\/logo.jpg\",\"contentUrl\":\"https:\/\/www.sprachschule-axioma.de\/wp-content\/uploads\/2020\/03\/logo.jpg\",\"width\":200,\"height\":51,\"caption\":\"Sprachschule Axioma\"},\"image\":{\"@id\":\"https:\/\/www.sprachschule-axioma.de\/it\/#\/schema\/logo\/image\/\"}}]}<\/script>\n<!-- \/ Yoast SEO plugin. -->","yoast_head_json":{"title":"Corso di tedesco a Monaco di Baviera | Axioma Sprachschule M\u00fcnchen","robots":{"index":"index","follow":"follow","max-snippet":"max-snippet:-1","max-image-preview":"max-image-preview:large","max-video-preview":"max-video-preview:-1"},"canonical":"https:\/\/www.sprachschule-axioma.de\/it\/","og_locale":"it_IT","og_type":"article","og_title":"Corso di tedesco a Monaco di Baviera | Axioma Sprachschule M\u00fcnchen","og_url":"https:\/\/www.sprachschule-axioma.de\/it\/","og_site_name":"Axioma Sprachschule M\u00fcnchen","article_modified_time":"2026-02-21T15:26:04+00:00","twitter_card":"summary_large_image","twitter_misc":{"Tempo di lettura stimato":"50 minuti"},"schema":{"@context":"https:\/\/schema.org","@graph":[{"@type":"WebPage","@id":"https:\/\/www.sprachschule-axioma.de\/it\/","url":"https:\/\/www.sprachschule-axioma.de\/it\/","name":"Corso di tedesco a Monaco di Baviera | Axioma Sprachschule M\u00fcnchen","isPartOf":{"@id":"https:\/\/www.sprachschule-axioma.de\/it\/#website"},"datePublished":"2020-03-24T14:22:27+00:00","dateModified":"2026-02-21T15:26:04+00:00","breadcrumb":{"@id":"https:\/\/www.sprachschule-axioma.de\/it\/#breadcrumb"},"inLanguage":"it-IT","potentialAction":[{"@type":"ReadAction","target":["https:\/\/www.sprachschule-axioma.de\/it\/"]}]},{"@type":"BreadcrumbList","@id":"https:\/\/www.sprachschule-axioma.de\/it\/#breadcrumb","itemListElement":[{"@type":"ListItem","position":1,"name":"Home","item":"https:\/\/www.sprachschule-axioma.de\/it\/"},{"@type":"ListItem","position":2,"name":"Corso di tedesco a Monaco di Baviera"}]},{"@type":"WebSite","@id":"https:\/\/www.sprachschule-axioma.de\/it\/#website","url":"https:\/\/www.sprachschule-axioma.de\/it\/","name":"Axioma Sprachschule M\u00fcnchen","description":"Deine Sprachschule in M\u00fcnchen","publisher":{"@id":"https:\/\/www.sprachschule-axioma.de\/it\/#organization"},"potentialAction":[{"@type":"SearchAction","target":{"@type":"EntryPoint","urlTemplate":"https:\/\/www.sprachschule-axioma.de\/it\/?s={search_term_string}"},"query-input":"required name=search_term_string"}],"inLanguage":"it-IT"},{"@type":"Organization","@id":"https:\/\/www.sprachschule-axioma.de\/it\/#organization","name":"Sprachschule Axioma","url":"https:\/\/www.sprachschule-axioma.de\/it\/","logo":{"@type":"ImageObject","inLanguage":"it-IT","@id":"https:\/\/www.sprachschule-axioma.de\/it\/#\/schema\/logo\/image\/","url":"https:\/\/www.sprachschule-axioma.de\/wp-content\/uploads\/2020\/03\/logo.jpg","contentUrl":"https:\/\/www.sprachschule-axioma.de\/wp-content\/uploads\/2020\/03\/logo.jpg","width":200,"height":51,"caption":"Sprachschule Axioma"},"image":{"@id":"https:\/\/www.sprachschule-axioma.de\/it\/#\/schema\/logo\/image\/"}}]}},"_links":{"self":[{"href":"https:\/\/www.sprachschule-axioma.de\/it\/wp-json\/wp\/v2\/pages\/16690"}],"collection":[{"href":"https:\/\/www.sprachschule-axioma.de\/it\/wp-json\/wp\/v2\/pages"}],"about":[{"href":"https:\/\/www.sprachschule-axioma.de\/it\/wp-json\/wp\/v2\/types\/page"}],"author":[{"embeddable":true,"href":"https:\/\/www.sprachschule-axioma.de\/it\/wp-json\/wp\/v2\/users\/2"}],"replies":[{"embeddable":true,"href":"https:\/\/www.sprachschule-axioma.de\/it\/wp-json\/wp\/v2\/comments?post=16690"}],"version-history":[{"count":83,"href":"https:\/\/www.sprachschule-axioma.de\/it\/wp-json\/wp\/v2\/pages\/16690\/revisions"}],"predecessor-version":[{"id":24231,"href":"https:\/\/www.sprachschule-axioma.de\/it\/wp-json\/wp\/v2\/pages\/16690\/revisions\/24231"}],"wp:attachment":[{"href":"https:\/\/www.sprachschule-axioma.de\/it\/wp-json\/wp\/v2\/media?parent=16690"}],"curies":[{"name":"wp","href":"https:\/\/api.w.org\/{rel}","templated":true}]}}