{"id":16688,"date":"2020-03-24T15:22:27","date_gmt":"2020-03-24T14:22:27","guid":{"rendered":"http:\/\/sprachschule-axioma.net\/home\/"},"modified":"2026-02-21T16:32:34","modified_gmt":"2026-02-21T15:32:34","slug":"cours-dallemand-a-munich","status":"publish","type":"page","link":"https:\/\/www.sprachschule-axioma.de\/fr\/","title":{"rendered":"Cours d\u2019allemand \u00e0 Munich \u2013 petits groupes"},"content":{"rendered":"<p><div class=\"fusion-fullwidth fullwidth-box fusion-builder-row-1 nonhundred-percent-fullwidth non-hundred-percent-height-scrolling\" style=\"background-color: rgba(255,255,255,0);background-position: center center;background-repeat: no-repeat;padding-top:0px;padding-right:0px;padding-bottom:0px;padding-left:0px;margin-bottom: 0px;margin-top: 0px;border-width: 0px 0px 0px 0px;border-color:#e2e2e2;border-style:solid;\" ><div class=\"fusion-builder-row fusion-row\"><div class=\"fusion-layout-column fusion_builder_column fusion-builder-column-0 fusion_builder_column_1_1 1_1 fusion-one-full fusion-column-first fusion-column-last\" style=\"margin-top:0px;margin-bottom:20px;\"><div class=\"fusion-column-wrapper fusion-flex-column-wrapper-legacy\" style=\"background-position:left top;background-repeat:no-repeat;-webkit-background-size:cover;-moz-background-size:cover;-o-background-size:cover;background-size:cover;padding: 0px 0px 0px 0px;\">\n<div class=\"fusion-slider-revolution rev_slider_wrapper\">\t\t\t<!-- START Startseitensprachen REVOLUTION SLIDER 6.5.2 --><p class=\"rs-p-wp-fix\"><\/p>\n\t\t\t<rs-module-wrap id=\"rev_slider_2_1_wrapper\" data-source=\"gallery\" style=\"visibility:hidden;background:transparent;padding:0;margin:0px auto;margin-top:0;margin-bottom:0;\">\n\t\t\t\t<rs-module id=\"rev_slider_2_1\" style=\"\" data-version=\"6.5.2\">\n\t\t\t\t\t<rs-slides>\n\t\t\t\t\t\t<rs-slide data-key=\"rs-7\" data-title=\"Slide\" data-in=\"o:0;\" data-out=\"a:false;\">\n\t\t\t\t\t\t\t<img src=\"\/\/www.sprachschule-axioma.de\/wp-content\/plugins\/revslider\/public\/assets\/assets\/dummy.png\" title=\"AxiomaEingang-1-1-scaled\" width=\"2000\" height=\"443\" class=\"rev-slidebg tp-rs-img rs-lazyload\" data-lazyload=\"\/\/www.sprachschule-axioma.de\/wp-content\/uploads\/2023\/05\/AxiomaEingang-1-1-scaled-2.jpg\" data-no-retina>\n<!--\n\t\t\t\t\t\t\t--><rs-layer\n\t\t\t\t\t\t\t\tid=\"slider-2-slide-7-layer-0\" \n\t\t\t\t\t\t\t\tdata-type=\"text\"\n\t\t\t\t\t\t\t\tdata-color=\"#1a80b6\"\n\t\t\t\t\t\t\t\tdata-rsp_ch=\"on\"\n\t\t\t\t\t\t\t\tdata-xy=\"x:322px;y:205px;\"\n\t\t\t\t\t\t\t\tdata-text=\"w:normal;s:48;l:61;\"\n\t\t\t\t\t\t\t\tdata-dim=\"minh:0;\"\n\t\t\t\t\t\t\t\tdata-padding=\"t:12;r:12;b:12;l:12;\"\n\t\t\t\t\t\t\t\tdata-frame_1=\"e:power3.out;st:170;sR:170;\"\n\t\t\t\t\t\t\t\tdata-frame_999=\"o:0;st:w;sR:8530;\"\n\t\t\t\t\t\t\t\tstyle=\"z-index:9;background-color:rgba(255,255,255,0.8);font-family:Raleway;\"\n\t\t\t\t\t\t\t>Language school Axioma Munich  \n\t\t\t\t\t\t\t<\/rs-layer><!--\n\n\t\t\t\t\t\t\t--><rs-layer\n\t\t\t\t\t\t\t\tid=\"slider-2-slide-7-layer-1\" \n\t\t\t\t\t\t\t\tdata-type=\"text\"\n\t\t\t\t\t\t\t\tdata-color=\"#1a80b6\"\n\t\t\t\t\t\t\t\tdata-rsp_ch=\"on\"\n\t\t\t\t\t\t\t\tdata-xy=\"x:369px;y:321px;\"\n\t\t\t\t\t\t\t\tdata-text=\"w:normal;s:32;l:40;\"\n\t\t\t\t\t\t\t\tdata-padding=\"t:10;r:10;b:10;l:10;\"\n\t\t\t\t\t\t\t\tdata-frame_1=\"st:300;sR:300;\"\n\t\t\t\t\t\t\t\tdata-frame_999=\"o:0;st:w;sR:8400;\"\n\t\t\t\t\t\t\t\tstyle=\"z-index:8;background-color:rgba(255,255,255,0.8);font-family:Raleway;\"\n\t\t\t\t\t\t\t>intensive german course in a small group \n\t\t\t\t\t\t\t<\/rs-layer><!--\n-->\t\t\t\t\t\t<\/rs-slide>\n\t\t\t\t\t\t<rs-slide data-key=\"rs-71\" data-title=\"Slide\" data-in=\"o:0;\" data-out=\"a:false;\">\n\t\t\t\t\t\t\t<img src=\"\/\/www.sprachschule-axioma.de\/wp-content\/plugins\/revslider\/public\/assets\/assets\/dummy.png\" title=\"AxiomaEingang-1-1-scaled\" width=\"2000\" height=\"443\" class=\"rev-slidebg tp-rs-img rs-lazyload\" data-lazyload=\"\/\/www.sprachschule-axioma.de\/wp-content\/uploads\/2023\/05\/AxiomaEingang-1-1-scaled-2.jpg\" data-no-retina>\n<!--\n\t\t\t\t\t\t\t--><rs-layer\n\t\t\t\t\t\t\t\tid=\"slider-2-slide-71-layer-0\" \n\t\t\t\t\t\t\t\tdata-type=\"text\"\n\t\t\t\t\t\t\t\tdata-color=\"#1a80b6\"\n\t\t\t\t\t\t\t\tdata-rsp_ch=\"on\"\n\t\t\t\t\t\t\t\tdata-xy=\"x:322px;y:205px;\"\n\t\t\t\t\t\t\t\tdata-text=\"w:normal;s:48;l:61;\"\n\t\t\t\t\t\t\t\tdata-dim=\"minh:0;\"\n\t\t\t\t\t\t\t\tdata-padding=\"t:12;r:12;b:12;l:12;\"\n\t\t\t\t\t\t\t\tdata-frame_1=\"e:power3.out;st:170;sR:170;\"\n\t\t\t\t\t\t\t\tdata-frame_999=\"o:0;st:w;sR:8530;\"\n\t\t\t\t\t\t\t\tstyle=\"z-index:9;background-color:rgba(255,255,255,0.8);font-family:Raleway;\"\n\t\t\t\t\t\t\t>Language school Axioma Munich  \n\t\t\t\t\t\t\t<\/rs-layer><!--\n\n\t\t\t\t\t\t\t--><rs-layer\n\t\t\t\t\t\t\t\tid=\"slider-2-slide-71-layer-1\" \n\t\t\t\t\t\t\t\tdata-type=\"text\"\n\t\t\t\t\t\t\t\tdata-color=\"#1a80b6\"\n\t\t\t\t\t\t\t\tdata-rsp_ch=\"on\"\n\t\t\t\t\t\t\t\tdata-xy=\"x:369px;y:321px;\"\n\t\t\t\t\t\t\t\tdata-text=\"w:normal;s:32;l:40;\"\n\t\t\t\t\t\t\t\tdata-padding=\"t:10;r:10;b:10;l:10;\"\n\t\t\t\t\t\t\t\tdata-frame_1=\"st:300;sR:300;\"\n\t\t\t\t\t\t\t\tdata-frame_999=\"o:0;st:w;sR:8400;\"\n\t\t\t\t\t\t\t\tstyle=\"z-index:8;background-color:rgba(255,255,255,0.8);font-family:Raleway;\"\n\t\t\t\t\t\t\t>intensive german course in a small group \n\t\t\t\t\t\t\t<\/rs-layer><!--\n-->\t\t\t\t\t\t<\/rs-slide>\n\t\t\t\t\t<\/rs-slides>\n\t\t\t\t<\/rs-module>\n\t\t\t\t<script type=\"text\/javascript\">\n\t\t\t\t\tsetREVStartSize({c: 'rev_slider_2_1',rl:[1240,1024,778,480],el:[450],gw:[1240],gh:[450],type:'standard',justify:'',layout:'fullwidth',mh:\"0\"});\n\t\t\t\t<\/script>\n\t\t\t<\/rs-module-wrap>\n\t\t\t<!-- END REVOLUTION SLIDER -->\n<\/div><div class=\"fusion-clearfix\"><\/div><\/div><\/div><\/div><\/div><div class=\"fusion-fullwidth fullwidth-box fusion-builder-row-2 nonhundred-percent-fullwidth non-hundred-percent-height-scrolling\" style=\"background-color: rgba(255,255,255,0);background-position: center center;background-repeat: no-repeat;padding-top:0px;padding-right:0px;padding-bottom:0px;padding-left:0px;margin-bottom: 0px;margin-top: 0px;border-width: 0px 0px 0px 0px;border-color:#e2e2e2;border-style:solid;\" ><div class=\"fusion-builder-row fusion-row\"><div class=\"fusion-layout-column fusion_builder_column fusion-builder-column-1 fusion_builder_column_1_1 1_1 fusion-one-full fusion-column-first fusion-column-last\" style=\"margin-top:0px;margin-bottom:20px;\"><div class=\"fusion-column-wrapper fusion-flex-column-wrapper-legacy\" style=\"background-position:left top;background-repeat:no-repeat;-webkit-background-size:cover;-moz-background-size:cover;-o-background-size:cover;background-size:cover;padding: 0px 0px 0px 0px;\"><style type=\"text\/css\"><\/style><div class=\"fusion-title title fusion-title-1 fusion-title-text fusion-title-size-one\" style=\"margin-top:10px;margin-right:0px;margin-bottom:15px;margin-left:0px;\"><h1 class=\"title-heading-left\" style=\"margin:0;\">\u00c9cole de langue Axioma &#8211; Apprendre l&rsquo;allemand \u00e0 Munich &#8211; \u00e9galement en ligne en direct<\/h1><span class=\"awb-title-spacer\"><\/span><div class=\"title-sep-container\"><div class=\"title-sep sep-double sep-solid\" style=\"border-color:#e2e2e2;\"><\/div><\/div><\/div><div class=\"fusion-text fusion-text-1\"><p>Nous proposons des cours d&rsquo;allemand sp\u00e9ciaux \u00e0 Munich en petits groupes. Dans notre cours d&rsquo;allemand \u00e0 Munich, vous aurez votre mot \u00e0 dire et apprendrez l&rsquo;allemand rapidement. Une formation individuelle sp\u00e9ciale est possible. \u00c0 la fin du cours, vous recevrez un certificat de participation.<\/p>\n<p>\u00c9tant donn\u00e9 que nous sommes un centre d&rsquo;examen TELC officiel, vous pouvez \u00e9galement passer un examen officiel TELC avec nous et recevoir un certificat TELC allemand si vous r\u00e9ussissez.<\/p>\n<p>Le cours d&rsquo;allemand dans notre \u00e9cole de langue \u00e0 Munich a de grandes le\u00e7ons. Vous pouvez r\u00e9server des cours d&rsquo;allemand le matin, l&rsquo;apr\u00e8s-midi, le soir et m\u00eame le samedi.<\/p>\n<p>Munich et ses environs ont tant \u00e0 offrir! Visites de l&rsquo;Oktoberfest, du mus\u00e9e BMW, de la r\u00e9daction de la S\u00fcddeutsche Zeitung, des studios de cin\u00e9ma de Bavi\u00e8re et bien plus encore! Nous montrons aux \u00e9tudiants les endroits les plus beaux et les plus int\u00e9ressants de Munich lors de nos excursions. Vous apprendrez \u00e0 conna\u00eetre la culture et l&rsquo;histoire de la ville ou des environs et, enfin et surtout, vous pratiquerez de mani\u00e8re ludique pour appliquer vos comp\u00e9tences en allemand en parlant des nombreux sites et curiosit\u00e9s.<\/p>\n<p>Apr\u00e8s tout, si vous \u00e9tiez spectateur pour la premi\u00e8re fois pendant le recadrage, vous ne pouvez pas le laisser sans commentaire, n&rsquo;est-ce pas?<\/p>\n<\/div><div class=\"fusion-text fusion-text-2\"><h2>Nous proposons des cours d\u2019allemand au c\u0153ur de Munich<\/h2>\n<p>Les cours d\u2019allemand de l\u2019\u00e9cole de langues Axioma \u00e0 Munich (cours semi-intensifs avec 4 heures de cours\/semaine \u00e0 partir de 165,00 \u20ac\/4 semaines) (cours intensifs avec 20 heures de cours\/semaine \u00e0 partir de 540,00 \u20ac\/4 semaines) ont lieu dans de belles salles au c\u0153ur de Munich et se d\u00e9roulent dans une atmosph\u00e8re agr\u00e9able et chaleureuse. Des petits groupes et un suivi individuel garantissent que les participants puissent atteindre les objectifs du cours rapidement. Le cours intensif du matin (20 heures de cours\/semaine) permet de demander ou de prolonger un visa d&rsquo;\u00e9tudiant en langue (visa linguistique pour participer \u00e0 un cours d&rsquo;allemand).<\/p>\n<p>Les cours ont lieu au plein centre de Munich, dans un des plus beaux quartiers de la ville, la Maxvorstadt.\u00a0L\u2019acad\u00e9mie de langues Axioma se trouve dans la T\u00fcrkenstra\u00dfe dans le voisinage imm\u00e9diat de l\u2019universit\u00e9. Les environnements de la Georg-Elser-Platz, avec de nombreux caf\u00e9s et de petites boutiques \u00e9voquent l\u2019atmosph\u00e8re du quartier de la Sorbonne \u00e0 Paris. L\u2019\u00e9cole de langues se trouve dans un immeuble class\u00e9 monument historique de 1880. Les salles confortables sont am\u00e9nag\u00e9es avec du style et poss\u00e8dent un charme particulier. L\u2019\u00e9cole de langue Axioma est entour\u00e9e de caf\u00e9s et de restaurants sympathiques\u00a0: Zeitgeist, Pavesi, Alter Simpl, T\u00fcrkenhof, Newsbar, Schall und Rauch, Puck ou encore le Tresznewski. Et pourquoi ne pas aller \u00e0 la d\u00e9couverte de la ville, apr\u00e8s les cours\u00a0?<\/p>\n<p><strong>WLAN (WiFi), coffee, tea and biscuits gratis!<\/strong><\/p>\n<\/div><style type=\"text\/css\"><\/style><div class=\"fusion-title title fusion-title-2 fusion-title-center fusion-title-text fusion-title-size-two\" style=\"margin-top:10px;margin-right:0px;margin-bottom:15px;margin-left:0px;\"><div class=\"title-sep-container title-sep-container-left\"><div class=\"title-sep sep-double sep-solid\" style=\"border-color:#e2e2e2;\"><\/div><\/div><span class=\"awb-title-spacer\"><\/span><h2 class=\"title-heading-center\" style=\"margin:0;\">Axioma est un centre d&rsquo;examens telc<\/h2><span class=\"awb-title-spacer\"><\/span><div class=\"title-sep-container title-sep-container-right\"><div class=\"title-sep sep-double sep-solid\" style=\"border-color:#e2e2e2;\"><\/div><\/div><\/div><div class=\"fusion-text fusion-text-3\"><p>Le certificat Telc Deutsch C1 Hochschule par exemple est accept\u00e9 pour l\u2019admission \u00e0 toutes les universit\u00e9s allemandes et \u00e0 d\u2019autres \u00e9tablissements d\u2019enseignement sup\u00e9rieur. Nous mettons \u00e0 disposition un cours de pr\u00e9paration.<\/p>\n<\/div><span class=\" fusion-imageframe imageframe-none imageframe-1 hover-type-none\"><img decoding=\"async\" width=\"300\" height=\"172\" title=\"Smilelogo_claim_21.8\" src=\"https:\/\/www.sprachschule-axioma.de\/wp-content\/uploads\/2020\/03\/TELC_grau-300x172-4.jpg\" class=\"img-responsive wp-image-16664\" srcset=\"https:\/\/www.sprachschule-axioma.de\/wp-content\/uploads\/2020\/03\/TELC_grau-300x172-4-200x115.jpg 200w, https:\/\/www.sprachschule-axioma.de\/wp-content\/uploads\/2020\/03\/TELC_grau-300x172-4.jpg 300w\" sizes=\"(max-width: 800px) 100vw, 300px\" \/><\/span><div class=\"fusion-sep-clear\"><\/div><div class=\"fusion-separator fusion-full-width-sep\" style=\"margin-left: auto;margin-right: auto;width:100%;\"><div class=\"fusion-separator-border sep-double\" style=\"border-color:#e2e2e2;border-top-width:1px;border-bottom-width:1px;\"><\/div><\/div><div class=\"fusion-sep-clear\"><\/div><div class=\"fusion-clearfix\"><\/div><\/div><\/div><\/div><\/div><div class=\"fusion-fullwidth fullwidth-box fusion-builder-row-3 nonhundred-percent-fullwidth non-hundred-percent-height-scrolling\" style=\"background-color: rgba(255,255,255,0);background-position: center center;background-repeat: no-repeat;padding-top:0px;padding-right:0px;padding-bottom:0px;padding-left:0px;margin-bottom: 0px;margin-top: 0px;border-width: 0px 0px 0px 0px;border-color:#e2e2e2;border-style:solid;\" ><div class=\"fusion-builder-row fusion-row\"><div class=\"fusion-layout-column fusion_builder_column fusion-builder-column-2 fusion_builder_column_1_3 1_3 fusion-one-third fusion-column-first\" style=\"width:33.333333333333%;width:calc(33.333333333333% - ( ( 4% + 4% ) * 0.33333333333333 ) );margin-right: 4%;margin-top:0px;margin-bottom:20px;\"><div class=\"fusion-column-wrapper fusion-flex-column-wrapper-legacy\" style=\"background-position:left top;background-repeat:no-repeat;-webkit-background-size:cover;-moz-background-size:cover;-o-background-size:cover;background-size:cover;padding: 0px 0px 0px 0px;\">\n<div class=\"table-1\">\n<table width=\"100%\">\n<thead>\n<tr>\n<th align=\"left\"><strong>Cours intensif allemand A1.1.<\/strong><\/th>\n<\/tr>\n<\/thead>\n<tbody>\n<tr>\n<td><strong>Start:\u00a0<\/strong> 2 mars, 4 mai, 29 juin, 24 aout, 19 octobre 2026, 4 janvier, 1 mars 2027<\/td>\n<\/tr>\n<tr>\n<td>Heures \/ Semaine: 20<\/td>\n<\/tr>\n<tr>\n<td>Horaire: 10.00 &#8211; 13.15<\/td>\n<\/tr>\n<tr>\n<td>Jours: lundi &#8211; vendredi<\/td>\n<\/tr>\n<tr>\n<td><strong>Prix: \u00e0 partir de 540,00 \u20ac \/ 4 semaines <\/strong><\/td>\n<\/tr>\n<\/tbody>\n<\/table>\n<\/div>\n<div class=\"fusion-sep-clear\"><\/div><div class=\"fusion-separator fusion-full-width-sep\" style=\"margin-left: auto;margin-right: auto;margin-top:10px;width:100%;\"><\/div><div class=\"fusion-sep-clear\"><\/div><div class=\"fusion-clearfix\"><\/div><\/div><\/div><div class=\"fusion-layout-column fusion_builder_column fusion-builder-column-3 fusion_builder_column_1_3 1_3 fusion-one-third\" style=\"width:33.333333333333%;width:calc(33.333333333333% - ( ( 4% + 4% ) * 0.33333333333333 ) );margin-right: 4%;margin-top:0px;margin-bottom:20px;\"><div class=\"fusion-column-wrapper fusion-flex-column-wrapper-legacy\" style=\"background-position:left top;background-repeat:no-repeat;-webkit-background-size:cover;-moz-background-size:cover;-o-background-size:cover;background-size:cover;padding: 0px 0px 0px 0px;\">\n<div class=\"table-1\">\n<table width=\"100%\">\n<thead>\n<tr>\n<th align=\"left\"><strong>Cours intensif allemand A1.2.<\/strong><\/th>\n<\/tr>\n<\/thead>\n<tbody>\n<tr>\n<td><strong>Start:<\/strong>\u00a0 30 mars, 1 juin, 27 juillet, 21 septembre, 16 novembre, 1 f\u00e9vrier 2026<\/td>\n<\/tr>\n<tr>\n<td>Heures \/ Semaine: 20<\/td>\n<\/tr>\n<tr>\n<td>Horaire: 10.00 &#8211; 13.15<\/td>\n<\/tr>\n<tr>\n<td>Jours: lundi &#8211; vendredi<\/td>\n<\/tr>\n<tr>\n<td><strong>Prix: \u00e0 partir de 540,00 \u20ac \/ 4 semaines <\/strong><\/td>\n<\/tr>\n<\/tbody>\n<\/table>\n<\/div>\n<div class=\"fusion-sep-clear\"><\/div><div class=\"fusion-separator fusion-full-width-sep\" style=\"margin-left: auto;margin-right: auto;margin-top:10px;width:100%;\"><\/div><div class=\"fusion-sep-clear\"><\/div><div class=\"fusion-clearfix\"><\/div><\/div><\/div><div class=\"fusion-layout-column fusion_builder_column fusion-builder-column-4 fusion_builder_column_1_3 1_3 fusion-one-third fusion-column-last\" style=\"width:33.333333333333%;width:calc(33.333333333333% - ( ( 4% + 4% ) * 0.33333333333333 ) );margin-top:0px;margin-bottom:20px;\"><div class=\"fusion-column-wrapper fusion-flex-column-wrapper-legacy\" style=\"background-position:left top;background-repeat:no-repeat;-webkit-background-size:cover;-moz-background-size:cover;-o-background-size:cover;background-size:cover;padding: 0px 0px 0px 0px;\">\n<div class=\"table-1\">\n<table width=\"100%\">\n<thead>\n<tr>\n<th align=\"left\"><strong>Cours intensif allemand A2.1.<\/strong><\/th>\n<\/tr>\n<\/thead>\n<tbody>\n<tr>\n<td><strong>Start: <\/strong>2 mars, 4 mai, 29 juin, 24 aout 2026, 4 janvier, 1 mars 2027<\/td>\n<\/tr>\n<tr>\n<td>Heures \/ Semaine: 20<\/td>\n<\/tr>\n<tr>\n<td>Horaire: 10.00 &#8211; 13.15<\/td>\n<\/tr>\n<tr>\n<td>Jours: lundi &#8211; vendredi<\/td>\n<\/tr>\n<tr>\n<td><strong>Prix: \u00e0 partir de 540,00 \u20ac \/ 4 semaines<\/strong><\/td>\n<\/tr>\n<\/tbody>\n<\/table>\n<\/div>\n<div class=\"fusion-sep-clear\"><\/div><div class=\"fusion-separator fusion-full-width-sep\" style=\"margin-left: auto;margin-right: auto;margin-top:10px;width:100%;\"><\/div><div class=\"fusion-sep-clear\"><\/div><div class=\"fusion-clearfix\"><\/div><\/div><\/div><\/div><\/div><div class=\"fusion-fullwidth fullwidth-box fusion-builder-row-4 nonhundred-percent-fullwidth non-hundred-percent-height-scrolling\" style=\"background-color: rgba(255,255,255,0);background-position: center center;background-repeat: no-repeat;padding-top:0px;padding-right:0px;padding-bottom:0px;padding-left:0px;margin-bottom: 0px;margin-top: 0px;border-width: 0px 0px 0px 0px;border-color:#e2e2e2;border-style:solid;\" ><div class=\"fusion-builder-row fusion-row\"><div class=\"fusion-layout-column fusion_builder_column fusion-builder-column-5 fusion_builder_column_1_3 1_3 fusion-one-third fusion-column-first\" style=\"width:33.333333333333%;width:calc(33.333333333333% - ( ( 4% + 4% ) * 0.33333333333333 ) );margin-right: 4%;margin-top:0px;margin-bottom:20px;\"><div class=\"fusion-column-wrapper fusion-flex-column-wrapper-legacy\" style=\"background-position:left top;background-repeat:no-repeat;-webkit-background-size:cover;-moz-background-size:cover;-o-background-size:cover;background-size:cover;padding: 0px 0px 0px 0px;\">\n<div class=\"table-1\">\n<table width=\"100%\">\n<thead>\n<tr>\n<th align=\"left\"><strong>Cours intensif allemand A2.2.<br \/>\n<\/strong><\/th>\n<\/tr>\n<\/thead>\n<tbody>\n<tr>\n<td><strong>Start: <\/strong>30 mars, 1 juin, 27 juillet, 21 septembre, 16 novembre 2026, 1 f\u00e9vrier 2027<\/td>\n<\/tr>\n<tr>\n<td>Heures \/ Semaine: 20<\/td>\n<\/tr>\n<tr>\n<td>Horaire: 10.00 &#8211; 13.15<\/td>\n<\/tr>\n<tr>\n<td>Jours: lundi &#8211; vendredi<\/td>\n<\/tr>\n<tr>\n<td><strong>Prix: \u00e0 partir de 540,00 \u20ac \/ 4 semaines<\/strong><\/td>\n<\/tr>\n<\/tbody>\n<\/table>\n<\/div>\n<div class=\"fusion-sep-clear\"><\/div><div class=\"fusion-separator fusion-full-width-sep\" style=\"margin-left: auto;margin-right: auto;margin-top:10px;width:100%;\"><\/div><div class=\"fusion-sep-clear\"><\/div><div class=\"fusion-clearfix\"><\/div><\/div><\/div><div class=\"fusion-layout-column fusion_builder_column fusion-builder-column-6 fusion_builder_column_1_3 1_3 fusion-one-third\" style=\"width:33.333333333333%;width:calc(33.333333333333% - ( ( 4% + 4% ) * 0.33333333333333 ) );margin-right: 4%;margin-top:0px;margin-bottom:20px;\"><div class=\"fusion-column-wrapper fusion-flex-column-wrapper-legacy\" style=\"background-position:left top;background-repeat:no-repeat;-webkit-background-size:cover;-moz-background-size:cover;-o-background-size:cover;background-size:cover;padding: 0px 0px 0px 0px;\">\n<div class=\"table-1\">\n<table width=\"100%\">\n<thead>\n<tr>\n<th align=\"left\"><strong>Cours intensif allemand B1.1.<\/strong><\/th>\n<\/tr>\n<\/thead>\n<tbody>\n<tr>\n<td><strong>Start: <\/strong>2 mars, 4 mai, 29 juin, 24 aout, 19 octobre 2026, 4 janvier, 1 mars 2027 (apr\u00e8s un test chaque lundi)<\/td>\n<\/tr>\n<tr>\n<td>Heures \/ Semaine: 20<\/td>\n<\/tr>\n<tr>\n<td>Horaire: 10.00 &#8211; 13.15<\/td>\n<\/tr>\n<tr>\n<td>Jours: lundi &#8211; vendredi<\/td>\n<\/tr>\n<tr>\n<td><strong>Prix: \u00e0 partir de 540,00 \u20ac \/ 4 semaines <\/strong><\/td>\n<\/tr>\n<\/tbody>\n<\/table>\n<\/div>\n<div class=\"fusion-sep-clear\"><\/div><div class=\"fusion-separator fusion-full-width-sep\" style=\"margin-left: auto;margin-right: auto;margin-top:10px;width:100%;\"><\/div><div class=\"fusion-sep-clear\"><\/div><div class=\"fusion-clearfix\"><\/div><\/div><\/div><div class=\"fusion-layout-column fusion_builder_column fusion-builder-column-7 fusion_builder_column_1_3 1_3 fusion-one-third fusion-column-last\" style=\"width:33.333333333333%;width:calc(33.333333333333% - ( ( 4% + 4% ) * 0.33333333333333 ) );margin-top:0px;margin-bottom:20px;\"><div class=\"fusion-column-wrapper fusion-flex-column-wrapper-legacy\" style=\"background-position:left top;background-repeat:no-repeat;-webkit-background-size:cover;-moz-background-size:cover;-o-background-size:cover;background-size:cover;padding: 0px 0px 0px 0px;\">\n<div class=\"table-1\">\n<table width=\"100%\">\n<thead>\n<tr>\n<th align=\"left\"><strong>Cours intensif allemand B1.2.<\/strong><\/th>\n<\/tr>\n<\/thead>\n<tbody>\n<tr>\n<td><strong>Start: <\/strong>30 mars, 1 juin, 27 juillet, 21 septembre, 16 novembre 2026, 1 f\u00e9vrier 2027 (apr\u00e8s un test chaque lundi)<\/td>\n<\/tr>\n<tr>\n<td>Heures \/ Semaine: 20<\/td>\n<\/tr>\n<tr>\n<td>Horaire: 10.00 &#8211; 13.15<\/td>\n<\/tr>\n<tr>\n<td>Jours: lundi &#8211; vendredi<\/td>\n<\/tr>\n<tr>\n<td><strong>Prix: \u00e0 partir de 540,00 \u20ac \/ 4 semaines <\/strong><\/td>\n<\/tr>\n<\/tbody>\n<\/table>\n<\/div>\n<div class=\"fusion-sep-clear\"><\/div><div class=\"fusion-separator fusion-full-width-sep\" style=\"margin-left: auto;margin-right: auto;margin-top:10px;width:100%;\"><\/div><div class=\"fusion-sep-clear\"><\/div><div class=\"fusion-clearfix\"><\/div><\/div><\/div><\/div><\/div><div class=\"fusion-fullwidth fullwidth-box fusion-builder-row-5 nonhundred-percent-fullwidth non-hundred-percent-height-scrolling\" style=\"background-color: rgba(255,255,255,0);background-position: center center;background-repeat: no-repeat;padding-top:0px;padding-right:0px;padding-bottom:0px;padding-left:0px;margin-bottom: 0px;margin-top: 0px;border-width: 0px 0px 0px 0px;border-color:#e2e2e2;border-style:solid;\" ><div class=\"fusion-builder-row fusion-row\"><div class=\"fusion-layout-column fusion_builder_column fusion-builder-column-8 fusion_builder_column_1_3 1_3 fusion-one-third fusion-column-first\" style=\"width:33.333333333333%;width:calc(33.333333333333% - ( ( 4% + 4% ) * 0.33333333333333 ) );margin-right: 4%;margin-top:0px;margin-bottom:20px;\"><div class=\"fusion-column-wrapper fusion-flex-column-wrapper-legacy\" style=\"background-position:left top;background-repeat:no-repeat;-webkit-background-size:cover;-moz-background-size:cover;-o-background-size:cover;background-size:cover;padding: 0px 0px 0px 0px;\">\n<div class=\"table-1\">\n<table width=\"100%\">\n<thead>\n<tr>\n<th align=\"left\"><strong>Cours intensif allemand B2<\/strong><\/th>\n<\/tr>\n<\/thead>\n<tbody>\n<tr>\n<td><strong>Start:<\/strong>\u00a0chaque lundi (apr\u00e8s un test)<\/td>\n<\/tr>\n<tr>\n<td>Heures \/ Semaine: 20<\/td>\n<\/tr>\n<tr>\n<td>Horaire: 10.00 &#8211; 13.15<\/td>\n<\/tr>\n<tr>\n<td>Jours: lundi &#8211; vendredi<\/td>\n<\/tr>\n<tr>\n<td><strong>Prix: 590,00 \u20ac \/ 4 semaines<\/strong><\/td>\n<\/tr>\n<\/tbody>\n<\/table>\n<\/div>\n<div class=\"fusion-clearfix\"><\/div><\/div><\/div><div class=\"fusion-layout-column fusion_builder_column fusion-builder-column-9 fusion_builder_column_1_3 1_3 fusion-one-third\" style=\"width:33.333333333333%;width:calc(33.333333333333% - ( ( 4% + 4% ) * 0.33333333333333 ) );margin-right: 4%;margin-top:0px;margin-bottom:20px;\"><div class=\"fusion-column-wrapper fusion-flex-column-wrapper-legacy\" style=\"background-position:left top;background-repeat:no-repeat;-webkit-background-size:cover;-moz-background-size:cover;-o-background-size:cover;background-size:cover;padding: 0px 0px 0px 0px;\">\n<div class=\"table-1\">\n<table width=\"100%\">\n<thead>\n<tr>\n<th align=\"left\"><strong>Cours intensif allemand C1<\/strong><\/th>\n<\/tr>\n<\/thead>\n<tbody>\n<tr>\n<td><strong>Start:<\/strong>\u00a0chaque lundi (apr\u00e8s un test)<\/td>\n<\/tr>\n<tr>\n<td>Heures \/ Semaine: 20<\/td>\n<\/tr>\n<tr>\n<td>Horaire: 10.00 &#8211; 13.15<\/td>\n<\/tr>\n<tr>\n<td>Jours: lundi &#8211; vendredi<\/td>\n<\/tr>\n<tr>\n<td><strong>Prix: 595,00 \u20ac \/ 4 semaines\u00a0\u00a0\u00a0\u00a0 1090,00 \u20ac \/ 8 semaines<br \/>\n<\/strong><\/td>\n<\/tr>\n<\/tbody>\n<\/table>\n<\/div>\n<div class=\"fusion-clearfix\"><\/div><\/div><\/div><div class=\"fusion-layout-column fusion_builder_column fusion-builder-column-10 fusion_builder_column_1_3 1_3 fusion-one-third fusion-column-last\" style=\"width:33.333333333333%;width:calc(33.333333333333% - ( ( 4% + 4% ) * 0.33333333333333 ) );margin-top:0px;margin-bottom:20px;\"><div class=\"fusion-column-wrapper fusion-flex-column-wrapper-legacy\" style=\"background-position:left top;background-repeat:no-repeat;-webkit-background-size:cover;-moz-background-size:cover;-o-background-size:cover;background-size:cover;padding: 0px 0px 0px 0px;\"><div class=\"fusion-text fusion-text-4\"><p>Axioma est un centre de passation\u00a0<a href=\"http:\/\/www.telc.net\/\" target=\"_blank\" rel=\"noopener noreferrer\" data-saferedirecturl=\"https:\/\/www.google.com\/url?q=http:\/\/www.telc.net\/&amp;source=gmail&amp;ust=1571848280375000&amp;usg=AFQjCNHpLg7gh6LFG09z4Zm-djo--XXlzA\">telc<\/a>. Le certificat\u00a0<strong>Telc Deutsch C1 Hochschule<\/strong>\u00a0par exemple est accept\u00e9 pour l\u2019admission \u00e0 toutes les universit\u00e9s allemandes et \u00e0 d\u2019autres \u00e9tablissements d\u2019enseignement sup\u00e9rieur.\u00a0Nous mettons \u00e0 disposition un cours de pr\u00e9paration.<\/p>\n<\/div><div class=\"fusion-clearfix\"><\/div><\/div><\/div><\/div><\/div><div class=\"fusion-fullwidth fullwidth-box fusion-builder-row-6 fusion-flex-container nonhundred-percent-fullwidth non-hundred-percent-height-scrolling\" style=\"background-color: rgba(255,255,255,0);background-position: center center;background-repeat: no-repeat;border-width: 0px 0px 0px 0px;border-color:#e2e2e2;border-style:solid;\" ><div class=\"fusion-builder-row fusion-row fusion-flex-align-items-flex-start\" style=\"max-width:1248px;margin-left: calc(-4% \/ 2 );margin-right: calc(-4% \/ 2 );\"><div class=\"fusion-layout-column fusion_builder_column fusion-builder-column-11 fusion_builder_column_1_1 1_1 fusion-flex-column\"><div class=\"fusion-column-wrapper fusion-flex-justify-content-flex-start fusion-content-layout-column\" style=\"background-position:left top;background-repeat:no-repeat;-webkit-background-size:cover;-moz-background-size:cover;-o-background-size:cover;background-size:cover;padding: 0px 0px 0px 0px;\"><style type=\"text\/css\">@media only screen and (max-width:1024px) {.fusion-title.fusion-title-3{margin-top:10px!important; margin-right:0px!important;margin-bottom:15px!important;margin-left:0px!important;}}@media only screen and (max-width:640px) {.fusion-title.fusion-title-3{margin-top:10px!important; margin-right:0px!important;margin-bottom:10px!important; margin-left:0px!important;}}<\/style><div class=\"fusion-title title fusion-title-3 fusion-title-text fusion-title-size-one\" style=\"margin-top:10px;margin-right:0px;margin-bottom:15px;margin-left:0px;\"><div class=\"title-sep-container title-sep-container-left fusion-no-large-visibility fusion-no-medium-visibility fusion-no-small-visibility\"><div class=\"title-sep sep-double sep-solid\" style=\"border-color:#e2e2e2;\"><\/div><\/div><span class=\"awb-title-spacer fusion-no-large-visibility fusion-no-medium-visibility fusion-no-small-visibility\"><\/span><h1 class=\"title-heading-left\" style=\"margin:0;\">Axioma Language Academy and Editing<\/h1><span class=\"awb-title-spacer\"><\/span><div class=\"title-sep-container title-sep-container-right\"><div class=\"title-sep sep-double sep-solid\" style=\"border-color:#e2e2e2;\"><\/div><\/div><\/div><\/div><style type=\"text\/css\">.fusion-body .fusion-builder-column-11{width:100% !important;margin-top : 0px;margin-bottom : 20px;}.fusion-builder-column-11 > .fusion-column-wrapper {padding-top : 0px !important;padding-right : 0px !important;margin-right : 1.92%;padding-bottom : 0px !important;padding-left : 0px !important;margin-left : 1.92%;}@media only screen and (max-width:1024px) {.fusion-body .fusion-builder-column-11{width:100% !important;}.fusion-builder-column-11 > .fusion-column-wrapper {margin-right : 1.92%;margin-left : 1.92%;}}@media only screen and (max-width:640px) {.fusion-body .fusion-builder-column-11{width:100% !important;}.fusion-builder-column-11 > .fusion-column-wrapper {margin-right : 1.92%;margin-left : 1.92%;}}<\/style><\/div><\/div><style type=\"text\/css\">.fusion-body .fusion-flex-container.fusion-builder-row-6{ padding-top : 0px;margin-top : 0px;padding-right : 0px;padding-bottom : 0px;margin-bottom : 0px;padding-left : 0px;}<\/style><\/div>\n<div class=\"fusion-fullwidth fullwidth-box fusion-builder-row-7 fusion-flex-container nonhundred-percent-fullwidth non-hundred-percent-height-scrolling\" style=\"background-color: rgba(255,255,255,0);background-position: center center;background-repeat: no-repeat;border-width: 0px 0px 0px 0px;border-color:#e2e2e2;border-style:solid;\" ><div class=\"fusion-builder-row fusion-row fusion-flex-align-items-stretch\" style=\"max-width:1248px;margin-left: calc(-4% \/ 2 );margin-right: calc(-4% \/ 2 );\"><div class=\"fusion-layout-column fusion_builder_column fusion-builder-column-12 fusion_builder_column_1_3 1_3 fusion-flex-column\"><div class=\"fusion-column-wrapper fusion-flex-justify-content-flex-start fusion-content-layout-column\" style=\"background-position:left top;background-repeat:no-repeat;-webkit-background-size:cover;-moz-background-size:cover;-o-background-size:cover;background-size:cover;background-color:#2381b5;padding: 10px 10px 10px 10px;\"><i class=\"fb-icon-element-1 fb-icon-element fontawesome-icon fa-map-marker-alt fas circle-yes fa-flip-horizontal\" style=\"font-size:28.16px;line-height:54.32px;height:56.32px;width:56.32px;border-width:1px;align-self:center;margin: 0px;\"><\/i><style>i.fb-icon-element.fontawesome-icon.fb-icon-element-1{ color: #2381b5; background-color: #ffffff; border-color: #2381b5;}i.fb-icon-element.fontawesome-icon.fb-icon-element-1:hover { color: #2381b5; background-color: #ffffff; border-color: #ffffff;}<\/style><div class=\"fusion-separator fusion-full-width-sep\" style=\"align-self: center;margin-left: auto;margin-right: auto;margin-top:10px;margin-bottom:10px;width:100%;\"><\/div><div class=\"fusion-text fusion-text-5\"><p style=\"text-align: center; color: #fff;\">T\u00fcrkenstr. 72<br \/>\n80799 M\u00fcnchen<\/p>\n<p style=\"text-align: center; color: #fff;\">*cross Georg-Elser-Platz, first door on the left<br \/>\n**The school is located to the right of the Cafe Zeitgeist.<\/p>\n<\/div><\/div><style type=\"text\/css\">.fusion-body .fusion-builder-column-12{width:33.333333333333% !important;margin-top : 0px;margin-bottom : 20px;}.fusion-builder-column-12 > .fusion-column-wrapper {padding-top : 10 !important;padding-right : 10 !important;margin-right : 5.76%;padding-bottom : 10 !important;padding-left : 10 !important;margin-left : 5.76%;}@media only screen and (max-width:1024px) {.fusion-body .fusion-builder-column-12{width:100% !important;}.fusion-builder-column-12 > .fusion-column-wrapper {margin-right : 1.92%;margin-left : 1.92%;}}@media only screen and (max-width:640px) {.fusion-body .fusion-builder-column-12{width:100% !important;}.fusion-builder-column-12 > .fusion-column-wrapper {margin-right : 1.92%;margin-left : 1.92%;}}<\/style><\/div><div class=\"fusion-layout-column fusion_builder_column fusion-builder-column-13 fusion_builder_column_1_3 1_3 fusion-flex-column\"><div class=\"fusion-column-wrapper fusion-flex-justify-content-flex-start fusion-content-layout-column\" style=\"background-position:left top;background-repeat:no-repeat;-webkit-background-size:cover;-moz-background-size:cover;-o-background-size:cover;background-size:cover;background-color:#2381b5;padding: 10px 10px 10px 10px;\"><i class=\"fb-icon-element-2 fb-icon-element fontawesome-icon fa-phone-alt fas circle-yes\" style=\"font-size:28.16px;line-height:54.32px;height:56.32px;width:56.32px;border-width:1px;align-self:center;margin: 0px;\"><\/i><style>i.fb-icon-element.fontawesome-icon.fb-icon-element-2{ color: #2381b5; background-color: #ffffff; border-color: #2381b5;}i.fb-icon-element.fontawesome-icon.fb-icon-element-2:hover { color: #2381b5; background-color: #ffffff; border-color: #ffffff;}<\/style><div class=\"fusion-separator fusion-full-width-sep\" style=\"align-self: center;margin-left: auto;margin-right: auto;margin-top:10px;margin-bottom:10px;width:100%;\"><\/div><div class=\"fusion-text fusion-text-6\"><p style=\"text-align: center; color: #fff;\"><strong>Phone<\/strong>: <a class=\"phontracking\" style=\"color: #fff;\" href=\"tel:+49891099200\">0049-89-12099200 <\/a><br \/>\n<strong>E-Mail<\/strong>: <a class=\"mailtracking\" style=\"color: #fff;\" href=\"mailto:sekretariat@sprachschule-axioma.de\">sekretariat@sprachschule-axioma.de<\/a><br \/>\n<strong>WhatsApp<\/strong>: 0049-178-7384836<\/p>\n<p style=\"text-align: center; color: #fff;\"><strong>Reachability by phone: <\/strong><br \/>\nMonday to Friday, 9.30 \u2013 14.00 Uhr<\/p>\n<\/div><\/div><style type=\"text\/css\">.fusion-body .fusion-builder-column-13{width:33.333333333333% !important;margin-top : 0px;margin-bottom : 20px;}.fusion-builder-column-13 > .fusion-column-wrapper {padding-top : 10 !important;padding-right : 10 !important;margin-right : 5.76%;padding-bottom : 10 !important;padding-left : 10 !important;margin-left : 5.76%;}@media only screen and (max-width:1024px) {.fusion-body .fusion-builder-column-13{width:100% !important;}.fusion-builder-column-13 > .fusion-column-wrapper {margin-right : 1.92%;margin-left : 1.92%;}}@media only screen and (max-width:640px) {.fusion-body .fusion-builder-column-13{width:100% !important;}.fusion-builder-column-13 > .fusion-column-wrapper {margin-right : 1.92%;margin-left : 1.92%;}}<\/style><\/div><div class=\"fusion-layout-column fusion_builder_column fusion-builder-column-14 fusion_builder_column_1_3 1_3 fusion-flex-column overflow\"><div class=\"fusion-column-wrapper fusion-flex-justify-content-flex-start fusion-content-layout-column\" style=\"background-position:left top;background-repeat:no-repeat;-webkit-background-size:cover;-moz-background-size:cover;-o-background-size:cover;background-size:cover;background-color:#2381b5;padding: 10px 10px 10px 10px;\"><i class=\"fb-icon-element-3 fb-icon-element fontawesome-icon fa-clock fas circle-yes\" style=\"font-size:28.16px;line-height:54.32px;height:56.32px;width:56.32px;border-width:1px;align-self:center;margin: 0px;\"><\/i><style>i.fb-icon-element.fontawesome-icon.fb-icon-element-3{ color: #2381b5; background-color: #ffffff; border-color: #2381b5;}i.fb-icon-element.fontawesome-icon.fb-icon-element-3:hover { color: #2381b5; background-color: #ffffff; border-color: #ffffff;}<\/style><div class=\"fusion-separator fusion-full-width-sep\" style=\"align-self: center;margin-left: auto;margin-right: auto;margin-top:10px;margin-bottom:10px;width:100%;\"><\/div>\n<div class=\"table-2\">\n<table style=\"height: 242px;\" width=\"424\">\n<tbody>\n<tr style=\"color: #fff;\">\n<td style=\"width: 30%;\" align=\"left\">Mondays<\/td>\n<td align=\"left\">9.30 \u2013 13.30 Uhr<\/td>\n<\/tr>\n<tr style=\"color: #fff;\">\n<td align=\"left\"><\/td>\n<td align=\"left\">18.00 \u2013 20.00 Uhr<\/td>\n<\/tr>\n<tr style=\"color: #fff;\">\n<td style=\"width: 30%;\" align=\"left\">Tuesdays<\/td>\n<td align=\"left\">9.30 \u2013 15.00 Uhr<\/td>\n<\/tr>\n<tr style=\"color: #fff;\">\n<td align=\"left\"><\/td>\n<td align=\"left\">18.00 \u2013 20.00 Uhr<\/td>\n<\/tr>\n<tr style=\"color: #fff;\">\n<td style=\"width: 30%;\" align=\"left\">Wednesdays<\/td>\n<td align=\"left\">9.30 \u2013 13.30 Uhr<\/td>\n<\/tr>\n<tr style=\"color: #fff;\">\n<td style=\"width: 30%;\" align=\"left\">Thursdays<\/td>\n<td align=\"left\">9.30 \u2013 18.30 Uhr<\/td>\n<\/tr>\n<tr style=\"color: #fff;\">\n<td style=\"width: 30%;\" align=\"left\">Fridays<\/td>\n<td align=\"left\">09.30 \u2013 13.30 Uhr<\/td>\n<\/tr>\n<\/tbody>\n<\/table>\n<\/div>\n<\/div><style type=\"text\/css\">.fusion-body .fusion-builder-column-14{width:33.333333333333% !important;margin-top : 0px;margin-bottom : 20px;}.fusion-builder-column-14 > .fusion-column-wrapper {padding-top : 10 !important;padding-right : 10 !important;margin-right : 5.76%;padding-bottom : 10 !important;padding-left : 10 !important;margin-left : 5.76%;}@media only screen and (max-width:1024px) {.fusion-body .fusion-builder-column-14{width:100% !important;}.fusion-builder-column-14 > .fusion-column-wrapper {margin-right : 1.92%;margin-left : 1.92%;}}@media only screen and (max-width:640px) {.fusion-body .fusion-builder-column-14{width:100% !important;}.fusion-builder-column-14 > .fusion-column-wrapper {margin-right : 1.92%;margin-left : 1.92%;}}<\/style><\/div><\/div><style type=\"text\/css\">.fusion-body .fusion-flex-container.fusion-builder-row-7{ padding-top : 0px;margin-top : 0px;padding-right : 0px;padding-bottom : 0px;margin-bottom : 0px;padding-left : 0px;}<\/style><\/div>\n<div class=\"fusion-fullwidth fullwidth-box fusion-builder-row-8 fusion-flex-container nonhundred-percent-fullwidth non-hundred-percent-height-scrolling\" style=\"background-color: rgba(255,255,255,0);background-position: center center;background-repeat: no-repeat;border-width: 0px 0px 0px 0px;border-color:#e2e2e2;border-style:solid;\" ><div class=\"fusion-builder-row fusion-row fusion-flex-align-items-flex-start\" style=\"max-width:1248px;margin-left: calc(-4% \/ 2 );margin-right: calc(-4% \/ 2 );\"><div class=\"fusion-layout-column fusion_builder_column fusion-builder-column-15 fusion_builder_column_1_1 1_1 fusion-flex-column\"><div class=\"fusion-column-wrapper fusion-flex-justify-content-flex-start fusion-content-layout-column\" style=\"background-position:left top;background-repeat:no-repeat;-webkit-background-size:cover;-moz-background-size:cover;-o-background-size:cover;background-size:cover;padding: 0px 0px 0px 0px;\"><div style=\"text-align:center;\"><style type=\"text\/css\">.fusion-button.button-1 {border-radius:4px;}<\/style><a class=\"fusion-button button-flat button-xlarge button-default button-1 fusion-button-span-yes fusion-button-default-type\" target=\"_self\" href=\"https:\/\/www.sprachschule-axioma.de\/en\/get-your-offer\/\"><span class=\"fusion-button-text\">Contact<\/span><\/a><\/div><\/div><style type=\"text\/css\">.fusion-body .fusion-builder-column-15{width:100% !important;margin-top : 0px;margin-bottom : 20px;}.fusion-builder-column-15 > .fusion-column-wrapper {padding-top : 0px !important;padding-right : 0px !important;margin-right : 1.92%;padding-bottom : 0px !important;padding-left : 0px !important;margin-left : 1.92%;}@media only screen and (max-width:1024px) {.fusion-body .fusion-builder-column-15{width:100% !important;}.fusion-builder-column-15 > .fusion-column-wrapper {margin-right : 1.92%;margin-left : 1.92%;}}@media only screen and (max-width:640px) {.fusion-body .fusion-builder-column-15{width:100% !important;}.fusion-builder-column-15 > .fusion-column-wrapper {margin-right : 1.92%;margin-left : 1.92%;}}<\/style><\/div><\/div><style type=\"text\/css\">.fusion-body .fusion-flex-container.fusion-builder-row-8{ padding-top : 0px;margin-top : 0px;padding-right : 0px;padding-bottom : 0px;margin-bottom : 0px;padding-left : 0px;}<\/style><\/div>\n<\/p>\n","protected":false},"excerpt":{"rendered":"","protected":false},"author":2,"featured_media":0,"parent":0,"menu_order":0,"comment_status":"closed","ping_status":"closed","template":"100-width.php","meta":{"footnotes":""},"yoast_head":"<!-- This site is optimized with the Yoast SEO plugin v20.13 - https:\/\/yoast.com\/wordpress\/plugins\/seo\/ -->\n<title>Cours d\u2019allemand \u00e0 Munich \u2013 petits groupes | Axioma Sprachschule M\u00fcnchen<\/title>\n<meta name=\"robots\" content=\"index, follow, max-snippet:-1, max-image-preview:large, max-video-preview:-1\" \/>\n<link rel=\"canonical\" href=\"https:\/\/www.sprachschule-axioma.de\/fr\/\" \/>\n<meta property=\"og:locale\" content=\"fr_FR\" \/>\n<meta property=\"og:type\" content=\"article\" \/>\n<meta property=\"og:title\" content=\"Cours d\u2019allemand \u00e0 Munich \u2013 petits groupes | Axioma Sprachschule M\u00fcnchen\" \/>\n<meta property=\"og:url\" content=\"https:\/\/www.sprachschule-axioma.de\/fr\/\" \/>\n<meta property=\"og:site_name\" content=\"Axioma Sprachschule M\u00fcnchen\" \/>\n<meta property=\"article:modified_time\" content=\"2026-02-21T15:32:34+00:00\" \/>\n<meta name=\"twitter:card\" content=\"summary_large_image\" \/>\n<meta name=\"twitter:label1\" content=\"Dur\u00e9e de lecture estim\u00e9e\" \/>\n\t<meta name=\"twitter:data1\" content=\"18 minutes\" \/>\n<script type=\"application\/ld+json\" class=\"yoast-schema-graph\">{\"@context\":\"https:\/\/schema.org\",\"@graph\":[{\"@type\":\"WebPage\",\"@id\":\"https:\/\/www.sprachschule-axioma.de\/fr\/\",\"url\":\"https:\/\/www.sprachschule-axioma.de\/fr\/\",\"name\":\"Cours d\u2019allemand \u00e0 Munich \u2013 petits groupes | Axioma Sprachschule M\u00fcnchen\",\"isPartOf\":{\"@id\":\"https:\/\/www.sprachschule-axioma.de\/fr\/#website\"},\"datePublished\":\"2020-03-24T14:22:27+00:00\",\"dateModified\":\"2026-02-21T15:32:34+00:00\",\"breadcrumb\":{\"@id\":\"https:\/\/www.sprachschule-axioma.de\/fr\/#breadcrumb\"},\"inLanguage\":\"fr-FR\",\"potentialAction\":[{\"@type\":\"ReadAction\",\"target\":[\"https:\/\/www.sprachschule-axioma.de\/fr\/\"]}]},{\"@type\":\"BreadcrumbList\",\"@id\":\"https:\/\/www.sprachschule-axioma.de\/fr\/#breadcrumb\",\"itemListElement\":[{\"@type\":\"ListItem\",\"position\":1,\"name\":\"Home\",\"item\":\"https:\/\/www.sprachschule-axioma.de\/fr\/\"},{\"@type\":\"ListItem\",\"position\":2,\"name\":\"Cours d\u2019allemand \u00e0 Munich \u2013 petits groupes\"}]},{\"@type\":\"WebSite\",\"@id\":\"https:\/\/www.sprachschule-axioma.de\/fr\/#website\",\"url\":\"https:\/\/www.sprachschule-axioma.de\/fr\/\",\"name\":\"Axioma Sprachschule M\u00fcnchen\",\"description\":\"Deine Sprachschule in M\u00fcnchen\",\"publisher\":{\"@id\":\"https:\/\/www.sprachschule-axioma.de\/fr\/#organization\"},\"potentialAction\":[{\"@type\":\"SearchAction\",\"target\":{\"@type\":\"EntryPoint\",\"urlTemplate\":\"https:\/\/www.sprachschule-axioma.de\/fr\/?s={search_term_string}\"},\"query-input\":\"required name=search_term_string\"}],\"inLanguage\":\"fr-FR\"},{\"@type\":\"Organization\",\"@id\":\"https:\/\/www.sprachschule-axioma.de\/fr\/#organization\",\"name\":\"Sprachschule Axioma\",\"url\":\"https:\/\/www.sprachschule-axioma.de\/fr\/\",\"logo\":{\"@type\":\"ImageObject\",\"inLanguage\":\"fr-FR\",\"@id\":\"https:\/\/www.sprachschule-axioma.de\/fr\/#\/schema\/logo\/image\/\",\"url\":\"https:\/\/www.sprachschule-axioma.de\/wp-content\/uploads\/2020\/03\/logo.jpg\",\"contentUrl\":\"https:\/\/www.sprachschule-axioma.de\/wp-content\/uploads\/2020\/03\/logo.jpg\",\"width\":200,\"height\":51,\"caption\":\"Sprachschule Axioma\"},\"image\":{\"@id\":\"https:\/\/www.sprachschule-axioma.de\/fr\/#\/schema\/logo\/image\/\"}}]}<\/script>\n<!-- \/ Yoast SEO plugin. -->","yoast_head_json":{"title":"Cours d\u2019allemand \u00e0 Munich \u2013 petits groupes | Axioma Sprachschule M\u00fcnchen","robots":{"index":"index","follow":"follow","max-snippet":"max-snippet:-1","max-image-preview":"max-image-preview:large","max-video-preview":"max-video-preview:-1"},"canonical":"https:\/\/www.sprachschule-axioma.de\/fr\/","og_locale":"fr_FR","og_type":"article","og_title":"Cours d\u2019allemand \u00e0 Munich \u2013 petits groupes | Axioma Sprachschule M\u00fcnchen","og_url":"https:\/\/www.sprachschule-axioma.de\/fr\/","og_site_name":"Axioma Sprachschule M\u00fcnchen","article_modified_time":"2026-02-21T15:32:34+00:00","twitter_card":"summary_large_image","twitter_misc":{"Dur\u00e9e de lecture estim\u00e9e":"18 minutes"},"schema":{"@context":"https:\/\/schema.org","@graph":[{"@type":"WebPage","@id":"https:\/\/www.sprachschule-axioma.de\/fr\/","url":"https:\/\/www.sprachschule-axioma.de\/fr\/","name":"Cours d\u2019allemand \u00e0 Munich \u2013 petits groupes | Axioma Sprachschule M\u00fcnchen","isPartOf":{"@id":"https:\/\/www.sprachschule-axioma.de\/fr\/#website"},"datePublished":"2020-03-24T14:22:27+00:00","dateModified":"2026-02-21T15:32:34+00:00","breadcrumb":{"@id":"https:\/\/www.sprachschule-axioma.de\/fr\/#breadcrumb"},"inLanguage":"fr-FR","potentialAction":[{"@type":"ReadAction","target":["https:\/\/www.sprachschule-axioma.de\/fr\/"]}]},{"@type":"BreadcrumbList","@id":"https:\/\/www.sprachschule-axioma.de\/fr\/#breadcrumb","itemListElement":[{"@type":"ListItem","position":1,"name":"Home","item":"https:\/\/www.sprachschule-axioma.de\/fr\/"},{"@type":"ListItem","position":2,"name":"Cours d\u2019allemand \u00e0 Munich \u2013 petits groupes"}]},{"@type":"WebSite","@id":"https:\/\/www.sprachschule-axioma.de\/fr\/#website","url":"https:\/\/www.sprachschule-axioma.de\/fr\/","name":"Axioma Sprachschule M\u00fcnchen","description":"Deine Sprachschule in M\u00fcnchen","publisher":{"@id":"https:\/\/www.sprachschule-axioma.de\/fr\/#organization"},"potentialAction":[{"@type":"SearchAction","target":{"@type":"EntryPoint","urlTemplate":"https:\/\/www.sprachschule-axioma.de\/fr\/?s={search_term_string}"},"query-input":"required name=search_term_string"}],"inLanguage":"fr-FR"},{"@type":"Organization","@id":"https:\/\/www.sprachschule-axioma.de\/fr\/#organization","name":"Sprachschule Axioma","url":"https:\/\/www.sprachschule-axioma.de\/fr\/","logo":{"@type":"ImageObject","inLanguage":"fr-FR","@id":"https:\/\/www.sprachschule-axioma.de\/fr\/#\/schema\/logo\/image\/","url":"https:\/\/www.sprachschule-axioma.de\/wp-content\/uploads\/2020\/03\/logo.jpg","contentUrl":"https:\/\/www.sprachschule-axioma.de\/wp-content\/uploads\/2020\/03\/logo.jpg","width":200,"height":51,"caption":"Sprachschule Axioma"},"image":{"@id":"https:\/\/www.sprachschule-axioma.de\/fr\/#\/schema\/logo\/image\/"}}]}},"_links":{"self":[{"href":"https:\/\/www.sprachschule-axioma.de\/fr\/wp-json\/wp\/v2\/pages\/16688"}],"collection":[{"href":"https:\/\/www.sprachschule-axioma.de\/fr\/wp-json\/wp\/v2\/pages"}],"about":[{"href":"https:\/\/www.sprachschule-axioma.de\/fr\/wp-json\/wp\/v2\/types\/page"}],"author":[{"embeddable":true,"href":"https:\/\/www.sprachschule-axioma.de\/fr\/wp-json\/wp\/v2\/users\/2"}],"replies":[{"embeddable":true,"href":"https:\/\/www.sprachschule-axioma.de\/fr\/wp-json\/wp\/v2\/comments?post=16688"}],"version-history":[{"count":71,"href":"https:\/\/www.sprachschule-axioma.de\/fr\/wp-json\/wp\/v2\/pages\/16688\/revisions"}],"predecessor-version":[{"id":24232,"href":"https:\/\/www.sprachschule-axioma.de\/fr\/wp-json\/wp\/v2\/pages\/16688\/revisions\/24232"}],"wp:attachment":[{"href":"https:\/\/www.sprachschule-axioma.de\/fr\/wp-json\/wp\/v2\/media?parent=16688"}],"curies":[{"name":"wp","href":"https:\/\/api.w.org\/{rel}","templated":true}]}}