{"id":16726,"date":"2020-03-24T15:22:27","date_gmt":"2020-03-24T14:22:27","guid":{"rendered":"http:\/\/sprachschule-axioma.net\/home\/"},"modified":"2026-02-21T16:44:51","modified_gmt":"2026-02-21T15:44:51","slug":"cursos-de-aleman-en-munich","status":"publish","type":"page","link":"https:\/\/www.sprachschule-axioma.de\/es\/","title":{"rendered":"Cursos de alem\u00e1n en M\u00fanich"},"content":{"rendered":"<p><div class=\"fusion-fullwidth fullwidth-box fusion-builder-row-1 nonhundred-percent-fullwidth non-hundred-percent-height-scrolling\" style=\"background-color: rgba(255,255,255,0);background-position: center center;background-repeat: no-repeat;padding-top:0px;padding-right:0px;padding-bottom:0px;padding-left:0px;margin-bottom: 0px;margin-top: 0px;border-width: 0px 0px 0px 0px;border-color:#e2e2e2;border-style:solid;\" ><div class=\"fusion-builder-row fusion-row\"><div class=\"fusion-layout-column fusion_builder_column fusion-builder-column-0 fusion_builder_column_1_1 1_1 fusion-one-full fusion-column-first fusion-column-last\" style=\"margin-top:0px;margin-bottom:20px;\"><div class=\"fusion-column-wrapper fusion-flex-column-wrapper-legacy\" style=\"background-position:left top;background-repeat:no-repeat;-webkit-background-size:cover;-moz-background-size:cover;-o-background-size:cover;background-size:cover;padding: 0px 0px 0px 0px;\">\n<div class=\"fusion-slider-revolution rev_slider_wrapper\">\t\t\t<!-- START Startseitensprachen REVOLUTION SLIDER 6.5.2 --><p class=\"rs-p-wp-fix\"><\/p>\n\t\t\t<rs-module-wrap id=\"rev_slider_2_1_wrapper\" data-source=\"gallery\" style=\"visibility:hidden;background:transparent;padding:0;margin:0px auto;margin-top:0;margin-bottom:0;\">\n\t\t\t\t<rs-module id=\"rev_slider_2_1\" style=\"\" data-version=\"6.5.2\">\n\t\t\t\t\t<rs-slides>\n\t\t\t\t\t\t<rs-slide data-key=\"rs-7\" data-title=\"Slide\" data-in=\"o:0;\" data-out=\"a:false;\">\n\t\t\t\t\t\t\t<img src=\"\/\/www.sprachschule-axioma.de\/wp-content\/plugins\/revslider\/public\/assets\/assets\/dummy.png\" title=\"AxiomaEingang-1-1-scaled\" width=\"2000\" height=\"443\" class=\"rev-slidebg tp-rs-img rs-lazyload\" data-lazyload=\"\/\/www.sprachschule-axioma.de\/wp-content\/uploads\/2023\/05\/AxiomaEingang-1-1-scaled-2.jpg\" data-no-retina>\n<!--\n\t\t\t\t\t\t\t--><rs-layer\n\t\t\t\t\t\t\t\tid=\"slider-2-slide-7-layer-0\" \n\t\t\t\t\t\t\t\tdata-type=\"text\"\n\t\t\t\t\t\t\t\tdata-color=\"#1a80b6\"\n\t\t\t\t\t\t\t\tdata-rsp_ch=\"on\"\n\t\t\t\t\t\t\t\tdata-xy=\"x:322px;y:205px;\"\n\t\t\t\t\t\t\t\tdata-text=\"w:normal;s:48;l:61;\"\n\t\t\t\t\t\t\t\tdata-dim=\"minh:0;\"\n\t\t\t\t\t\t\t\tdata-padding=\"t:12;r:12;b:12;l:12;\"\n\t\t\t\t\t\t\t\tdata-frame_1=\"e:power3.out;st:170;sR:170;\"\n\t\t\t\t\t\t\t\tdata-frame_999=\"o:0;st:w;sR:8530;\"\n\t\t\t\t\t\t\t\tstyle=\"z-index:9;background-color:rgba(255,255,255,0.8);font-family:Raleway;\"\n\t\t\t\t\t\t\t>Language school Axioma Munich  \n\t\t\t\t\t\t\t<\/rs-layer><!--\n\n\t\t\t\t\t\t\t--><rs-layer\n\t\t\t\t\t\t\t\tid=\"slider-2-slide-7-layer-1\" \n\t\t\t\t\t\t\t\tdata-type=\"text\"\n\t\t\t\t\t\t\t\tdata-color=\"#1a80b6\"\n\t\t\t\t\t\t\t\tdata-rsp_ch=\"on\"\n\t\t\t\t\t\t\t\tdata-xy=\"x:369px;y:321px;\"\n\t\t\t\t\t\t\t\tdata-text=\"w:normal;s:32;l:40;\"\n\t\t\t\t\t\t\t\tdata-padding=\"t:10;r:10;b:10;l:10;\"\n\t\t\t\t\t\t\t\tdata-frame_1=\"st:300;sR:300;\"\n\t\t\t\t\t\t\t\tdata-frame_999=\"o:0;st:w;sR:8400;\"\n\t\t\t\t\t\t\t\tstyle=\"z-index:8;background-color:rgba(255,255,255,0.8);font-family:Raleway;\"\n\t\t\t\t\t\t\t>intensive german course in a small group \n\t\t\t\t\t\t\t<\/rs-layer><!--\n-->\t\t\t\t\t\t<\/rs-slide>\n\t\t\t\t\t\t<rs-slide data-key=\"rs-71\" data-title=\"Slide\" data-in=\"o:0;\" data-out=\"a:false;\">\n\t\t\t\t\t\t\t<img src=\"\/\/www.sprachschule-axioma.de\/wp-content\/plugins\/revslider\/public\/assets\/assets\/dummy.png\" title=\"AxiomaEingang-1-1-scaled\" width=\"2000\" height=\"443\" class=\"rev-slidebg tp-rs-img rs-lazyload\" data-lazyload=\"\/\/www.sprachschule-axioma.de\/wp-content\/uploads\/2023\/05\/AxiomaEingang-1-1-scaled-2.jpg\" data-no-retina>\n<!--\n\t\t\t\t\t\t\t--><rs-layer\n\t\t\t\t\t\t\t\tid=\"slider-2-slide-71-layer-0\" \n\t\t\t\t\t\t\t\tdata-type=\"text\"\n\t\t\t\t\t\t\t\tdata-color=\"#1a80b6\"\n\t\t\t\t\t\t\t\tdata-rsp_ch=\"on\"\n\t\t\t\t\t\t\t\tdata-xy=\"x:322px;y:205px;\"\n\t\t\t\t\t\t\t\tdata-text=\"w:normal;s:48;l:61;\"\n\t\t\t\t\t\t\t\tdata-dim=\"minh:0;\"\n\t\t\t\t\t\t\t\tdata-padding=\"t:12;r:12;b:12;l:12;\"\n\t\t\t\t\t\t\t\tdata-frame_1=\"e:power3.out;st:170;sR:170;\"\n\t\t\t\t\t\t\t\tdata-frame_999=\"o:0;st:w;sR:8530;\"\n\t\t\t\t\t\t\t\tstyle=\"z-index:9;background-color:rgba(255,255,255,0.8);font-family:Raleway;\"\n\t\t\t\t\t\t\t>Language school Axioma Munich  \n\t\t\t\t\t\t\t<\/rs-layer><!--\n\n\t\t\t\t\t\t\t--><rs-layer\n\t\t\t\t\t\t\t\tid=\"slider-2-slide-71-layer-1\" \n\t\t\t\t\t\t\t\tdata-type=\"text\"\n\t\t\t\t\t\t\t\tdata-color=\"#1a80b6\"\n\t\t\t\t\t\t\t\tdata-rsp_ch=\"on\"\n\t\t\t\t\t\t\t\tdata-xy=\"x:369px;y:321px;\"\n\t\t\t\t\t\t\t\tdata-text=\"w:normal;s:32;l:40;\"\n\t\t\t\t\t\t\t\tdata-padding=\"t:10;r:10;b:10;l:10;\"\n\t\t\t\t\t\t\t\tdata-frame_1=\"st:300;sR:300;\"\n\t\t\t\t\t\t\t\tdata-frame_999=\"o:0;st:w;sR:8400;\"\n\t\t\t\t\t\t\t\tstyle=\"z-index:8;background-color:rgba(255,255,255,0.8);font-family:Raleway;\"\n\t\t\t\t\t\t\t>intensive german course in a small group \n\t\t\t\t\t\t\t<\/rs-layer><!--\n-->\t\t\t\t\t\t<\/rs-slide>\n\t\t\t\t\t<\/rs-slides>\n\t\t\t\t<\/rs-module>\n\t\t\t\t<script type=\"text\/javascript\">\n\t\t\t\t\tsetREVStartSize({c: 'rev_slider_2_1',rl:[1240,1024,778,480],el:[450],gw:[1240],gh:[450],type:'standard',justify:'',layout:'fullwidth',mh:\"0\"});\n\t\t\t\t<\/script>\n\t\t\t<\/rs-module-wrap>\n\t\t\t<!-- END REVOLUTION SLIDER -->\n<\/div><div class=\"fusion-clearfix\"><\/div><\/div><\/div><\/div><\/div><div class=\"fusion-fullwidth fullwidth-box fusion-builder-row-2 nonhundred-percent-fullwidth non-hundred-percent-height-scrolling\" style=\"background-color: rgba(255,255,255,0);background-position: center center;background-repeat: no-repeat;padding-top:0px;padding-right:0px;padding-bottom:0px;padding-left:0px;margin-bottom: 0px;margin-top: 0px;border-width: 0px 0px 0px 0px;border-color:#e2e2e2;border-style:solid;\" ><div class=\"fusion-builder-row fusion-row\"><div class=\"fusion-layout-column fusion_builder_column fusion-builder-column-1 fusion_builder_column_1_1 1_1 fusion-one-full fusion-column-first fusion-column-last\" style=\"margin-top:0px;margin-bottom:20px;\"><div class=\"fusion-column-wrapper fusion-flex-column-wrapper-legacy\" style=\"background-position:left top;background-repeat:no-repeat;-webkit-background-size:cover;-moz-background-size:cover;-o-background-size:cover;background-size:cover;padding: 0px 0px 0px 0px;\"><div class=\"fusion-clearfix\"><\/div><\/div><\/div><div class=\"fusion-layout-column fusion_builder_column fusion-builder-column-2 fusion_builder_column_1_2 1_2 fusion-one-half fusion-column-first\" style=\"width:50%;width:calc(50% - ( ( 4% ) * 0.5 ) );margin-right: 4%;margin-top:0px;margin-bottom:20px;\"><div class=\"fusion-column-wrapper fusion-flex-column-wrapper-legacy\" style=\"background-position:left top;background-repeat:no-repeat;-webkit-background-size:cover;-moz-background-size:cover;-o-background-size:cover;background-size:cover;padding: 0px 0px 0px 0px;\"><style type=\"text\/css\"><\/style><div class=\"fusion-title title fusion-title-1 fusion-title-text fusion-title-size-one\" style=\"margin-top:10px;margin-right:0px;margin-bottom:15px;margin-left:0px;\"><h1 class=\"title-heading-left\" style=\"margin:0;\">Academia de idiomas Axioma, ofrecemos cursos de alem\u00e1n en M\u00fanich<\/h1><span class=\"awb-title-spacer\"><\/span><div class=\"title-sep-container\"><div class=\"title-sep sep-double sep-solid\" style=\"border-color:#e2e2e2;\"><\/div><\/div><\/div><div class=\"fusion-text fusion-text-1\"><p>Aprender alem\u00e1n en M\u00fanich es magnifico! Los cursos en la academia Axioma en M\u00fanich (de 540,00 euros\/4 semanas) se encuentran en salas elegantes y en una atm\u00f3sfera familiar. Ofrecemos peque\u00f1os e individuales grupos para garantizar un aprendizaje r\u00e1pido. Con el curso intensivo de ma\u00f1ana (20 lecciones\/semana) puede solicitar o ampliar un visado como estudiante de idiomas (visado de idiomas para participar en un curso de alem\u00e1n).<\/p>\n<p>Debido a nuestra ubicaci\u00f3n y cercan\u00eda con la universidad encontraras caf\u00e9s, restaurantes y bares donde podr\u00e1s salir con otros estudiantes a poner en pr\u00e1ctica lo aprendido. Las clases se dan en el c\u00e9ntrico barrio de Maxvorstadt. La academia Axioma est\u00e1 situada en la calle T\u00fcrkenstra\u03b2e, en el mismo barrio que la universidad.<\/p>\n<\/div><div class=\"fusion-clearfix\"><\/div><\/div><\/div><div class=\"fusion-layout-column fusion_builder_column fusion-builder-column-3 fusion_builder_column_1_2 1_2 fusion-one-half fusion-column-last\" style=\"width:50%;width:calc(50% - ( ( 4% ) * 0.5 ) );margin-top:0px;margin-bottom:20px;\"><div class=\"fusion-column-wrapper fusion-flex-column-wrapper-legacy\" style=\"background-position:left top;background-repeat:no-repeat;-webkit-background-size:cover;-moz-background-size:cover;-o-background-size:cover;background-size:cover;padding: 0px 0px 0px 0px;\"><div class=\"fusion-column-content-centered\"><div class=\"fusion-column-content\"><span class=\" fusion-imageframe imageframe-none imageframe-1 hover-type-none\"><img decoding=\"async\" width=\"1000\" height=\"667\" title=\"DeutschkursM\u00fcnchenFenster\" src=\"https:\/\/www.sprachschule-axioma.de\/wp-content\/uploads\/2024\/04\/DeutschkursMuenchenFenster.png\" class=\"img-responsive wp-image-23048\" srcset=\"https:\/\/www.sprachschule-axioma.de\/wp-content\/uploads\/2024\/04\/DeutschkursMuenchenFenster-200x133.png 200w, https:\/\/www.sprachschule-axioma.de\/wp-content\/uploads\/2024\/04\/DeutschkursMuenchenFenster-400x267.png 400w, https:\/\/www.sprachschule-axioma.de\/wp-content\/uploads\/2024\/04\/DeutschkursMuenchenFenster-600x400.png 600w, https:\/\/www.sprachschule-axioma.de\/wp-content\/uploads\/2024\/04\/DeutschkursMuenchenFenster-800x534.png 800w, https:\/\/www.sprachschule-axioma.de\/wp-content\/uploads\/2024\/04\/DeutschkursMuenchenFenster.png 1000w\" sizes=\"(max-width: 800px) 100vw, 600px\" \/><\/span><\/div><\/div><div class=\"fusion-clearfix\"><\/div><\/div><\/div><div class=\"fusion-layout-column fusion_builder_column fusion-builder-column-4 fusion_builder_column_1_1 1_1 fusion-one-full fusion-column-first fusion-column-last\" style=\"margin-top:0px;margin-bottom:20px;\"><div class=\"fusion-column-wrapper fusion-flex-column-wrapper-legacy\" style=\"background-position:left top;background-repeat:no-repeat;-webkit-background-size:cover;-moz-background-size:cover;-o-background-size:cover;background-size:cover;padding: 0px 0px 0px 0px;\"><style type=\"text\/css\"><\/style><div class=\"fusion-title title fusion-title-2 fusion-title-text fusion-title-size-two\" style=\"margin-top:10px;margin-right:0px;margin-bottom:15px;margin-left:0px;\"><div class=\"title-heading-left title-heading-tag\" style=\"margin:0;\"><p>La plaza Georg-Elser-Platz tiene mucha variedad de cafeter\u00edas y peque\u00f1as tiendas que recuerdan de alg\u00fan modo al barrio parisino de Sorbonne. La escuela se encuentra en un edificio patrimonio nacional del a\u00f1o 1880. En las elegantes y acogedoras clases se respira un ambiente especial. Muy cerca de la escuela pueden encontrar agradables cafeter\u00edas y bares, como el caf\u00e9-restaurante Zeitgeist, Pavesi, Alten Simpl, T\u00fcrkenhof, Caf\u00e9 Newsbar, Lokal Schall und Rauch, Caf\u00e9 Puck o Tresznewski. Despu\u00e9s del curso tienen la posibilidad conocer mejor M\u00fanich.<\/p>\n<p>Cursos son en el centro de M\u00fanich a pocos minutos del metro universidad (la linea U3\/U6). Para encontrar la academia solo debes cruzar en diagonal la plaza Georg-Elser-platz. La entrada a la escuela se encuentra en la calle T\u00fcrkenstra\u00dfe 72 al lado del caf\u00e9 Zeitgeist en el primer piso.<\/p>\n<p>\u00bfLe gustar\u00eda obtener m\u00e1s informaci\u00f3n? \u00c9chele un vistazo al v\u00eddeo sobre la escuela Axioma. Nos encantar\u00eda verle muy pronto en M\u00fanich. Cont\u00e1ctenos al n\u00famero 089\/12099200<\/p>\n<p>\u00a1Ofrecemos WiFi, caf\u00e9, t\u00e9 y galletas de forma gratuita!<\/p><\/div><span class=\"awb-title-spacer\"><\/span><div class=\"title-sep-container\"><div class=\"title-sep sep-double sep-solid\" style=\"border-color:#e2e2e2;\"><\/div><\/div><\/div><style type=\"text\/css\"><\/style><div class=\"fusion-title title fusion-title-3 fusion-title-text fusion-title-size-two\" style=\"margin-top:10px;margin-right:0px;margin-bottom:15px;margin-left:0px;\"><h2 class=\"title-heading-left\" style=\"margin:0;\">El certificado Telc Deutsch C1 Hochschule habilita para el acceso a todas las universidades y escuelas t\u00e9cnicas superiores alemanas.<\/h2><span class=\"awb-title-spacer\"><\/span><div class=\"title-sep-container\"><div class=\"title-sep sep-double sep-solid\" style=\"border-color:#e2e2e2;\"><\/div><\/div><\/div><div class=\"fusion-sep-clear\"><\/div><div class=\"fusion-separator fusion-full-width-sep\" style=\"margin-left: auto;margin-right: auto;margin-top:10px;margin-bottom:10px;width:100%;\"><\/div><div class=\"fusion-sep-clear\"><\/div><div class=\"imageframe-align-center\"><span class=\" fusion-imageframe imageframe-none imageframe-2 hover-type-none\"><img decoding=\"async\" width=\"300\" height=\"172\" title=\"Smilelogo_claim_21.8\" src=\"https:\/\/www.sprachschule-axioma.de\/wp-content\/uploads\/2020\/03\/TELC_grau-300x172-2.jpg\" class=\"img-responsive wp-image-16095\" srcset=\"https:\/\/www.sprachschule-axioma.de\/wp-content\/uploads\/2020\/03\/TELC_grau-300x172-2-200x115.jpg 200w, https:\/\/www.sprachschule-axioma.de\/wp-content\/uploads\/2020\/03\/TELC_grau-300x172-2.jpg 300w\" sizes=\"(max-width: 800px) 100vw, 300px\" \/><\/span><\/div><div class=\"fusion-sep-clear\"><\/div><div class=\"fusion-separator fusion-full-width-sep\" style=\"margin-left: auto;margin-right: auto;margin-top:10px;margin-bottom:10px;width:100%;\"><\/div><div class=\"fusion-sep-clear\"><\/div><div class=\"fusion-clearfix\"><\/div><\/div><\/div><\/div><\/div><div class=\"fusion-fullwidth fullwidth-box fusion-builder-row-3 nonhundred-percent-fullwidth non-hundred-percent-height-scrolling\" style=\"background-color: rgba(255,255,255,0);background-position: center center;background-repeat: no-repeat;padding-top:0px;padding-right:0px;padding-bottom:0px;padding-left:0px;margin-bottom: 0px;margin-top: 0px;border-width: 0px 0px 0px 0px;border-color:#e2e2e2;border-style:solid;\" ><div class=\"fusion-builder-row fusion-row\"><div class=\"fusion-layout-column fusion_builder_column fusion-builder-column-5 fusion_builder_column_1_1 1_1 fusion-one-full fusion-column-first fusion-column-last\" style=\"margin-top:0px;margin-bottom:20px;\"><div class=\"fusion-column-wrapper fusion-flex-column-wrapper-legacy\" style=\"background-position:left top;background-repeat:no-repeat;-webkit-background-size:cover;-moz-background-size:cover;-o-background-size:cover;background-size:cover;padding: 0px 0px 0px 0px;\"><style type=\"text\/css\"><\/style><div class=\"fusion-title title fusion-title-4 fusion-title-text fusion-title-size-two\" style=\"margin-top:10px;margin-right:0px;margin-bottom:15px;margin-left:0px;\"><h2 class=\"title-heading-left\" style=\"margin:0;\">Cursos de ma\u00f1ana<\/h2><span class=\"awb-title-spacer\"><\/span><div class=\"title-sep-container\"><div class=\"title-sep sep-double sep-solid\" style=\"border-color:#e2e2e2;\"><\/div><\/div><\/div><div class=\"fusion-clearfix\"><\/div><\/div><\/div><\/div><\/div><div class=\"fusion-fullwidth fullwidth-box fusion-builder-row-4 nonhundred-percent-fullwidth non-hundred-percent-height-scrolling\" style=\"background-color: rgba(255,255,255,0);background-position: center center;background-repeat: no-repeat;padding-top:0px;padding-right:0px;padding-bottom:0px;padding-left:0px;margin-bottom: 0px;margin-top: 0px;border-width: 0px 0px 0px 0px;border-color:#e2e2e2;border-style:solid;\" ><div class=\"fusion-builder-row fusion-row\"><div class=\"fusion-layout-column fusion_builder_column fusion-builder-column-6 fusion_builder_column_1_3 1_3 fusion-one-third fusion-column-first\" style=\"width:33.333333333333%;width:calc(33.333333333333% - ( ( 4% + 4% ) * 0.33333333333333 ) );margin-right: 4%;margin-top:0px;margin-bottom:20px;\"><div class=\"fusion-column-wrapper fusion-flex-column-wrapper-legacy\" style=\"background-position:left top;background-repeat:no-repeat;-webkit-background-size:cover;-moz-background-size:cover;-o-background-size:cover;background-size:cover;padding: 0px 0px 0px 0px;\">\n<div class=\"table-1\">\n<table width=\"100%\">\n<thead>\n<tr>\n<th align=\"left\"><strong>Curso intensivo A1.1<br \/>\n<\/strong><\/th>\n<\/tr>\n<\/thead>\n<tbody>\n<tr>\n<td><strong>Salida:\u00a0<\/strong> 2 marzo, 4 maya, 29 junio, 24 agosto, 19 octubre 2026, 4 enero, 1 marzo 2027<\/td>\n<\/tr>\n<tr>\n<td>La cantidad de horas\/Semana: 20<\/td>\n<\/tr>\n<tr>\n<td>Horas: 10.00 &#8211; 13.15<\/td>\n<\/tr>\n<tr>\n<td>D\u00edas: lunes &#8211; viernes<\/td>\n<\/tr>\n<tr>\n<td><strong>Precio: de 540,00 euros \/ 4 semanas <\/strong><\/td>\n<\/tr>\n<\/tbody>\n<\/table>\n<\/div>\n<div class=\"fusion-clearfix\"><\/div><\/div><\/div><div class=\"fusion-layout-column fusion_builder_column fusion-builder-column-7 fusion_builder_column_1_3 1_3 fusion-one-third\" style=\"width:33.333333333333%;width:calc(33.333333333333% - ( ( 4% + 4% ) * 0.33333333333333 ) );margin-right: 4%;margin-top:0px;margin-bottom:20px;\"><div class=\"fusion-column-wrapper fusion-flex-column-wrapper-legacy\" style=\"background-position:left top;background-repeat:no-repeat;-webkit-background-size:cover;-moz-background-size:cover;-o-background-size:cover;background-size:cover;padding: 0px 0px 0px 0px;\">\n<div class=\"table-1\">\n<table width=\"100%\">\n<thead>\n<tr>\n<th align=\"left\"><strong>Curso intensivo A1.2<br \/>\n<\/strong><\/th>\n<\/tr>\n<\/thead>\n<tbody>\n<tr>\n<td><strong>Salida:<\/strong> 30 marzo, 1 junio, 27 julio, 21 septiembre, 16 noviembre 2026, 1 febrero 2027<strong><br \/>\n<\/strong><\/td>\n<\/tr>\n<tr>\n<td>La cantidad de horas\/Semana: 20<\/td>\n<\/tr>\n<tr>\n<td>Horas: 10.00 &#8211; 13.15<\/td>\n<\/tr>\n<tr>\n<td>D\u00edas: lunes &#8211; viernes<\/td>\n<\/tr>\n<tr>\n<td><strong>Precio: de 540,00 euros \/ 4 semanas <\/strong><\/td>\n<\/tr>\n<\/tbody>\n<\/table>\n<\/div>\n<div class=\"fusion-clearfix\"><\/div><\/div><\/div><div class=\"fusion-layout-column fusion_builder_column fusion-builder-column-8 fusion_builder_column_1_3 1_3 fusion-one-third fusion-column-last\" style=\"width:33.333333333333%;width:calc(33.333333333333% - ( ( 4% + 4% ) * 0.33333333333333 ) );margin-top:0px;margin-bottom:20px;\"><div class=\"fusion-column-wrapper fusion-flex-column-wrapper-legacy\" style=\"background-position:left top;background-repeat:no-repeat;-webkit-background-size:cover;-moz-background-size:cover;-o-background-size:cover;background-size:cover;padding: 0px 0px 0px 0px;\">\n<div class=\"table-1\">\n<table width=\"100%\">\n<thead>\n<tr>\n<th align=\"left\"><strong>Curso intensivo A2.1<br \/>\n<\/strong><\/th>\n<\/tr>\n<\/thead>\n<tbody>\n<tr>\n<td><strong>Salida:<\/strong> 2 marzo, 4 maya, 29 junio, 24 agosto, 19 octubre 2026, 4 enero, 1 marzo 2027<\/td>\n<\/tr>\n<tr>\n<td>La cantidad de horas\/Semana: 20<\/td>\n<\/tr>\n<tr>\n<td>Horas: 10.00 &#8211; 13.15<\/td>\n<\/tr>\n<tr>\n<td>D\u00edas: lunes &#8211; viernes<\/td>\n<\/tr>\n<tr>\n<td><strong>Precio: de 540,00 euros \/ 4 semanas <\/strong><\/td>\n<\/tr>\n<\/tbody>\n<\/table>\n<\/div>\n<div class=\"fusion-clearfix\"><\/div><\/div><\/div><\/div><\/div><div class=\"fusion-fullwidth fullwidth-box fusion-builder-row-5 nonhundred-percent-fullwidth non-hundred-percent-height-scrolling\" style=\"background-color: rgba(255,255,255,0);background-position: center center;background-repeat: no-repeat;padding-top:0px;padding-right:0px;padding-bottom:0px;padding-left:0px;margin-bottom: 0px;margin-top: 0px;border-width: 0px 0px 0px 0px;border-color:#e2e2e2;border-style:solid;\" ><div class=\"fusion-builder-row fusion-row\"><div class=\"fusion-layout-column fusion_builder_column fusion-builder-column-9 fusion_builder_column_1_3 1_3 fusion-one-third fusion-column-first\" style=\"width:33.333333333333%;width:calc(33.333333333333% - ( ( 4% + 4% ) * 0.33333333333333 ) );margin-right: 4%;margin-top:0px;margin-bottom:20px;\"><div class=\"fusion-column-wrapper fusion-flex-column-wrapper-legacy\" style=\"background-position:left top;background-repeat:no-repeat;-webkit-background-size:cover;-moz-background-size:cover;-o-background-size:cover;background-size:cover;padding: 0px 0px 0px 0px;\">\n<div class=\"table-1\">\n<table width=\"100%\">\n<thead>\n<tr>\n<th align=\"left\"><strong>Curso intensivo A2.2<br \/>\n<\/strong><\/th>\n<\/tr>\n<\/thead>\n<tbody>\n<tr>\n<td><strong>Salida:<\/strong> 30 marzo, 1 junio, 27 julio, 21 septiembre, 16 noviembre 2026, 1 febrero 2027<\/td>\n<\/tr>\n<tr>\n<td>La cantidad de horas\/Semana: 20<\/td>\n<\/tr>\n<tr>\n<td>Horas: 10.00 &#8211; 13.15<\/td>\n<\/tr>\n<tr>\n<td>D\u00edas: lunes &#8211; viernes<\/td>\n<\/tr>\n<tr>\n<td><strong>Precio: de 540,00 euros \/ 4 semanas <\/strong><\/td>\n<\/tr>\n<\/tbody>\n<\/table>\n<\/div>\n<div class=\"fusion-clearfix\"><\/div><\/div><\/div><div class=\"fusion-layout-column fusion_builder_column fusion-builder-column-10 fusion_builder_column_1_3 1_3 fusion-one-third\" style=\"width:33.333333333333%;width:calc(33.333333333333% - ( ( 4% + 4% ) * 0.33333333333333 ) );margin-right: 4%;margin-top:0px;margin-bottom:20px;\"><div class=\"fusion-column-wrapper fusion-flex-column-wrapper-legacy\" style=\"background-position:left top;background-repeat:no-repeat;-webkit-background-size:cover;-moz-background-size:cover;-o-background-size:cover;background-size:cover;padding: 0px 0px 0px 0px;\">\n<div class=\"table-1\">\n<table width=\"100%\">\n<thead>\n<tr>\n<th align=\"left\"><strong>Curso intensivo B1.1<br \/>\n<\/strong><\/th>\n<\/tr>\n<\/thead>\n<tbody>\n<tr>\n<td><strong>Salida:\u00a0<\/strong> 2 marzo, 4 maya, 29 junio, 24 agosto, 19 octubre 2026, 4 enero, 1 marzo 2027 (La oportunidad de iniciar el curso cada lunes, despu\u00e9s de la disoluci\u00f3n de la prueba de nivel)<\/td>\n<\/tr>\n<tr>\n<td>La cantidad de horas\/Semana: 20<\/td>\n<\/tr>\n<tr>\n<td>Horas: 10.00 &#8211; 13.15<\/td>\n<\/tr>\n<tr>\n<td>D\u00edas: lunes &#8211; viernes<\/td>\n<\/tr>\n<tr>\n<td><strong>Precio: de 540,00 euros \/ 4 semanas <\/strong><\/td>\n<\/tr>\n<\/tbody>\n<\/table>\n<\/div>\n<div class=\"fusion-clearfix\"><\/div><\/div><\/div><div class=\"fusion-layout-column fusion_builder_column fusion-builder-column-11 fusion_builder_column_1_3 1_3 fusion-one-third fusion-column-last\" style=\"width:33.333333333333%;width:calc(33.333333333333% - ( ( 4% + 4% ) * 0.33333333333333 ) );margin-top:0px;margin-bottom:20px;\"><div class=\"fusion-column-wrapper fusion-flex-column-wrapper-legacy\" style=\"background-position:left top;background-repeat:no-repeat;-webkit-background-size:cover;-moz-background-size:cover;-o-background-size:cover;background-size:cover;padding: 0px 0px 0px 0px;\">\n<div class=\"table-1\">\n<table width=\"100%\">\n<thead>\n<tr>\n<th align=\"left\"><strong>Curso intensivo B1.2<br \/>\n<\/strong><\/th>\n<\/tr>\n<\/thead>\n<tbody>\n<tr>\n<td><strong>Salida: <\/strong>30 marzo, 1 junio, 27 julio, 21 septiembre, 16 noviembre 2026, 1 febrero 2027<br \/>\n(La oportunidad de iniciar el curso cada lunes, despu\u00e9s de la disoluci\u00f3n de la prueba de nivel)<\/td>\n<\/tr>\n<tr>\n<td>La cantidad de horas\/Semana: 20<\/td>\n<\/tr>\n<tr>\n<td>Horas: 10.00 &#8211; 13.15<\/td>\n<\/tr>\n<tr>\n<td>D\u00edas: lunes &#8211; viernes<\/td>\n<\/tr>\n<tr>\n<td><strong>Precio: de 540,00 euros \/ 4 semanas <\/strong><\/td>\n<\/tr>\n<\/tbody>\n<\/table>\n<\/div>\n<div class=\"fusion-clearfix\"><\/div><\/div><\/div><\/div><\/div><div class=\"fusion-fullwidth fullwidth-box fusion-builder-row-6 nonhundred-percent-fullwidth non-hundred-percent-height-scrolling fusion-equal-height-columns\" style=\"background-color: rgba(255,255,255,0);background-position: center center;background-repeat: no-repeat;padding-top:0px;padding-right:0px;padding-bottom:0px;padding-left:0px;margin-bottom: 0px;margin-top: 0px;border-width: 0px 0px 0px 0px;border-color:#e2e2e2;border-style:solid;\" ><div class=\"fusion-builder-row fusion-row\"><div class=\"fusion-layout-column fusion_builder_column fusion-builder-column-12 fusion_builder_column_1_3 1_3 fusion-one-third fusion-column-first\" style=\"width:33.333333333333%;width:calc(33.333333333333% - ( ( 4% + 4% ) * 0.33333333333333 ) );margin-right: 4%;margin-top:0px;margin-bottom:20px;\"><div class=\"fusion-column-wrapper fusion-flex-column-wrapper-legacy\" style=\"background-position:left top;background-repeat:no-repeat;-webkit-background-size:cover;-moz-background-size:cover;-o-background-size:cover;background-size:cover;padding: 0px 0px 0px 0px;\">\n<div class=\"table-1\">\n<table width=\"100%\">\n<thead>\n<tr>\n<th align=\"left\"><strong>Curso intensivo B2<br \/>\n<\/strong><\/th>\n<\/tr>\n<\/thead>\n<tbody>\n<tr>\n<td><strong>Salida:<\/strong> La oportunidad de iniciar el curso cada lunes, despu\u00e9s de la disoluci\u00f3n de la prueba de nivel<\/td>\n<\/tr>\n<tr>\n<td>La cantidad de horas\/Semana: 20<\/td>\n<\/tr>\n<tr>\n<td>Horas: 10.00 &#8211; 13.15<\/td>\n<\/tr>\n<tr>\n<td>D\u00edas: lunes &#8211; viernes<\/td>\n<\/tr>\n<tr>\n<td><strong>Precio: de 540,00 euros \/ 4 semanas <\/strong><\/td>\n<\/tr>\n<\/tbody>\n<\/table>\n<\/div>\n<div class=\"fusion-clearfix\"><\/div><\/div><\/div><div class=\"fusion-layout-column fusion_builder_column fusion-builder-column-13 fusion_builder_column_1_3 1_3 fusion-one-third\" style=\"width:33.333333333333%;width:calc(33.333333333333% - ( ( 4% + 4% ) * 0.33333333333333 ) );margin-right: 4%;margin-top:0px;margin-bottom:20px;\"><div class=\"fusion-column-wrapper fusion-flex-column-wrapper-legacy\" style=\"background-position:left top;background-repeat:no-repeat;-webkit-background-size:cover;-moz-background-size:cover;-o-background-size:cover;background-size:cover;padding: 0px 0px 0px 0px;\">\n<div class=\"table-1\">\n<table width=\"100%\">\n<thead>\n<tr>\n<th align=\"left\"><strong>Curso intensivo C1<br \/>\n<\/strong><\/th>\n<\/tr>\n<\/thead>\n<tbody>\n<tr>\n<td><strong>Salida:<\/strong> La oportunidad de iniciar el curso cada lunes, despu\u00e9s de la disoluci\u00f3n de la prueba de nivel<\/td>\n<\/tr>\n<tr>\n<td>La cantidad de horas\/Semana: 20<\/td>\n<\/tr>\n<tr>\n<td>Horas: 10.00 &#8211; 13.15<\/td>\n<\/tr>\n<tr>\n<td>D\u00edas: lunes &#8211; viernes<\/td>\n<\/tr>\n<tr>\n<td><strong>Precio: de 540,00 euros \/ 4 semanas <\/strong><\/td>\n<\/tr>\n<\/tbody>\n<\/table>\n<\/div>\n<div class=\"fusion-clearfix\"><\/div><\/div><\/div><div class=\"fusion-layout-column fusion_builder_column fusion-builder-column-14 fusion_builder_column_1_3 1_3 fusion-one-third fusion-column-last\" style=\"width:33.333333333333%;width:calc(33.333333333333% - ( ( 4% + 4% ) * 0.33333333333333 ) );margin-top:0px;margin-bottom:20px;\"><div class=\"fusion-column-wrapper fusion-flex-column-wrapper-legacy\" style=\"background-position:left top;background-repeat:no-repeat;-webkit-background-size:cover;-moz-background-size:cover;-o-background-size:cover;background-size:cover;padding: 0px 0px 0px 0px;\"><div class=\"imageframe-align-center\"><span class=\" fusion-imageframe imageframe-none imageframe-3 hover-type-none\"><img decoding=\"async\" width=\"2560\" height=\"1909\" title=\"GermanCourseMunichA1_best\" src=\"https:\/\/www.sprachschule-axioma.de\/wp-content\/uploads\/2025\/01\/GermanCourseMunichA1_best-scaled.jpg\" class=\"img-responsive wp-image-23907\" srcset=\"https:\/\/www.sprachschule-axioma.de\/wp-content\/uploads\/2025\/01\/GermanCourseMunichA1_best-200x149.jpg 200w, https:\/\/www.sprachschule-axioma.de\/wp-content\/uploads\/2025\/01\/GermanCourseMunichA1_best-400x298.jpg 400w, https:\/\/www.sprachschule-axioma.de\/wp-content\/uploads\/2025\/01\/GermanCourseMunichA1_best-600x447.jpg 600w, https:\/\/www.sprachschule-axioma.de\/wp-content\/uploads\/2025\/01\/GermanCourseMunichA1_best-800x597.jpg 800w, https:\/\/www.sprachschule-axioma.de\/wp-content\/uploads\/2025\/01\/GermanCourseMunichA1_best-1200x895.jpg 1200w, https:\/\/www.sprachschule-axioma.de\/wp-content\/uploads\/2025\/01\/GermanCourseMunichA1_best-scaled.jpg 2560w\" sizes=\"(max-width: 800px) 100vw, 400px\" \/><\/span><\/div><div class=\"fusion-clearfix\"><\/div><\/div><\/div><\/div><\/div><div class=\"fusion-fullwidth fullwidth-box fusion-builder-row-7 nonhundred-percent-fullwidth non-hundred-percent-height-scrolling\" style=\"background-color: rgba(255,255,255,0);background-position: center center;background-repeat: no-repeat;padding-top:0px;padding-right:0px;padding-bottom:0px;padding-left:0px;margin-bottom: 0px;margin-top: 0px;border-width: 0px 0px 0px 0px;border-color:#e2e2e2;border-style:solid;\" ><div class=\"fusion-builder-row fusion-row\"><div class=\"fusion-layout-column fusion_builder_column fusion-builder-column-15 fusion_builder_column_1_1 1_1 fusion-one-full fusion-column-first fusion-column-last\" style=\"margin-top:0px;margin-bottom:20px;\"><div class=\"fusion-column-wrapper fusion-flex-column-wrapper-legacy\" style=\"background-position:left top;background-repeat:no-repeat;-webkit-background-size:cover;-moz-background-size:cover;-o-background-size:cover;background-size:cover;padding: 0px 0px 0px 0px;\"><ul class=\"fusion-checklist fusion-checklist-1\" style=\"font-size:16px;line-height:27.2px;\"><li class=\"fusion-li-item\"><span style=\"background-color:#1a80b6;font-size:14.08px;height:27.2px;width:27.2px;margin-right:11.2px;\" class=\"icon-wrapper circle-yes\"><i class=\"fusion-li-icon fa-arrow-alt-circle-right fas\" style=\"color:#ffffff;\" aria-hidden=\"true\"><\/i><\/span><div class=\"fusion-li-item-content\" style=\"margin-left:38.4px;\">1 hora acad\u00e9mica = 45 minutos<\/div><\/li><li class=\"fusion-li-item\"><span style=\"background-color:#1a80b6;font-size:14.08px;height:27.2px;width:27.2px;margin-right:11.2px;\" class=\"icon-wrapper circle-yes\"><i class=\"fusion-li-icon fa-arrow-alt-circle-right fas\" style=\"color:#ffffff;\" aria-hidden=\"true\"><\/i><\/span><div class=\"fusion-li-item-content\" style=\"margin-left:38.4px;\">Para los niveles A1 \u2013 B2 libro es necesito (cuesta 25,00\u20ac)<\/div><\/li><\/ul><style type=\"text\/css\"><\/style><div class=\"fusion-title title fusion-title-5 fusion-title-text fusion-title-size-three\" style=\"margin-top:10px;margin-right:0px;margin-bottom:15px;margin-left:0px;\"><h3 class=\"title-heading-left\" style=\"margin:0;\">La posibilidad de elegir a duraci\u00f3n del curso:<\/h3><span class=\"awb-title-spacer\"><\/span><div class=\"title-sep-container\"><div class=\"title-sep sep-double sep-solid\" style=\"border-color:#e2e2e2;\"><\/div><\/div><\/div>\n<div class=\"table-1\">\n<table width=\"100%\">\n<thead>\n<tr>\n<th align=\"left\"><strong>Duraci\u00f3n<\/strong><\/th>\n<th align=\"left\"><strong>Precio<\/strong><\/th>\n<\/tr>\n<\/thead>\n<tbody>\n<tr>\n<td>1 semana<\/td>\n<td>190,00 \u20ac<\/td>\n<\/tr>\n<tr>\n<td>2 semanas<\/td>\n<td>320,00 \u20ac<\/td>\n<\/tr>\n<tr>\n<td>3 semanas<\/td>\n<td>440,00 \u20ac<\/td>\n<\/tr>\n<tr>\n<td>4 semanas<\/td>\n<td>490,00 \u20ac<\/td>\n<\/tr>\n<tr>\n<td>5 semanas<\/td>\n<td>620,00 \u20ac<\/td>\n<\/tr>\n<tr>\n<td>6 semanas<\/td>\n<td>735,00 \u20ac<\/td>\n<\/tr>\n<tr>\n<td>7 semanas<\/td>\n<td>860,00 \u20ac<\/td>\n<\/tr>\n<tr>\n<td>8 semanas<\/td>\n<td>980,00 \u20ac<\/td>\n<\/tr>\n<\/tbody>\n<\/table>\n<\/div>\n<div class=\"fusion-text fusion-text-2\"><p>Suplemento por temporada alta en el verano (junio, julio y agosto) 25,00 \u20ac por la semana<\/p>\n<\/div><div class=\"fusion-clearfix\"><\/div><\/div><\/div><\/div><\/div><div class=\"fusion-fullwidth fullwidth-box fusion-builder-row-8 nonhundred-percent-fullwidth non-hundred-percent-height-scrolling\" style=\"background-color: rgba(255,255,255,0);background-position: center center;background-repeat: no-repeat;padding-top:0px;padding-right:0px;padding-bottom:0px;padding-left:0px;margin-bottom: 0px;margin-top: 0px;border-width: 0px 0px 0px 0px;border-color:#e2e2e2;border-style:solid;\" ><div class=\"fusion-builder-row fusion-row\"><div class=\"fusion-layout-column fusion_builder_column fusion-builder-column-16 fusion_builder_column_1_1 1_1 fusion-one-full fusion-column-first fusion-column-last\" style=\"margin-top:0px;margin-bottom:20px;\"><div class=\"fusion-column-wrapper fusion-flex-column-wrapper-legacy\" style=\"background-position:left top;background-repeat:no-repeat;-webkit-background-size:cover;-moz-background-size:cover;-o-background-size:cover;background-size:cover;padding: 0px 0px 0px 0px;\"><style type=\"text\/css\"><\/style><div class=\"fusion-title title fusion-title-6 fusion-title-text fusion-title-size-two\" style=\"margin-top:10px;margin-right:0px;margin-bottom:15px;margin-left:0px;\"><h2 class=\"title-heading-left\" style=\"margin:0;\">Cursos de tarde<\/h2><span class=\"awb-title-spacer\"><\/span><div class=\"title-sep-container\"><div class=\"title-sep sep-double sep-solid\" style=\"border-color:#e2e2e2;\"><\/div><\/div><\/div><div class=\"fusion-clearfix\"><\/div><\/div><\/div><div class=\"fusion-layout-column fusion_builder_column fusion-builder-column-17 fusion_builder_column_1_3 1_3 fusion-one-third fusion-column-first\" style=\"width:33.333333333333%;width:calc(33.333333333333% - ( ( 4% ) * 0.33333333333333 ) );margin-right: 4%;margin-top:0px;margin-bottom:20px;\"><div class=\"fusion-column-wrapper fusion-flex-column-wrapper-legacy\" style=\"background-position:left top;background-repeat:no-repeat;-webkit-background-size:cover;-moz-background-size:cover;-o-background-size:cover;background-size:cover;padding: 0px 0px 0px 0px;\"><div class=\"fusion-column-content-centered\"><div class=\"fusion-column-content\">\n<div class=\"table-1\">\n<table width=\"100%\">\n<thead>\n<tr>\n<th align=\"left\"><strong><span class=\"st\">Curso de conversaci\u00f3n <\/span>B2\/C1<br \/>\n<\/strong><\/th>\n<\/tr>\n<\/thead>\n<tbody>\n<tr>\n<td><strong>Salida:<\/strong> La oportunidad de iniciar el curso cada lunes, despu\u00e9s de la disoluci\u00f3n de la prueba de nivel<\/td>\n<\/tr>\n<tr>\n<td>La cantidad de horas\/Semana: 4<\/td>\n<\/tr>\n<tr>\n<td>Horas: 14.00 &#8211; 15.30<\/td>\n<\/tr>\n<tr>\n<td>D\u00edas: lunes + mi\u00e9rcoles <acronym title=\"rodzaj m\u0119ski\"><\/acronym><\/td>\n<\/tr>\n<tr>\n<td><strong>Precio: 200,00 euros \/ 4 semanas <\/strong><\/td>\n<\/tr>\n<\/tbody>\n<\/table>\n<\/div>\n<\/div><\/div><div class=\"fusion-clearfix\"><\/div><\/div><\/div><div class=\"fusion-layout-column fusion_builder_column fusion-builder-column-18 fusion_builder_column_2_3 2_3 fusion-two-third fusion-column-last\" style=\"width:66.666666666667%;width:calc(66.666666666667% - ( ( 4% ) * 0.66666666666667 ) );margin-top:0px;margin-bottom:20px;\"><div class=\"fusion-column-wrapper fusion-flex-column-wrapper-legacy\" style=\"background-position:left top;background-repeat:no-repeat;-webkit-background-size:cover;-moz-background-size:cover;-o-background-size:cover;background-size:cover;padding: 0px 0px 0px 0px;\"><div class=\"imageframe-align-center\"><span class=\" fusion-imageframe imageframe-none imageframe-4 hover-type-none\"><img decoding=\"async\" width=\"2560\" height=\"1920\" title=\"GermanCourseMunichBeginners\" src=\"https:\/\/www.sprachschule-axioma.de\/wp-content\/uploads\/2025\/01\/GermanCourseMunichBeginners-scaled.jpg\" class=\"img-responsive wp-image-23935\" srcset=\"https:\/\/www.sprachschule-axioma.de\/wp-content\/uploads\/2025\/01\/GermanCourseMunichBeginners-200x150.jpg 200w, https:\/\/www.sprachschule-axioma.de\/wp-content\/uploads\/2025\/01\/GermanCourseMunichBeginners-400x300.jpg 400w, https:\/\/www.sprachschule-axioma.de\/wp-content\/uploads\/2025\/01\/GermanCourseMunichBeginners-600x450.jpg 600w, https:\/\/www.sprachschule-axioma.de\/wp-content\/uploads\/2025\/01\/GermanCourseMunichBeginners-800x600.jpg 800w, https:\/\/www.sprachschule-axioma.de\/wp-content\/uploads\/2025\/01\/GermanCourseMunichBeginners-1200x900.jpg 1200w, https:\/\/www.sprachschule-axioma.de\/wp-content\/uploads\/2025\/01\/GermanCourseMunichBeginners-scaled.jpg 2560w\" sizes=\"(max-width: 800px) 100vw, 800px\" \/><\/span><\/div><div class=\"fusion-clearfix\"><\/div><\/div><\/div><div class=\"fusion-layout-column fusion_builder_column fusion-builder-column-19 fusion_builder_column_1_1 1_1 fusion-one-full fusion-column-first fusion-column-last\" style=\"margin-top:0px;margin-bottom:20px;\"><div class=\"fusion-column-wrapper fusion-flex-column-wrapper-legacy\" style=\"background-position:left top;background-repeat:no-repeat;-webkit-background-size:cover;-moz-background-size:cover;-o-background-size:cover;background-size:cover;padding: 0px 0px 0px 0px;\"><ul class=\"fusion-checklist fusion-checklist-2\" style=\"font-size:16px;line-height:27.2px;\"><li class=\"fusion-li-item\"><span style=\"background-color:#1a80b6;font-size:14.08px;height:27.2px;width:27.2px;margin-right:11.2px;\" class=\"icon-wrapper circle-yes\"><i class=\"fusion-li-icon fa-arrow-alt-circle-right fas\" style=\"color:#ffffff;\" aria-hidden=\"true\"><\/i><\/span><div class=\"fusion-li-item-content\" style=\"margin-left:38.4px;\">1 hora acad\u00e9mica = 45 minutos<\/div><\/li><li class=\"fusion-li-item\"><span style=\"background-color:#1a80b6;font-size:14.08px;height:27.2px;width:27.2px;margin-right:11.2px;\" class=\"icon-wrapper circle-yes\"><i class=\"fusion-li-icon fa-arrow-alt-circle-right fas\" style=\"color:#ffffff;\" aria-hidden=\"true\"><\/i><\/span><div class=\"fusion-li-item-content\" style=\"margin-left:38.4px;\">Para los niveles A1 \u2013 B2 libro es necesito (cuesta 25,00\u20ac)<\/div><\/li><\/ul><div class=\"fusion-clearfix\"><\/div><\/div><\/div><\/div><\/div><div class=\"fusion-fullwidth fullwidth-box fusion-builder-row-9 nonhundred-percent-fullwidth non-hundred-percent-height-scrolling\" style=\"background-color: rgba(255,255,255,0);background-position: center center;background-repeat: no-repeat;padding-top:0px;padding-right:0px;padding-bottom:0px;padding-left:0px;margin-bottom: 0px;margin-top: 0px;border-width: 0px 0px 0px 0px;border-color:#e2e2e2;border-style:solid;\" ><div class=\"fusion-builder-row fusion-row\"><div class=\"fusion-layout-column fusion_builder_column fusion-builder-column-20 fusion_builder_column_1_1 1_1 fusion-one-full fusion-column-first fusion-column-last\" style=\"margin-top:0px;margin-bottom:20px;\"><div class=\"fusion-column-wrapper fusion-flex-column-wrapper-legacy\" style=\"background-position:left top;background-repeat:no-repeat;-webkit-background-size:cover;-moz-background-size:cover;-o-background-size:cover;background-size:cover;padding: 0px 0px 0px 0px;\"><style type=\"text\/css\"><\/style><div class=\"fusion-title title fusion-title-7 fusion-title-text fusion-title-size-two\" style=\"margin-top:10px;margin-right:0px;margin-bottom:15px;margin-left:0px;\"><h2 class=\"title-heading-left\" style=\"margin:0;\">Cursos de noche<\/h2><span class=\"awb-title-spacer\"><\/span><div class=\"title-sep-container\"><div class=\"title-sep sep-double sep-solid\" style=\"border-color:#e2e2e2;\"><\/div><\/div><\/div><div class=\"fusion-text fusion-text-3\"><p>Cada m\u00f3dulo tiene una duraci\u00f3n de 8 semanas y son conformados en grupos peque\u00f1os. Los cursos de alem\u00e1n por la tarde est\u00e1n disponibles durante todo el a\u00f1o. Para inscribirse a un curso ya iniciado, es necesario hacer nuestra prueba de nivel y participar en una clase de prueba sin costo. El libro de texto \u00abBegegnung\u00bb es utilizado en los niveles b\u00e1sicos en los cursos de alem\u00e1n vespertinos y en los niveles intermedios, aparte de materiales anexos, los libros de texto \u00abErkundungen\u00bb. Cada libro de texto se finaliza al cabo de 16 semanas; los precios del curso no incluyen el material de clase.<\/p>\n<\/div><div class=\"fusion-clearfix\"><\/div><\/div><\/div><\/div><\/div><div class=\"fusion-fullwidth fullwidth-box fusion-builder-row-10 nonhundred-percent-fullwidth non-hundred-percent-height-scrolling\" style=\"background-color: rgba(255,255,255,0);background-position: center center;background-repeat: no-repeat;padding-top:0px;padding-right:0px;padding-bottom:0px;padding-left:0px;margin-bottom: 0px;margin-top: 0px;border-width: 0px 0px 0px 0px;border-color:#e2e2e2;border-style:solid;\" ><div class=\"fusion-builder-row fusion-row\"><div class=\"fusion-layout-column fusion_builder_column fusion-builder-column-21 fusion_builder_column_1_3 1_3 fusion-one-third fusion-column-first\" style=\"width:33.333333333333%;width:calc(33.333333333333% - ( ( 4% + 4% ) * 0.33333333333333 ) );margin-right: 4%;margin-top:0px;margin-bottom:20px;\"><div class=\"fusion-column-wrapper fusion-flex-column-wrapper-legacy\" style=\"background-position:left top;background-repeat:no-repeat;-webkit-background-size:cover;-moz-background-size:cover;-o-background-size:cover;background-size:cover;padding: 0px 0px 0px 0px;\">\n<div class=\"table-1\">\n<table width=\"100%\">\n<thead>\n<tr>\n<th align=\"left\"><strong>Nivel A1.1.<\/strong><\/th>\n<\/tr>\n<\/thead>\n<tbody>\n<tr>\n<td>La cantidad de horas\/Semana: 6<\/td>\n<\/tr>\n<tr>\n<td>Horas: 18.30 &#8211; 21.00<\/td>\n<\/tr>\n<tr>\n<td>D\u00edas: lunes + miercoles<\/td>\n<\/tr>\n<tr>\n<td><strong>Precio: 470,00 Euro (8 semanas) <\/strong><\/td>\n<\/tr>\n<\/tbody>\n<\/table>\n<\/div>\n<div class=\"fusion-sep-clear\"><\/div><div class=\"fusion-separator fusion-full-width-sep\" style=\"margin-left: auto;margin-right: auto;margin-top:10px;margin-bottom:10px;width:100%;\"><\/div><div class=\"fusion-sep-clear\"><\/div><div class=\"fusion-clearfix\"><\/div><\/div><\/div><div class=\"fusion-layout-column fusion_builder_column fusion-builder-column-22 fusion_builder_column_1_3 1_3 fusion-one-third\" style=\"width:33.333333333333%;width:calc(33.333333333333% - ( ( 4% + 4% ) * 0.33333333333333 ) );margin-right: 4%;margin-top:0px;margin-bottom:20px;\"><div class=\"fusion-column-wrapper fusion-flex-column-wrapper-legacy\" style=\"background-position:left top;background-repeat:no-repeat;-webkit-background-size:cover;-moz-background-size:cover;-o-background-size:cover;background-size:cover;padding: 0px 0px 0px 0px;\">\n<div class=\"table-1\">\n<table width=\"100%\">\n<thead>\n<tr>\n<th align=\"left\"><strong>Nivel A2<br \/>\n<\/strong><\/th>\n<\/tr>\n<\/thead>\n<tbody>\n<tr>\n<td>La cantidad de horas\/Semana: 6<\/td>\n<\/tr>\n<tr>\n<td>Horas: 18.30 &#8211; 21.00<\/td>\n<\/tr>\n<tr>\n<td>D\u00edas: lunes + miercoles<\/td>\n<\/tr>\n<tr>\n<td><strong>Precio: 470,00 Euro (8 semanas) <\/strong><\/td>\n<\/tr>\n<\/tbody>\n<\/table>\n<\/div>\n<div class=\"fusion-sep-clear\"><\/div><div class=\"fusion-separator fusion-full-width-sep\" style=\"margin-left: auto;margin-right: auto;margin-top:10px;margin-bottom:10px;width:100%;\"><\/div><div class=\"fusion-sep-clear\"><\/div><div class=\"fusion-clearfix\"><\/div><\/div><\/div><div class=\"fusion-layout-column fusion_builder_column fusion-builder-column-23 fusion_builder_column_1_3 1_3 fusion-one-third fusion-column-last\" style=\"width:33.333333333333%;width:calc(33.333333333333% - ( ( 4% + 4% ) * 0.33333333333333 ) );margin-top:0px;margin-bottom:20px;\"><div class=\"fusion-column-wrapper fusion-flex-column-wrapper-legacy\" style=\"background-position:left top;background-repeat:no-repeat;-webkit-background-size:cover;-moz-background-size:cover;-o-background-size:cover;background-size:cover;padding: 0px 0px 0px 0px;\">\n<div class=\"table-1\">\n<table width=\"100%\">\n<thead>\n<tr>\n<th align=\"left\"><strong>Nivel B1.1.<br \/>\n<\/strong><\/th>\n<\/tr>\n<\/thead>\n<tbody>\n<tr>\n<td>La cantidad de horas\/Semana: 6<\/td>\n<\/tr>\n<tr>\n<td>Horas: 18.30 &#8211; 21.00<\/td>\n<\/tr>\n<tr>\n<td>D\u00edas: martes\u00a0+\u00a0jueves<\/td>\n<\/tr>\n<tr>\n<td><strong>Precio: 470,00 Euro (8 semanas) <\/strong><\/td>\n<\/tr>\n<\/tbody>\n<\/table>\n<\/div>\n<div class=\"fusion-sep-clear\"><\/div><div class=\"fusion-separator fusion-full-width-sep\" style=\"margin-left: auto;margin-right: auto;margin-top:10px;margin-bottom:10px;width:100%;\"><\/div><div class=\"fusion-sep-clear\"><\/div><div class=\"fusion-clearfix\"><\/div><\/div><\/div><\/div><\/div><div class=\"fusion-fullwidth fullwidth-box fusion-builder-row-11 nonhundred-percent-fullwidth non-hundred-percent-height-scrolling\" style=\"background-color: rgba(255,255,255,0);background-position: center center;background-repeat: no-repeat;padding-top:0px;padding-right:0px;padding-bottom:0px;padding-left:0px;margin-bottom: 0px;margin-top: 0px;border-width: 0px 0px 0px 0px;border-color:#e2e2e2;border-style:solid;\" ><div class=\"fusion-builder-row fusion-row\"><div class=\"fusion-layout-column fusion_builder_column fusion-builder-column-24 fusion_builder_column_1_3 1_3 fusion-one-third fusion-column-first\" style=\"width:33.333333333333%;width:calc(33.333333333333% - ( ( 4% + 4% ) * 0.33333333333333 ) );margin-right: 4%;margin-top:0px;margin-bottom:20px;\"><div class=\"fusion-column-wrapper fusion-flex-column-wrapper-legacy\" style=\"background-position:left top;background-repeat:no-repeat;-webkit-background-size:cover;-moz-background-size:cover;-o-background-size:cover;background-size:cover;padding: 0px 0px 0px 0px;\">\n<div class=\"table-1\">\n<table width=\"100%\">\n<thead>\n<tr>\n<th align=\"left\"><strong>Nivel B2<br \/>\n<\/strong><\/th>\n<\/tr>\n<\/thead>\n<tbody>\n<tr>\n<td>La cantidad de horas\/Semana: 4<\/td>\n<\/tr>\n<tr>\n<td>Horas: 19.00 &#8211; 20.30<\/td>\n<\/tr>\n<tr>\n<td>D\u00edas: martes\u00a0+\u00a0jueves<\/td>\n<\/tr>\n<tr>\n<td><strong>Precio:\u00a0 495,00 Euro (12 semanas) <\/strong><\/td>\n<\/tr>\n<\/tbody>\n<\/table>\n<\/div>\n<div class=\"fusion-sep-clear\"><\/div><div class=\"fusion-separator fusion-full-width-sep\" style=\"margin-left: auto;margin-right: auto;margin-top:10px;margin-bottom:10px;width:100%;\"><\/div><div class=\"fusion-sep-clear\"><\/div><div class=\"fusion-clearfix\"><\/div><\/div><\/div><div class=\"fusion-layout-column fusion_builder_column fusion-builder-column-25 fusion_builder_column_1_3 1_3 fusion-one-third\" style=\"width:33.333333333333%;width:calc(33.333333333333% - ( ( 4% + 4% ) * 0.33333333333333 ) );margin-right: 4%;margin-top:0px;margin-bottom:20px;\"><div class=\"fusion-column-wrapper fusion-flex-column-wrapper-legacy\" style=\"background-position:left top;background-repeat:no-repeat;-webkit-background-size:cover;-moz-background-size:cover;-o-background-size:cover;background-size:cover;padding: 0px 0px 0px 0px;\">\n<div class=\"table-1\">\n<table width=\"100%\">\n<thead>\n<tr>\n<th align=\"left\"><strong>Nivel C1 + Alem\u00e1n para el trabajo<br \/>\n<\/strong><\/th>\n<\/tr>\n<\/thead>\n<tbody>\n<tr>\n<td>La cantidad de horas\/Semana: 4<\/td>\n<\/tr>\n<tr>\n<td>Horas: 19.00 &#8211; 20.30<\/td>\n<\/tr>\n<tr>\n<td>D\u00edas: martes\u00a0+\u00a0jueves<\/td>\n<\/tr>\n<tr>\n<td><strong>Precio: 495,00 Euro (12 semanas) <\/strong><\/td>\n<\/tr>\n<\/tbody>\n<\/table>\n<\/div>\n<div class=\"fusion-sep-clear\"><\/div><div class=\"fusion-separator fusion-full-width-sep\" style=\"margin-left: auto;margin-right: auto;margin-top:10px;margin-bottom:10px;width:100%;\"><\/div><div class=\"fusion-sep-clear\"><\/div><div class=\"fusion-clearfix\"><\/div><\/div><\/div><div class=\"fusion-layout-column fusion_builder_column fusion-builder-column-26 fusion_builder_column_1_3 1_3 fusion-one-third fusion-column-last\" style=\"width:33.333333333333%;width:calc(33.333333333333% - ( ( 4% + 4% ) * 0.33333333333333 ) );margin-top:0px;margin-bottom:20px;\"><div class=\"fusion-column-wrapper fusion-flex-column-wrapper-legacy\" style=\"background-position:left top;background-repeat:no-repeat;-webkit-background-size:cover;-moz-background-size:cover;-o-background-size:cover;background-size:cover;padding: 0px 0px 0px 0px;\">\n<div class=\"table-1\">\n<table width=\"100%\">\n<thead>\n<tr>\n<th align=\"left\"><strong>Nivel C1<br \/>\n<\/strong><\/th>\n<\/tr>\n<\/thead>\n<tbody>\n<tr>\n<td>La cantidad de horas\/Semana: 4<\/td>\n<\/tr>\n<tr>\n<td>Horas: 19.00 &#8211; 20.30<\/td>\n<\/tr>\n<tr>\n<td>D\u00edas: lunes &#8211;\u00a0jueves<\/td>\n<\/tr>\n<tr>\n<td><strong>Precio: 495,00 Euro \/ 12 semanas<br \/>\n<\/strong><\/td>\n<\/tr>\n<\/tbody>\n<\/table>\n<\/div>\n<div class=\"fusion-sep-clear\"><\/div><div class=\"fusion-separator fusion-full-width-sep\" style=\"margin-left: auto;margin-right: auto;margin-top:10px;margin-bottom:10px;width:100%;\"><\/div><div class=\"fusion-sep-clear\"><\/div><div class=\"fusion-clearfix\"><\/div><\/div><\/div><\/div><\/div><div class=\"fusion-fullwidth fullwidth-box fusion-builder-row-12 nonhundred-percent-fullwidth non-hundred-percent-height-scrolling\" style=\"background-color: rgba(255,255,255,0);background-position: center center;background-repeat: no-repeat;padding-top:0px;padding-right:0px;padding-bottom:0px;padding-left:0px;margin-bottom: 0px;margin-top: 0px;border-width: 0px 0px 0px 0px;border-color:#e2e2e2;border-style:solid;\" ><div class=\"fusion-builder-row fusion-row\"><div class=\"fusion-layout-column fusion_builder_column fusion-builder-column-27 fusion_builder_column_1_1 1_1 fusion-one-full fusion-column-first fusion-column-last\" style=\"margin-top:0px;margin-bottom:20px;\"><div class=\"fusion-column-wrapper fusion-flex-column-wrapper-legacy\" style=\"background-position:left top;background-repeat:no-repeat;-webkit-background-size:cover;-moz-background-size:cover;-o-background-size:cover;background-size:cover;padding: 0px 0px 0px 0px;\"><ul class=\"fusion-checklist fusion-checklist-3\" style=\"font-size:16px;line-height:27.2px;\"><li class=\"fusion-li-item\"><span style=\"background-color:#1a80b6;font-size:14.08px;height:27.2px;width:27.2px;margin-right:11.2px;\" class=\"icon-wrapper circle-yes\"><i class=\"fusion-li-icon fa-arrow-alt-circle-right fas\" style=\"color:#ffffff;\" aria-hidden=\"true\"><\/i><\/span><div class=\"fusion-li-item-content\" style=\"margin-left:38.4px;\">1 period lesson = 45 minutes<\/div><\/li><li class=\"fusion-li-item\"><span style=\"background-color:#1a80b6;font-size:14.08px;height:27.2px;width:27.2px;margin-right:11.2px;\" class=\"icon-wrapper circle-yes\"><i class=\"fusion-li-icon fa-arrow-alt-circle-right fas\" style=\"color:#ffffff;\" aria-hidden=\"true\"><\/i><\/span><div class=\"fusion-li-item-content\" style=\"margin-left:38.4px;\">At A1 \u2013 B2 levels a book is required (25 \u20ac)<\/div><\/li><\/ul><div class=\"fusion-clearfix\"><\/div><\/div><\/div><\/div><\/div><div class=\"fusion-fullwidth fullwidth-box fusion-builder-row-13 nonhundred-percent-fullwidth non-hundred-percent-height-scrolling\" style=\"background-color: rgba(255,255,255,0);background-position: center center;background-repeat: no-repeat;padding-top:0px;padding-right:0px;padding-bottom:0px;padding-left:0px;margin-bottom: 0px;margin-top: 0px;border-width: 0px 0px 0px 0px;border-color:#e2e2e2;border-style:solid;\" ><div class=\"fusion-builder-row fusion-row\"><div class=\"fusion-layout-column fusion_builder_column fusion-builder-column-28 fusion_builder_column_1_1 1_1 fusion-one-full fusion-column-first fusion-column-last\" style=\"margin-top:0px;margin-bottom:20px;\"><div class=\"fusion-column-wrapper fusion-flex-column-wrapper-legacy\" style=\"background-position:left top;background-repeat:no-repeat;-webkit-background-size:cover;-moz-background-size:cover;-o-background-size:cover;background-size:cover;padding: 0px 0px 0px 0px;\"><style type='text\/css'>.reading-box-container-1 .element-bottomshadow:before,.reading-box-container-1 .element-bottomshadow:after{opacity:0.70;}<\/style><div class=\"fusion-reading-box-container reading-box-container-1\" style=\"margin-top:0px;margin-bottom:20px;\"><div class=\"reading-box\" style=\"background-color:#f9f9fb;border-width:1px;border-color:rgba(226,226,226,0);border-left-width:3px;border-left-color:var(--primary_color);border-style:solid;\"><h2>\u00a1Contacte con nosotros!<\/h2><div class=\"reading-box-additional fusion-reading-box-additional\">\n<p>\u00bfHa elegido ya el curso adecuado y desea matricularse? \u00bfTiene alguna otra pregunta? Rellene el formulario: \u00a1seguro que recibe una respuesta completa!<\/p>\n<\/div><div class=\"fusion-clearfix\"><\/div><\/div><\/div><div class=\"fusion-clearfix\"><\/div><\/div><\/div><\/div><\/div><div class=\"fusion-fullwidth fullwidth-box fusion-builder-row-14 nonhundred-percent-fullwidth non-hundred-percent-height-scrolling\" style=\"background-color: rgba(255,255,255,0);background-position: center center;background-repeat: no-repeat;padding-top:0px;padding-right:0px;padding-bottom:0px;padding-left:0px;margin-bottom: 0px;margin-top: 0px;border-width: 0px 0px 0px 0px;border-color:#e2e2e2;border-style:solid;\" ><div class=\"fusion-builder-row fusion-row\"><div class=\"fusion-layout-column fusion_builder_column fusion-builder-column-29 fusion_builder_column_1_1 1_1 fusion-one-full fusion-column-first fusion-column-last\" style=\"margin-top:0px;margin-bottom:20px;\"><div class=\"fusion-column-wrapper fusion-flex-column-wrapper-legacy\" style=\"background-position:left top;background-repeat:no-repeat;-webkit-background-size:cover;-moz-background-size:cover;-o-background-size:cover;background-size:cover;padding: 0px 0px 0px 0px;\"><div class=\"fusion-clearfix\"><\/div><\/div><\/div><div class=\"fusion-layout-column fusion_builder_column fusion-builder-column-30 fusion_builder_column_1_2 1_2 fusion-one-half fusion-column-first\" style=\"width:50%;width:calc(50% - ( ( 4% ) * 0.5 ) );margin-right: 4%;margin-top:0px;margin-bottom:20px;\"><div class=\"fusion-column-wrapper fusion-flex-column-wrapper-legacy\" style=\"background-position:left top;background-repeat:no-repeat;-webkit-background-size:cover;-moz-background-size:cover;-o-background-size:cover;background-size:cover;padding: 0px 0px 0px 0px;\"><style type=\"text\/css\"><\/style><div class=\"fusion-title title fusion-title-8 fusion-title-text fusion-title-size-two\" style=\"margin-top:10px;margin-right:0px;margin-bottom:15px;margin-left:0px;\"><h2 class=\"title-heading-left\" style=\"margin:0;\">Studienkolleg \u2013 \u00bfC\u00f3mo debes prepararte para el examen?<\/h2><span class=\"awb-title-spacer\"><\/span><div class=\"title-sep-container\"><div class=\"title-sep sep-double sep-solid\" style=\"border-color:#e2e2e2;\"><\/div><\/div><\/div><div class=\"fusion-text fusion-text-4\"><p>Si eres alumno extranjero y tienes el deseo de estudiar en Alemania, tienes que saber que para que te habiliten el estudio universitario debes contar con una prueba de constataci\u00f3n.<\/p>\n<p>El Studienkolleg es un programa dedicado a preparar a todos los aspirantes en un tiempo de dos semestres para el ingreso a universidades. El examen se realiza dos veces al a\u00f1o, tiene una duraci\u00f3n de 60 minutos y consta de tres partes:<\/p>\n<ul>\n<li>Compresi\u00f3n lectora de tareas.<\/li>\n<li>Conocimiento y construcci\u00f3n de frases con las reglas gramaticales precisas.<\/li>\n<li>Un Test-C (conocido como \u201cel texto corto con huecos a completar).<\/li>\n<\/ul>\n<\/div><div class=\"fusion-clearfix\"><\/div><\/div><\/div><div class=\"fusion-layout-column fusion_builder_column fusion-builder-column-31 fusion_builder_column_1_2 1_2 fusion-one-half fusion-column-last\" style=\"width:50%;width:calc(50% - ( ( 4% ) * 0.5 ) );margin-top:0px;margin-bottom:20px;\"><div class=\"fusion-column-wrapper fusion-flex-column-wrapper-legacy\" style=\"background-position:left top;background-repeat:no-repeat;-webkit-background-size:cover;-moz-background-size:cover;-o-background-size:cover;background-size:cover;padding: 0px 0px 0px 0px;\"><span class=\" fusion-imageframe imageframe-none imageframe-5 hover-type-none\"><img decoding=\"async\" width=\"2560\" height=\"1707\" title=\"DeutschkursVisum\" src=\"https:\/\/www.sprachschule-axioma.de\/wp-content\/uploads\/2025\/01\/DeutschkursVisum-scaled.jpg\" class=\"img-responsive wp-image-23840\" srcset=\"https:\/\/www.sprachschule-axioma.de\/wp-content\/uploads\/2025\/01\/DeutschkursVisum-200x133.jpg 200w, https:\/\/www.sprachschule-axioma.de\/wp-content\/uploads\/2025\/01\/DeutschkursVisum-400x267.jpg 400w, https:\/\/www.sprachschule-axioma.de\/wp-content\/uploads\/2025\/01\/DeutschkursVisum-600x400.jpg 600w, https:\/\/www.sprachschule-axioma.de\/wp-content\/uploads\/2025\/01\/DeutschkursVisum-800x533.jpg 800w, https:\/\/www.sprachschule-axioma.de\/wp-content\/uploads\/2025\/01\/DeutschkursVisum-1200x800.jpg 1200w, https:\/\/www.sprachschule-axioma.de\/wp-content\/uploads\/2025\/01\/DeutschkursVisum-scaled.jpg 2560w\" sizes=\"(max-width: 800px) 100vw, 600px\" \/><\/span><div class=\"fusion-clearfix\"><\/div><\/div><\/div><div class=\"fusion-layout-column fusion_builder_column fusion-builder-column-32 fusion_builder_column_1_1 1_1 fusion-one-full fusion-column-first fusion-column-last\" style=\"margin-top:0px;margin-bottom:20px;\"><div class=\"fusion-column-wrapper fusion-flex-column-wrapper-legacy\" style=\"background-position:left top;background-repeat:no-repeat;-webkit-background-size:cover;-moz-background-size:cover;-o-background-size:cover;background-size:cover;padding: 0px 0px 0px 0px;\"><style type=\"text\/css\"><\/style><div class=\"fusion-title title fusion-title-9 fusion-title-text fusion-title-size-two\" style=\"margin-top:10px;margin-right:0px;margin-bottom:15px;margin-left:0px;\"><div class=\"title-heading-left title-heading-tag\" style=\"margin:0;\"><p>En cuanto a la evaluaci\u00f3n, se deber\u00e1 obtener en el resultado final \u2013 dependiendo del enfoque del curso y el n\u00famero de candidatos presentados \u2013 entre el 60% y el 85% de cada una de las unidades de valoraci\u00f3n especificadas en los puntos m\u00e1s arriba. En el caso de M\u00fanich, las escuelas de Studienkolleg tienden a tener m\u00e1s candidatos que vacantes.<\/p>\n<p>Para la realizaci\u00f3n de la prueba se necesita con car\u00e1cter oficial un nivel intermedio-avanzado de alem\u00e1n de B2. El nivel real se acerca m\u00e1s bien al C1 e incluso a un nivel mayor.<\/p>\n<p>Se debe tener en cuenta que para la realizaci\u00f3n de esta prueba los alumnos interesados deber\u00e1n tener un entrenamiento enfocado y un conocimiento del formato de examen exhaustivo y completo. No se debe subestimar el examen, se deben realizar diferentes tipos de modelos de ex\u00e1menes, correcci\u00f3n de errores individuales y aprendizaje en la gesti\u00f3n y optimizaci\u00f3n del tiempo.<\/p>\n<p>En Axioma, te ayudamos a que la realizaci\u00f3n del examen sea exitosa.<\/p>\n<p>\u00bfQu\u00e9 esper\u00e1s? \u00a1An\u00f3tate con nosotros!<\/p><\/div><span class=\"awb-title-spacer\"><\/span><div class=\"title-sep-container\"><div class=\"title-sep sep-double sep-solid\" style=\"border-color:#e2e2e2;\"><\/div><\/div><\/div><div class=\"fusion-clearfix\"><\/div><\/div><\/div><\/div><\/div><div class=\"fusion-fullwidth fullwidth-box fusion-builder-row-15 nonhundred-percent-fullwidth non-hundred-percent-height-scrolling\" style=\"background-color: rgba(255,255,255,0);background-position: center center;background-repeat: no-repeat;padding-top:0px;padding-right:0px;padding-bottom:0px;padding-left:0px;margin-bottom: 0px;margin-top: 0px;border-width: 0px 0px 0px 0px;border-color:#e2e2e2;border-style:solid;\" ><div class=\"fusion-builder-row fusion-row\"><div class=\"fusion-layout-column fusion_builder_column fusion-builder-column-33 fusion_builder_column_1_3 1_3 fusion-one-third fusion-column-first\" style=\"width:33.333333333333%;width:calc(33.333333333333% - ( ( 4% + 4% ) * 0.33333333333333 ) );margin-right: 4%;margin-top:0px;margin-bottom:20px;\"><div class=\"fusion-column-wrapper fusion-flex-column-wrapper-legacy\" style=\"background-position:left top;background-repeat:no-repeat;-webkit-background-size:cover;-moz-background-size:cover;-o-background-size:cover;background-size:cover;padding: 0px 0px 0px 0px;\"><style type=\"text\/css\"><\/style><div class=\"fusion-title title fusion-title-10 fusion-title-text fusion-title-size-three\" style=\"margin-top:10px;margin-right:0px;margin-bottom:15px;margin-left:0px;\"><h3 class=\"title-heading-left\" style=\"margin:0;\">Profesores<\/h3><span class=\"awb-title-spacer\"><\/span><div class=\"title-sep-container\"><div class=\"title-sep sep-double sep-solid\" style=\"border-color:#e2e2e2;\"><\/div><\/div><\/div><div class=\"fusion-text fusion-text-5\"><p>Los profesores de la academia Axioma hablan diferentes idiomas y tiene la experiencia necesaria para ense\u00f1ar de forma correcta el idioma alem\u00e1n. Como estudiante recibir\u00e1 siempre una asistencia adecuada, as\u00ed como la motivaci\u00f3n y seguridad necesaria para aprender un idioma.<\/p>\n<\/div><div class=\"fusion-button-wrapper\"><style type=\"text\/css\">.fusion-button.button-1 {border-radius:4px;}<\/style><a class=\"fusion-button button-flat fusion-button-default-size button-default button-1 fusion-button-default-span fusion-button-default-type\" target=\"_self\" href=\"\/mehr-infos\/unsere-lehrer\/\"><span class=\"fusion-button-text\">Profesores<\/span><\/a><\/div><div class=\"fusion-clearfix\"><\/div><\/div><\/div><div class=\"fusion-layout-column fusion_builder_column fusion-builder-column-34 fusion_builder_column_1_3 1_3 fusion-one-third\" style=\"width:33.333333333333%;width:calc(33.333333333333% - ( ( 4% + 4% ) * 0.33333333333333 ) );margin-right: 4%;margin-top:0px;margin-bottom:20px;\"><div class=\"fusion-column-wrapper fusion-flex-column-wrapper-legacy\" style=\"background-position:left top;background-repeat:no-repeat;-webkit-background-size:cover;-moz-background-size:cover;-o-background-size:cover;background-size:cover;padding: 0px 0px 0px 0px;\"><style type=\"text\/css\"><\/style><div class=\"fusion-title title fusion-title-11 fusion-title-text fusion-title-size-three\" style=\"margin-top:10px;margin-right:0px;margin-bottom:15px;margin-left:0px;\"><h3 class=\"title-heading-left\" style=\"margin:0;\">Ofertas de cursos<\/h3><span class=\"awb-title-spacer\"><\/span><div class=\"title-sep-container\"><div class=\"title-sep sep-double sep-solid\" style=\"border-color:#e2e2e2;\"><\/div><\/div><\/div><div class=\"fusion-text fusion-text-6\"><p>la flexibilidad que ofrece la academia Axioma permite cambiar el curso de alem\u00e1n por semana ( de acuerdo con los cupos libres), esto para estudiantes que llevan largo tiempo sin hablar alem\u00e1n y quieren empezar en un nivel m\u00e1s bajo para acostumbrarse de nuevo al idioma o para estudiantes que despu\u00e9s de realizar el examen de clasificaci\u00f3n no se encuentran comodos en la clase y desean disminuir el nivel. Evitando as\u00ed la perdida de tiempo y frustraci\u00f3n.<\/p>\n<\/div><div class=\"fusion-button-wrapper\"><style type=\"text\/css\">.fusion-button.button-2 {border-radius:4px;}<\/style><a class=\"fusion-button button-flat fusion-button-default-size button-default button-2 fusion-button-default-span fusion-button-default-type\" target=\"_self\" href=\"https:\/\/www.sprachschule-axioma.de\/es\/consigue-tu-oferta\/\"><span class=\"fusion-button-text\">Secretariado<\/span><\/a><\/div><div class=\"fusion-clearfix\"><\/div><\/div><\/div><div class=\"fusion-layout-column fusion_builder_column fusion-builder-column-35 fusion_builder_column_1_3 1_3 fusion-one-third fusion-column-last\" style=\"width:33.333333333333%;width:calc(33.333333333333% - ( ( 4% + 4% ) * 0.33333333333333 ) );margin-top:0px;margin-bottom:20px;\"><div class=\"fusion-column-wrapper fusion-flex-column-wrapper-legacy\" style=\"background-position:left top;background-repeat:no-repeat;-webkit-background-size:cover;-moz-background-size:cover;-o-background-size:cover;background-size:cover;padding: 0px 0px 0px 0px;\"><style type=\"text\/css\"><\/style><div class=\"fusion-title title fusion-title-12 fusion-title-text fusion-title-size-three\" style=\"margin-top:10px;margin-right:0px;margin-bottom:15px;margin-left:0px;\"><h3 class=\"title-heading-left\" style=\"margin:0;\">Visa<\/h3><span class=\"awb-title-spacer\"><\/span><div class=\"title-sep-container\"><div class=\"title-sep sep-double sep-solid\" style=\"border-color:#e2e2e2;\"><\/div><\/div><\/div><div class=\"fusion-text fusion-text-7\"><p>Para estudiantes que necesitan una visa ofrecemos clases de alem\u00e1n en la Manana, tarde o noche con un m\u00ednimo de 20 horas a la semana.We happily help the people who need accommodation, also in German-speaking families where you have a great possibilty not only to improve your language, but also get to know the culture of this country. All of the families we recommend are trustworthy.<\/p>\n<\/div><div class=\"fusion-button-wrapper\"><style type=\"text\/css\">.fusion-button.button-3 {border-radius:4px;}<\/style><a class=\"fusion-button button-flat fusion-button-default-size button-default button-3 fusion-button-default-span fusion-button-default-type\" target=\"_self\" href=\"\/mehr-infos\/unterkunft-visum\/\"><span class=\"fusion-button-text\">VISA<\/span><\/a><\/div><div class=\"fusion-clearfix\"><\/div><\/div><\/div><\/div><\/div><div class=\"fusion-fullwidth fullwidth-box fusion-builder-row-16 nonhundred-percent-fullwidth non-hundred-percent-height-scrolling\" style=\"background-color: rgba(255,255,255,0);background-position: center center;background-repeat: no-repeat;padding-top:0px;padding-right:0px;padding-bottom:0px;padding-left:0px;margin-bottom: 0px;margin-top: 0px;border-width: 0px 0px 0px 0px;border-color:#e2e2e2;border-style:solid;\" ><div class=\"fusion-builder-row fusion-row\"><div class=\"fusion-layout-column fusion_builder_column fusion-builder-column-36 fusion_builder_column_1_3 1_3 fusion-one-third fusion-column-first\" style=\"width:33.333333333333%;width:calc(33.333333333333% - ( ( 4% + 4% ) * 0.33333333333333 ) );margin-right: 4%;margin-top:0px;margin-bottom:20px;\"><div class=\"fusion-column-wrapper fusion-flex-column-wrapper-legacy\" style=\"background-position:left top;background-repeat:no-repeat;-webkit-background-size:cover;-moz-background-size:cover;-o-background-size:cover;background-size:cover;padding: 0px 0px 0px 0px;\"><style type=\"text\/css\"><\/style><div class=\"fusion-title title fusion-title-13 fusion-title-text fusion-title-size-two\" style=\"margin-top:10px;margin-right:0px;margin-bottom:15px;margin-left:0px;\"><h2 class=\"title-heading-left\" style=\"margin:0;\">Cursos especiales<\/h2><span class=\"awb-title-spacer\"><\/span><div class=\"title-sep-container\"><div class=\"title-sep sep-double sep-solid\" style=\"border-color:#e2e2e2;\"><\/div><\/div><\/div><div class=\"fusion-text fusion-text-8\"><p>Aparte de nuestro nivel B1 y B2 brindamos cursos de nivel avanzado C1, preparaci\u00f3n para el examen TastDaf, DHS; preparaci\u00f3n para el Studienkolleg y Goethezertifikate. Por otro lado, ofrecemos cursos de alem\u00e1n espec\u00edficos para medicina, enfermer\u00eda y educadores que quieran prepararse para el Goethe-Zertifikate y TELC B1 y B2.<\/p>\n<\/div><div class=\"fusion-button-wrapper\"><style type=\"text\/css\">.fusion-button.button-4 {border-radius:4px;}<\/style><a class=\"fusion-button button-flat fusion-button-default-size button-default button-4 fusion-button-default-span fusion-button-default-type\" target=\"_self\" href=\"\/deutschkurse-muenchen\/spezielle-kurse\/\"><span class=\"fusion-button-text\">Cursos especiales<\/span><\/a><\/div><div class=\"fusion-clearfix\"><\/div><\/div><\/div><div class=\"fusion-layout-column fusion_builder_column fusion-builder-column-37 fusion_builder_column_1_3 1_3 fusion-one-third\" style=\"width:33.333333333333%;width:calc(33.333333333333% - ( ( 4% + 4% ) * 0.33333333333333 ) );margin-right: 4%;margin-top:0px;margin-bottom:20px;\"><div class=\"fusion-column-wrapper fusion-flex-column-wrapper-legacy\" style=\"background-position:left top;background-repeat:no-repeat;-webkit-background-size:cover;-moz-background-size:cover;-o-background-size:cover;background-size:cover;padding: 0px 0px 0px 0px;\"><style type=\"text\/css\"><\/style><div class=\"fusion-title title fusion-title-14 fusion-title-text fusion-title-size-two\" style=\"margin-top:10px;margin-right:0px;margin-bottom:15px;margin-left:0px;\"><h2 class=\"title-heading-left\" style=\"margin:0;\">Preparaci\u00f3n de examenes<\/h2><span class=\"awb-title-spacer\"><\/span><div class=\"title-sep-container\"><div class=\"title-sep sep-double sep-solid\" style=\"border-color:#e2e2e2;\"><\/div><\/div><\/div><div class=\"fusion-text fusion-text-9\"><p>Muchos de nuestros estudiantes han tomado cursos de preparaci\u00f3n intensiva para examenes como el\u00a0\u00a0 Testdaf, Studienkollege o DHS. As\u00ed mismo, la academia Axioma ofrece cursos de preparaci\u00f3n para certificados del instituto Goethe de nivel A1-C2.<\/p>\n<\/div><div class=\"fusion-button-wrapper\"><style type=\"text\/css\">.fusion-button.button-5 {border-radius:4px;}<\/style><a class=\"fusion-button button-flat fusion-button-default-size button-default button-5 fusion-button-default-span fusion-button-default-type\" target=\"_self\" href=\"\/sprachkurse\/deutschkurse-muenchen\/vorbereitungskurse\/\"><span class=\"fusion-button-text\">Preparaci\u00f3n de examenes<\/span><\/a><\/div><div class=\"fusion-clearfix\"><\/div><\/div><\/div><div class=\"fusion-layout-column fusion_builder_column fusion-builder-column-38 fusion_builder_column_1_3 1_3 fusion-one-third fusion-column-last\" style=\"width:33.333333333333%;width:calc(33.333333333333% - ( ( 4% + 4% ) * 0.33333333333333 ) );margin-top:0px;margin-bottom:20px;\"><div class=\"fusion-column-wrapper fusion-flex-column-wrapper-legacy\" style=\"background-position:left top;background-repeat:no-repeat;-webkit-background-size:cover;-moz-background-size:cover;-o-background-size:cover;background-size:cover;padding: 0px 0px 0px 0px;\"><style type=\"text\/css\"><\/style><div class=\"fusion-title title fusion-title-15 fusion-title-text fusion-title-size-two\" style=\"margin-top:10px;margin-right:0px;margin-bottom:15px;margin-left:0px;\"><h2 class=\"title-heading-left\" style=\"margin:0;\">Trabajo en M\u00fanich<\/h2><span class=\"awb-title-spacer\"><\/span><div class=\"title-sep-container\"><div class=\"title-sep sep-double sep-solid\" style=\"border-color:#e2e2e2;\"><\/div><\/div><\/div><div class=\"fusion-text fusion-text-10\"><p>Para personas que quieren trabajar y necesitan un vocabulario especifico ofrecemos clases de alem\u00e1n en p\u00e9que\u00f1os grupos en las cuales aprender\u00e1 a utilizar palabras necesarias en un \u00e1mbito laboral. Escritura de cartas formales, contestaci\u00f3n de telefono y vocabulario especific\u00f3 son el foco de este curso. (bajo solicitud preparaci\u00f3n para el examen Deutsch f\u00fcr den Beruf y Wirschaftsdeutsch).<\/p>\n<\/div><div class=\"fusion-button-wrapper\"><style type=\"text\/css\">.fusion-button.button-6 {border-radius:4px;}<\/style><a class=\"fusion-button button-flat fusion-button-default-size button-default button-6 fusion-button-default-span fusion-button-default-type\" target=\"_self\" href=\"\/bewerbungstraining\/\"><span class=\"fusion-button-text\">Trabajo en M\u00fanich<\/span><\/a><\/div><div class=\"fusion-clearfix\"><\/div><\/div><\/div><\/div><\/div><div class=\"fusion-fullwidth fullwidth-box fusion-builder-row-17 fusion-flex-container nonhundred-percent-fullwidth non-hundred-percent-height-scrolling\" style=\"background-color: rgba(255,255,255,0);background-position: center center;background-repeat: no-repeat;border-width: 0px 0px 0px 0px;border-color:#e2e2e2;border-style:solid;\" ><div class=\"fusion-builder-row fusion-row fusion-flex-align-items-flex-start\" style=\"max-width:1248px;margin-left: calc(-4% \/ 2 );margin-right: calc(-4% \/ 2 );\"><div class=\"fusion-layout-column fusion_builder_column fusion-builder-column-39 fusion_builder_column_1_1 1_1 fusion-flex-column\"><div class=\"fusion-column-wrapper fusion-flex-justify-content-flex-start fusion-content-layout-column\" style=\"background-position:left top;background-repeat:no-repeat;-webkit-background-size:cover;-moz-background-size:cover;-o-background-size:cover;background-size:cover;padding: 0px 0px 0px 0px;\"><style type=\"text\/css\">@media only screen and (max-width:1024px) {.fusion-title.fusion-title-16{margin-top:10px!important; margin-right:0px!important;margin-bottom:15px!important;margin-left:0px!important;}}@media only screen and (max-width:640px) {.fusion-title.fusion-title-16{margin-top:10px!important; margin-right:0px!important;margin-bottom:10px!important; margin-left:0px!important;}}<\/style><div class=\"fusion-title title fusion-title-16 fusion-title-text fusion-title-size-one\" style=\"margin-top:10px;margin-right:0px;margin-bottom:15px;margin-left:0px;\"><div class=\"title-sep-container title-sep-container-left fusion-no-large-visibility fusion-no-medium-visibility fusion-no-small-visibility\"><div class=\"title-sep sep-double sep-solid\" style=\"border-color:#e2e2e2;\"><\/div><\/div><span class=\"awb-title-spacer fusion-no-large-visibility fusion-no-medium-visibility fusion-no-small-visibility\"><\/span><h1 class=\"title-heading-left\" style=\"margin:0;\">Axioma Language Academy and Editing<\/h1><span class=\"awb-title-spacer\"><\/span><div class=\"title-sep-container title-sep-container-right\"><div class=\"title-sep sep-double sep-solid\" style=\"border-color:#e2e2e2;\"><\/div><\/div><\/div><\/div><style type=\"text\/css\">.fusion-body .fusion-builder-column-39{width:100% !important;margin-top : 0px;margin-bottom : 20px;}.fusion-builder-column-39 > .fusion-column-wrapper {padding-top : 0px !important;padding-right : 0px !important;margin-right : 1.92%;padding-bottom : 0px !important;padding-left : 0px !important;margin-left : 1.92%;}@media only screen and (max-width:1024px) {.fusion-body .fusion-builder-column-39{width:100% !important;}.fusion-builder-column-39 > .fusion-column-wrapper {margin-right : 1.92%;margin-left : 1.92%;}}@media only screen and (max-width:640px) {.fusion-body .fusion-builder-column-39{width:100% !important;}.fusion-builder-column-39 > .fusion-column-wrapper {margin-right : 1.92%;margin-left : 1.92%;}}<\/style><\/div><\/div><style type=\"text\/css\">.fusion-body .fusion-flex-container.fusion-builder-row-17{ padding-top : 0px;margin-top : 0px;padding-right : 0px;padding-bottom : 0px;margin-bottom : 0px;padding-left : 0px;}<\/style><\/div>\n<div class=\"fusion-fullwidth fullwidth-box fusion-builder-row-18 fusion-flex-container nonhundred-percent-fullwidth non-hundred-percent-height-scrolling\" style=\"background-color: rgba(255,255,255,0);background-position: center center;background-repeat: no-repeat;border-width: 0px 0px 0px 0px;border-color:#e2e2e2;border-style:solid;\" ><div class=\"fusion-builder-row fusion-row fusion-flex-align-items-stretch\" style=\"max-width:1248px;margin-left: calc(-4% \/ 2 );margin-right: calc(-4% \/ 2 );\"><div class=\"fusion-layout-column fusion_builder_column fusion-builder-column-40 fusion_builder_column_1_3 1_3 fusion-flex-column\"><div class=\"fusion-column-wrapper fusion-flex-justify-content-flex-start fusion-content-layout-column\" style=\"background-position:left top;background-repeat:no-repeat;-webkit-background-size:cover;-moz-background-size:cover;-o-background-size:cover;background-size:cover;background-color:#2381b5;padding: 10px 10px 10px 10px;\"><i class=\"fb-icon-element-1 fb-icon-element fontawesome-icon fa-map-marker-alt fas circle-yes fa-flip-horizontal\" style=\"font-size:28.16px;line-height:54.32px;height:56.32px;width:56.32px;border-width:1px;align-self:center;margin: 0px;\"><\/i><style>i.fb-icon-element.fontawesome-icon.fb-icon-element-1{ color: #2381b5; background-color: #ffffff; border-color: #2381b5;}i.fb-icon-element.fontawesome-icon.fb-icon-element-1:hover { color: #2381b5; background-color: #ffffff; border-color: #ffffff;}<\/style><div class=\"fusion-separator fusion-full-width-sep\" style=\"align-self: center;margin-left: auto;margin-right: auto;margin-top:10px;margin-bottom:10px;width:100%;\"><\/div><div class=\"fusion-text fusion-text-11\"><p style=\"text-align: center; color: #fff;\">T\u00fcrkenstr. 72<br \/>\n80799 M\u00fcnchen<\/p>\n<p style=\"text-align: center; color: #fff;\">*cross Georg-Elser-Platz, first door on the left<br \/>\n**The school is located to the right of the Cafe Zeitgeist.<\/p>\n<\/div><\/div><style type=\"text\/css\">.fusion-body .fusion-builder-column-40{width:33.333333333333% !important;margin-top : 0px;margin-bottom : 20px;}.fusion-builder-column-40 > .fusion-column-wrapper {padding-top : 10 !important;padding-right : 10 !important;margin-right : 5.76%;padding-bottom : 10 !important;padding-left : 10 !important;margin-left : 5.76%;}@media only screen and (max-width:1024px) {.fusion-body .fusion-builder-column-40{width:100% !important;}.fusion-builder-column-40 > .fusion-column-wrapper {margin-right : 1.92%;margin-left : 1.92%;}}@media only screen and (max-width:640px) {.fusion-body .fusion-builder-column-40{width:100% !important;}.fusion-builder-column-40 > .fusion-column-wrapper {margin-right : 1.92%;margin-left : 1.92%;}}<\/style><\/div><div class=\"fusion-layout-column fusion_builder_column fusion-builder-column-41 fusion_builder_column_1_3 1_3 fusion-flex-column\"><div class=\"fusion-column-wrapper fusion-flex-justify-content-flex-start fusion-content-layout-column\" style=\"background-position:left top;background-repeat:no-repeat;-webkit-background-size:cover;-moz-background-size:cover;-o-background-size:cover;background-size:cover;background-color:#2381b5;padding: 10px 10px 10px 10px;\"><i class=\"fb-icon-element-2 fb-icon-element fontawesome-icon fa-phone-alt fas circle-yes\" style=\"font-size:28.16px;line-height:54.32px;height:56.32px;width:56.32px;border-width:1px;align-self:center;margin: 0px;\"><\/i><style>i.fb-icon-element.fontawesome-icon.fb-icon-element-2{ color: #2381b5; background-color: #ffffff; border-color: #2381b5;}i.fb-icon-element.fontawesome-icon.fb-icon-element-2:hover { color: #2381b5; background-color: #ffffff; border-color: #ffffff;}<\/style><div class=\"fusion-separator fusion-full-width-sep\" style=\"align-self: center;margin-left: auto;margin-right: auto;margin-top:10px;margin-bottom:10px;width:100%;\"><\/div><div class=\"fusion-text fusion-text-12\"><p style=\"text-align: center; color: #fff;\"><strong>Phone<\/strong>: <a class=\"phontracking\" style=\"color: #fff;\" href=\"tel:+49891099200\">0049-89-12099200 <\/a><br \/>\n<strong>E-Mail<\/strong>: <a class=\"mailtracking\" style=\"color: #fff;\" href=\"mailto:sekretariat@sprachschule-axioma.de\">sekretariat@sprachschule-axioma.de<\/a><br \/>\n<strong>WhatsApp<\/strong>: 0049-178-7384836<\/p>\n<p style=\"text-align: center; color: #fff;\"><strong>Reachability by phone: <\/strong><br \/>\nMonday to Friday, 9.30 \u2013 14.00 Uhr<\/p>\n<\/div><\/div><style type=\"text\/css\">.fusion-body .fusion-builder-column-41{width:33.333333333333% !important;margin-top : 0px;margin-bottom : 20px;}.fusion-builder-column-41 > .fusion-column-wrapper {padding-top : 10 !important;padding-right : 10 !important;margin-right : 5.76%;padding-bottom : 10 !important;padding-left : 10 !important;margin-left : 5.76%;}@media only screen and (max-width:1024px) {.fusion-body .fusion-builder-column-41{width:100% !important;}.fusion-builder-column-41 > .fusion-column-wrapper {margin-right : 1.92%;margin-left : 1.92%;}}@media only screen and (max-width:640px) {.fusion-body .fusion-builder-column-41{width:100% !important;}.fusion-builder-column-41 > .fusion-column-wrapper {margin-right : 1.92%;margin-left : 1.92%;}}<\/style><\/div><div class=\"fusion-layout-column fusion_builder_column fusion-builder-column-42 fusion_builder_column_1_3 1_3 fusion-flex-column overflow\"><div class=\"fusion-column-wrapper fusion-flex-justify-content-flex-start fusion-content-layout-column\" style=\"background-position:left top;background-repeat:no-repeat;-webkit-background-size:cover;-moz-background-size:cover;-o-background-size:cover;background-size:cover;background-color:#2381b5;padding: 10px 10px 10px 10px;\"><i class=\"fb-icon-element-3 fb-icon-element fontawesome-icon fa-clock fas circle-yes\" style=\"font-size:28.16px;line-height:54.32px;height:56.32px;width:56.32px;border-width:1px;align-self:center;margin: 0px;\"><\/i><style>i.fb-icon-element.fontawesome-icon.fb-icon-element-3{ color: #2381b5; background-color: #ffffff; border-color: #2381b5;}i.fb-icon-element.fontawesome-icon.fb-icon-element-3:hover { color: #2381b5; background-color: #ffffff; border-color: #ffffff;}<\/style><div class=\"fusion-separator fusion-full-width-sep\" style=\"align-self: center;margin-left: auto;margin-right: auto;margin-top:10px;margin-bottom:10px;width:100%;\"><\/div>\n<div class=\"table-2\">\n<table style=\"height: 242px;\" width=\"424\">\n<tbody>\n<tr style=\"color: #fff;\">\n<td style=\"width: 30%;\" align=\"left\">Mondays<\/td>\n<td align=\"left\">9.30 \u2013 13.30 Uhr<\/td>\n<\/tr>\n<tr style=\"color: #fff;\">\n<td align=\"left\"><\/td>\n<td align=\"left\">18.00 \u2013 20.00 Uhr<\/td>\n<\/tr>\n<tr style=\"color: #fff;\">\n<td style=\"width: 30%;\" align=\"left\">Tuesdays<\/td>\n<td align=\"left\">9.30 \u2013 15.00 Uhr<\/td>\n<\/tr>\n<tr style=\"color: #fff;\">\n<td align=\"left\"><\/td>\n<td align=\"left\">18.00 \u2013 20.00 Uhr<\/td>\n<\/tr>\n<tr style=\"color: #fff;\">\n<td style=\"width: 30%;\" align=\"left\">Wednesdays<\/td>\n<td align=\"left\">9.30 \u2013 13.30 Uhr<\/td>\n<\/tr>\n<tr style=\"color: #fff;\">\n<td style=\"width: 30%;\" align=\"left\">Thursdays<\/td>\n<td align=\"left\">9.30 \u2013 18.30 Uhr<\/td>\n<\/tr>\n<tr style=\"color: #fff;\">\n<td style=\"width: 30%;\" align=\"left\">Fridays<\/td>\n<td align=\"left\">09.30 \u2013 13.30 Uhr<\/td>\n<\/tr>\n<\/tbody>\n<\/table>\n<\/div>\n<\/div><style type=\"text\/css\">.fusion-body .fusion-builder-column-42{width:33.333333333333% !important;margin-top : 0px;margin-bottom : 20px;}.fusion-builder-column-42 > .fusion-column-wrapper {padding-top : 10 !important;padding-right : 10 !important;margin-right : 5.76%;padding-bottom : 10 !important;padding-left : 10 !important;margin-left : 5.76%;}@media only screen and (max-width:1024px) {.fusion-body .fusion-builder-column-42{width:100% !important;}.fusion-builder-column-42 > .fusion-column-wrapper {margin-right : 1.92%;margin-left : 1.92%;}}@media only screen and (max-width:640px) {.fusion-body .fusion-builder-column-42{width:100% !important;}.fusion-builder-column-42 > .fusion-column-wrapper {margin-right : 1.92%;margin-left : 1.92%;}}<\/style><\/div><\/div><style type=\"text\/css\">.fusion-body .fusion-flex-container.fusion-builder-row-18{ padding-top : 0px;margin-top : 0px;padding-right : 0px;padding-bottom : 0px;margin-bottom : 0px;padding-left : 0px;}<\/style><\/div>\n<div class=\"fusion-fullwidth fullwidth-box fusion-builder-row-19 fusion-flex-container nonhundred-percent-fullwidth non-hundred-percent-height-scrolling\" style=\"background-color: rgba(255,255,255,0);background-position: center center;background-repeat: no-repeat;border-width: 0px 0px 0px 0px;border-color:#e2e2e2;border-style:solid;\" ><div class=\"fusion-builder-row fusion-row fusion-flex-align-items-flex-start\" style=\"max-width:1248px;margin-left: calc(-4% \/ 2 );margin-right: calc(-4% \/ 2 );\"><div class=\"fusion-layout-column fusion_builder_column fusion-builder-column-43 fusion_builder_column_1_1 1_1 fusion-flex-column\"><div class=\"fusion-column-wrapper fusion-flex-justify-content-flex-start fusion-content-layout-column\" style=\"background-position:left top;background-repeat:no-repeat;-webkit-background-size:cover;-moz-background-size:cover;-o-background-size:cover;background-size:cover;padding: 0px 0px 0px 0px;\"><div style=\"text-align:center;\"><style type=\"text\/css\">.fusion-button.button-7 {border-radius:4px;}<\/style><a class=\"fusion-button button-flat button-xlarge button-default button-7 fusion-button-span-yes fusion-button-default-type\" target=\"_self\" href=\"https:\/\/www.sprachschule-axioma.de\/en\/get-your-offer\/\"><span class=\"fusion-button-text\">Contact<\/span><\/a><\/div><\/div><style type=\"text\/css\">.fusion-body .fusion-builder-column-43{width:100% !important;margin-top : 0px;margin-bottom : 20px;}.fusion-builder-column-43 > .fusion-column-wrapper {padding-top : 0px !important;padding-right : 0px !important;margin-right : 1.92%;padding-bottom : 0px !important;padding-left : 0px !important;margin-left : 1.92%;}@media only screen and (max-width:1024px) {.fusion-body .fusion-builder-column-43{width:100% !important;}.fusion-builder-column-43 > .fusion-column-wrapper {margin-right : 1.92%;margin-left : 1.92%;}}@media only screen and (max-width:640px) {.fusion-body .fusion-builder-column-43{width:100% !important;}.fusion-builder-column-43 > .fusion-column-wrapper {margin-right : 1.92%;margin-left : 1.92%;}}<\/style><\/div><\/div><style type=\"text\/css\">.fusion-body .fusion-flex-container.fusion-builder-row-19{ padding-top : 0px;margin-top : 0px;padding-right : 0px;padding-bottom : 0px;margin-bottom : 0px;padding-left : 0px;}<\/style><\/div>\n<div class=\"fusion-fullwidth fullwidth-box fusion-builder-row-20 nonhundred-percent-fullwidth non-hundred-percent-height-scrolling\" style=\"background-color: rgba(255,255,255,0);background-position: center center;background-repeat: no-repeat;padding-top:0px;padding-right:0px;padding-bottom:0px;padding-left:0px;margin-bottom: 0px;margin-top: 0px;border-width: 0px 0px 0px 0px;border-color:#e2e2e2;border-style:solid;\" ><div class=\"fusion-builder-row fusion-row\"><\/div><\/div><\/p>\n","protected":false},"excerpt":{"rendered":"","protected":false},"author":2,"featured_media":0,"parent":0,"menu_order":0,"comment_status":"closed","ping_status":"closed","template":"100-width.php","meta":{"footnotes":""},"yoast_head":"<!-- This site is optimized with the Yoast SEO plugin v20.13 - https:\/\/yoast.com\/wordpress\/plugins\/seo\/ -->\n<title>Cursos de alem\u00e1n en M\u00fanich | Axioma Sprachschule M\u00fcnchen<\/title>\n<meta name=\"description\" content=\"Aprenda ahora alem\u00e1n en Munich en peque\u00f1os idiomas. En su escuela de idiomas Axioma. \u25ba M\u00e1s informaci\u00f3n\" \/>\n<meta name=\"robots\" content=\"index, follow, max-snippet:-1, max-image-preview:large, max-video-preview:-1\" \/>\n<link rel=\"canonical\" href=\"https:\/\/www.sprachschule-axioma.de\/es\/\" \/>\n<meta property=\"og:locale\" content=\"es_ES\" \/>\n<meta property=\"og:type\" content=\"article\" \/>\n<meta property=\"og:title\" content=\"Cursos de alem\u00e1n en M\u00fanich | Axioma Sprachschule M\u00fcnchen\" \/>\n<meta property=\"og:description\" content=\"Aprenda ahora alem\u00e1n en Munich en peque\u00f1os idiomas. En su escuela de idiomas Axioma. \u25ba M\u00e1s informaci\u00f3n\" \/>\n<meta property=\"og:url\" content=\"https:\/\/www.sprachschule-axioma.de\/es\/\" \/>\n<meta property=\"og:site_name\" content=\"Axioma Sprachschule M\u00fcnchen\" \/>\n<meta property=\"article:modified_time\" content=\"2026-02-21T15:44:51+00:00\" \/>\n<meta name=\"twitter:card\" content=\"summary_large_image\" \/>\n<meta name=\"twitter:label1\" content=\"Tiempo de lectura\" \/>\n\t<meta name=\"twitter:data1\" content=\"48 minutos\" \/>\n<script type=\"application\/ld+json\" class=\"yoast-schema-graph\">{\"@context\":\"https:\/\/schema.org\",\"@graph\":[{\"@type\":\"WebPage\",\"@id\":\"https:\/\/www.sprachschule-axioma.de\/es\/\",\"url\":\"https:\/\/www.sprachschule-axioma.de\/es\/\",\"name\":\"Cursos de alem\u00e1n en M\u00fanich | Axioma Sprachschule M\u00fcnchen\",\"isPartOf\":{\"@id\":\"https:\/\/www.sprachschule-axioma.de\/es\/#website\"},\"datePublished\":\"2020-03-24T14:22:27+00:00\",\"dateModified\":\"2026-02-21T15:44:51+00:00\",\"description\":\"Aprenda ahora alem\u00e1n en Munich en peque\u00f1os idiomas. En su escuela de idiomas Axioma. \u25ba M\u00e1s informaci\u00f3n\",\"breadcrumb\":{\"@id\":\"https:\/\/www.sprachschule-axioma.de\/es\/#breadcrumb\"},\"inLanguage\":\"es\",\"potentialAction\":[{\"@type\":\"ReadAction\",\"target\":[\"https:\/\/www.sprachschule-axioma.de\/es\/\"]}]},{\"@type\":\"BreadcrumbList\",\"@id\":\"https:\/\/www.sprachschule-axioma.de\/es\/#breadcrumb\",\"itemListElement\":[{\"@type\":\"ListItem\",\"position\":1,\"name\":\"Home\",\"item\":\"https:\/\/www.sprachschule-axioma.de\/es\/\"},{\"@type\":\"ListItem\",\"position\":2,\"name\":\"Cursos de alem\u00e1n en M\u00fanich\"}]},{\"@type\":\"WebSite\",\"@id\":\"https:\/\/www.sprachschule-axioma.de\/es\/#website\",\"url\":\"https:\/\/www.sprachschule-axioma.de\/es\/\",\"name\":\"Axioma Sprachschule M\u00fcnchen\",\"description\":\"Deine Sprachschule in M\u00fcnchen\",\"publisher\":{\"@id\":\"https:\/\/www.sprachschule-axioma.de\/es\/#organization\"},\"potentialAction\":[{\"@type\":\"SearchAction\",\"target\":{\"@type\":\"EntryPoint\",\"urlTemplate\":\"https:\/\/www.sprachschule-axioma.de\/es\/?s={search_term_string}\"},\"query-input\":\"required name=search_term_string\"}],\"inLanguage\":\"es\"},{\"@type\":\"Organization\",\"@id\":\"https:\/\/www.sprachschule-axioma.de\/es\/#organization\",\"name\":\"Sprachschule Axioma\",\"url\":\"https:\/\/www.sprachschule-axioma.de\/es\/\",\"logo\":{\"@type\":\"ImageObject\",\"inLanguage\":\"es\",\"@id\":\"https:\/\/www.sprachschule-axioma.de\/es\/#\/schema\/logo\/image\/\",\"url\":\"https:\/\/www.sprachschule-axioma.de\/wp-content\/uploads\/2020\/03\/logo.jpg\",\"contentUrl\":\"https:\/\/www.sprachschule-axioma.de\/wp-content\/uploads\/2020\/03\/logo.jpg\",\"width\":200,\"height\":51,\"caption\":\"Sprachschule Axioma\"},\"image\":{\"@id\":\"https:\/\/www.sprachschule-axioma.de\/es\/#\/schema\/logo\/image\/\"}}]}<\/script>\n<!-- \/ Yoast SEO plugin. -->","yoast_head_json":{"title":"Cursos de alem\u00e1n en M\u00fanich | Axioma Sprachschule M\u00fcnchen","description":"Aprenda ahora alem\u00e1n en Munich en peque\u00f1os idiomas. En su escuela de idiomas Axioma. \u25ba M\u00e1s informaci\u00f3n","robots":{"index":"index","follow":"follow","max-snippet":"max-snippet:-1","max-image-preview":"max-image-preview:large","max-video-preview":"max-video-preview:-1"},"canonical":"https:\/\/www.sprachschule-axioma.de\/es\/","og_locale":"es_ES","og_type":"article","og_title":"Cursos de alem\u00e1n en M\u00fanich | Axioma Sprachschule M\u00fcnchen","og_description":"Aprenda ahora alem\u00e1n en Munich en peque\u00f1os idiomas. En su escuela de idiomas Axioma. \u25ba M\u00e1s informaci\u00f3n","og_url":"https:\/\/www.sprachschule-axioma.de\/es\/","og_site_name":"Axioma Sprachschule M\u00fcnchen","article_modified_time":"2026-02-21T15:44:51+00:00","twitter_card":"summary_large_image","twitter_misc":{"Tiempo de lectura":"48 minutos"},"schema":{"@context":"https:\/\/schema.org","@graph":[{"@type":"WebPage","@id":"https:\/\/www.sprachschule-axioma.de\/es\/","url":"https:\/\/www.sprachschule-axioma.de\/es\/","name":"Cursos de alem\u00e1n en M\u00fanich | Axioma Sprachschule M\u00fcnchen","isPartOf":{"@id":"https:\/\/www.sprachschule-axioma.de\/es\/#website"},"datePublished":"2020-03-24T14:22:27+00:00","dateModified":"2026-02-21T15:44:51+00:00","description":"Aprenda ahora alem\u00e1n en Munich en peque\u00f1os idiomas. En su escuela de idiomas Axioma. \u25ba M\u00e1s informaci\u00f3n","breadcrumb":{"@id":"https:\/\/www.sprachschule-axioma.de\/es\/#breadcrumb"},"inLanguage":"es","potentialAction":[{"@type":"ReadAction","target":["https:\/\/www.sprachschule-axioma.de\/es\/"]}]},{"@type":"BreadcrumbList","@id":"https:\/\/www.sprachschule-axioma.de\/es\/#breadcrumb","itemListElement":[{"@type":"ListItem","position":1,"name":"Home","item":"https:\/\/www.sprachschule-axioma.de\/es\/"},{"@type":"ListItem","position":2,"name":"Cursos de alem\u00e1n en M\u00fanich"}]},{"@type":"WebSite","@id":"https:\/\/www.sprachschule-axioma.de\/es\/#website","url":"https:\/\/www.sprachschule-axioma.de\/es\/","name":"Axioma Sprachschule M\u00fcnchen","description":"Deine Sprachschule in M\u00fcnchen","publisher":{"@id":"https:\/\/www.sprachschule-axioma.de\/es\/#organization"},"potentialAction":[{"@type":"SearchAction","target":{"@type":"EntryPoint","urlTemplate":"https:\/\/www.sprachschule-axioma.de\/es\/?s={search_term_string}"},"query-input":"required name=search_term_string"}],"inLanguage":"es"},{"@type":"Organization","@id":"https:\/\/www.sprachschule-axioma.de\/es\/#organization","name":"Sprachschule Axioma","url":"https:\/\/www.sprachschule-axioma.de\/es\/","logo":{"@type":"ImageObject","inLanguage":"es","@id":"https:\/\/www.sprachschule-axioma.de\/es\/#\/schema\/logo\/image\/","url":"https:\/\/www.sprachschule-axioma.de\/wp-content\/uploads\/2020\/03\/logo.jpg","contentUrl":"https:\/\/www.sprachschule-axioma.de\/wp-content\/uploads\/2020\/03\/logo.jpg","width":200,"height":51,"caption":"Sprachschule Axioma"},"image":{"@id":"https:\/\/www.sprachschule-axioma.de\/es\/#\/schema\/logo\/image\/"}}]}},"_links":{"self":[{"href":"https:\/\/www.sprachschule-axioma.de\/es\/wp-json\/wp\/v2\/pages\/16726"}],"collection":[{"href":"https:\/\/www.sprachschule-axioma.de\/es\/wp-json\/wp\/v2\/pages"}],"about":[{"href":"https:\/\/www.sprachschule-axioma.de\/es\/wp-json\/wp\/v2\/types\/page"}],"author":[{"embeddable":true,"href":"https:\/\/www.sprachschule-axioma.de\/es\/wp-json\/wp\/v2\/users\/2"}],"replies":[{"embeddable":true,"href":"https:\/\/www.sprachschule-axioma.de\/es\/wp-json\/wp\/v2\/comments?post=16726"}],"version-history":[{"count":114,"href":"https:\/\/www.sprachschule-axioma.de\/es\/wp-json\/wp\/v2\/pages\/16726\/revisions"}],"predecessor-version":[{"id":24234,"href":"https:\/\/www.sprachschule-axioma.de\/es\/wp-json\/wp\/v2\/pages\/16726\/revisions\/24234"}],"wp:attachment":[{"href":"https:\/\/www.sprachschule-axioma.de\/es\/wp-json\/wp\/v2\/media?parent=16726"}],"curies":[{"name":"wp","href":"https:\/\/api.w.org\/{rel}","templated":true}]}}