{"id":18155,"date":"2020-03-24T15:22:27","date_gmt":"2020-03-24T14:22:27","guid":{"rendered":"https:\/\/sprachschule-axioma.net\/home\/"},"modified":"2023-10-03T21:15:03","modified_gmt":"2023-10-03T19:15:03","slug":"home","status":"publish","type":"page","link":"https:\/\/www.sprachschule-axioma.de\/bs\/","title":{"rendered":"Home"},"content":{"rendered":"<p><div class=\"fusion-fullwidth fullwidth-box fusion-builder-row-1 nonhundred-percent-fullwidth non-hundred-percent-height-scrolling\" style=\"background-color: rgba(255,255,255,0);background-position: center center;background-repeat: no-repeat;padding-top:0px;padding-right:0px;padding-bottom:0px;padding-left:0px;margin-bottom: 0px;margin-top: 0px;border-width: 0px 0px 0px 0px;border-color:#e2e2e2;border-style:solid;\" ><div class=\"fusion-builder-row fusion-row\"><div class=\"fusion-layout-column fusion_builder_column fusion-builder-column-0 fusion_builder_column_1_1 1_1 fusion-one-full fusion-column-first fusion-column-last\" style=\"margin-top:0px;margin-bottom:20px;\"><div class=\"fusion-column-wrapper fusion-flex-column-wrapper-legacy\" style=\"background-position:left top;background-repeat:no-repeat;-webkit-background-size:cover;-moz-background-size:cover;-o-background-size:cover;background-size:cover;padding: 0px 0px 0px 0px;\">\n<div class=\"fusion-slider-revolution rev_slider_wrapper\">\t\t\t<!-- START Startseitensprachen REVOLUTION SLIDER 6.5.2 --><p class=\"rs-p-wp-fix\"><\/p>\n\t\t\t<rs-module-wrap id=\"rev_slider_2_1_wrapper\" data-source=\"gallery\" style=\"visibility:hidden;background:transparent;padding:0;margin:0px auto;margin-top:0;margin-bottom:0;\">\n\t\t\t\t<rs-module id=\"rev_slider_2_1\" style=\"\" data-version=\"6.5.2\">\n\t\t\t\t\t<rs-slides>\n\t\t\t\t\t\t<rs-slide data-key=\"rs-7\" data-title=\"Slide\" data-in=\"o:0;\" data-out=\"a:false;\">\n\t\t\t\t\t\t\t<img src=\"\/\/www.sprachschule-axioma.de\/wp-content\/plugins\/revslider\/public\/assets\/assets\/dummy.png\" title=\"AxiomaEingang-1-1-scaled\" width=\"2000\" height=\"443\" class=\"rev-slidebg tp-rs-img rs-lazyload\" data-lazyload=\"\/\/www.sprachschule-axioma.de\/wp-content\/uploads\/2023\/05\/AxiomaEingang-1-1-scaled-2.jpg\" data-no-retina>\n<!--\n\t\t\t\t\t\t\t--><rs-layer\n\t\t\t\t\t\t\t\tid=\"slider-2-slide-7-layer-0\" \n\t\t\t\t\t\t\t\tdata-type=\"text\"\n\t\t\t\t\t\t\t\tdata-color=\"#1a80b6\"\n\t\t\t\t\t\t\t\tdata-rsp_ch=\"on\"\n\t\t\t\t\t\t\t\tdata-xy=\"x:322px;y:205px;\"\n\t\t\t\t\t\t\t\tdata-text=\"w:normal;s:48;l:61;\"\n\t\t\t\t\t\t\t\tdata-dim=\"minh:0;\"\n\t\t\t\t\t\t\t\tdata-padding=\"t:12;r:12;b:12;l:12;\"\n\t\t\t\t\t\t\t\tdata-frame_1=\"e:power3.out;st:170;sR:170;\"\n\t\t\t\t\t\t\t\tdata-frame_999=\"o:0;st:w;sR:8530;\"\n\t\t\t\t\t\t\t\tstyle=\"z-index:9;background-color:rgba(255,255,255,0.8);font-family:Raleway;\"\n\t\t\t\t\t\t\t>Language school Axioma Munich  \n\t\t\t\t\t\t\t<\/rs-layer><!--\n\n\t\t\t\t\t\t\t--><rs-layer\n\t\t\t\t\t\t\t\tid=\"slider-2-slide-7-layer-1\" \n\t\t\t\t\t\t\t\tdata-type=\"text\"\n\t\t\t\t\t\t\t\tdata-color=\"#1a80b6\"\n\t\t\t\t\t\t\t\tdata-rsp_ch=\"on\"\n\t\t\t\t\t\t\t\tdata-xy=\"x:369px;y:321px;\"\n\t\t\t\t\t\t\t\tdata-text=\"w:normal;s:32;l:40;\"\n\t\t\t\t\t\t\t\tdata-padding=\"t:10;r:10;b:10;l:10;\"\n\t\t\t\t\t\t\t\tdata-frame_1=\"st:300;sR:300;\"\n\t\t\t\t\t\t\t\tdata-frame_999=\"o:0;st:w;sR:8400;\"\n\t\t\t\t\t\t\t\tstyle=\"z-index:8;background-color:rgba(255,255,255,0.8);font-family:Raleway;\"\n\t\t\t\t\t\t\t>intensive german course in a small group \n\t\t\t\t\t\t\t<\/rs-layer><!--\n-->\t\t\t\t\t\t<\/rs-slide>\n\t\t\t\t\t\t<rs-slide data-key=\"rs-71\" data-title=\"Slide\" data-in=\"o:0;\" data-out=\"a:false;\">\n\t\t\t\t\t\t\t<img src=\"\/\/www.sprachschule-axioma.de\/wp-content\/plugins\/revslider\/public\/assets\/assets\/dummy.png\" title=\"AxiomaEingang-1-1-scaled\" width=\"2000\" height=\"443\" class=\"rev-slidebg tp-rs-img rs-lazyload\" data-lazyload=\"\/\/www.sprachschule-axioma.de\/wp-content\/uploads\/2023\/05\/AxiomaEingang-1-1-scaled-2.jpg\" data-no-retina>\n<!--\n\t\t\t\t\t\t\t--><rs-layer\n\t\t\t\t\t\t\t\tid=\"slider-2-slide-71-layer-0\" \n\t\t\t\t\t\t\t\tdata-type=\"text\"\n\t\t\t\t\t\t\t\tdata-color=\"#1a80b6\"\n\t\t\t\t\t\t\t\tdata-rsp_ch=\"on\"\n\t\t\t\t\t\t\t\tdata-xy=\"x:322px;y:205px;\"\n\t\t\t\t\t\t\t\tdata-text=\"w:normal;s:48;l:61;\"\n\t\t\t\t\t\t\t\tdata-dim=\"minh:0;\"\n\t\t\t\t\t\t\t\tdata-padding=\"t:12;r:12;b:12;l:12;\"\n\t\t\t\t\t\t\t\tdata-frame_1=\"e:power3.out;st:170;sR:170;\"\n\t\t\t\t\t\t\t\tdata-frame_999=\"o:0;st:w;sR:8530;\"\n\t\t\t\t\t\t\t\tstyle=\"z-index:9;background-color:rgba(255,255,255,0.8);font-family:Raleway;\"\n\t\t\t\t\t\t\t>Language school Axioma Munich  \n\t\t\t\t\t\t\t<\/rs-layer><!--\n\n\t\t\t\t\t\t\t--><rs-layer\n\t\t\t\t\t\t\t\tid=\"slider-2-slide-71-layer-1\" \n\t\t\t\t\t\t\t\tdata-type=\"text\"\n\t\t\t\t\t\t\t\tdata-color=\"#1a80b6\"\n\t\t\t\t\t\t\t\tdata-rsp_ch=\"on\"\n\t\t\t\t\t\t\t\tdata-xy=\"x:369px;y:321px;\"\n\t\t\t\t\t\t\t\tdata-text=\"w:normal;s:32;l:40;\"\n\t\t\t\t\t\t\t\tdata-padding=\"t:10;r:10;b:10;l:10;\"\n\t\t\t\t\t\t\t\tdata-frame_1=\"st:300;sR:300;\"\n\t\t\t\t\t\t\t\tdata-frame_999=\"o:0;st:w;sR:8400;\"\n\t\t\t\t\t\t\t\tstyle=\"z-index:8;background-color:rgba(255,255,255,0.8);font-family:Raleway;\"\n\t\t\t\t\t\t\t>intensive german course in a small group \n\t\t\t\t\t\t\t<\/rs-layer><!--\n-->\t\t\t\t\t\t<\/rs-slide>\n\t\t\t\t\t<\/rs-slides>\n\t\t\t\t<\/rs-module>\n\t\t\t\t<script type=\"text\/javascript\">\n\t\t\t\t\tsetREVStartSize({c: 'rev_slider_2_1',rl:[1240,1024,778,480],el:[450],gw:[1240],gh:[450],type:'standard',justify:'',layout:'fullwidth',mh:\"0\"});\n\t\t\t\t<\/script>\n\t\t\t<\/rs-module-wrap>\n\t\t\t<!-- END REVOLUTION SLIDER -->\n<\/div><div class=\"fusion-clearfix\"><\/div><\/div><\/div><\/div><\/div><div class=\"fusion-fullwidth fullwidth-box fusion-builder-row-2 nonhundred-percent-fullwidth non-hundred-percent-height-scrolling\" style=\"background-color: rgba(255,255,255,0);background-position: center center;background-repeat: no-repeat;padding-top:0px;padding-right:0px;padding-bottom:0px;padding-left:0px;margin-bottom: 0px;margin-top: 0px;border-width: 0px 0px 0px 0px;border-color:#e2e2e2;border-style:solid;\" ><div class=\"fusion-builder-row fusion-row\"><div class=\"fusion-layout-column fusion_builder_column fusion-builder-column-1 fusion_builder_column_1_1 1_1 fusion-one-full fusion-column-first fusion-column-last\" style=\"margin-top:0px;margin-bottom:20px;\"><div class=\"fusion-column-wrapper fusion-flex-column-wrapper-legacy\" style=\"background-position:left top;background-repeat:no-repeat;-webkit-background-size:cover;-moz-background-size:cover;-o-background-size:cover;background-size:cover;padding: 0px 0px 0px 0px;\"><style type=\"text\/css\"><\/style><div class=\"fusion-title title fusion-title-1 fusion-title-text fusion-title-size-one\" style=\"margin-top:10px;margin-right:0px;margin-bottom:15px;margin-left:0px;\"><h1 class=\"title-heading-left\" style=\"margin:0;\">Kurs nema\u010dkog jezika Minhena<\/h1><span class=\"awb-title-spacer\"><\/span><div class=\"title-sep-container\"><div class=\"title-sep sep-double sep-solid\" style=\"border-color:#e2e2e2;\"><\/div><\/div><\/div><div class=\"fusion-text fusion-text-1\"><p>Kursevi nema\u010dkog jezika u \u0161koli stranih jezika Axioma, izme\u0111u Tehni\u010dkog univerziteta (TU) i Univerziteta Ludovika Maksimilijana (LMU)<\/p>\n<\/div><div class=\"fusion-video fusion-youtube\" style=\"max-width:600px;max-height:360px;\"><div class=\"video-shortcode\"><iframe title=\"YouTube video player 1\" src=\"https:\/\/www.youtube.com\/embed\/PclvT6PGHz8?wmode=transparent&autoplay=0\" width=\"600\" height=\"360\" allowfullscreen allow=\"autoplay; fullscreen\"><\/iframe><\/div><\/div><div class=\"fusion-text fusion-text-2\"><p><a class=\"mailtracking\" href=\"mailto:info@sprachschule-axioma.de\">info@sprachschule-axioma.de<\/a><br \/>\n<a class=\"phontracking\" href=\"tel:+498912099200\">(089)12099200<\/a><\/p>\n<p>Kursevi u malim grupama<br \/>\nSvi na\u0161i u\u010ditelji su izvorni govornici s univerzitetskom diplomom.<br \/>\nSvi na\u0161i polaznici dobijaju sertifikat!<br \/>\nBesplatna klasifikacija<br \/>\nIntensivkurs Deutsch (Stufen A1, A2, B1, B2 und C1)<\/p>\n<p><strong>4 \u010dasova nedeljno<\/strong><br \/>\n<strong>390,00 evra\/8 nedelje<\/strong><\/p>\n<p><strong>20 \u010dasova nedeljno<\/strong><br \/>\n<strong>540,00 evra\/4 nedelje<br \/>\n<\/strong><\/p>\n<p><strong>Maksimalni broj polaznika: 4-12<\/strong><\/p>\n<p>ponuda<br \/>\ntelefon 089 \u2013 12099 200<\/p>\n<p><strong>Na\u0161a \u0161kola stranih jezika<\/strong><br \/>\nKurs nema\u010dkog jezika (od 540 evra\/4 nedelje) odr\u017eava se u centru Minhena, u jednom od najlep\u0161ih delova Minhena, u ulici T\u00fcrkenstra\u00dfe, izme\u0111u Tehni\u010dkog univerziteta (TU) i Univerziteta Ludoviga Maksimilijana (LMU). U okolini \u0161kole nalaze se brojne zgodne kafane, barovi, muzeji, prodavnice i Engleski park. Nakon kursa nema\u010dkog u Minhenu iskusite atmosferu Engleskog parka, vrhunskih pivara s terasama i lepih ulica s brojnim prodavnicama u centru Minhena. Do \u0161kole se jednostavno i brzo sti\u017ee metroom (U3\/U6 stanica Universit\u00e4t), autobuskom linijom 154 (153)(T\u00fcrkenstra\u00dfe) ili tramvajem 27 (28)(Schellingstra\u00dfe).<\/p>\n<p>Kursevi nema\u010dkog jezika A1-C2, priprema za TestDaF, kursevi DSH<\/p>\n<p><strong>U potrazi ste za odgovaraju\u0107im kursom nema\u010dkog jezika u Minhenu?<\/strong><br \/>\nHteli biste da (bolje) nau\u010dite nema\u010dki? \u017delite da studirate u Nema\u010dkoj? Morate da pola\u017eete ispit iz nema\u010dkog kao stranog jezika (TestDaF), ispit kojim \u0107ete dokazati poznavanje nema\u010dkog jezika kako biste mogli da studirate u Nema\u010dkoj (DSH-Pr\u00fcfung), ili neki drugi test u Minhenu? Potreban Vam je kurs nema\u010dkog prilago\u0111en potrebama Va\u0161eg posla, kurs poslovnog nema\u010dkog, poslovne korespondencije ili obuka koja \u0107e Vam pomo\u0107i da dobijete posao? Tra\u017eite intenzivni kurs ili kurs gramatike, pravopisa, interpunkcije, pisanja ili konverzacije? U na\u0161oj \u0161koli stranih jezika u Minhenu na pravom ste mestu. Nudimo Vam specijalizovane kurseve nema\u010dkog u Minhenu ve\u0107 od 540 evra za 4 nedelje. Vodimo ra\u010duna o Va\u0161im individualnim potrebama. Na na\u0161im kursevima nema\u010dkog nema velikih grupa u kojima ne mo\u017eete do\u0107i do re\u010di. U manjoj grupi \u010de\u0161\u0107e \u0107ete imati priliku da govorite i brzo \u0107ete nau\u010diti nema\u010dki. Mogu\u0107i su posebni i individualni \u010dasevi.<\/p>\n<p>Nudimo kurseve nema\u010dkog u nivoima A1-C2, kao i profesionalnu pripremu za slede\u0107e ispite: TestDaF; ispit kojim dokazujete poznavanje nema\u010dkog jezika kako biste mogli da studirate u Nema\u010dkoj (Deutsche Sprachpr\u00fcfung f\u00fcr den Hochschulzugang (DSH); prijemni ispit za fakultet; ispit za sertifikat Gete Instituta A1, A2, B1, B2, C1 i C2, TELC.<\/p>\n<p><strong>\u017delite li da u Minhenu polo\u017eite TestDaF?<\/strong><br \/>\nTestDAF je ispit \u010dije uspe\u0161no polaganje olak\u0161ava upis na ve\u0107inu nema\u010dkih univerziteta. TestDaF je centralni standardizovani ispit kojim studenti koji \u017eele da studiraju u Nema\u010dkoj ili nau\u010dnici koji \u017eele da rade na nema\u010dkim visoko\u0161kolskim ustanovama dokazuju poznavanje nema\u010dkog jezika. Na\u0161a \u0161kola stranih jezika u Minhenu pru\u017ea Vam optimalnu obuku iz svih ve\u0161tina koje se proveravaju ispitom TestDaF (usmeno izra\u017eavanje, pisanje, \u010ditanje s razumevanjem i slu\u0161anje s razumevanjem). Da bi se polo\u017eio TestDaF, potrebno je dobiti najmanje ocenu 3 iz svake od tih ve\u0161tina. Minhenske univerzitetske ustanove Univerzitet Ludvig-Maksimilijan (LMU), Tehni\u010dki Univerzitet Minhen (TU) i Stru\u010dna vi\u0161a \u0161kola Minhen (FHM) priznaju i ocenu 4 (Test-DaF-Note) iz svih ve\u0161tina. Pripremni kursevi za polaganje ispita TestDaF (240 evra\/4 nedelje) u sklopu na\u0161e ponude kurseva nema\u010dkog jezika u Minhenu optimalno Vas pripremaju za taj ispit.<\/p>\n<p><strong>\u017delite li da u Minhenu polo\u017eite ispit poznavanja nema\u010dkog jezika koji omogu\u0107uje pristup visoko\u0161kolskim ustanovama u Nema\u010dkoj (DSH)?<\/strong><br \/>\nDSH je jezi\u010dki ispit koji kandidatima koji nisu sa nema\u010dkog govornog podru\u010dja slu\u017ei kao dokaz o poznavanju nema\u010dkog jezika potreban za studiranje na visoko\u0161kolskim ustanovama u Nema\u010dkoj. Moraju ga polagati i kandidati koji su nema\u010dki dr\u017eavljani ali nemaju zavr\u0161nu diplomu s nema\u010dkog govornog podru\u010dja (npr. iseljenici s nema\u010dkim dr\u017eavljanstvom koji su pravo na studiranje stekli u inostranstvu). Na\u0161i kursevi nema\u010dkog jezika u Minhenu pripremaju Vas za DSH.<\/p>\n<p><strong>ponuda<\/strong><br \/>\n<strong>telefon 089 \u2013 12099 200<\/strong><\/p>\n<\/div><div class=\"fusion-clearfix\"><\/div><\/div><\/div><\/div><\/div><div class=\"fusion-fullwidth fullwidth-box fusion-builder-row-3 nonhundred-percent-fullwidth non-hundred-percent-height-scrolling\" style=\"background-color: rgba(255,255,255,0);background-position: center center;background-repeat: no-repeat;padding-top:0px;padding-right:0px;padding-bottom:0px;padding-left:0px;margin-bottom: 0px;margin-top: 0px;border-width: 0px 0px 0px 0px;border-color:#e2e2e2;border-style:solid;\" ><div class=\"fusion-builder-row fusion-row\"><div class=\"fusion-layout-column fusion_builder_column fusion-builder-column-2 fusion_builder_column_1_3 1_3 fusion-one-third fusion-column-first\" style=\"width:33.333333333333%;width:calc(33.333333333333% - ( ( 4% + 4% ) * 0.33333333333333 ) );margin-right: 4%;margin-top:0px;margin-bottom:20px;\"><div class=\"fusion-column-wrapper fusion-flex-column-wrapper-legacy\" style=\"background-position:left top;background-repeat:no-repeat;-webkit-background-size:cover;-moz-background-size:cover;-o-background-size:cover;background-size:cover;padding: 0px 0px 0px 0px;\">\n<div class=\"table-1\">\n<table width=\"100%\">\n<thead>\n<tr>\n<th align=\"left\">Niveli A1, A2, B1, B2, dhe C1<\/th>\n<\/tr>\n<\/thead>\n<tbody>\n<tr>\n<td>Or\u00eb\/jav\u00eb: 20<\/td>\n<\/tr>\n<tr>\n<td>Orari:\u00a010:00 &#8211; 13:15 ose pasditeve<\/td>\n<\/tr>\n<tr>\n<td>Dit\u00ebt e jav\u00ebs:\u00a0nga e h\u00ebna n\u00eb te premte<\/td>\n<\/tr>\n<tr>\n<td><strong>\u00c7mimi: duke filluar nga 590 euro (4 jav\u00eb)\u00a0 \/\u00a0 1080 euro (8 jav\u00eb)<br \/>\n<\/strong><\/td>\n<\/tr>\n<\/tbody>\n<\/table>\n<\/div>\n<div class=\"fusion-clearfix\"><\/div><\/div><\/div><div class=\"fusion-layout-column fusion_builder_column fusion-builder-column-3 fusion_builder_column_1_3 1_3 fusion-one-third\" style=\"width:33.333333333333%;width:calc(33.333333333333% - ( ( 4% + 4% ) * 0.33333333333333 ) );margin-right: 4%;margin-top:0px;margin-bottom:20px;\"><div class=\"fusion-column-wrapper fusion-flex-column-wrapper-legacy\" style=\"background-position:left top;background-repeat:no-repeat;-webkit-background-size:cover;-moz-background-size:cover;-o-background-size:cover;background-size:cover;padding: 0px 0px 0px 0px;\">\n<div class=\"table-1\">\n<table width=\"100%\">\n<thead>\n<tr>\n<th align=\"left\">N\u00eb nivelin B2 gjithashtu<\/th>\n<\/tr>\n<\/thead>\n<tbody>\n<tr>\n<td>Or\u00eb\/jav\u00eb: 4<\/td>\n<\/tr>\n<tr>\n<td>Orari: 18:30 &#8211; 20:00<\/td>\n<\/tr>\n<tr>\n<td>Dit\u00ebt e jav\u00ebs: nga e h\u00ebna n\u00eb t\u00eb enjte<\/td>\n<\/tr>\n<tr>\n<td><strong>\u00c7mimi: duke filluar nga 495 euro (12 jav\u00eb)\u00a0 \/\u00a0 390 euro (8 jav\u00eb)<br \/>\n<\/strong><\/td>\n<\/tr>\n<\/tbody>\n<\/table>\n<\/div>\n<div class=\"fusion-clearfix\"><\/div><\/div><\/div><div class=\"fusion-layout-column fusion_builder_column fusion-builder-column-4 fusion_builder_column_1_3 1_3 fusion-one-third fusion-column-last\" style=\"width:33.333333333333%;width:calc(33.333333333333% - ( ( 4% + 4% ) * 0.33333333333333 ) );margin-top:0px;margin-bottom:20px;\"><div class=\"fusion-column-wrapper fusion-flex-column-wrapper-legacy\" style=\"background-position:left top;background-repeat:no-repeat;-webkit-background-size:cover;-moz-background-size:cover;-o-background-size:cover;background-size:cover;padding: 0px 0px 0px 0px;\">\n<div class=\"table-1\">\n<table width=\"100%\">\n<thead>\n<tr>\n<th align=\"left\">N\u00eb nivelet B2 dhe C1 gjithashtu dhe Kursi intensiv PLUS<\/th>\n<\/tr>\n<\/thead>\n<tbody>\n<tr>\n<td>Or\u00eb\/jav\u00eb: 24<\/td>\n<\/tr>\n<tr>\n<td>Orari: 10:00 &#8211; 13:00 si dhe t\u00eb h\u00ebn\u00ebn dhe t\u00eb m\u00ebrkur\u00ebn\u00a0 14:00 &#8211; 15:30<\/td>\n<\/tr>\n<tr>\n<td>Dit\u00ebt e jav\u00ebs: nga e h\u00ebna n\u00eb t\u00eb premte<\/td>\n<\/tr>\n<tr>\n<td><strong>\u00c7mimi: duke filluar nga 840 euro (4 jav\u00eb)\u00a0 \/\u00a0 1680 euro (8 jav\u00eb)<br \/>\n<\/strong><\/td>\n<\/tr>\n<\/tbody>\n<\/table>\n<\/div>\n<div class=\"fusion-clearfix\"><\/div><\/div><\/div><\/div><\/div><\/p>\n","protected":false},"excerpt":{"rendered":"","protected":false},"author":2,"featured_media":0,"parent":0,"menu_order":0,"comment_status":"closed","ping_status":"closed","template":"100-width.php","meta":{"footnotes":""},"yoast_head":"<!-- This site is optimized with the Yoast SEO plugin v20.13 - https:\/\/yoast.com\/wordpress\/plugins\/seo\/ -->\n<title>Kurs nema\u010dkog jezika Minhena | Axioma<\/title>\n<meta name=\"robots\" content=\"index, follow, max-snippet:-1, max-image-preview:large, max-video-preview:-1\" \/>\n<link rel=\"canonical\" href=\"https:\/\/www.sprachschule-axioma.de\/bs\/\" \/>\n<meta property=\"og:locale\" content=\"bs_BA\" \/>\n<meta property=\"og:type\" content=\"article\" \/>\n<meta property=\"og:title\" content=\"Kurs nema\u010dkog jezika Minhena | Axioma\" \/>\n<meta property=\"og:url\" content=\"https:\/\/www.sprachschule-axioma.de\/bs\/\" \/>\n<meta property=\"og:site_name\" content=\"Axioma Sprachschule M\u00fcnchen\" \/>\n<meta property=\"article:modified_time\" content=\"2023-10-03T19:15:03+00:00\" \/>\n<meta name=\"twitter:card\" content=\"summary_large_image\" \/>\n<meta name=\"twitter:label1\" content=\"Est. reading time\" \/>\n\t<meta name=\"twitter:data1\" content=\"8 minuta\" \/>\n<script type=\"application\/ld+json\" class=\"yoast-schema-graph\">{\"@context\":\"https:\/\/schema.org\",\"@graph\":[{\"@type\":\"WebPage\",\"@id\":\"https:\/\/www.sprachschule-axioma.de\/bs\/\",\"url\":\"https:\/\/www.sprachschule-axioma.de\/bs\/\",\"name\":\"Kurs nema\u010dkog jezika Minhena | Axioma\",\"isPartOf\":{\"@id\":\"https:\/\/www.sprachschule-axioma.de\/bs\/#website\"},\"datePublished\":\"2020-03-24T14:22:27+00:00\",\"dateModified\":\"2023-10-03T19:15:03+00:00\",\"breadcrumb\":{\"@id\":\"https:\/\/www.sprachschule-axioma.de\/bs\/#breadcrumb\"},\"inLanguage\":\"bs-BA\",\"potentialAction\":[{\"@type\":\"ReadAction\",\"target\":[\"https:\/\/www.sprachschule-axioma.de\/bs\/\"]}]},{\"@type\":\"BreadcrumbList\",\"@id\":\"https:\/\/www.sprachschule-axioma.de\/bs\/#breadcrumb\",\"itemListElement\":[{\"@type\":\"ListItem\",\"position\":1,\"name\":\"Home\",\"item\":\"https:\/\/www.sprachschule-axioma.de\/bs\/\"},{\"@type\":\"ListItem\",\"position\":2,\"name\":\"Home\"}]},{\"@type\":\"WebSite\",\"@id\":\"https:\/\/www.sprachschule-axioma.de\/bs\/#website\",\"url\":\"https:\/\/www.sprachschule-axioma.de\/bs\/\",\"name\":\"Axioma Sprachschule M\u00fcnchen\",\"description\":\"Deine Sprachschule in M\u00fcnchen\",\"publisher\":{\"@id\":\"https:\/\/www.sprachschule-axioma.de\/bs\/#organization\"},\"potentialAction\":[{\"@type\":\"SearchAction\",\"target\":{\"@type\":\"EntryPoint\",\"urlTemplate\":\"https:\/\/www.sprachschule-axioma.de\/bs\/?s={search_term_string}\"},\"query-input\":\"required name=search_term_string\"}],\"inLanguage\":\"bs-BA\"},{\"@type\":\"Organization\",\"@id\":\"https:\/\/www.sprachschule-axioma.de\/bs\/#organization\",\"name\":\"Sprachschule Axioma\",\"url\":\"https:\/\/www.sprachschule-axioma.de\/bs\/\",\"logo\":{\"@type\":\"ImageObject\",\"inLanguage\":\"bs-BA\",\"@id\":\"https:\/\/www.sprachschule-axioma.de\/bs\/#\/schema\/logo\/image\/\",\"url\":\"https:\/\/www.sprachschule-axioma.de\/wp-content\/uploads\/2020\/03\/logo.jpg\",\"contentUrl\":\"https:\/\/www.sprachschule-axioma.de\/wp-content\/uploads\/2020\/03\/logo.jpg\",\"width\":200,\"height\":51,\"caption\":\"Sprachschule Axioma\"},\"image\":{\"@id\":\"https:\/\/www.sprachschule-axioma.de\/bs\/#\/schema\/logo\/image\/\"}}]}<\/script>\n<!-- \/ Yoast SEO plugin. -->","yoast_head_json":{"title":"Kurs nema\u010dkog jezika Minhena | Axioma","robots":{"index":"index","follow":"follow","max-snippet":"max-snippet:-1","max-image-preview":"max-image-preview:large","max-video-preview":"max-video-preview:-1"},"canonical":"https:\/\/www.sprachschule-axioma.de\/bs\/","og_locale":"bs_BA","og_type":"article","og_title":"Kurs nema\u010dkog jezika Minhena | Axioma","og_url":"https:\/\/www.sprachschule-axioma.de\/bs\/","og_site_name":"Axioma Sprachschule M\u00fcnchen","article_modified_time":"2023-10-03T19:15:03+00:00","twitter_card":"summary_large_image","twitter_misc":{"Est. reading time":"8 minuta"},"schema":{"@context":"https:\/\/schema.org","@graph":[{"@type":"WebPage","@id":"https:\/\/www.sprachschule-axioma.de\/bs\/","url":"https:\/\/www.sprachschule-axioma.de\/bs\/","name":"Kurs nema\u010dkog jezika Minhena | Axioma","isPartOf":{"@id":"https:\/\/www.sprachschule-axioma.de\/bs\/#website"},"datePublished":"2020-03-24T14:22:27+00:00","dateModified":"2023-10-03T19:15:03+00:00","breadcrumb":{"@id":"https:\/\/www.sprachschule-axioma.de\/bs\/#breadcrumb"},"inLanguage":"bs-BA","potentialAction":[{"@type":"ReadAction","target":["https:\/\/www.sprachschule-axioma.de\/bs\/"]}]},{"@type":"BreadcrumbList","@id":"https:\/\/www.sprachschule-axioma.de\/bs\/#breadcrumb","itemListElement":[{"@type":"ListItem","position":1,"name":"Home","item":"https:\/\/www.sprachschule-axioma.de\/bs\/"},{"@type":"ListItem","position":2,"name":"Home"}]},{"@type":"WebSite","@id":"https:\/\/www.sprachschule-axioma.de\/bs\/#website","url":"https:\/\/www.sprachschule-axioma.de\/bs\/","name":"Axioma Sprachschule M\u00fcnchen","description":"Deine Sprachschule in M\u00fcnchen","publisher":{"@id":"https:\/\/www.sprachschule-axioma.de\/bs\/#organization"},"potentialAction":[{"@type":"SearchAction","target":{"@type":"EntryPoint","urlTemplate":"https:\/\/www.sprachschule-axioma.de\/bs\/?s={search_term_string}"},"query-input":"required name=search_term_string"}],"inLanguage":"bs-BA"},{"@type":"Organization","@id":"https:\/\/www.sprachschule-axioma.de\/bs\/#organization","name":"Sprachschule Axioma","url":"https:\/\/www.sprachschule-axioma.de\/bs\/","logo":{"@type":"ImageObject","inLanguage":"bs-BA","@id":"https:\/\/www.sprachschule-axioma.de\/bs\/#\/schema\/logo\/image\/","url":"https:\/\/www.sprachschule-axioma.de\/wp-content\/uploads\/2020\/03\/logo.jpg","contentUrl":"https:\/\/www.sprachschule-axioma.de\/wp-content\/uploads\/2020\/03\/logo.jpg","width":200,"height":51,"caption":"Sprachschule Axioma"},"image":{"@id":"https:\/\/www.sprachschule-axioma.de\/bs\/#\/schema\/logo\/image\/"}}]}},"_links":{"self":[{"href":"https:\/\/www.sprachschule-axioma.de\/bs\/wp-json\/wp\/v2\/pages\/18155"}],"collection":[{"href":"https:\/\/www.sprachschule-axioma.de\/bs\/wp-json\/wp\/v2\/pages"}],"about":[{"href":"https:\/\/www.sprachschule-axioma.de\/bs\/wp-json\/wp\/v2\/types\/page"}],"author":[{"embeddable":true,"href":"https:\/\/www.sprachschule-axioma.de\/bs\/wp-json\/wp\/v2\/users\/2"}],"replies":[{"embeddable":true,"href":"https:\/\/www.sprachschule-axioma.de\/bs\/wp-json\/wp\/v2\/comments?post=18155"}],"version-history":[{"count":7,"href":"https:\/\/www.sprachschule-axioma.de\/bs\/wp-json\/wp\/v2\/pages\/18155\/revisions"}],"predecessor-version":[{"id":20587,"href":"https:\/\/www.sprachschule-axioma.de\/bs\/wp-json\/wp\/v2\/pages\/18155\/revisions\/20587"}],"wp:attachment":[{"href":"https:\/\/www.sprachschule-axioma.de\/bs\/wp-json\/wp\/v2\/media?parent=18155"}],"curies":[{"name":"wp","href":"https:\/\/api.w.org\/{rel}","templated":true}]}}